{"id":15883,"date":"2026-09-02T11:57:18","date_gmt":"2026-09-02T17:57:18","guid":{"rendered":"https:\/\/peopleofcostarica.com\/?post_type=places&#038;p=15883"},"modified":"2026-09-02T14:26:38","modified_gmt":"2026-09-02T20:26:38","slug":"el-dulce-sur-de-costa-rica-recompensa-a-quien-lo-busca","status":"publish","type":"places","link":"https:\/\/peopleofcostarica.com\/fr\/places\/el-dulce-sur-de-costa-rica-recompensa-a-quien-lo-busca\/","title":{"rendered":"El dulce sur de Costa Rica recompensa a quien lo busca"},"content":{"rendered":"\n<p class=\"wp-block-paragraph\">Le sud sucr\u00e9 du Costa Rica r\u00e9compense ceux qui le recherchent.<\/p>\n\n\n\n<p class=\"wp-block-paragraph\">En ao\u00fbt dernier, j&rsquo;ai eu la grande chance de participer \u00e0 ExpoGolfo Dulce, le premier salon r\u00e9gional ax\u00e9 sur le tourisme dans le sud du Costa Rica, en tant que repr\u00e9sentant de Green Circle Experience, People of Costa Rica, Costa Rica Species et Imagine Paradise.<\/p>\n\n\n\n<p class=\"wp-block-paragraph\">L&rsquo;activit\u00e9 a \u00e9t\u00e9 organis\u00e9e par la Chambre de commerce de Golfito et a b\u00e9n\u00e9fici\u00e9 de la participation des chambres de commerce, des cantons et des r\u00e9gions de P\u00e9rez Zeled\u00f3n, Coto Brus, Sierpe, Uvita et Puerto Jim\u00e9nez.<\/p>\n\n\n\n<h2 class=\"wp-block-heading\"><strong>Le Sud r\u00e9compense ceux qui le recherchent.<\/strong><\/h2>\n\n\n\n<p class=\"wp-block-paragraph\">Le sud est loin. Un trajet en voiture peut prendre environ six heures et demie, ou seulement cinq si vous avez de la chance.<\/p>\n\n\n\n<p class=\"wp-block-paragraph\">Il existe diff\u00e9rentes fa\u00e7ons de parcourir cet itin\u00e9raire jusqu&rsquo;au Golfo Dulce, chacune avec son propre rythme et sa propre personnalit\u00e9 :<\/p>\n\n\n\n<figure class=\"wp-block-image size-large\"><img fetchpriority=\"high\" decoding=\"async\" width=\"1024\" height=\"576\" src=\"https:\/\/peopleofcostarica.com\/wp-content\/uploads\/2026\/09\/1-1024x576.jpg\" alt=\"\" class=\"wp-image-15841\" srcset=\"https:\/\/peopleofcostarica.com\/wp-content\/uploads\/2026\/09\/1-1024x576.jpg 1024w, https:\/\/peopleofcostarica.com\/wp-content\/uploads\/2026\/09\/1-300x169.jpg 300w, https:\/\/peopleofcostarica.com\/wp-content\/uploads\/2026\/09\/1-768x432.jpg 768w, https:\/\/peopleofcostarica.com\/wp-content\/uploads\/2026\/09\/1-1536x864.jpg 1536w, https:\/\/peopleofcostarica.com\/wp-content\/uploads\/2026\/09\/1.jpg 1920w\" sizes=\"(max-width: 1024px) 100vw, 1024px\" \/><figcaption class=\"wp-element-caption\">Restaurante  Tucanes<\/figcaption><\/figure>\n\n\n\n<h3 class=\"wp-block-heading\"><strong>La Route de la Mer : La Route C\u00f4ti\u00e8re du Sud (Route 34)<\/strong><\/h3>\n\n\n\n<p class=\"wp-block-paragraph\">Si vous recherchez l&rsquo;itin\u00e9raire le plus direct (environ 5 h 30) avec la brise du Pacifique pour vous accompagner, emprunter la route 27 puis bifurquer sur la Costanera Sur est l&rsquo;option id\u00e9ale. Le paysage traverse Jac\u00f3, Quepos, Dominical et Uvita. Pour les voyageurs en v\u00e9hicules \u00e9lectriques, cet itin\u00e9raire est pratique et s\u00fbr, gr\u00e2ce \u00e0 un r\u00e9seau dense et fiable de bornes de recharge rapide permettant de rejoindre R\u00edo Claro et de prendre la derni\u00e8re bifurcation (route 14) en direction de Golfito.<\/p>\n\n\n\n<h3 class=\"wp-block-heading\"><strong>\u00c0 travers les nuages \u200b\u200b: Route 2 (Colline de la Mort)<\/strong><\/h3>\n\n\n\n<p class=\"wp-block-paragraph\">Si vous avez plus de temps et souhaitez transformer votre road trip d&rsquo;une simple routine en une v\u00e9ritable exp\u00e9dition (pourquoi pas pendant plusieurs jours ?), la route interam\u00e9ricaine Sud vous emm\u00e8ne \u00e0 travers les plus hauts sommets du pays avant de descendre dans les profondeurs tropicales :<\/p>\n\n\n\n<ul class=\"wp-block-list\">\n<li><strong>Parc national Los Quetzales et San Gerardo de Dota :<\/strong>Haut perch\u00e9 dans le p\u00e1ramo, le froid invite \u00e0 la pause. (Chespiritos est toujours recommand\u00e9 pour une bonne aguadulce). C&rsquo;est l&rsquo;\u00e9cosyst\u00e8me id\u00e9al pour partir \u00e0 la recherche du quetzal, s\u00e9journer dans un \u00e9co-lodge en pleine for\u00eat de nuages \u200b\u200bet savourer une truite fra\u00eeche au bord de la rivi\u00e8re Savegre aux eaux cristallines.<\/li>\n\n\n\n<li><strong>San Isidro de El General:<\/strong>\u00c0 mesure que nous descendons, la douceur revient. Le centre anim\u00e9 de P\u00e9rez Zeled\u00f3n est un point de d\u00e9part id\u00e9al pour se d\u00e9gourdir les jambes, manger un morceau dans un restaurant de soda traditionnel et se ressourcer avant de poursuivre notre route vers le sud.<\/li>\n\n\n\n<li><strong>Boruca et Finca 6 :<\/strong>Plus loin sur la route, la Finca 6 est un site arch\u00e9ologique incontournable, \u00e9picentre des myst\u00e9rieuses sph\u00e8res de pierre du Costa Rica. On peut renouer avec nos racines indig\u00e8nes en soutenant le commerce \u00e9quitable de masques sculpt\u00e9s \u00e0 la main par des artisans Boruca, puis s&rsquo;\u00e9merveiller devant l&rsquo;h\u00e9ritage et le myst\u00e8re des sph\u00e8res de pierre pr\u00e9colombiennes du delta du Diqu\u00eds.<\/li>\n<\/ul>\n\n\n\n<figure class=\"wp-block-gallery has-nested-images columns-default is-cropped wp-block-gallery-1 is-layout-flex wp-block-gallery-is-layout-flex\">\n<figure class=\"wp-block-image size-large\"><img decoding=\"async\" width=\"1024\" height=\"576\" data-id=\"15851\" src=\"https:\/\/peopleofcostarica.com\/wp-content\/uploads\/2026\/09\/7-1024x576.jpg\" alt=\"\" class=\"wp-image-15851\" srcset=\"https:\/\/peopleofcostarica.com\/wp-content\/uploads\/2026\/09\/7-1024x576.jpg 1024w, https:\/\/peopleofcostarica.com\/wp-content\/uploads\/2026\/09\/7-300x169.jpg 300w, https:\/\/peopleofcostarica.com\/wp-content\/uploads\/2026\/09\/7-768x432.jpg 768w, https:\/\/peopleofcostarica.com\/wp-content\/uploads\/2026\/09\/7-1536x864.jpg 1536w, https:\/\/peopleofcostarica.com\/wp-content\/uploads\/2026\/09\/7.jpg 1920w\" sizes=\"(max-width: 1024px) 100vw, 1024px\" \/><\/figure>\n\n\n\n<figure class=\"wp-block-image size-large\"><img decoding=\"async\" width=\"1024\" height=\"576\" data-id=\"15850\" src=\"https:\/\/peopleofcostarica.com\/wp-content\/uploads\/2026\/09\/5-1024x576.jpg\" alt=\"\" class=\"wp-image-15850\" srcset=\"https:\/\/peopleofcostarica.com\/wp-content\/uploads\/2026\/09\/5-1024x576.jpg 1024w, https:\/\/peopleofcostarica.com\/wp-content\/uploads\/2026\/09\/5-300x169.jpg 300w, https:\/\/peopleofcostarica.com\/wp-content\/uploads\/2026\/09\/5-768x432.jpg 768w, https:\/\/peopleofcostarica.com\/wp-content\/uploads\/2026\/09\/5-1536x864.jpg 1536w, https:\/\/peopleofcostarica.com\/wp-content\/uploads\/2026\/09\/5.jpg 1920w\" sizes=\"(max-width: 1024px) 100vw, 1024px\" \/><\/figure>\n\n\n\n<figure class=\"wp-block-image size-large\"><img loading=\"lazy\" decoding=\"async\" width=\"1024\" height=\"576\" data-id=\"15849\" src=\"https:\/\/peopleofcostarica.com\/wp-content\/uploads\/2026\/09\/4-1024x576.jpg\" alt=\"\" class=\"wp-image-15849\" srcset=\"https:\/\/peopleofcostarica.com\/wp-content\/uploads\/2026\/09\/4-1024x576.jpg 1024w, https:\/\/peopleofcostarica.com\/wp-content\/uploads\/2026\/09\/4-300x169.jpg 300w, https:\/\/peopleofcostarica.com\/wp-content\/uploads\/2026\/09\/4-768x432.jpg 768w, https:\/\/peopleofcostarica.com\/wp-content\/uploads\/2026\/09\/4-1536x864.jpg 1536w, https:\/\/peopleofcostarica.com\/wp-content\/uploads\/2026\/09\/4.jpg 1920w\" sizes=\"(max-width: 1024px) 100vw, 1024px\" \/><\/figure>\n\n\n\n<figure class=\"wp-block-image size-large\"><img loading=\"lazy\" decoding=\"async\" width=\"1024\" height=\"576\" data-id=\"15848\" src=\"https:\/\/peopleofcostarica.com\/wp-content\/uploads\/2026\/09\/30-1024x576.jpg\" alt=\"\" class=\"wp-image-15848\" srcset=\"https:\/\/peopleofcostarica.com\/wp-content\/uploads\/2026\/09\/30-1024x576.jpg 1024w, https:\/\/peopleofcostarica.com\/wp-content\/uploads\/2026\/09\/30-300x169.jpg 300w, https:\/\/peopleofcostarica.com\/wp-content\/uploads\/2026\/09\/30-768x432.jpg 768w, https:\/\/peopleofcostarica.com\/wp-content\/uploads\/2026\/09\/30-1536x864.jpg 1536w, https:\/\/peopleofcostarica.com\/wp-content\/uploads\/2026\/09\/30.jpg 1920w\" sizes=\"(max-width: 1024px) 100vw, 1024px\" \/><\/figure>\n\n\n\n<figure class=\"wp-block-image size-large\"><img loading=\"lazy\" decoding=\"async\" width=\"1024\" height=\"576\" data-id=\"15847\" src=\"https:\/\/peopleofcostarica.com\/wp-content\/uploads\/2026\/09\/20-1024x576.jpg\" alt=\"\" class=\"wp-image-15847\" srcset=\"https:\/\/peopleofcostarica.com\/wp-content\/uploads\/2026\/09\/20-1024x576.jpg 1024w, https:\/\/peopleofcostarica.com\/wp-content\/uploads\/2026\/09\/20-300x169.jpg 300w, https:\/\/peopleofcostarica.com\/wp-content\/uploads\/2026\/09\/20-768x432.jpg 768w, https:\/\/peopleofcostarica.com\/wp-content\/uploads\/2026\/09\/20-1536x864.jpg 1536w, https:\/\/peopleofcostarica.com\/wp-content\/uploads\/2026\/09\/20.jpg 1920w\" sizes=\"(max-width: 1024px) 100vw, 1024px\" \/><\/figure>\n\n\n\n<figure class=\"wp-block-image size-large\"><img loading=\"lazy\" decoding=\"async\" width=\"1024\" height=\"576\" data-id=\"15846\" src=\"https:\/\/peopleofcostarica.com\/wp-content\/uploads\/2026\/09\/19-1024x576.jpg\" alt=\"\" class=\"wp-image-15846\" srcset=\"https:\/\/peopleofcostarica.com\/wp-content\/uploads\/2026\/09\/19-1024x576.jpg 1024w, https:\/\/peopleofcostarica.com\/wp-content\/uploads\/2026\/09\/19-300x169.jpg 300w, https:\/\/peopleofcostarica.com\/wp-content\/uploads\/2026\/09\/19-768x432.jpg 768w, https:\/\/peopleofcostarica.com\/wp-content\/uploads\/2026\/09\/19-1536x864.jpg 1536w, https:\/\/peopleofcostarica.com\/wp-content\/uploads\/2026\/09\/19.jpg 1920w\" sizes=\"(max-width: 1024px) 100vw, 1024px\" \/><\/figure>\n\n\n\n<figure class=\"wp-block-image size-large\"><img loading=\"lazy\" decoding=\"async\" width=\"1024\" height=\"576\" data-id=\"15845\" src=\"https:\/\/peopleofcostarica.com\/wp-content\/uploads\/2026\/09\/18-1024x576.jpg\" alt=\"\" class=\"wp-image-15845\" srcset=\"https:\/\/peopleofcostarica.com\/wp-content\/uploads\/2026\/09\/18-1024x576.jpg 1024w, https:\/\/peopleofcostarica.com\/wp-content\/uploads\/2026\/09\/18-300x169.jpg 300w, https:\/\/peopleofcostarica.com\/wp-content\/uploads\/2026\/09\/18-768x432.jpg 768w, https:\/\/peopleofcostarica.com\/wp-content\/uploads\/2026\/09\/18-1536x864.jpg 1536w, https:\/\/peopleofcostarica.com\/wp-content\/uploads\/2026\/09\/18.jpg 1920w\" sizes=\"(max-width: 1024px) 100vw, 1024px\" \/><\/figure>\n\n\n\n<figure class=\"wp-block-image size-large\"><img loading=\"lazy\" decoding=\"async\" width=\"1024\" height=\"576\" data-id=\"15844\" src=\"https:\/\/peopleofcostarica.com\/wp-content\/uploads\/2026\/09\/17-1024x576.jpg\" alt=\"\" class=\"wp-image-15844\" srcset=\"https:\/\/peopleofcostarica.com\/wp-content\/uploads\/2026\/09\/17-1024x576.jpg 1024w, https:\/\/peopleofcostarica.com\/wp-content\/uploads\/2026\/09\/17-300x169.jpg 300w, https:\/\/peopleofcostarica.com\/wp-content\/uploads\/2026\/09\/17-768x432.jpg 768w, https:\/\/peopleofcostarica.com\/wp-content\/uploads\/2026\/09\/17-1536x864.jpg 1536w, https:\/\/peopleofcostarica.com\/wp-content\/uploads\/2026\/09\/17.jpg 1920w\" sizes=\"(max-width: 1024px) 100vw, 1024px\" \/><\/figure>\n\n\n\n<figure class=\"wp-block-image size-large\"><img loading=\"lazy\" decoding=\"async\" width=\"1024\" height=\"576\" data-id=\"15843\" src=\"https:\/\/peopleofcostarica.com\/wp-content\/uploads\/2026\/09\/15-1024x576.jpg\" alt=\"\" class=\"wp-image-15843\" srcset=\"https:\/\/peopleofcostarica.com\/wp-content\/uploads\/2026\/09\/15-1024x576.jpg 1024w, https:\/\/peopleofcostarica.com\/wp-content\/uploads\/2026\/09\/15-300x169.jpg 300w, https:\/\/peopleofcostarica.com\/wp-content\/uploads\/2026\/09\/15-768x432.jpg 768w, https:\/\/peopleofcostarica.com\/wp-content\/uploads\/2026\/09\/15-1536x864.jpg 1536w, https:\/\/peopleofcostarica.com\/wp-content\/uploads\/2026\/09\/15.jpg 1920w\" sizes=\"(max-width: 1024px) 100vw, 1024px\" \/><\/figure>\n\n\n\n<figure class=\"wp-block-image size-large\"><img loading=\"lazy\" decoding=\"async\" width=\"1024\" height=\"576\" data-id=\"15842\" src=\"https:\/\/peopleofcostarica.com\/wp-content\/uploads\/2026\/09\/13-1024x576.jpg\" alt=\"\" class=\"wp-image-15842\" srcset=\"https:\/\/peopleofcostarica.com\/wp-content\/uploads\/2026\/09\/13-1024x576.jpg 1024w, https:\/\/peopleofcostarica.com\/wp-content\/uploads\/2026\/09\/13-300x169.jpg 300w, https:\/\/peopleofcostarica.com\/wp-content\/uploads\/2026\/09\/13-768x432.jpg 768w, https:\/\/peopleofcostarica.com\/wp-content\/uploads\/2026\/09\/13-1536x864.jpg 1536w, https:\/\/peopleofcostarica.com\/wp-content\/uploads\/2026\/09\/13.jpg 1920w\" sizes=\"(max-width: 1024px) 100vw, 1024px\" \/><\/figure>\n<\/figure>\n\n\n\n<h3 class=\"wp-block-heading\"><strong>Transports publics et navettes<\/strong><\/h3>\n\n\n\n<p class=\"wp-block-paragraph\">Pour ceux qui pr\u00e9f\u00e8rent admirer le paysage sans avoir \u00e0 se soucier du volant, les bus de<strong>Tracopa<\/strong>Ils effectuent le trajet direct depuis San Jos\u00e9 en 6 \u00e0 7 heures environ. C&rsquo;est une alternative \u00e9conomique (entre 21 et 25 dollars) qui vous permet de vous plonger dans la lecture ou simplement d&rsquo;admirer le paysage costaricien qui d\u00e9file par la fen\u00eatre. Des services de<strong>transport priv\u00e9 (navettes)<\/strong>Pour les familles ou les groupes qui recherchent la commodit\u00e9 d&rsquo;un service porte-\u00e0-porte avec des horaires flexibles.<\/p>\n\n\n\n<h3 class=\"wp-block-heading\"><strong>Le Vol : La voie rapide vers le paradis<\/strong><\/h3>\n\n\n\n<p class=\"wp-block-paragraph\">Si votre emploi du temps est serr\u00e9, la distance semble s&rsquo;effacer vue du ciel. Un vol int\u00e9rieur avec des compagnies comme Sansa, au d\u00e9part de l&rsquo;a\u00e9roport Juan Santamar\u00eda, vous permettra d&rsquo;atterrir aux a\u00e9roports de Golfito ou de Puerto Jim\u00e9nez en une heure seulement. Ce gain de temps s&rsquo;accompagne d&rsquo;une vue a\u00e9rienne spectaculaire sur nos c\u00f4tes et nos montagnes.<\/p>\n\n\n\n<p class=\"wp-block-paragraph\">Une fois arriv\u00e9 \u00e0 Golfito ou Puerto Jimenez, entour\u00e9 par l&rsquo;immensit\u00e9 verdoyante de la jungle et le bleu du golfe, la pr\u00e9diction se confirme immanquablement. Peu importe si vous avez descendu la montagne dans le brouillard.<\/p>\n\n\n\n<figure class=\"wp-block-gallery has-nested-images columns-default is-cropped wp-block-gallery-2 is-layout-flex wp-block-gallery-is-layout-flex\">\n<figure class=\"wp-block-image size-large\"><img loading=\"lazy\" decoding=\"async\" width=\"768\" height=\"1024\" data-id=\"5747\" src=\"https:\/\/peopleofcostarica.com\/wp-content\/uploads\/2025\/10\/Imagen-de-WhatsApp-2025-10-01-a-las-15.16.05_3d9ff4fa-768x1024.jpg\" alt=\"\" class=\"wp-image-5747\" srcset=\"https:\/\/peopleofcostarica.com\/wp-content\/uploads\/2025\/10\/Imagen-de-WhatsApp-2025-10-01-a-las-15.16.05_3d9ff4fa-768x1024.jpg 768w, https:\/\/peopleofcostarica.com\/wp-content\/uploads\/2025\/10\/Imagen-de-WhatsApp-2025-10-01-a-las-15.16.05_3d9ff4fa-225x300.jpg 225w, https:\/\/peopleofcostarica.com\/wp-content\/uploads\/2025\/10\/Imagen-de-WhatsApp-2025-10-01-a-las-15.16.05_3d9ff4fa-1152x1536.jpg 1152w, https:\/\/peopleofcostarica.com\/wp-content\/uploads\/2025\/10\/Imagen-de-WhatsApp-2025-10-01-a-las-15.16.05_3d9ff4fa.jpg 1200w\" sizes=\"(max-width: 768px) 100vw, 768px\" \/><\/figure>\n\n\n\n<figure class=\"wp-block-image size-large\"><img loading=\"lazy\" decoding=\"async\" width=\"768\" height=\"1024\" data-id=\"5750\" src=\"https:\/\/peopleofcostarica.com\/wp-content\/uploads\/2025\/10\/Imagen-de-WhatsApp-2025-10-01-a-las-15.16.09_c393394b-768x1024.jpg\" alt=\"\" class=\"wp-image-5750\" srcset=\"https:\/\/peopleofcostarica.com\/wp-content\/uploads\/2025\/10\/Imagen-de-WhatsApp-2025-10-01-a-las-15.16.09_c393394b-768x1024.jpg 768w, https:\/\/peopleofcostarica.com\/wp-content\/uploads\/2025\/10\/Imagen-de-WhatsApp-2025-10-01-a-las-15.16.09_c393394b-225x300.jpg 225w, https:\/\/peopleofcostarica.com\/wp-content\/uploads\/2025\/10\/Imagen-de-WhatsApp-2025-10-01-a-las-15.16.09_c393394b-1152x1536.jpg 1152w, https:\/\/peopleofcostarica.com\/wp-content\/uploads\/2025\/10\/Imagen-de-WhatsApp-2025-10-01-a-las-15.16.09_c393394b.jpg 1200w\" sizes=\"(max-width: 768px) 100vw, 768px\" \/><\/figure>\n\n\n\n<figure class=\"wp-block-image size-large\"><img loading=\"lazy\" decoding=\"async\" width=\"1024\" height=\"576\" data-id=\"5741\" src=\"https:\/\/peopleofcostarica.com\/wp-content\/uploads\/2025\/10\/Imagen-de-WhatsApp-2025-10-01-a-las-15.16.09_eff6b3f5-1024x576.jpg\" alt=\"\" class=\"wp-image-5741\" srcset=\"https:\/\/peopleofcostarica.com\/wp-content\/uploads\/2025\/10\/Imagen-de-WhatsApp-2025-10-01-a-las-15.16.09_eff6b3f5-1024x576.jpg 1024w, https:\/\/peopleofcostarica.com\/wp-content\/uploads\/2025\/10\/Imagen-de-WhatsApp-2025-10-01-a-las-15.16.09_eff6b3f5-300x169.jpg 300w, https:\/\/peopleofcostarica.com\/wp-content\/uploads\/2025\/10\/Imagen-de-WhatsApp-2025-10-01-a-las-15.16.09_eff6b3f5-768x432.jpg 768w, https:\/\/peopleofcostarica.com\/wp-content\/uploads\/2025\/10\/Imagen-de-WhatsApp-2025-10-01-a-las-15.16.09_eff6b3f5-1536x864.jpg 1536w, https:\/\/peopleofcostarica.com\/wp-content\/uploads\/2025\/10\/Imagen-de-WhatsApp-2025-10-01-a-las-15.16.09_eff6b3f5-1320x743.jpg 1320w, https:\/\/peopleofcostarica.com\/wp-content\/uploads\/2025\/10\/Imagen-de-WhatsApp-2025-10-01-a-las-15.16.09_eff6b3f5.jpg 1600w\" sizes=\"(max-width: 1024px) 100vw, 1024px\" \/><\/figure>\n\n\n\n<figure class=\"wp-block-image size-large\"><img loading=\"lazy\" decoding=\"async\" width=\"1024\" height=\"768\" data-id=\"5744\" src=\"https:\/\/peopleofcostarica.com\/wp-content\/uploads\/2025\/10\/Imagen-de-WhatsApp-2025-10-01-a-las-15.16.08_fc828b3e-1024x768.jpg\" alt=\"\" class=\"wp-image-5744\" srcset=\"https:\/\/peopleofcostarica.com\/wp-content\/uploads\/2025\/10\/Imagen-de-WhatsApp-2025-10-01-a-las-15.16.08_fc828b3e-1024x768.jpg 1024w, https:\/\/peopleofcostarica.com\/wp-content\/uploads\/2025\/10\/Imagen-de-WhatsApp-2025-10-01-a-las-15.16.08_fc828b3e-300x225.jpg 300w, https:\/\/peopleofcostarica.com\/wp-content\/uploads\/2025\/10\/Imagen-de-WhatsApp-2025-10-01-a-las-15.16.08_fc828b3e-768x576.jpg 768w, https:\/\/peopleofcostarica.com\/wp-content\/uploads\/2025\/10\/Imagen-de-WhatsApp-2025-10-01-a-las-15.16.08_fc828b3e-1536x1152.jpg 1536w, https:\/\/peopleofcostarica.com\/wp-content\/uploads\/2025\/10\/Imagen-de-WhatsApp-2025-10-01-a-las-15.16.08_fc828b3e-1320x990.jpg 1320w, https:\/\/peopleofcostarica.com\/wp-content\/uploads\/2025\/10\/Imagen-de-WhatsApp-2025-10-01-a-las-15.16.08_fc828b3e.jpg 1600w\" sizes=\"(max-width: 1024px) 100vw, 1024px\" \/><\/figure>\n<\/figure>\n\n\n\n<h2 class=\"wp-block-heading\"><strong>Le Sud est vivant.<\/strong><\/h2>\n\n\n\n<p class=\"wp-block-paragraph\">Soyons honn\u00eates, le sud est certes loin, surtout pour ceux qui ne peuvent pas ou, on le comprend, ne souhaitent pas prendre l&rsquo;avion. Mais la r\u00e9compense est au rendez-vous pour ceux qui la recherchent et pers\u00e9v\u00e8rent. Il est bien connu que le Costa Rica abrite 6 % de la biodiversit\u00e9 mondiale sur seulement 0,03 % de son territoire, et la moiti\u00e9 de ces 6 % se trouve sur la magnifique p\u00e9ninsule d&rsquo;Osa.<\/p>\n\n\n\n<h3 class=\"wp-block-heading\"><strong>Osa a tout pour elle.<\/strong><\/h3>\n\n\n\n<p class=\"wp-block-paragraph\">Physiquement, la p\u00e9ninsule fonctionne comme une forteresse naturelle qui isole et prot\u00e8ge la biodiversit\u00e9. Elle est travers\u00e9e de bout en bout par la Sierra de Osa, une cha\u00eene de montagnes distincte et ind\u00e9pendante. Ses sommets, modestes, culminant entre 600 et 800 m\u00e8tres d&rsquo;altitude, forment un rempart id\u00e9al qui embrasse et apaise les eaux du Golfo Dulce.<\/p>\n\n\n\n<p class=\"wp-block-paragraph\">Au nord, les montagnes c\u00e8dent la place \u00e0 des plaines alluviales qui laissent place \u00e0 l&rsquo;immensit\u00e9 des deltas des rivi\u00e8res Sierpe et T\u00e9rraba. Survoler cette r\u00e9gion et la documenter depuis les airs r\u00e9v\u00e8le un v\u00e9ritable labyrinthe visuel de zones humides, qui compte parmi les \u00e9cosyst\u00e8mes les plus importants et les plus complexes du pays.<\/p>\n\n\n\n<p class=\"wp-block-paragraph\">Cette topographie, balay\u00e9e par les vents du Pacifique, engendre un climat intense et sauvage. La p\u00e9ninsule b\u00e9n\u00e9ficie d&rsquo;un climat tropical tr\u00e8s humide, fortement influenc\u00e9 par la mousson, ce qui en fait l&rsquo;une des r\u00e9gions les plus pluvieuses du Costa Rica. Ici, il tombe entre 4&nbsp;000 et 6&nbsp;000 millim\u00e8tres de pluie par an. Hormis une br\u00e8ve et mod\u00e9r\u00e9e p\u00e9riode de s\u00e9cheresse entre janvier et avril, l&rsquo;eau est l&rsquo;\u00e9l\u00e9ment moteur du paysage, maintenant un climat chaud et stable avec une temp\u00e9rature moyenne de 24&nbsp;\u00b0C toute l&rsquo;ann\u00e9e, m\u00eame si l&rsquo;indice de chaleur peut atteindre 35&nbsp;\u00b0C. C&rsquo;est cette pluie constante qui assure la vitalit\u00e9 de ses denses for\u00eats primaires.<\/p>\n\n\n\n<p class=\"wp-block-paragraph\">Pour g\u00e9rer et prot\u00e9ger cette vaste zone, la carte politique de la r\u00e9gion (qui appartient enti\u00e8rement \u00e0 la province de Puntarenas) a r\u00e9cemment \u00e9volu\u00e9.<\/p>\n\n\n\n<p class=\"wp-block-paragraph\">Au nord-ouest et au nord, le traditionnel<strong>Canton d&rsquo;Osa<\/strong>Elle assure la gestion de zones strat\u00e9giques. C&rsquo;est notamment dans son district de Sierpe que se trouvent des tr\u00e9sors inestimables tels que la baie de Drake et une vaste partie du parc national de Corcovado.<\/p>\n\n\n\n<p class=\"wp-block-paragraph\">Pendant ce temps, bordant toute la face sud et est, face aux eaux calmes du Golfo Dulce, les pulsations naissantes<strong>canton de Puerto Jim\u00e9nez<\/strong>Il s&rsquo;agit du plus jeune canton de la r\u00e9gion (le 84e du Costa Rica), ayant inaugur\u00e9 son premier gouvernement local en f\u00e9vrier 2024.<\/p>\n\n\n\n<p class=\"wp-block-paragraph\">Alors que le c\u00e9l\u00e8bre<strong>Golfito<\/strong>Il convient de le souligner. Bien que Golfito soit g\u00e9ographiquement situ\u00e9 sur la c\u00f4te continentale, de l&rsquo;autre c\u00f4t\u00e9 du golfe, son histoire est inextricablement li\u00e9e \u00e0 celle de la p\u00e9ninsule. Pendant des d\u00e9cennies, Puerto Jim\u00e9nez fut un district administr\u00e9 par le canton de Golfito. Aujourd&rsquo;hui, si Jim\u00e9nez a pris en main son d\u00e9veloppement en tant que canton ind\u00e9pendant, Golfito demeure ce port jumeau et la grande porte d&rsquo;entr\u00e9e historique vers le sud. Le Golfo Dulce ne les s\u00e9pare pas&nbsp;; au contraire, c&rsquo;est cette \u00e9tendue d&rsquo;eau qui les unit et donne tout son sens aux initiatives r\u00e9gionales communes telles qu&rsquo;ExpoGolfo Dulce.<\/p>\n\n\n\n<h2 class=\"wp-block-heading\"><strong>Que faire dans la zone sud ?<\/strong><\/h2>\n\n\n\n<p class=\"wp-block-paragraph\">Cet article a \u00e9t\u00e9 particuli\u00e8rement difficile \u00e0 \u00e9crire. En trois jours \u00e0 l&rsquo;Expo, plus deux jours pass\u00e9s \u00e0 explorer par moi-m\u00eame, la Zone Sud est bien trop riche et vivante pour \u00eatre enti\u00e8rement d\u00e9couverte&nbsp;; il est impossible de tout voir en un seul voyage. On repart avec le sentiment d&rsquo;avoir laiss\u00e9 des secrets enfouis.<\/p>\n\n\n\n<p class=\"wp-block-paragraph\">Voici une liste des activit\u00e9s que j&rsquo;ai r\u00e9alis\u00e9es, dont certaines seront d\u00e9velopp\u00e9es dans de futurs articles.<\/p>\n\n\n\n<ul class=\"wp-block-list\">\n<li>Visitez la zone humide de T\u00e9rraba Sierpe. C&rsquo;est \u00e9galement un itin\u00e9raire id\u00e9al pour visiter Drake Bay.<\/li>\n\n\n\n<li>Visite du mus\u00e9e Finca 6 et du site arch\u00e9ologique des sph\u00e8res de pierre du Costa Rica.<\/li>\n\n\n\n<li>Visite de Golfito et de la zone franche de Golfito.<\/li>\n\n\n\n<li>Excursion d&rsquo;observation des baleines et des dauphins dans le Golfo Dulce<\/li>\n\n\n\n<li>S\u00e9journez \u00e0 l&rsquo;h\u00f4tel Botanika by Hilton Curio Collections<\/li>\n\n\n\n<li>Visite de Cham\u00e1n, dans la r\u00e9gion du parc marin Ballena.<\/li>\n\n\n\n<li>Visite du jardin botanique Wilson<\/li>\n\n\n\n<li>Visite de San Vito de Cotobrus<\/li>\n\n\n\n<li>Visitez un autre<\/li>\n<\/ul>\n\n\n\n<h3 class=\"wp-block-heading\"><strong>Habitants du fjord tropical, de la mer, de la plage et de la montagne.<\/strong><\/h3>\n\n\n\n<p class=\"wp-block-paragraph\">Osa est vibrante, sauvage, verdoyante et pleine de vie. On y sent le sel et la terre humide. Pour les amoureux de la nature, la p\u00e9ninsule d&rsquo;Osa est un catalogue in\u00e9puisable de merveilles, de diversit\u00e9 et de sons. Avec ses esp\u00e8ces r\u00e9sidentes et ses grands migrateurs, la p\u00e9ninsule d&rsquo;Osa garantit pratiquement l&rsquo;observation de la biodiversit\u00e9 \u00e0 chaque tournant.<\/p>\n\n\n\n<figure class=\"wp-block-table\"><table class=\"has-fixed-layout\"><tbody><tr><td><strong>Nom commun<\/strong><\/td><td><strong>Nom scientifique<\/strong><\/td><td><strong>Habitat \/ Notes sur la r\u00e9gion<\/strong><\/td><\/tr><tr><td><strong>Patelle rouge<\/strong><\/td><td><a href=\"https:\/\/costaricaspecies.com\/es\/especies\/468c4937-4c6f-49d1-93fe-f1a80f0cdc28\/ara-macao\" target=\"_blank\" rel=\"noopener\"><em>Ara Macao<\/em><\/a><\/td><td>For\u00eats c\u00f4ti\u00e8res et canop\u00e9e de la p\u00e9ninsule d&rsquo;Osa.<\/td><\/tr><tr><td><strong>Tapir d&rsquo;Am\u00e9rique centrale ou Danta<\/strong><\/td><td><a href=\"https:\/\/costaricaspecies.com\/es\/especies\/3080ff82-f95a-4e18-a367-04d05c37c9bd\/tapirus-bairdii\" target=\"_blank\" rel=\"noopener\"><em>Tapirus bairdii<\/em><\/a><\/td><td>For\u00eats denses et zones mar\u00e9cageuses ; c&rsquo;est le plus grand mammif\u00e8re terrestre de la r\u00e9gion.<\/td><\/tr><tr><td><strong>Baleine \u00e0 bosse<\/strong><\/td><td><a href=\"https:\/\/costaricaspecies.com\/es\/especies\/38957857-4117-4b94-bc2f-c6e36509d288\/megaptera-novaeangliae\" target=\"_blank\" rel=\"noopener\"><em>M\u00e9gapt\u00e8res de Nouvelle-Angleterre<\/em><\/a><\/td><td>Il utilise les eaux profondes du Golfo Dulce pour la reproduction.<\/td><\/tr><tr><td><strong>Grenouille venimeuse du Golfe<\/strong><\/td><td><a href=\"https:\/\/costaricaspecies.com\/es\/especies\/7351c8a2-0d5f-41b9-a361-4f4dee063923\/phyllobates-vittatus\" target=\"_blank\" rel=\"noopener\"><em>Phyllobates vittatus<\/em><\/a><\/td><td>End\u00e9mique de la r\u00e9gion, elle vit sur le sol de la for\u00eat tropicale.<\/td><\/tr><tr><td><strong>Grand dauphin<\/strong><\/td><td><a href=\"https:\/\/costaricaspecies.com\/es\/especies\/7c1060ea-c77d-4cf2-b04b-99a5fb470a53\/tursiops-truncatus\" target=\"_blank\" rel=\"noopener\"><em>Grand dauphin<\/em><\/a><\/td><td>Elle compte des populations r\u00e9sidentes dans la zone entourant le Golfo Dulce.<\/td><\/tr><tr><td><strong>Ouistiti \u00e0 couronne grise<\/strong><\/td><td><a href=\"https:\/\/costaricaspecies.com\/es\/especies\/e9ed0b5e-8b18-4017-babd-49239d0c1bf8\/saimiri-oerstedii\" target=\"_blank\" rel=\"noopener\"><em>Saimiri oerstedii<\/em><\/a><\/td><td>Primate end\u00e9mique du Pacifique Sud du Costa Rica et de certaines r\u00e9gions du Panama.<\/td><\/tr><tr><td><strong>Jaguar<\/strong><\/td><td><a href=\"https:\/\/costaricaspecies.com\/es\/especies\/dceb59f2-c8ca-4d9b-a366-947a8067742a\/panthera-onca\" target=\"_blank\" rel=\"noopener\"><em>Panthera onca<\/em><\/a><\/td><td>Pr\u00e9dateur terrestre de premier plan, d\u00e9pendant de vastes \u00e9tendues foresti\u00e8res.<\/td><\/tr><tr><td><strong>Le singe-araign\u00e9e de Geoffroy<\/strong><\/td><td><a href=\"https:\/\/costaricaspecies.com\/es\/especies\/4f8d2c7b-c51d-41d7-bf22-7f5fa2c4282d\/ateles-geoffroyi\" target=\"_blank\" rel=\"noopener\"><em>At\u00e8les Geoffroyi<\/em><\/a><\/td><td>Il vit dans la canop\u00e9e sup\u00e9rieure et n\u00e9cessite des for\u00eats primaires riches en fruits.<\/td><\/tr><tr><td><strong>Mono Congo le Hurleur<\/strong><\/td><td><a href=\"https:\/\/costaricaspecies.com\/es\/especies\/8cc236a3-5b28-42a8-9a9e-0099159fd088\/alouatta-palliata\" target=\"_blank\" rel=\"noopener\"><em>Alouatta palliata<\/em><\/a><\/td><td>Tr\u00e8s r\u00e9pandu aussi bien dans les for\u00eats denses que pr\u00e8s des c\u00f4tes.<\/td><\/tr><tr><td><strong>L&rsquo;argent de Cariblanco<\/strong><\/td><td><a href=\"https:\/\/costaricaspecies.com\/es\/especies\/332a2cb3-eefd-42af-a43f-42850862bf17\/cebus-capucinus\" target=\"_blank\" rel=\"noopener\"><em>Cebus imitateur<\/em><\/a><\/td><td>Un primate tr\u00e8s adaptable, largement r\u00e9pandu sur la p\u00e9ninsule.<\/td><\/tr><tr><td><strong>Crocodile am\u00e9ricain<\/strong><\/td><td><a href=\"https:\/\/costaricaspecies.com\/es\/especies\/33223223-8654-4994-9e8e-6e9ef2d0a7bf\/crocodylus-acutus\" target=\"_blank\" rel=\"noopener\"><em>Crocodile \u00e0 nez pointu<\/em><\/a><\/td><td>On les trouve dans les mangroves, aux embouchures des rivi\u00e8res, et m\u00eame en mer.<\/td><\/tr><tr><td><strong>Ca\u00efman<\/strong><\/td><td><em>Ca\u00efman crocodile<\/em><\/td><td>Fr\u00e9quent dans les estuaires locaux tels que Platanares pr\u00e8s de Puerto Jim\u00e9nez.<\/td><\/tr><tr><td><strong>Plaque noire serpent<\/strong><\/td><td><a href=\"https:\/\/costaricaspecies.com\/es\/especies\/70b20532-c8af-4f12-bf5d-c285b3d10d8f\/lachesis-stenophrys\" target=\"_blank\" rel=\"noopener\"><em>Lachesis melanocephala<\/em><\/a><\/td><td>Vip\u00e8re end\u00e9mique et furtive des for\u00eats primaires d&rsquo;Osa.<\/td><\/tr><tr><td><strong>Requin-baleine<\/strong><\/td><td><a href=\"https:\/\/costaricaspecies.com\/es\/especies\/17cefd63-2bc8-411e-a7be-944b1701aec0\/rhincodon-typus\" target=\"_blank\" rel=\"noopener\"><em>Rhincodon typus<\/em><\/a><\/td><td>Visiteur occasionnel attir\u00e9 par la richesse en nutriments de certaines zones du golfe.<\/td><\/tr><tr><td><strong>Tortuga Marina Carey<\/strong><\/td><td><a href=\"https:\/\/costaricaspecies.com\/es\/especies\/620f97c1-0fbb-4fd2-b2b6-5d2dfd5d6e85\/eretmochelys-imbricata\" target=\"_blank\" rel=\"noopener\"><em>Eretmochelys imbricata<\/em><\/a><\/td><td>Il utilise les plages de la p\u00e9ninsule et du golfe comme sites de nidification essentiels.<\/td><\/tr><\/tbody><\/table><\/figure>\n","protected":false},"featured_media":15882,"parent":0,"template":"","format":"standard","loccation":[131],"class_list":["post-15883","places","type-places","status-publish","format-standard","has-post-thumbnail","hentry","loccation-puntarenas-3"],"_links":{"self":[{"href":"https:\/\/peopleofcostarica.com\/fr\/wp-json\/wp\/v2\/places\/15883","targetHints":{"allow":["GET"]}}],"collection":[{"href":"https:\/\/peopleofcostarica.com\/fr\/wp-json\/wp\/v2\/places"}],"about":[{"href":"https:\/\/peopleofcostarica.com\/fr\/wp-json\/wp\/v2\/types\/places"}],"version-history":[{"count":1,"href":"https:\/\/peopleofcostarica.com\/fr\/wp-json\/wp\/v2\/places\/15883\/revisions"}],"predecessor-version":[{"id":15884,"href":"https:\/\/peopleofcostarica.com\/fr\/wp-json\/wp\/v2\/places\/15883\/revisions\/15884"}],"wp:featuredmedia":[{"embeddable":true,"href":"https:\/\/peopleofcostarica.com\/fr\/wp-json\/wp\/v2\/media\/15882"}],"wp:attachment":[{"href":"https:\/\/peopleofcostarica.com\/fr\/wp-json\/wp\/v2\/media?parent=15883"}],"wp:term":[{"taxonomy":"loccation","embeddable":true,"href":"https:\/\/peopleofcostarica.com\/fr\/wp-json\/wp\/v2\/loccation?post=15883"}],"curies":[{"name":"wp","href":"https:\/\/api.w.org\/{rel}","templated":true}]}}