{"id":11277,"date":"2026-03-12T14:23:38","date_gmt":"2026-03-12T20:23:38","guid":{"rendered":"https:\/\/peopleofcostarica.com\/people-of-costa-rica\/"},"modified":"2026-08-25T12:31:48","modified_gmt":"2026-08-25T18:31:48","slug":"people-of-costa-rica","status":"publish","type":"page","link":"https:\/\/peopleofcostarica.com\/fr\/","title":{"rendered":"People of Costa Rica"},"content":{"rendered":"\t\t<div data-elementor-type=\"wp-page\" data-elementor-id=\"11277\" class=\"elementor elementor-11277 elementor-10066\" data-elementor-post-type=\"page\">\n\t\t\t\t<div class=\"elementor-element elementor-element-4d2dc76 e-flex e-con-boxed e-con e-parent\" data-id=\"4d2dc76\" data-element_type=\"container\" data-e-type=\"container\">\n\t\t\t\t\t<div class=\"e-con-inner\">\n\t\t\t\t<div class=\"elementor-element elementor-element-c3b149d elementor-widget elementor-widget-heading\" data-id=\"c3b149d\" data-element_type=\"widget\" data-e-type=\"widget\" data-widget_type=\"heading.default\">\n\t\t\t\t\t<h1 class=\"elementor-heading-title elementor-size-default\">Le Costa Rica \u00e0 travers les r\u00e9cits de ses habitants, de ses lieux et de son histoire<\/h1>\t\t\t\t<\/div>\n\t\t\t\t\t<\/div>\n\t\t\t\t<\/div>\n\t\t<div class=\"elementor-element elementor-element-a85b25e e-flex e-con-boxed e-con e-parent\" data-id=\"a85b25e\" data-element_type=\"container\" data-e-type=\"container\">\n\t\t\t\t\t<div class=\"e-con-inner\">\n\t\t\t\t<div class=\"elementor-element elementor-element-37af6d4 elementor-grid-1 elementor-grid-tablet-1 elementor-grid-mobile-1 elementor-widget elementor-widget-loop-grid\" data-id=\"37af6d4\" data-element_type=\"widget\" data-e-type=\"widget\" data-settings=\"{&quot;template_id&quot;:10023,&quot;columns&quot;:1,&quot;columns_tablet&quot;:1,&quot;_skin&quot;:&quot;post&quot;,&quot;columns_mobile&quot;:&quot;1&quot;,&quot;edit_handle_selector&quot;:&quot;[data-elementor-type=\\&quot;loop-item\\&quot;]&quot;,&quot;row_gap&quot;:{&quot;unit&quot;:&quot;px&quot;,&quot;size&quot;:&quot;&quot;,&quot;sizes&quot;:[]},&quot;row_gap_tablet_extra&quot;:{&quot;unit&quot;:&quot;px&quot;,&quot;size&quot;:&quot;&quot;,&quot;sizes&quot;:[]},&quot;row_gap_tablet&quot;:{&quot;unit&quot;:&quot;px&quot;,&quot;size&quot;:&quot;&quot;,&quot;sizes&quot;:[]},&quot;row_gap_mobile_extra&quot;:{&quot;unit&quot;:&quot;px&quot;,&quot;size&quot;:&quot;&quot;,&quot;sizes&quot;:[]},&quot;row_gap_mobile&quot;:{&quot;unit&quot;:&quot;px&quot;,&quot;size&quot;:&quot;&quot;,&quot;sizes&quot;:[]}}\" data-widget_type=\"loop-grid.post\">\n\t\t\t\t<div class=\"elementor-widget-container\">\n\t\t\t\t\t\t\t<div class=\"elementor-loop-container elementor-grid\" role=\"list\">\n\t\t<style id=\"loop-10023\">.elementor-10023 .elementor-element.elementor-element-44a6c496{--display:flex;--flex-direction:row;--container-widget-width:calc( ( 1 - var( --container-widget-flex-grow ) ) * 100% );--container-widget-height:100%;--container-widget-flex-grow:1;--container-widget-align-self:stretch;--flex-wrap-mobile:wrap;--justify-content:space-between;--align-items:center;--padding-top:0px;--padding-bottom:0px;--padding-left:0px;--padding-right:0px;}.elementor-widget-theme-post-featured-image .widget-image-caption{color:var( --e-global-color-text );font-family:var( --e-global-typography-text-font-family ), Sans-serif;font-size:var( --e-global-typography-text-font-size );font-weight:var( --e-global-typography-text-font-weight );line-height:var( --e-global-typography-text-line-height );}.elementor-10023 .elementor-element.elementor-element-3d488cd3 img{height:260px;object-fit:cover;object-position:center center;}.elementor-10023 .elementor-element.elementor-element-3d488cd3{width:var( --container-widget-width, 50% );max-width:50%;--container-widget-width:50%;--container-widget-flex-grow:0;}.elementor-10023 .elementor-element.elementor-element-2f8fae9c{--display:flex;--flex-direction:column;--container-widget-width:100%;--container-widget-height:initial;--container-widget-flex-grow:0;--container-widget-align-self:initial;--flex-wrap-mobile:wrap;--gap:0px 0px;--row-gap:0px;--column-gap:0px;--padding-top:0px;--padding-bottom:0px;--padding-left:0px;--padding-right:0px;}.elementor-widget-heading .elementor-heading-title{font-family:var( --e-global-typography-primary-font-family ), Sans-serif;font-size:var( --e-global-typography-primary-font-size );font-weight:var( --e-global-typography-primary-font-weight );line-height:var( --e-global-typography-primary-line-height );color:var( --e-global-color-primary );}.elementor-10023 .elementor-element.elementor-element-38c99ac8 .elementor-heading-title{font-family:var( --e-global-typography-65fd483-font-family ), Sans-serif;font-size:var( --e-global-typography-65fd483-font-size );font-weight:var( --e-global-typography-65fd483-font-weight );text-transform:var( --e-global-typography-65fd483-text-transform );line-height:var( --e-global-typography-65fd483-line-height );letter-spacing:var( --e-global-typography-65fd483-letter-spacing );word-spacing:var( --e-global-typography-65fd483-word-spacing );color:var( --e-global-color-5753ab6 );}.elementor-10023 .elementor-element.elementor-element-38c99ac8{padding:2px 8px 2px 8px;width:var( --container-widget-width, fit-content );max-width:fit-content;--container-widget-width:fit-content;--container-widget-flex-grow:0;background-color:#22C55E1A;border-radius:4px 4px 4px 4px;}.elementor-widget-theme-post-title .elementor-heading-title{font-family:var( --e-global-typography-primary-font-family ), Sans-serif;font-size:var( --e-global-typography-primary-font-size );font-weight:var( --e-global-typography-primary-font-weight );line-height:var( --e-global-typography-primary-line-height );color:var( --e-global-color-primary );}.elementor-10023 .elementor-element.elementor-element-20e21ab2 .elementor-heading-title{font-family:\"Inter\", Sans-serif;font-size:1.5rem;font-weight:700;line-height:1.25rem;}.elementor-10023 .elementor-element.elementor-element-20e21ab2{margin:8px 0px calc(var(--kit-widget-spacing, 0px) + 024px) 0px;}.elementor-widget-theme-post-excerpt{font-family:var( --e-global-typography-text-font-family ), Sans-serif;font-size:var( --e-global-typography-text-font-size );font-weight:var( --e-global-typography-text-font-weight );line-height:var( --e-global-typography-text-line-height );color:var( --e-global-color-text );}.elementor-widget-button .elementor-button{font-family:var( --e-global-typography-accent-font-family ), Sans-serif;font-size:var( --e-global-typography-accent-font-size );font-weight:var( --e-global-typography-accent-font-weight );line-height:var( --e-global-typography-accent-line-height );background-color:var( --e-global-color-accent );}.elementor-10023 .elementor-element.elementor-element-771c8d5e .elementor-button{font-family:\"Inter\", Sans-serif;font-size:1.125rem;font-weight:700;background-color:var( --e-global-color-primary );}.elementor-10023 .elementor-element.elementor-element-771c8d5e .elementor-button:hover, .elementor-10023 .elementor-element.elementor-element-771c8d5e .elementor-button:focus{color:var( --e-global-color-primary );background-color:var( --e-global-color-secondary );}.elementor-10023 .elementor-element.elementor-element-771c8d5e .elementor-button:hover svg, .elementor-10023 .elementor-element.elementor-element-771c8d5e .elementor-button:focus svg{fill:var( --e-global-color-primary );}@media(max-width:1200px){.elementor-10023 .elementor-element.elementor-element-20e21ab2 .elementor-heading-title{line-height:1.4em;}}@media(max-width:1024px){.elementor-widget-theme-post-featured-image .widget-image-caption{font-size:var( --e-global-typography-text-font-size );line-height:var( --e-global-typography-text-line-height );}.elementor-widget-heading .elementor-heading-title{font-size:var( --e-global-typography-primary-font-size );line-height:var( --e-global-typography-primary-line-height );}.elementor-10023 .elementor-element.elementor-element-38c99ac8 .elementor-heading-title{font-size:var( --e-global-typography-65fd483-font-size );line-height:var( --e-global-typography-65fd483-line-height );letter-spacing:var( --e-global-typography-65fd483-letter-spacing );word-spacing:var( --e-global-typography-65fd483-word-spacing );}.elementor-widget-theme-post-title .elementor-heading-title{font-size:var( --e-global-typography-primary-font-size );line-height:var( --e-global-typography-primary-line-height );}.elementor-widget-theme-post-excerpt{font-size:var( --e-global-typography-text-font-size );line-height:var( --e-global-typography-text-line-height );}.elementor-widget-button .elementor-button{font-size:var( --e-global-typography-accent-font-size );line-height:var( --e-global-typography-accent-line-height );}}@media(max-width:767px){.elementor-widget-theme-post-featured-image .widget-image-caption{font-size:var( --e-global-typography-text-font-size );line-height:var( --e-global-typography-text-line-height );}.elementor-10023 .elementor-element.elementor-element-3d488cd3{--container-widget-width:100%;--container-widget-flex-grow:0;width:var( --container-widget-width, 100% );max-width:100%;}.elementor-widget-heading .elementor-heading-title{font-size:var( --e-global-typography-primary-font-size );line-height:var( --e-global-typography-primary-line-height );}.elementor-10023 .elementor-element.elementor-element-38c99ac8 .elementor-heading-title{font-size:var( --e-global-typography-65fd483-font-size );line-height:var( --e-global-typography-65fd483-line-height );letter-spacing:var( --e-global-typography-65fd483-letter-spacing );word-spacing:var( --e-global-typography-65fd483-word-spacing );}.elementor-widget-theme-post-title .elementor-heading-title{font-size:var( --e-global-typography-primary-font-size );line-height:var( --e-global-typography-primary-line-height );}.elementor-10023 .elementor-element.elementor-element-20e21ab2 .elementor-heading-title{line-height:1.25em;}.elementor-widget-theme-post-excerpt{font-size:var( --e-global-typography-text-font-size );line-height:var( --e-global-typography-text-line-height );}.elementor-widget-button .elementor-button{font-size:var( --e-global-typography-accent-font-size );line-height:var( --e-global-typography-accent-line-height );}}@media(min-width:768px){.elementor-10023 .elementor-element.elementor-element-2f8fae9c{--width:50%;}}<\/style>\t\t<div data-elementor-type=\"loop-item\" data-elementor-id=\"10023\" class=\"elementor elementor-10023 e-loop-item e-loop-item-15800 post-15800 people-of-costa-rica type-people-of-costa-rica status-publish has-post-thumbnail hentry\" data-elementor-post-type=\"elementor_library\" data-custom-edit-handle=\"1\">\n\t\t\t<div class=\"elementor-element elementor-element-44a6c496 e-con-full e-flex e-con e-parent\" data-id=\"44a6c496\" data-element_type=\"container\" data-e-type=\"container\">\n\t\t\t\t<div class=\"elementor-element elementor-element-3d488cd3 elementor-widget__width-initial elementor-widget elementor-widget-theme-post-featured-image elementor-widget-image\" data-id=\"3d488cd3\" data-element_type=\"widget\" data-e-type=\"widget\" data-widget_type=\"theme-post-featured-image.default\">\n\t\t\t\t\t\t\t\t\t\t\t\t\t\t\t<img fetchpriority=\"high\" decoding=\"async\" width=\"1920\" height=\"1080\" src=\"https:\/\/peopleofcostarica.com\/wp-content\/uploads\/2026\/08\/People-of-Costa-Rica-2.jpg\" class=\"attachment-full size-full wp-image-15801\" alt=\"\" srcset=\"https:\/\/peopleofcostarica.com\/wp-content\/uploads\/2026\/08\/People-of-Costa-Rica-2.jpg 1920w, https:\/\/peopleofcostarica.com\/wp-content\/uploads\/2026\/08\/People-of-Costa-Rica-2-300x169.jpg 300w, https:\/\/peopleofcostarica.com\/wp-content\/uploads\/2026\/08\/People-of-Costa-Rica-2-1024x576.jpg 1024w, https:\/\/peopleofcostarica.com\/wp-content\/uploads\/2026\/08\/People-of-Costa-Rica-2-768x432.jpg 768w, https:\/\/peopleofcostarica.com\/wp-content\/uploads\/2026\/08\/People-of-Costa-Rica-2-1536x864.jpg 1536w\" sizes=\"(max-width: 1920px) 100vw, 1920px\" \/>\t\t\t\t\t\t\t\t\t\t\t\t\t\t\t<\/div>\n\t\t<div class=\"elementor-element elementor-element-2f8fae9c e-con-full e-flex e-con e-child\" data-id=\"2f8fae9c\" data-element_type=\"container\" data-e-type=\"container\">\n\t\t\t\t<div class=\"elementor-element elementor-element-38c99ac8 elementor-widget__width-initial elementor-widget elementor-widget-heading\" data-id=\"38c99ac8\" data-element_type=\"widget\" data-e-type=\"widget\" data-widget_type=\"heading.default\">\n\t\t\t\t\t<span class=\"elementor-heading-title elementor-size-default\">People of Costa Rica<\/span>\t\t\t\t<\/div>\n\t\t\t\t<div class=\"elementor-element elementor-element-20e21ab2 elementor-widget elementor-widget-theme-post-title elementor-page-title elementor-widget-heading\" data-id=\"20e21ab2\" data-element_type=\"widget\" data-e-type=\"widget\" data-widget_type=\"theme-post-title.default\">\n\t\t\t\t\t<h1 class=\"elementor-heading-title elementor-size-default\">Maikol, Sierpe : sans eau, sans \u00e9lectricit\u00e9, et un chasseur qui prot\u00e8ge la faune sauvage.<\/h1>\t\t\t\t<\/div>\n\t\t\t\t<div class=\"elementor-element elementor-element-39005098 elementor-widget elementor-widget-theme-post-excerpt\" data-id=\"39005098\" data-element_type=\"widget\" data-e-type=\"widget\" data-widget_type=\"theme-post-excerpt.default\">\n\t\t\t\t\t<p>J&rsquo;ai rencontr\u00e9 Mikol dans le secteur Cham\u00e1n du parc national marin Ballena. Accompagn\u00e9 d&rsquo;Andrea, il a \u00e9t\u00e9 mon guide naturaliste tout au long de l&rsquo;excursion. Michael a grandi dans l&rsquo;une\t\t\t\t<\/div>\n\t\t\t\t<div class=\"elementor-element elementor-element-771c8d5e elementor-widget elementor-widget-button\" data-id=\"771c8d5e\" data-element_type=\"widget\" data-e-type=\"widget\" data-widget_type=\"button.default\">\n\t\t\t\t\t\t\t\t\t\t<a class=\"elementor-button elementor-button-link elementor-size-sm\" href=\"https:\/\/peopleofcostarica.com\/fr\/people-of-costa-rica\/maikol-sierpe-sans-eau-sans-electricite-et-un-chasseur-qui-protege-la-faune-sauvage\/\">\n\t\t\t\t\t\t<span class=\"elementor-button-content-wrapper\">\n\t\t\t\t\t\t\t\t\t<span class=\"elementor-button-text\">Read Latest Story<\/span>\n\t\t\t\t\t<\/span>\n\t\t\t\t\t<\/a>\n\t\t\t\t\t\t\t\t<\/div>\n\t\t\t\t<\/div>\n\t\t\t\t<\/div>\n\t\t\t\t<\/div>\n\t\t\t\t<\/div>\n\t\t\n\t\t\t\t\t\t<\/div>\n\t\t\t\t<\/div>\n\t\t\t\t\t<\/div>\n\t\t\t\t<\/div>\n\t\t<div class=\"elementor-element elementor-element-3f185cfb e-flex e-con-boxed e-con e-parent\" data-id=\"3f185cfb\" data-element_type=\"container\" data-e-type=\"container\" data-settings=\"{&quot;background_background&quot;:&quot;classic&quot;}\">\n\t\t\t\t\t<div class=\"e-con-inner\">\n\t\t<div class=\"elementor-element elementor-element-38becfa0 e-con-full e-flex e-con e-child\" data-id=\"38becfa0\" data-element_type=\"container\" data-e-type=\"container\">\n\t\t\t\t<div class=\"elementor-element elementor-element-a5cbc80 elementor-position-inline-start elementor-mobile-position-inline-start elementor-view-default elementor-widget elementor-widget-icon-box\" data-id=\"a5cbc80\" data-element_type=\"widget\" data-e-type=\"widget\" data-widget_type=\"icon-box.default\">\n\t\t\t\t\t\t\t<div class=\"elementor-icon-box-wrapper\">\n\n\t\t\t\t\t\t<div class=\"elementor-icon-box-icon\">\n\t\t\t\t<span  class=\"elementor-icon\">\n\t\t\t\t<svg aria-hidden=\"true\" class=\"e-font-icon-svg e-fas-users\" viewBox=\"0 0 640 512\" xmlns=\"http:\/\/www.w3.org\/2000\/svg\"><path d=\"M96 224c35.3 0 64-28.7 64-64s-28.7-64-64-64-64 28.7-64 64 28.7 64 64 64zm448 0c35.3 0 64-28.7 64-64s-28.7-64-64-64-64 28.7-64 64 28.7 64 64 64zm32 32h-64c-17.6 0-33.5 7.1-45.1 18.6 40.3 22.1 68.9 62 75.1 109.4h66c17.7 0 32-14.3 32-32v-32c0-35.3-28.7-64-64-64zm-256 0c61.9 0 112-50.1 112-112S381.9 32 320 32 208 82.1 208 144s50.1 112 112 112zm76.8 32h-8.3c-20.8 10-43.9 16-68.5 16s-47.6-6-68.5-16h-8.3C179.6 288 128 339.6 128 403.2V432c0 26.5 21.5 48 48 48h288c26.5 0 48-21.5 48-48v-28.8c0-63.6-51.6-115.2-115.2-115.2zm-223.7-13.4C161.5 263.1 145.6 256 128 256H64c-35.3 0-64 28.7-64 64v32c0 17.7 14.3 32 32 32h65.9c6.3-47.4 34.9-87.3 75.2-109.4z\"><\/path><\/svg>\t\t\t\t<\/span>\n\t\t\t<\/div>\n\t\t\t\n\t\t\t\t\t\t<div class=\"elementor-icon-box-content\">\n\n\t\t\t\t\t\t\t\t\t<h2 class=\"elementor-icon-box-title\">\n\t\t\t\t\t\t<span  >\n\t\t\t\t\t\t\tHistoires en Photos : Visages du Costa Rica\t\t\t\t\t\t<\/span>\n\t\t\t\t\t<\/h2>\n\t\t\t\t\n\t\t\t\t\t\t\t\t\t<p class=\"elementor-icon-box-description\">\n\t\t\t\t\t\tChaque visage raconte une histoire. Rencontrez les habitants. \t\t\t\t\t<\/p>\n\t\t\t\t\n\t\t\t<\/div>\n\t\t\t\n\t\t<\/div>\n\t\t\t\t\t\t<\/div>\n\t\t\t\t<div class=\"elementor-element elementor-element-570217b7 elementor-hidden-mobile_extra elementor-hidden-mobile elementor-widget elementor-widget-heading\" data-id=\"570217b7\" data-element_type=\"widget\" data-e-type=\"widget\" data-widget_type=\"heading.default\">\n\t\t\t\t\t<span class=\"elementor-heading-title elementor-size-default\"><a href=\"https:\/\/peopleofcostarica.com\/fr\/histoires-en-photos\/\">Voir Toutes les Histoires<\/a><\/span>\t\t\t\t<\/div>\n\t\t\t\t<\/div>\n\t\t\t\t<div class=\"elementor-element elementor-element-83aa333 elementor-pagination-type-bullets elementor-arrows-position-inside elementor-pagination-position-outside elementor-widget elementor-widget-loop-carousel\" data-id=\"83aa333\" data-element_type=\"widget\" data-e-type=\"widget\" data-settings=\"{&quot;template_id&quot;:10107,&quot;_skin&quot;:&quot;post&quot;,&quot;slides_to_show&quot;:&quot;3&quot;,&quot;slides_to_show_tablet_extra&quot;:&quot;3&quot;,&quot;slides_to_show_tablet&quot;:&quot;2&quot;,&quot;slides_to_show_mobile_extra&quot;:&quot;2&quot;,&quot;slides_to_show_mobile&quot;:&quot;1&quot;,&quot;slides_to_scroll&quot;:&quot;1&quot;,&quot;edit_handle_selector&quot;:&quot;.elementor-loop-container&quot;,&quot;autoplay&quot;:&quot;yes&quot;,&quot;autoplay_speed&quot;:5000,&quot;pause_on_hover&quot;:&quot;yes&quot;,&quot;pause_on_interaction&quot;:&quot;yes&quot;,&quot;infinite&quot;:&quot;yes&quot;,&quot;speed&quot;:500,&quot;offset_sides&quot;:&quot;none&quot;,&quot;arrows&quot;:&quot;yes&quot;,&quot;pagination&quot;:&quot;bullets&quot;,&quot;image_spacing_custom&quot;:{&quot;unit&quot;:&quot;px&quot;,&quot;size&quot;:10,&quot;sizes&quot;:[]},&quot;image_spacing_custom_tablet_extra&quot;:{&quot;unit&quot;:&quot;px&quot;,&quot;size&quot;:&quot;&quot;,&quot;sizes&quot;:[]},&quot;image_spacing_custom_tablet&quot;:{&quot;unit&quot;:&quot;px&quot;,&quot;size&quot;:&quot;&quot;,&quot;sizes&quot;:[]},&quot;image_spacing_custom_mobile_extra&quot;:{&quot;unit&quot;:&quot;px&quot;,&quot;size&quot;:&quot;&quot;,&quot;sizes&quot;:[]},&quot;image_spacing_custom_mobile&quot;:{&quot;unit&quot;:&quot;px&quot;,&quot;size&quot;:&quot;&quot;,&quot;sizes&quot;:[]}}\" data-widget_type=\"loop-carousel.post\">\n\t\t\t\t\t\t\t<div class=\"swiper elementor-loop-container elementor-grid\" role=\"list\" dir=\"ltr\">\n\t\t\t\t<div class=\"swiper-wrapper\" aria-live=\"off\">\n\t\t<style id=\"loop-10107\">.elementor-10107 .elementor-element.elementor-element-53c34de9{--display:flex;--flex-direction:column;--container-widget-width:100%;--container-widget-height:initial;--container-widget-flex-grow:0;--container-widget-align-self:initial;--flex-wrap-mobile:wrap;--justify-content:flex-start;--gap:16px 16px;--row-gap:16px;--column-gap:16px;--margin-top:0px;--margin-bottom:0px;--margin-left:0px;--margin-right:0px;--padding-top:10px;--padding-bottom:0px;--padding-left:0px;--padding-right:0px;}.elementor-widget-theme-post-featured-image .widget-image-caption{color:var( --e-global-color-text );font-family:var( --e-global-typography-text-font-family ), Sans-serif;font-size:var( --e-global-typography-text-font-size );font-weight:var( --e-global-typography-text-font-weight );line-height:var( --e-global-typography-text-line-height );}.elementor-10107 .elementor-element.elementor-element-1e45f8da img{height:380px;object-fit:cover;object-position:center center;border-radius:12px 12px 12px 12px;}.elementor-widget-theme-post-title .elementor-heading-title{font-family:var( --e-global-typography-primary-font-family ), Sans-serif;font-size:var( --e-global-typography-primary-font-size );font-weight:var( --e-global-typography-primary-font-weight );line-height:var( --e-global-typography-primary-line-height );color:var( --e-global-color-primary );}.elementor-10107 .elementor-element.elementor-element-773cdf02{text-align:start;}.elementor-10107 .elementor-element.elementor-element-773cdf02 .elementor-heading-title{font-family:var( --e-global-typography-accent-font-family ), Sans-serif;font-size:var( --e-global-typography-accent-font-size );font-weight:var( --e-global-typography-accent-font-weight );line-height:var( --e-global-typography-accent-line-height );color:var( --e-global-color-text );}@media(max-width:1024px){.elementor-widget-theme-post-featured-image .widget-image-caption{font-size:var( --e-global-typography-text-font-size );line-height:var( --e-global-typography-text-line-height );}.elementor-widget-theme-post-title .elementor-heading-title{font-size:var( --e-global-typography-primary-font-size );line-height:var( --e-global-typography-primary-line-height );}.elementor-10107 .elementor-element.elementor-element-773cdf02 .elementor-heading-title{font-size:var( --e-global-typography-accent-font-size );line-height:var( --e-global-typography-accent-line-height );}}@media(max-width:767px){.elementor-widget-theme-post-featured-image .widget-image-caption{font-size:var( --e-global-typography-text-font-size );line-height:var( --e-global-typography-text-line-height );}.elementor-widget-theme-post-title .elementor-heading-title{font-size:var( --e-global-typography-primary-font-size );line-height:var( --e-global-typography-primary-line-height );}.elementor-10107 .elementor-element.elementor-element-773cdf02 .elementor-heading-title{font-size:var( --e-global-typography-accent-font-size );line-height:var( --e-global-typography-accent-line-height );}}\/* Start custom CSS for container, class: .elementor-element-53c34de9 *\/.elementor-10107 .elementor-element.elementor-element-53c34de9\/* End custom CSS *\/<\/style>\t\t<div data-elementor-type=\"loop-item\" data-elementor-id=\"10107\" class=\"elementor elementor-10107 swiper-slide e-loop-item e-loop-item-15800 post-15800 people-of-costa-rica type-people-of-costa-rica status-publish has-post-thumbnail hentry\" data-elementor-post-type=\"elementor_library\" role=\"group\" aria-roledescription=\"slide\" data-custom-edit-handle=\"1\">\n\t\t\t<a class=\"elementor-element elementor-element-53c34de9 e-con-full card-photo-story-carousel e-flex e-con e-parent\" data-id=\"53c34de9\" data-element_type=\"container\" data-e-type=\"container\" href=\"https:\/\/peopleofcostarica.com\/fr\/people-of-costa-rica\/maikol-sierpe-sans-eau-sans-electricite-et-un-chasseur-qui-protege-la-faune-sauvage\/\">\n\t\t\t\t<div class=\"elementor-element elementor-element-1e45f8da elementor-widget elementor-widget-theme-post-featured-image elementor-widget-image\" data-id=\"1e45f8da\" data-element_type=\"widget\" data-e-type=\"widget\" data-widget_type=\"theme-post-featured-image.default\">\n\t\t\t\t\t\t\t\t\t\t\t\t\t\t\t<img fetchpriority=\"high\" decoding=\"async\" width=\"1920\" height=\"1080\" src=\"https:\/\/peopleofcostarica.com\/wp-content\/uploads\/2026\/08\/People-of-Costa-Rica-2.jpg\" class=\"attachment-full size-full wp-image-15801\" alt=\"\" srcset=\"https:\/\/peopleofcostarica.com\/wp-content\/uploads\/2026\/08\/People-of-Costa-Rica-2.jpg 1920w, https:\/\/peopleofcostarica.com\/wp-content\/uploads\/2026\/08\/People-of-Costa-Rica-2-300x169.jpg 300w, https:\/\/peopleofcostarica.com\/wp-content\/uploads\/2026\/08\/People-of-Costa-Rica-2-1024x576.jpg 1024w, https:\/\/peopleofcostarica.com\/wp-content\/uploads\/2026\/08\/People-of-Costa-Rica-2-768x432.jpg 768w, https:\/\/peopleofcostarica.com\/wp-content\/uploads\/2026\/08\/People-of-Costa-Rica-2-1536x864.jpg 1536w\" sizes=\"(max-width: 1920px) 100vw, 1920px\" \/>\t\t\t\t\t\t\t\t\t\t\t\t\t\t\t<\/div>\n\t\t\t\t<div class=\"elementor-element elementor-element-773cdf02 photo-story-carousel-title elementor-widget elementor-widget-theme-post-title elementor-page-title elementor-widget-heading\" data-id=\"773cdf02\" data-element_type=\"widget\" data-e-type=\"widget\" data-widget_type=\"theme-post-title.default\">\n\t\t\t\t\t<h3 class=\"elementor-heading-title elementor-size-default\">Maikol, Sierpe : sans eau, sans \u00e9lectricit\u00e9, et un chasseur qui prot\u00e8ge la faune sauvage.<\/h3>\t\t\t\t<\/div>\n\t\t\t\t<\/a>\n\t\t\t\t<\/div>\n\t\t\t\t<div data-elementor-type=\"loop-item\" data-elementor-id=\"10107\" class=\"elementor elementor-10107 swiper-slide e-loop-item e-loop-item-15744 post-15744 people-of-costa-rica type-people-of-costa-rica status-publish has-post-thumbnail hentry\" data-elementor-post-type=\"elementor_library\" role=\"group\" aria-roledescription=\"slide\" data-custom-edit-handle=\"1\">\n\t\t\t<a class=\"elementor-element elementor-element-53c34de9 e-con-full card-photo-story-carousel e-flex e-con e-parent\" data-id=\"53c34de9\" data-element_type=\"container\" data-e-type=\"container\" href=\"https:\/\/peopleofcostarica.com\/fr\/people-of-costa-rica\/elisa-la-pajara-pinta\/\">\n\t\t\t\t<div class=\"elementor-element elementor-element-1e45f8da elementor-widget elementor-widget-theme-post-featured-image elementor-widget-image\" data-id=\"1e45f8da\" data-element_type=\"widget\" data-e-type=\"widget\" data-widget_type=\"theme-post-featured-image.default\">\n\t\t\t\t\t\t\t\t\t\t\t\t\t\t\t<img decoding=\"async\" width=\"900\" height=\"1600\" src=\"https:\/\/peopleofcostarica.com\/wp-content\/uploads\/2026\/07\/WhatsApp-Image-2026-07-25-at-8.56.09-PM.jpeg\" class=\"attachment-full size-full wp-image-15743\" alt=\"\" srcset=\"https:\/\/peopleofcostarica.com\/wp-content\/uploads\/2026\/07\/WhatsApp-Image-2026-07-25-at-8.56.09-PM.jpeg 900w, https:\/\/peopleofcostarica.com\/wp-content\/uploads\/2026\/07\/WhatsApp-Image-2026-07-25-at-8.56.09-PM-169x300.jpeg 169w, https:\/\/peopleofcostarica.com\/wp-content\/uploads\/2026\/07\/WhatsApp-Image-2026-07-25-at-8.56.09-PM-576x1024.jpeg 576w, https:\/\/peopleofcostarica.com\/wp-content\/uploads\/2026\/07\/WhatsApp-Image-2026-07-25-at-8.56.09-PM-768x1365.jpeg 768w, https:\/\/peopleofcostarica.com\/wp-content\/uploads\/2026\/07\/WhatsApp-Image-2026-07-25-at-8.56.09-PM-864x1536.jpeg 864w\" sizes=\"(max-width: 900px) 100vw, 900px\" \/>\t\t\t\t\t\t\t\t\t\t\t\t\t\t\t<\/div>\n\t\t\t\t<div class=\"elementor-element elementor-element-773cdf02 photo-story-carousel-title elementor-widget elementor-widget-theme-post-title elementor-page-title elementor-widget-heading\" data-id=\"773cdf02\" data-element_type=\"widget\" data-e-type=\"widget\" data-widget_type=\"theme-post-title.default\">\n\t\t\t\t\t<h3 class=\"elementor-heading-title elementor-size-default\">Elisa, La Pajara Pinta.\u00a0<\/h3>\t\t\t\t<\/div>\n\t\t\t\t<\/a>\n\t\t\t\t<\/div>\n\t\t\t\t<div data-elementor-type=\"loop-item\" data-elementor-id=\"10107\" class=\"elementor elementor-10107 swiper-slide e-loop-item e-loop-item-14787 post-14787 people-of-costa-rica type-people-of-costa-rica status-publish has-post-thumbnail hentry\" data-elementor-post-type=\"elementor_library\" role=\"group\" aria-roledescription=\"slide\" data-custom-edit-handle=\"1\">\n\t\t\t<a class=\"elementor-element elementor-element-53c34de9 e-con-full card-photo-story-carousel e-flex e-con e-parent\" data-id=\"53c34de9\" data-element_type=\"container\" data-e-type=\"container\" href=\"https:\/\/peopleofcostarica.com\/fr\/people-of-costa-rica\/marcia-madrigal-je-suis-nee-avec-un-pinceau-dans-une-main-et-un-crayon-de-couleur-dans-lautre\/\">\n\t\t\t\t<div class=\"elementor-element elementor-element-1e45f8da elementor-widget elementor-widget-theme-post-featured-image elementor-widget-image\" data-id=\"1e45f8da\" data-element_type=\"widget\" data-e-type=\"widget\" data-widget_type=\"theme-post-featured-image.default\">\n\t\t\t\t\t\t\t\t\t\t\t\t\t\t\t<img decoding=\"async\" width=\"900\" height=\"1600\" src=\"https:\/\/peopleofcostarica.com\/wp-content\/uploads\/2026\/07\/WhatsApp-Image-2026-07-14-at-5.54.10-PM.jpeg\" class=\"attachment-full size-full wp-image-14786\" alt=\"\" srcset=\"https:\/\/peopleofcostarica.com\/wp-content\/uploads\/2026\/07\/WhatsApp-Image-2026-07-14-at-5.54.10-PM.jpeg 900w, https:\/\/peopleofcostarica.com\/wp-content\/uploads\/2026\/07\/WhatsApp-Image-2026-07-14-at-5.54.10-PM-169x300.jpeg 169w, https:\/\/peopleofcostarica.com\/wp-content\/uploads\/2026\/07\/WhatsApp-Image-2026-07-14-at-5.54.10-PM-576x1024.jpeg 576w, https:\/\/peopleofcostarica.com\/wp-content\/uploads\/2026\/07\/WhatsApp-Image-2026-07-14-at-5.54.10-PM-768x1365.jpeg 768w, https:\/\/peopleofcostarica.com\/wp-content\/uploads\/2026\/07\/WhatsApp-Image-2026-07-14-at-5.54.10-PM-864x1536.jpeg 864w\" sizes=\"(max-width: 900px) 100vw, 900px\" \/>\t\t\t\t\t\t\t\t\t\t\t\t\t\t\t<\/div>\n\t\t\t\t<div class=\"elementor-element elementor-element-773cdf02 photo-story-carousel-title elementor-widget elementor-widget-theme-post-title elementor-page-title elementor-widget-heading\" data-id=\"773cdf02\" data-element_type=\"widget\" data-e-type=\"widget\" data-widget_type=\"theme-post-title.default\">\n\t\t\t\t\t<h3 class=\"elementor-heading-title elementor-size-default\">Marcia Madrigal, je suis n\u00e9e avec un pinceau dans une main et un crayon de couleur dans l&rsquo;autre.<\/h3>\t\t\t\t<\/div>\n\t\t\t\t<\/a>\n\t\t\t\t<\/div>\n\t\t\t\t<div data-elementor-type=\"loop-item\" data-elementor-id=\"10107\" class=\"elementor elementor-10107 swiper-slide e-loop-item e-loop-item-10615 post-10615 people-of-costa-rica type-people-of-costa-rica status-publish has-post-thumbnail hentry\" data-elementor-post-type=\"elementor_library\" role=\"group\" aria-roledescription=\"slide\" data-custom-edit-handle=\"1\">\n\t\t\t<a class=\"elementor-element elementor-element-53c34de9 e-con-full card-photo-story-carousel e-flex e-con e-parent\" data-id=\"53c34de9\" data-element_type=\"container\" data-e-type=\"container\" href=\"https:\/\/peopleofcostarica.com\/fr\/people-of-costa-rica\/le-festival-international-des-arts-revient-en-2026\/\">\n\t\t\t\t<div class=\"elementor-element elementor-element-1e45f8da elementor-widget elementor-widget-theme-post-featured-image elementor-widget-image\" data-id=\"1e45f8da\" data-element_type=\"widget\" data-e-type=\"widget\" data-widget_type=\"theme-post-featured-image.default\">\n\t\t\t\t\t\t\t\t\t\t\t\t\t\t\t<img loading=\"lazy\" decoding=\"async\" width=\"2560\" height=\"1707\" src=\"https:\/\/peopleofcostarica.com\/wp-content\/uploads\/2026\/03\/IMG_4099-scaled.jpg\" class=\"attachment-full size-full wp-image-10614\" alt=\"\" srcset=\"https:\/\/peopleofcostarica.com\/wp-content\/uploads\/2026\/03\/IMG_4099-scaled.jpg 2560w, https:\/\/peopleofcostarica.com\/wp-content\/uploads\/2026\/03\/IMG_4099-300x200.jpg 300w, https:\/\/peopleofcostarica.com\/wp-content\/uploads\/2026\/03\/IMG_4099-1024x683.jpg 1024w, https:\/\/peopleofcostarica.com\/wp-content\/uploads\/2026\/03\/IMG_4099-768x512.jpg 768w, https:\/\/peopleofcostarica.com\/wp-content\/uploads\/2026\/03\/IMG_4099-1536x1024.jpg 1536w, https:\/\/peopleofcostarica.com\/wp-content\/uploads\/2026\/03\/IMG_4099-2048x1365.jpg 2048w, https:\/\/peopleofcostarica.com\/wp-content\/uploads\/2026\/03\/IMG_4099-1320x880.jpg 1320w\" sizes=\"(max-width: 2560px) 100vw, 2560px\" \/>\t\t\t\t\t\t\t\t\t\t\t\t\t\t\t<\/div>\n\t\t\t\t<div class=\"elementor-element elementor-element-773cdf02 photo-story-carousel-title elementor-widget elementor-widget-theme-post-title elementor-page-title elementor-widget-heading\" data-id=\"773cdf02\" data-element_type=\"widget\" data-e-type=\"widget\" data-widget_type=\"theme-post-title.default\">\n\t\t\t\t\t<h3 class=\"elementor-heading-title elementor-size-default\">Le Festival international des arts revient en 2026.<\/h3>\t\t\t\t<\/div>\n\t\t\t\t<\/a>\n\t\t\t\t<\/div>\n\t\t\t\t<div data-elementor-type=\"loop-item\" data-elementor-id=\"10107\" class=\"elementor elementor-10107 swiper-slide e-loop-item e-loop-item-10598 post-10598 people-of-costa-rica type-people-of-costa-rica status-publish has-post-thumbnail hentry\" data-elementor-post-type=\"elementor_library\" role=\"group\" aria-roledescription=\"slide\" data-custom-edit-handle=\"1\">\n\t\t\t<a class=\"elementor-element elementor-element-53c34de9 e-con-full card-photo-story-carousel e-flex e-con e-parent\" data-id=\"53c34de9\" data-element_type=\"container\" data-e-type=\"container\" href=\"https:\/\/peopleofcostarica.com\/fr\/people-of-costa-rica\/daily-life-in-san-jose-and-its-inhabitants\/\">\n\t\t\t\t<div class=\"elementor-element elementor-element-1e45f8da elementor-widget elementor-widget-theme-post-featured-image elementor-widget-image\" data-id=\"1e45f8da\" data-element_type=\"widget\" data-e-type=\"widget\" data-widget_type=\"theme-post-featured-image.default\">\n\t\t\t\t\t\t\t\t\t\t\t\t\t\t\t<img loading=\"lazy\" decoding=\"async\" width=\"2560\" height=\"1707\" src=\"https:\/\/peopleofcostarica.com\/wp-content\/uploads\/2026\/03\/IMG_9814-scaled.jpg\" class=\"attachment-full size-full wp-image-10597\" alt=\"\" srcset=\"https:\/\/peopleofcostarica.com\/wp-content\/uploads\/2026\/03\/IMG_9814-scaled.jpg 2560w, https:\/\/peopleofcostarica.com\/wp-content\/uploads\/2026\/03\/IMG_9814-300x200.jpg 300w, https:\/\/peopleofcostarica.com\/wp-content\/uploads\/2026\/03\/IMG_9814-1024x683.jpg 1024w, https:\/\/peopleofcostarica.com\/wp-content\/uploads\/2026\/03\/IMG_9814-768x512.jpg 768w, https:\/\/peopleofcostarica.com\/wp-content\/uploads\/2026\/03\/IMG_9814-1536x1024.jpg 1536w, https:\/\/peopleofcostarica.com\/wp-content\/uploads\/2026\/03\/IMG_9814-2048x1365.jpg 2048w, https:\/\/peopleofcostarica.com\/wp-content\/uploads\/2026\/03\/IMG_9814-1320x880.jpg 1320w\" sizes=\"(max-width: 2560px) 100vw, 2560px\" \/>\t\t\t\t\t\t\t\t\t\t\t\t\t\t\t<\/div>\n\t\t\t\t<div class=\"elementor-element elementor-element-773cdf02 photo-story-carousel-title elementor-widget elementor-widget-theme-post-title elementor-page-title elementor-widget-heading\" data-id=\"773cdf02\" data-element_type=\"widget\" data-e-type=\"widget\" data-widget_type=\"theme-post-title.default\">\n\t\t\t\t\t<h3 class=\"elementor-heading-title elementor-size-default\">Daily life in San Jos\u00e9 and its inhabitants<\/h3>\t\t\t\t<\/div>\n\t\t\t\t<\/a>\n\t\t\t\t<\/div>\n\t\t\t\t<div data-elementor-type=\"loop-item\" data-elementor-id=\"10107\" class=\"elementor elementor-10107 swiper-slide e-loop-item e-loop-item-5943 post-5943 people-of-costa-rica type-people-of-costa-rica status-publish has-post-thumbnail hentry\" data-elementor-post-type=\"elementor_library\" role=\"group\" aria-roledescription=\"slide\" data-custom-edit-handle=\"1\">\n\t\t\t<a class=\"elementor-element elementor-element-53c34de9 e-con-full card-photo-story-carousel e-flex e-con e-parent\" data-id=\"53c34de9\" data-element_type=\"container\" data-e-type=\"container\" href=\"https:\/\/peopleofcostarica.com\/fr\/people-of-costa-rica\/atelier-de-cacao-avec-memo-au-nicuesa-lodge\/\">\n\t\t\t\t<div class=\"elementor-element elementor-element-1e45f8da elementor-widget elementor-widget-theme-post-featured-image elementor-widget-image\" data-id=\"1e45f8da\" data-element_type=\"widget\" data-e-type=\"widget\" data-widget_type=\"theme-post-featured-image.default\">\n\t\t\t\t\t\t\t\t\t\t\t\t\t\t\t<img loading=\"lazy\" decoding=\"async\" width=\"1200\" height=\"1600\" src=\"https:\/\/peopleofcostarica.com\/wp-content\/uploads\/2025\/10\/Imagen-de-WhatsApp-2025-10-04-a-las-21.48.53_ea60b425.jpg\" class=\"attachment-full size-full wp-image-5935\" alt=\"\" srcset=\"https:\/\/peopleofcostarica.com\/wp-content\/uploads\/2025\/10\/Imagen-de-WhatsApp-2025-10-04-a-las-21.48.53_ea60b425.jpg 1200w, https:\/\/peopleofcostarica.com\/wp-content\/uploads\/2025\/10\/Imagen-de-WhatsApp-2025-10-04-a-las-21.48.53_ea60b425-225x300.jpg 225w, https:\/\/peopleofcostarica.com\/wp-content\/uploads\/2025\/10\/Imagen-de-WhatsApp-2025-10-04-a-las-21.48.53_ea60b425-768x1024.jpg 768w, https:\/\/peopleofcostarica.com\/wp-content\/uploads\/2025\/10\/Imagen-de-WhatsApp-2025-10-04-a-las-21.48.53_ea60b425-1152x1536.jpg 1152w\" sizes=\"(max-width: 1200px) 100vw, 1200px\" \/>\t\t\t\t\t\t\t\t\t\t\t\t\t\t\t<\/div>\n\t\t\t\t<div class=\"elementor-element elementor-element-773cdf02 photo-story-carousel-title elementor-widget elementor-widget-theme-post-title elementor-page-title elementor-widget-heading\" data-id=\"773cdf02\" data-element_type=\"widget\" data-e-type=\"widget\" data-widget_type=\"theme-post-title.default\">\n\t\t\t\t\t<h3 class=\"elementor-heading-title elementor-size-default\">Atelier de cacao avec Memo au Nicuesa Lodge<\/h3>\t\t\t\t<\/div>\n\t\t\t\t<\/a>\n\t\t\t\t<\/div>\n\t\t\t\t<div data-elementor-type=\"loop-item\" data-elementor-id=\"10107\" class=\"elementor elementor-10107 swiper-slide e-loop-item e-loop-item-4305 post-4305 people-of-costa-rica type-people-of-costa-rica status-publish has-post-thumbnail hentry\" data-elementor-post-type=\"elementor_library\" role=\"group\" aria-roledescription=\"slide\" data-custom-edit-handle=\"1\">\n\t\t\t<a class=\"elementor-element elementor-element-53c34de9 e-con-full card-photo-story-carousel e-flex e-con e-parent\" data-id=\"53c34de9\" data-element_type=\"container\" data-e-type=\"container\" href=\"https:\/\/peopleofcostarica.com\/fr\/people-of-costa-rica\/angelo-comme-jaime-mon-limon\/\">\n\t\t\t\t<div class=\"elementor-element elementor-element-1e45f8da elementor-widget elementor-widget-theme-post-featured-image elementor-widget-image\" data-id=\"1e45f8da\" data-element_type=\"widget\" data-e-type=\"widget\" data-widget_type=\"theme-post-featured-image.default\">\n\t\t\t\t\t\t\t\t\t\t\t\t\t\t\t<img loading=\"lazy\" decoding=\"async\" width=\"900\" height=\"1600\" src=\"https:\/\/peopleofcostarica.com\/wp-content\/uploads\/2025\/05\/3a5b58e8-d6ac-4ef5-b907-2c6ce3215aa0.jpg\" class=\"attachment-full size-full wp-image-4294\" alt=\"\" srcset=\"https:\/\/peopleofcostarica.com\/wp-content\/uploads\/2025\/05\/3a5b58e8-d6ac-4ef5-b907-2c6ce3215aa0.jpg 900w, https:\/\/peopleofcostarica.com\/wp-content\/uploads\/2025\/05\/3a5b58e8-d6ac-4ef5-b907-2c6ce3215aa0-169x300.jpg 169w, https:\/\/peopleofcostarica.com\/wp-content\/uploads\/2025\/05\/3a5b58e8-d6ac-4ef5-b907-2c6ce3215aa0-576x1024.jpg 576w, https:\/\/peopleofcostarica.com\/wp-content\/uploads\/2025\/05\/3a5b58e8-d6ac-4ef5-b907-2c6ce3215aa0-768x1365.jpg 768w, https:\/\/peopleofcostarica.com\/wp-content\/uploads\/2025\/05\/3a5b58e8-d6ac-4ef5-b907-2c6ce3215aa0-864x1536.jpg 864w\" sizes=\"(max-width: 900px) 100vw, 900px\" \/>\t\t\t\t\t\t\t\t\t\t\t\t\t\t\t<\/div>\n\t\t\t\t<div class=\"elementor-element elementor-element-773cdf02 photo-story-carousel-title elementor-widget elementor-widget-theme-post-title elementor-page-title elementor-widget-heading\" data-id=\"773cdf02\" data-element_type=\"widget\" data-e-type=\"widget\" data-widget_type=\"theme-post-title.default\">\n\t\t\t\t\t<h3 class=\"elementor-heading-title elementor-size-default\">Angelo, comme j&rsquo;aime mon Lim\u00f3n.<\/h3>\t\t\t\t<\/div>\n\t\t\t\t<\/a>\n\t\t\t\t<\/div>\n\t\t\t\t<div data-elementor-type=\"loop-item\" data-elementor-id=\"10107\" class=\"elementor elementor-10107 swiper-slide e-loop-item e-loop-item-7991 post-7991 people-of-costa-rica type-people-of-costa-rica status-publish has-post-thumbnail hentry\" data-elementor-post-type=\"elementor_library\" role=\"group\" aria-roledescription=\"slide\" data-custom-edit-handle=\"1\">\n\t\t\t<a class=\"elementor-element elementor-element-53c34de9 e-con-full card-photo-story-carousel e-flex e-con e-parent\" data-id=\"53c34de9\" data-element_type=\"container\" data-e-type=\"container\" href=\"https:\/\/peopleofcostarica.com\/fr\/people-of-costa-rica\/paquito-le-coq\/\">\n\t\t\t\t<div class=\"elementor-element elementor-element-1e45f8da elementor-widget elementor-widget-theme-post-featured-image elementor-widget-image\" data-id=\"1e45f8da\" data-element_type=\"widget\" data-e-type=\"widget\" data-widget_type=\"theme-post-featured-image.default\">\n\t\t\t\t\t\t\t\t\t\t\t\t\t\t\t<img loading=\"lazy\" decoding=\"async\" width=\"2048\" height=\"1365\" src=\"https:\/\/peopleofcostarica.com\/wp-content\/uploads\/2023\/11\/17435877_662952290572917_7621999025665267841_o.jpg\" class=\"attachment-full size-full wp-image-1344\" alt=\"\" srcset=\"https:\/\/peopleofcostarica.com\/wp-content\/uploads\/2023\/11\/17435877_662952290572917_7621999025665267841_o.jpg 2048w, https:\/\/peopleofcostarica.com\/wp-content\/uploads\/2023\/11\/17435877_662952290572917_7621999025665267841_o-300x200.jpg 300w, https:\/\/peopleofcostarica.com\/wp-content\/uploads\/2023\/11\/17435877_662952290572917_7621999025665267841_o-1024x683.jpg 1024w, https:\/\/peopleofcostarica.com\/wp-content\/uploads\/2023\/11\/17435877_662952290572917_7621999025665267841_o-768x512.jpg 768w, https:\/\/peopleofcostarica.com\/wp-content\/uploads\/2023\/11\/17435877_662952290572917_7621999025665267841_o-1536x1024.jpg 1536w, https:\/\/peopleofcostarica.com\/wp-content\/uploads\/2023\/11\/17435877_662952290572917_7621999025665267841_o-1320x880.jpg 1320w\" sizes=\"(max-width: 2048px) 100vw, 2048px\" \/>\t\t\t\t\t\t\t\t\t\t\t\t\t\t\t<\/div>\n\t\t\t\t<div class=\"elementor-element elementor-element-773cdf02 photo-story-carousel-title elementor-widget elementor-widget-theme-post-title elementor-page-title elementor-widget-heading\" data-id=\"773cdf02\" data-element_type=\"widget\" data-e-type=\"widget\" data-widget_type=\"theme-post-title.default\">\n\t\t\t\t\t<h3 class=\"elementor-heading-title elementor-size-default\">Paquito le coq<\/h3>\t\t\t\t<\/div>\n\t\t\t\t<\/a>\n\t\t\t\t<\/div>\n\t\t\t\t<div data-elementor-type=\"loop-item\" data-elementor-id=\"10107\" class=\"elementor elementor-10107 swiper-slide e-loop-item e-loop-item-3777 post-3777 people-of-costa-rica type-people-of-costa-rica status-publish has-post-thumbnail hentry\" data-elementor-post-type=\"elementor_library\" role=\"group\" aria-roledescription=\"slide\" data-custom-edit-handle=\"1\">\n\t\t\t<a class=\"elementor-element elementor-element-53c34de9 e-con-full card-photo-story-carousel e-flex e-con e-parent\" data-id=\"53c34de9\" data-element_type=\"container\" data-e-type=\"container\" href=\"https:\/\/peopleofcostarica.com\/fr\/people-of-costa-rica\/fleurs-enfance-et-le-marche-central-du-costa-rica\/\">\n\t\t\t\t<div class=\"elementor-element elementor-element-1e45f8da elementor-widget elementor-widget-theme-post-featured-image elementor-widget-image\" data-id=\"1e45f8da\" data-element_type=\"widget\" data-e-type=\"widget\" data-widget_type=\"theme-post-featured-image.default\">\n\t\t\t\t\t\t\t\t\t\t\t\t\t\t\t<img loading=\"lazy\" decoding=\"async\" width=\"918\" height=\"612\" src=\"https:\/\/peopleofcostarica.com\/wp-content\/uploads\/2023\/11\/IMG_5264.png\" class=\"attachment-full size-full wp-image-1260\" alt=\"\" srcset=\"https:\/\/peopleofcostarica.com\/wp-content\/uploads\/2023\/11\/IMG_5264.png 918w, https:\/\/peopleofcostarica.com\/wp-content\/uploads\/2023\/11\/IMG_5264-300x200.png 300w, https:\/\/peopleofcostarica.com\/wp-content\/uploads\/2023\/11\/IMG_5264-768x512.png 768w\" sizes=\"(max-width: 918px) 100vw, 918px\" \/>\t\t\t\t\t\t\t\t\t\t\t\t\t\t\t<\/div>\n\t\t\t\t<div class=\"elementor-element elementor-element-773cdf02 photo-story-carousel-title elementor-widget elementor-widget-theme-post-title elementor-page-title elementor-widget-heading\" data-id=\"773cdf02\" data-element_type=\"widget\" data-e-type=\"widget\" data-widget_type=\"theme-post-title.default\">\n\t\t\t\t\t<h3 class=\"elementor-heading-title elementor-size-default\">Fleurs, enfance et le march\u00e9 central du Costa Rica<\/h3>\t\t\t\t<\/div>\n\t\t\t\t<\/a>\n\t\t\t\t<\/div>\n\t\t\t\t<div data-elementor-type=\"loop-item\" data-elementor-id=\"10107\" class=\"elementor elementor-10107 swiper-slide e-loop-item e-loop-item-3769 post-3769 people-of-costa-rica type-people-of-costa-rica status-publish has-post-thumbnail hentry\" data-elementor-post-type=\"elementor_library\" role=\"group\" aria-roledescription=\"slide\" data-custom-edit-handle=\"1\">\n\t\t\t<a class=\"elementor-element elementor-element-53c34de9 e-con-full card-photo-story-carousel e-flex e-con e-parent\" data-id=\"53c34de9\" data-element_type=\"container\" data-e-type=\"container\" href=\"https:\/\/peopleofcostarica.com\/fr\/people-of-costa-rica\/plus-pres-de-dieu-un-chien-et-la-negrita-de-los-angeles\/\">\n\t\t\t\t<div class=\"elementor-element elementor-element-1e45f8da elementor-widget elementor-widget-theme-post-featured-image elementor-widget-image\" data-id=\"1e45f8da\" data-element_type=\"widget\" data-e-type=\"widget\" data-widget_type=\"theme-post-featured-image.default\">\n\t\t\t\t\t\t\t\t\t\t\t\t\t\t\t<img loading=\"lazy\" decoding=\"async\" width=\"1296\" height=\"1944\" src=\"https:\/\/peopleofcostarica.com\/wp-content\/uploads\/2023\/11\/40684215_979999048868238_4980781875619430400_n.jpg\" class=\"attachment-full size-full wp-image-1250\" alt=\"\" srcset=\"https:\/\/peopleofcostarica.com\/wp-content\/uploads\/2023\/11\/40684215_979999048868238_4980781875619430400_n.jpg 1296w, https:\/\/peopleofcostarica.com\/wp-content\/uploads\/2023\/11\/40684215_979999048868238_4980781875619430400_n-200x300.jpg 200w, https:\/\/peopleofcostarica.com\/wp-content\/uploads\/2023\/11\/40684215_979999048868238_4980781875619430400_n-683x1024.jpg 683w, https:\/\/peopleofcostarica.com\/wp-content\/uploads\/2023\/11\/40684215_979999048868238_4980781875619430400_n-768x1152.jpg 768w, https:\/\/peopleofcostarica.com\/wp-content\/uploads\/2023\/11\/40684215_979999048868238_4980781875619430400_n-1024x1536.jpg 1024w\" sizes=\"(max-width: 1296px) 100vw, 1296px\" \/>\t\t\t\t\t\t\t\t\t\t\t\t\t\t\t<\/div>\n\t\t\t\t<div class=\"elementor-element elementor-element-773cdf02 photo-story-carousel-title elementor-widget elementor-widget-theme-post-title elementor-page-title elementor-widget-heading\" data-id=\"773cdf02\" data-element_type=\"widget\" data-e-type=\"widget\" data-widget_type=\"theme-post-title.default\">\n\t\t\t\t\t<h3 class=\"elementor-heading-title elementor-size-default\">Plus pr\u00e8s de Dieu, un chien et La Negrita de los \u00c1ngeles<\/h3>\t\t\t\t<\/div>\n\t\t\t\t<\/a>\n\t\t\t\t<\/div>\n\t\t\t\t<\/div>\n\t\t<\/div>\n\t\t\t\t\t<div class=\"elementor-swiper-button elementor-swiper-button-prev\" role=\"button\" tabindex=\"0\" aria-label=\"Pr\u00e9c\u00e9dent\">\n\t\t\t\t<svg aria-hidden=\"true\" class=\"e-font-icon-svg e-eicon-chevron-left\" viewBox=\"0 0 1000 1000\" xmlns=\"http:\/\/www.w3.org\/2000\/svg\"><path d=\"M646 125C629 125 613 133 604 142L308 442C296 454 292 471 292 487 292 504 296 521 308 533L604 854C617 867 629 875 646 875 663 875 679 871 692 858 704 846 713 829 713 812 713 796 708 779 692 767L438 487 692 225C700 217 708 204 708 187 708 171 704 154 692 142 675 129 663 125 646 125Z\"><\/path><\/svg>\t\t\t<\/div>\n\t\t\t<div class=\"elementor-swiper-button elementor-swiper-button-next\" role=\"button\" tabindex=\"0\" aria-label=\"Suivant\">\n\t\t\t\t<svg aria-hidden=\"true\" class=\"e-font-icon-svg e-eicon-chevron-right\" viewBox=\"0 0 1000 1000\" xmlns=\"http:\/\/www.w3.org\/2000\/svg\"><path d=\"M696 533C708 521 713 504 713 487 713 471 708 454 696 446L400 146C388 133 375 125 354 125 338 125 325 129 313 142 300 154 292 171 292 187 292 204 296 221 308 233L563 492 304 771C292 783 288 800 288 817 288 833 296 850 308 863 321 871 338 875 354 875 371 875 388 867 400 854L696 533Z\"><\/path><\/svg>\t\t\t<\/div>\n\t\t\t\t\t<div class=\"swiper-pagination\"><\/div>\n\t\t\t\t\t\t<\/div>\n\t\t\t\t\t<\/div>\n\t\t\t\t<\/div>\n\t\t<div class=\"elementor-element elementor-element-e869f66 e-flex e-con-boxed e-con e-parent\" data-id=\"e869f66\" data-element_type=\"container\" data-e-type=\"container\">\n\t\t\t\t\t<div class=\"e-con-inner\">\n\t\t\t\t<div class=\"elementor-element elementor-element-e2a9327 elementor-position-inline-start elementor-mobile-position-inline-start elementor-view-default elementor-widget elementor-widget-icon-box\" data-id=\"e2a9327\" data-element_type=\"widget\" data-e-type=\"widget\" data-widget_type=\"icon-box.default\">\n\t\t\t\t\t\t\t<div class=\"elementor-icon-box-wrapper\">\n\n\t\t\t\t\t\t<div class=\"elementor-icon-box-icon\">\n\t\t\t\t<span  class=\"elementor-icon\">\n\t\t\t\t<svg aria-hidden=\"true\" class=\"e-font-icon-svg e-far-newspaper\" viewBox=\"0 0 576 512\" xmlns=\"http:\/\/www.w3.org\/2000\/svg\"><path d=\"M552 64H112c-20.858 0-38.643 13.377-45.248 32H24c-13.255 0-24 10.745-24 24v272c0 30.928 25.072 56 56 56h496c13.255 0 24-10.745 24-24V88c0-13.255-10.745-24-24-24zM48 392V144h16v248c0 4.411-3.589 8-8 8s-8-3.589-8-8zm480 8H111.422c.374-2.614.578-5.283.578-8V112h416v288zM172 280h136c6.627 0 12-5.373 12-12v-96c0-6.627-5.373-12-12-12H172c-6.627 0-12 5.373-12 12v96c0 6.627 5.373 12 12 12zm28-80h80v40h-80v-40zm-40 140v-24c0-6.627 5.373-12 12-12h136c6.627 0 12 5.373 12 12v24c0 6.627-5.373 12-12 12H172c-6.627 0-12-5.373-12-12zm192 0v-24c0-6.627 5.373-12 12-12h104c6.627 0 12 5.373 12 12v24c0 6.627-5.373 12-12 12H364c-6.627 0-12-5.373-12-12zm0-144v-24c0-6.627 5.373-12 12-12h104c6.627 0 12 5.373 12 12v24c0 6.627-5.373 12-12 12H364c-6.627 0-12-5.373-12-12zm0 72v-24c0-6.627 5.373-12 12-12h104c6.627 0 12 5.373 12 12v24c0 6.627-5.373 12-12 12H364c-6.627 0-12-5.373-12-12z\"><\/path><\/svg>\t\t\t\t<\/span>\n\t\t\t<\/div>\n\t\t\t\n\t\t\t\t\t\t<div class=\"elementor-icon-box-content\">\n\n\t\t\t\t\t\t\t\t\t<h2 class=\"elementor-icon-box-title\">\n\t\t\t\t\t\t<span  >\n\t\t\t\t\t\t\tActualit\u00e9s\t\t\t\t\t\t<\/span>\n\t\t\t\t\t<\/h2>\n\t\t\t\t\n\t\t\t\t\n\t\t\t<\/div>\n\t\t\t\n\t\t<\/div>\n\t\t\t\t\t\t<\/div>\n\t\t\t\t<div class=\"elementor-element elementor-element-022b583 elementor-grid-5 elementor-grid-mobile-2 elementor-grid-tablet-2 elementor-posts--thumbnail-top elementor-widget elementor-widget-posts\" data-id=\"022b583\" data-element_type=\"widget\" data-e-type=\"widget\" data-settings=\"{&quot;classic_columns&quot;:&quot;5&quot;,&quot;classic_row_gap&quot;:{&quot;unit&quot;:&quot;px&quot;,&quot;size&quot;:16,&quot;sizes&quot;:[]},&quot;classic_columns_mobile&quot;:&quot;2&quot;,&quot;classic_columns_tablet&quot;:&quot;2&quot;,&quot;classic_row_gap_tablet_extra&quot;:{&quot;unit&quot;:&quot;px&quot;,&quot;size&quot;:&quot;&quot;,&quot;sizes&quot;:[]},&quot;classic_row_gap_tablet&quot;:{&quot;unit&quot;:&quot;px&quot;,&quot;size&quot;:&quot;&quot;,&quot;sizes&quot;:[]},&quot;classic_row_gap_mobile_extra&quot;:{&quot;unit&quot;:&quot;px&quot;,&quot;size&quot;:&quot;&quot;,&quot;sizes&quot;:[]},&quot;classic_row_gap_mobile&quot;:{&quot;unit&quot;:&quot;px&quot;,&quot;size&quot;:&quot;&quot;,&quot;sizes&quot;:[]}}\" data-widget_type=\"posts.classic\">\n\t\t\t\t<div class=\"elementor-widget-container\">\n\t\t\t\t\t\t\t<div class=\"elementor-posts-container elementor-posts elementor-posts--skin-classic elementor-grid\" role=\"list\">\n\t\t\t\t<article class=\"elementor-post elementor-grid-item post-15922 post type-post status-publish format-standard has-post-thumbnail hentry category-actualites category-le-costa-rica-dans-le-monde\" role=\"listitem\">\n\t\t\t\t<a class=\"elementor-post__thumbnail__link\" href=\"https:\/\/peopleofcostarica.com\/fr\/une-nouvelle-liaison-avec-lillinois-ouvre-une-nouvelle-porte-vers-le-guanacaste\/\" tabindex=\"-1\">\n\t\t\t<div class=\"elementor-post__thumbnail\"><img loading=\"lazy\" decoding=\"async\" width=\"300\" height=\"173\" src=\"https:\/\/peopleofcostarica.com\/wp-content\/uploads\/2026\/09\/Liberia_International_Airport_Main_Building_cropped-300x173.jpg\" class=\"attachment-medium size-medium wp-image-15921\" alt=\"\" srcset=\"https:\/\/peopleofcostarica.com\/wp-content\/uploads\/2026\/09\/Liberia_International_Airport_Main_Building_cropped-300x173.jpg 300w, https:\/\/peopleofcostarica.com\/wp-content\/uploads\/2026\/09\/Liberia_International_Airport_Main_Building_cropped-1024x590.jpg 1024w, https:\/\/peopleofcostarica.com\/wp-content\/uploads\/2026\/09\/Liberia_International_Airport_Main_Building_cropped-768x442.jpg 768w, https:\/\/peopleofcostarica.com\/wp-content\/uploads\/2026\/09\/Liberia_International_Airport_Main_Building_cropped-1536x885.jpg 1536w, https:\/\/peopleofcostarica.com\/wp-content\/uploads\/2026\/09\/Liberia_International_Airport_Main_Building_cropped-2048x1180.jpg 2048w\" sizes=\"(max-width: 300px) 100vw, 300px\" \/><\/div>\n\t\t<\/a>\n\t\t\t\t<div class=\"elementor-post__text\">\n\t\t\t\t<h3 class=\"elementor-post__title\">\n\t\t\t<a href=\"https:\/\/peopleofcostarica.com\/fr\/une-nouvelle-liaison-avec-lillinois-ouvre-une-nouvelle-porte-vers-le-guanacaste\/\">\n\t\t\t\tUne nouvelle liaison avec l\u2019Illinois ouvre une nouvelle porte vers le Guanacaste\t\t\t<\/a>\n\t\t<\/h3>\n\t\t\t\t<\/div>\n\t\t\t\t<\/article>\n\t\t\t\t<article class=\"elementor-post elementor-grid-item post-15913 post type-post status-publish format-standard has-post-thumbnail hentry category-actualites category-le-costa-rica-dans-le-monde\" role=\"listitem\">\n\t\t\t\t<a class=\"elementor-post__thumbnail__link\" href=\"https:\/\/peopleofcostarica.com\/fr\/une-campagne-qui-sauve-des-vies-porte-la-croix-rouge-costaricienne-sur-la-scene-mondiale\/\" tabindex=\"-1\">\n\t\t\t<div class=\"elementor-post__thumbnail\"><img loading=\"lazy\" decoding=\"async\" width=\"300\" height=\"200\" src=\"https:\/\/peopleofcostarica.com\/wp-content\/uploads\/2026\/09\/Pag_36_e20e1a2ede-300x200.jpg\" class=\"attachment-medium size-medium wp-image-15912\" alt=\"\" srcset=\"https:\/\/peopleofcostarica.com\/wp-content\/uploads\/2026\/09\/Pag_36_e20e1a2ede-300x200.jpg 300w, https:\/\/peopleofcostarica.com\/wp-content\/uploads\/2026\/09\/Pag_36_e20e1a2ede-1024x683.jpg 1024w, https:\/\/peopleofcostarica.com\/wp-content\/uploads\/2026\/09\/Pag_36_e20e1a2ede-768x512.jpg 768w, https:\/\/peopleofcostarica.com\/wp-content\/uploads\/2026\/09\/Pag_36_e20e1a2ede-1536x1024.jpg 1536w, https:\/\/peopleofcostarica.com\/wp-content\/uploads\/2026\/09\/Pag_36_e20e1a2ede.jpg 1893w\" sizes=\"(max-width: 300px) 100vw, 300px\" \/><\/div>\n\t\t<\/a>\n\t\t\t\t<div class=\"elementor-post__text\">\n\t\t\t\t<h3 class=\"elementor-post__title\">\n\t\t\t<a href=\"https:\/\/peopleofcostarica.com\/fr\/une-campagne-qui-sauve-des-vies-porte-la-croix-rouge-costaricienne-sur-la-scene-mondiale\/\">\n\t\t\t\tUne campagne qui sauve des vies porte la Croix-Rouge costaricienne sur la sc\u00e8ne mondiale\t\t\t<\/a>\n\t\t<\/h3>\n\t\t\t\t<\/div>\n\t\t\t\t<\/article>\n\t\t\t\t<article class=\"elementor-post elementor-grid-item post-15904 post type-post status-publish format-standard has-post-thumbnail hentry category-actualites category-le-costa-rica-dans-le-monde\" role=\"listitem\">\n\t\t\t\t<a class=\"elementor-post__thumbnail__link\" href=\"https:\/\/peopleofcostarica.com\/fr\/du-perou-au-costa-rica-mauro-jimenez-raconte-son-histoire-lors-dune-finale-gastronomique-internationale\/\" tabindex=\"-1\">\n\t\t\t<div class=\"elementor-post__thumbnail\"><img loading=\"lazy\" decoding=\"async\" width=\"300\" height=\"225\" src=\"https:\/\/peopleofcostarica.com\/wp-content\/uploads\/2026\/09\/782730178_885313517771319_6808754554945381271_n-300x225.jpeg\" class=\"attachment-medium size-medium wp-image-15903\" alt=\"\" srcset=\"https:\/\/peopleofcostarica.com\/wp-content\/uploads\/2026\/09\/782730178_885313517771319_6808754554945381271_n-300x225.jpeg 300w, https:\/\/peopleofcostarica.com\/wp-content\/uploads\/2026\/09\/782730178_885313517771319_6808754554945381271_n-1024x768.jpeg 1024w, https:\/\/peopleofcostarica.com\/wp-content\/uploads\/2026\/09\/782730178_885313517771319_6808754554945381271_n-768x576.jpeg 768w, https:\/\/peopleofcostarica.com\/wp-content\/uploads\/2026\/09\/782730178_885313517771319_6808754554945381271_n.jpeg 1200w\" sizes=\"(max-width: 300px) 100vw, 300px\" \/><\/div>\n\t\t<\/a>\n\t\t\t\t<div class=\"elementor-post__text\">\n\t\t\t\t<h3 class=\"elementor-post__title\">\n\t\t\t<a href=\"https:\/\/peopleofcostarica.com\/fr\/du-perou-au-costa-rica-mauro-jimenez-raconte-son-histoire-lors-dune-finale-gastronomique-internationale\/\">\n\t\t\t\tDu P\u00e9rou au Costa Rica : Mauro Jim\u00e9nez raconte son histoire lors d\u2019une finale gastronomique internationale\t\t\t<\/a>\n\t\t<\/h3>\n\t\t\t\t<\/div>\n\t\t\t\t<\/article>\n\t\t\t\t<article class=\"elementor-post elementor-grid-item post-15895 post type-post status-publish format-standard has-post-thumbnail hentry category-actualites\" role=\"listitem\">\n\t\t\t\t<a class=\"elementor-post__thumbnail__link\" href=\"https:\/\/peopleofcostarica.com\/fr\/dota-et-orotina-vont-creer-de-nouveaux-espaces-communautaires-pour-les-personnes-agees\/\" tabindex=\"-1\">\n\t\t\t<div class=\"elementor-post__thumbnail\"><img loading=\"lazy\" decoding=\"async\" width=\"300\" height=\"225\" src=\"https:\/\/peopleofcostarica.com\/wp-content\/uploads\/2026\/09\/Municipalidad-de-Dota-1-300x225.jpg\" class=\"attachment-medium size-medium wp-image-15894\" alt=\"\" srcset=\"https:\/\/peopleofcostarica.com\/wp-content\/uploads\/2026\/09\/Municipalidad-de-Dota-1-300x225.jpg 300w, https:\/\/peopleofcostarica.com\/wp-content\/uploads\/2026\/09\/Municipalidad-de-Dota-1-1024x768.jpg 1024w, https:\/\/peopleofcostarica.com\/wp-content\/uploads\/2026\/09\/Municipalidad-de-Dota-1-768x576.jpg 768w, https:\/\/peopleofcostarica.com\/wp-content\/uploads\/2026\/09\/Municipalidad-de-Dota-1-1536x1152.jpg 1536w, https:\/\/peopleofcostarica.com\/wp-content\/uploads\/2026\/09\/Municipalidad-de-Dota-1.jpg 1600w\" sizes=\"(max-width: 300px) 100vw, 300px\" \/><\/div>\n\t\t<\/a>\n\t\t\t\t<div class=\"elementor-post__text\">\n\t\t\t\t<h3 class=\"elementor-post__title\">\n\t\t\t<a href=\"https:\/\/peopleofcostarica.com\/fr\/dota-et-orotina-vont-creer-de-nouveaux-espaces-communautaires-pour-les-personnes-agees\/\">\n\t\t\t\tDota et Orotina vont cr\u00e9er de nouveaux espaces communautaires pour les personnes \u00e2g\u00e9es\t\t\t<\/a>\n\t\t<\/h3>\n\t\t\t\t<\/div>\n\t\t\t\t<\/article>\n\t\t\t\t<article class=\"elementor-post elementor-grid-item post-15828 post type-post status-publish format-standard has-post-thumbnail hentry category-actualites category-sportif\" role=\"listitem\">\n\t\t\t\t<a class=\"elementor-post__thumbnail__link\" href=\"https:\/\/peopleofcostarica.com\/fr\/raquel-solis-decroche-un-troisieme-titre-consecutif-en-xterra\/\" tabindex=\"-1\">\n\t\t\t<div class=\"elementor-post__thumbnail\"><img loading=\"lazy\" decoding=\"async\" width=\"300\" height=\"185\" src=\"https:\/\/peopleofcostarica.com\/wp-content\/uploads\/2026\/09\/Capture-decran-2026-09-01-a-10.47.47-300x185.png\" class=\"attachment-medium size-medium wp-image-15827\" alt=\"\" srcset=\"https:\/\/peopleofcostarica.com\/wp-content\/uploads\/2026\/09\/Capture-decran-2026-09-01-a-10.47.47-300x185.png 300w, https:\/\/peopleofcostarica.com\/wp-content\/uploads\/2026\/09\/Capture-decran-2026-09-01-a-10.47.47-1024x631.png 1024w, https:\/\/peopleofcostarica.com\/wp-content\/uploads\/2026\/09\/Capture-decran-2026-09-01-a-10.47.47-768x473.png 768w, https:\/\/peopleofcostarica.com\/wp-content\/uploads\/2026\/09\/Capture-decran-2026-09-01-a-10.47.47.png 1422w\" sizes=\"(max-width: 300px) 100vw, 300px\" \/><\/div>\n\t\t<\/a>\n\t\t\t\t<div class=\"elementor-post__text\">\n\t\t\t\t<h3 class=\"elementor-post__title\">\n\t\t\t<a href=\"https:\/\/peopleofcostarica.com\/fr\/raquel-solis-decroche-un-troisieme-titre-consecutif-en-xterra\/\">\n\t\t\t\tRaquel Sol\u00eds d\u00e9croche un troisi\u00e8me titre cons\u00e9cutif en XTERRA\t\t\t<\/a>\n\t\t<\/h3>\n\t\t\t\t<\/div>\n\t\t\t\t<\/article>\n\t\t\t\t<article class=\"elementor-post elementor-grid-item post-15787 post type-post status-publish format-standard has-post-thumbnail hentry category-actualites category-festivals-et-celebrations\" role=\"listitem\">\n\t\t\t\t<a class=\"elementor-post__thumbnail__link\" href=\"https:\/\/peopleofcostarica.com\/fr\/septembre-au-costa-rica-patriotisme-baleines-et-saison-verte\/\" tabindex=\"-1\">\n\t\t\t<div class=\"elementor-post__thumbnail\"><img loading=\"lazy\" decoding=\"async\" width=\"300\" height=\"200\" src=\"https:\/\/peopleofcostarica.com\/wp-content\/uploads\/2026\/08\/pexels-silvana-palacios-2013790-13820932-300x200.jpg\" class=\"attachment-medium size-medium wp-image-15786\" alt=\"\" srcset=\"https:\/\/peopleofcostarica.com\/wp-content\/uploads\/2026\/08\/pexels-silvana-palacios-2013790-13820932-300x200.jpg 300w, https:\/\/peopleofcostarica.com\/wp-content\/uploads\/2026\/08\/pexels-silvana-palacios-2013790-13820932-1024x683.jpg 1024w, https:\/\/peopleofcostarica.com\/wp-content\/uploads\/2026\/08\/pexels-silvana-palacios-2013790-13820932-768x512.jpg 768w, https:\/\/peopleofcostarica.com\/wp-content\/uploads\/2026\/08\/pexels-silvana-palacios-2013790-13820932-1536x1024.jpg 1536w, https:\/\/peopleofcostarica.com\/wp-content\/uploads\/2026\/08\/pexels-silvana-palacios-2013790-13820932-2048x1365.jpg 2048w\" sizes=\"(max-width: 300px) 100vw, 300px\" \/><\/div>\n\t\t<\/a>\n\t\t\t\t<div class=\"elementor-post__text\">\n\t\t\t\t<h3 class=\"elementor-post__title\">\n\t\t\t<a href=\"https:\/\/peopleofcostarica.com\/fr\/septembre-au-costa-rica-patriotisme-baleines-et-saison-verte\/\">\n\t\t\t\tSeptembre au Costa Rica : patriotisme, baleines et saison verte\t\t\t<\/a>\n\t\t<\/h3>\n\t\t\t\t<\/div>\n\t\t\t\t<\/article>\n\t\t\t\t<article class=\"elementor-post elementor-grid-item post-15697 post type-post status-publish format-standard has-post-thumbnail hentry category-actualites category-climat-et-environnement\" role=\"listitem\">\n\t\t\t\t<a class=\"elementor-post__thumbnail__link\" href=\"https:\/\/peopleofcostarica.com\/fr\/les-mangroves-sous-pression-pollution-et-developpement-menacent-des-ecosystemes-essentiels\/\" tabindex=\"-1\">\n\t\t\t<div class=\"elementor-post__thumbnail\"><img loading=\"lazy\" decoding=\"async\" width=\"300\" height=\"169\" src=\"https:\/\/peopleofcostarica.com\/wp-content\/uploads\/2026\/08\/16x9_M-300x169.jpg\" class=\"attachment-medium size-medium wp-image-15696\" alt=\"\" srcset=\"https:\/\/peopleofcostarica.com\/wp-content\/uploads\/2026\/08\/16x9_M-300x169.jpg 300w, https:\/\/peopleofcostarica.com\/wp-content\/uploads\/2026\/08\/16x9_M-1024x576.jpg 1024w, https:\/\/peopleofcostarica.com\/wp-content\/uploads\/2026\/08\/16x9_M-768x432.jpg 768w, https:\/\/peopleofcostarica.com\/wp-content\/uploads\/2026\/08\/16x9_M-1536x864.jpg 1536w, https:\/\/peopleofcostarica.com\/wp-content\/uploads\/2026\/08\/16x9_M.jpg 1820w\" sizes=\"(max-width: 300px) 100vw, 300px\" \/><\/div>\n\t\t<\/a>\n\t\t\t\t<div class=\"elementor-post__text\">\n\t\t\t\t<h3 class=\"elementor-post__title\">\n\t\t\t<a href=\"https:\/\/peopleofcostarica.com\/fr\/les-mangroves-sous-pression-pollution-et-developpement-menacent-des-ecosystemes-essentiels\/\">\n\t\t\t\tLes mangroves sous pression : pollution et d\u00e9veloppement menacent des \u00e9cosyst\u00e8mes essentiels\t\t\t<\/a>\n\t\t<\/h3>\n\t\t\t\t<\/div>\n\t\t\t\t<\/article>\n\t\t\t\t<article class=\"elementor-post elementor-grid-item post-15688 post type-post status-publish format-standard has-post-thumbnail hentry category-actualites category-nouvelles-nationales category-sportif\" role=\"listitem\">\n\t\t\t\t<a class=\"elementor-post__thumbnail__link\" href=\"https:\/\/peopleofcostarica.com\/fr\/dun-defi-ironman-a-lacces-a-leau-potable-pour-des-communautes-autochtones\/\" tabindex=\"-1\">\n\t\t\t<div class=\"elementor-post__thumbnail\"><img loading=\"lazy\" decoding=\"async\" width=\"300\" height=\"169\" src=\"https:\/\/peopleofcostarica.com\/wp-content\/uploads\/2026\/08\/1774991290830-300x169.jpeg\" class=\"attachment-medium size-medium wp-image-15687\" alt=\"\" srcset=\"https:\/\/peopleofcostarica.com\/wp-content\/uploads\/2026\/08\/1774991290830-300x169.jpeg 300w, https:\/\/peopleofcostarica.com\/wp-content\/uploads\/2026\/08\/1774991290830-1024x575.jpeg 1024w, https:\/\/peopleofcostarica.com\/wp-content\/uploads\/2026\/08\/1774991290830-768x431.jpeg 768w, https:\/\/peopleofcostarica.com\/wp-content\/uploads\/2026\/08\/1774991290830.jpeg 1280w\" sizes=\"(max-width: 300px) 100vw, 300px\" \/><\/div>\n\t\t<\/a>\n\t\t\t\t<div class=\"elementor-post__text\">\n\t\t\t\t<h3 class=\"elementor-post__title\">\n\t\t\t<a href=\"https:\/\/peopleofcostarica.com\/fr\/dun-defi-ironman-a-lacces-a-leau-potable-pour-des-communautes-autochtones\/\">\n\t\t\t\tD\u2019un d\u00e9fi Ironman \u00e0 l\u2019acc\u00e8s \u00e0 l\u2019eau potable pour des communaut\u00e9s autochtones\t\t\t<\/a>\n\t\t<\/h3>\n\t\t\t\t<\/div>\n\t\t\t\t<\/article>\n\t\t\t\t<article class=\"elementor-post elementor-grid-item post-15679 post type-post status-publish format-standard has-post-thumbnail hentry category-actualites category-affaires-et-technologie category-nouvelles-nationales\" role=\"listitem\">\n\t\t\t\t<a class=\"elementor-post__thumbnail__link\" href=\"https:\/\/peopleofcostarica.com\/fr\/de-nouveaux-investissements-aeroportuaires-pour-renforcer-le-tourisme-et-le-commerce-international\/\" tabindex=\"-1\">\n\t\t\t<div class=\"elementor-post__thumbnail\"><img loading=\"lazy\" decoding=\"async\" width=\"300\" height=\"123\" src=\"https:\/\/peopleofcostarica.com\/wp-content\/uploads\/2026\/08\/llegadasp-300x123.jpg\" class=\"attachment-medium size-medium wp-image-15678\" alt=\"\" srcset=\"https:\/\/peopleofcostarica.com\/wp-content\/uploads\/2026\/08\/llegadasp-300x123.jpg 300w, https:\/\/peopleofcostarica.com\/wp-content\/uploads\/2026\/08\/llegadasp-1024x420.jpg 1024w, https:\/\/peopleofcostarica.com\/wp-content\/uploads\/2026\/08\/llegadasp-768x315.jpg 768w, https:\/\/peopleofcostarica.com\/wp-content\/uploads\/2026\/08\/llegadasp.jpg 1536w\" sizes=\"(max-width: 300px) 100vw, 300px\" \/><\/div>\n\t\t<\/a>\n\t\t\t\t<div class=\"elementor-post__text\">\n\t\t\t\t<h3 class=\"elementor-post__title\">\n\t\t\t<a href=\"https:\/\/peopleofcostarica.com\/fr\/de-nouveaux-investissements-aeroportuaires-pour-renforcer-le-tourisme-et-le-commerce-international\/\">\n\t\t\t\tDe nouveaux investissements a\u00e9roportuaires pour renforcer le tourisme et le commerce international\t\t\t<\/a>\n\t\t<\/h3>\n\t\t\t\t<\/div>\n\t\t\t\t<\/article>\n\t\t\t\t<article class=\"elementor-post elementor-grid-item post-15670 post type-post status-publish format-standard has-post-thumbnail hentry category-actualites category-climat-et-environnement\" role=\"listitem\">\n\t\t\t\t<a class=\"elementor-post__thumbnail__link\" href=\"https:\/\/peopleofcostarica.com\/fr\/le-parc-de-corcovado-face-a-la-pression-croissante-de-lexploitation-miniere-illegale-et-au-manque-de-gardes-forestiers\/\" tabindex=\"-1\">\n\t\t\t<div class=\"elementor-post__thumbnail\"><img loading=\"lazy\" decoding=\"async\" width=\"300\" height=\"200\" src=\"https:\/\/peopleofcostarica.com\/wp-content\/uploads\/2026\/08\/586_parque-corcovado-768x512-1-300x200.webp\" class=\"attachment-medium size-medium wp-image-15669\" alt=\"\" srcset=\"https:\/\/peopleofcostarica.com\/wp-content\/uploads\/2026\/08\/586_parque-corcovado-768x512-1-300x200.webp 300w, https:\/\/peopleofcostarica.com\/wp-content\/uploads\/2026\/08\/586_parque-corcovado-768x512-1.webp 768w\" sizes=\"(max-width: 300px) 100vw, 300px\" \/><\/div>\n\t\t<\/a>\n\t\t\t\t<div class=\"elementor-post__text\">\n\t\t\t\t<h3 class=\"elementor-post__title\">\n\t\t\t<a href=\"https:\/\/peopleofcostarica.com\/fr\/le-parc-de-corcovado-face-a-la-pression-croissante-de-lexploitation-miniere-illegale-et-au-manque-de-gardes-forestiers\/\">\n\t\t\t\tLe parc de Corcovado face \u00e0 la pression croissante de l&rsquo;exploitation mini\u00e8re ill\u00e9gale et au manque de gardes forestiers\t\t\t<\/a>\n\t\t<\/h3>\n\t\t\t\t<\/div>\n\t\t\t\t<\/article>\n\t\t\t\t<\/div>\n\t\t\n\t\t\t\t\t\t<\/div>\n\t\t\t\t<\/div>\n\t\t\t\t<div class=\"elementor-element elementor-element-41b272f elementor-widget elementor-widget-jet-listing-grid\" data-id=\"41b272f\" data-element_type=\"widget\" data-e-type=\"widget\" data-settings=\"{&quot;columns&quot;:3}\" data-widget_type=\"jet-listing-grid.default\">\n\t\t\t\t\t<div class=\"jet-listing-grid jet-listing\"><div class=\"jet-listing-grid__items grid-col-desk-3 grid-col-tablet-3 grid-col-mobile-3 jet-listing-grid--10336\" data-queried-id=\"15670|WP_Post\" data-nav=\"{&quot;enabled&quot;:false,&quot;type&quot;:null,&quot;more_el&quot;:null,&quot;query&quot;:[],&quot;widget_settings&quot;:{&quot;lisitng_id&quot;:10336,&quot;posts_num&quot;:6,&quot;columns&quot;:3,&quot;columns_tablet&quot;:3,&quot;columns_mobile&quot;:3,&quot;column_min_width&quot;:240,&quot;column_min_width_tablet&quot;:240,&quot;column_min_width_mobile&quot;:240,&quot;inline_columns_css&quot;:false,&quot;is_archive_template&quot;:&quot;&quot;,&quot;post_status&quot;:[&quot;publish&quot;],&quot;use_random_posts_num&quot;:&quot;&quot;,&quot;max_posts_num&quot;:9,&quot;not_found_message&quot;:&quot;Aucune donn\\u00e9e trouv\\u00e9e&quot;,&quot;is_masonry&quot;:false,&quot;equal_columns_height&quot;:&quot;&quot;,&quot;use_load_more&quot;:&quot;&quot;,&quot;load_more_id&quot;:&quot;&quot;,&quot;load_more_type&quot;:&quot;click&quot;,&quot;load_more_offset&quot;:null,&quot;use_custom_post_types&quot;:&quot;&quot;,&quot;custom_post_types&quot;:[],&quot;hide_widget_if&quot;:&quot;&quot;,&quot;carousel_enabled&quot;:&quot;&quot;,&quot;slides_to_scroll&quot;:&quot;1&quot;,&quot;arrows&quot;:&quot;true&quot;,&quot;arrow_icon&quot;:&quot;fa fa-angle-left&quot;,&quot;dots&quot;:&quot;&quot;,&quot;autoplay&quot;:&quot;true&quot;,&quot;pause_on_hover&quot;:&quot;true&quot;,&quot;autoplay_speed&quot;:5000,&quot;infinite&quot;:&quot;true&quot;,&quot;center_mode&quot;:&quot;&quot;,&quot;effect&quot;:&quot;slide&quot;,&quot;speed&quot;:500,&quot;inject_alternative_items&quot;:&quot;&quot;,&quot;injection_items&quot;:[],&quot;scroll_slider_enabled&quot;:&quot;&quot;,&quot;scroll_slider_on&quot;:[&quot;desktop&quot;,&quot;tablet&quot;,&quot;mobile&quot;],&quot;custom_query&quot;:false,&quot;custom_query_id&quot;:&quot;&quot;,&quot;_element_id&quot;:&quot;&quot;,&quot;collapse_first_last_gap&quot;:false,&quot;list_tag_selection&quot;:&quot;&quot;,&quot;list_items_wrapper_tag&quot;:&quot;div&quot;,&quot;list_item_tag&quot;:&quot;div&quot;,&quot;empty_items_wrapper_tag&quot;:&quot;div&quot;}}\" data-page=\"1\" data-pages=\"122\" data-listing-source=\"posts\" data-listing-id=\"10336\" data-query-id=\"\"><div class=\"jet-listing-grid__item jet-listing-dynamic-post-15922 elementor-dcss-429147006292610\" data-post-id=\"15922\"  ><\/div><div class=\"jet-listing-grid__item jet-listing-dynamic-post-15913 elementor-dcss-429147008452595\" data-post-id=\"15913\"  ><\/div><div class=\"jet-listing-grid__item jet-listing-dynamic-post-15904 elementor-dcss-429147010352246\" data-post-id=\"15904\"  ><\/div><div class=\"jet-listing-grid__item jet-listing-dynamic-post-15895 elementor-dcss-429147012329742\" data-post-id=\"15895\"  ><\/div><div class=\"jet-listing-grid__item jet-listing-dynamic-post-15828 elementor-dcss-429147014459941\" data-post-id=\"15828\"  ><\/div><div class=\"jet-listing-grid__item jet-listing-dynamic-post-15787 elementor-dcss-429147016510282\" data-post-id=\"15787\"  ><\/div><\/div><\/div>\t\t\t\t<\/div>\n\t\t\t\t\t<\/div>\n\t\t\t\t<\/div>\n\t\t<div class=\"elementor-element elementor-element-29270103 e-flex e-con-boxed e-con e-parent\" data-id=\"29270103\" data-element_type=\"container\" data-e-type=\"container\" data-settings=\"{&quot;background_background&quot;:&quot;classic&quot;}\">\n\t\t\t\t\t<div class=\"e-con-inner\">\n\t\t<div class=\"elementor-element elementor-element-5a48b9a4 e-con-full e-flex e-con e-child\" data-id=\"5a48b9a4\" data-element_type=\"container\" data-e-type=\"container\">\n\t\t\t\t<div class=\"elementor-element elementor-element-0bee378 elementor-position-inline-start elementor-mobile-position-inline-start elementor-view-default elementor-widget elementor-widget-icon-box\" data-id=\"0bee378\" data-element_type=\"widget\" data-e-type=\"widget\" data-widget_type=\"icon-box.default\">\n\t\t\t\t\t\t\t<div class=\"elementor-icon-box-wrapper\">\n\n\t\t\t\t\t\t<div class=\"elementor-icon-box-icon\">\n\t\t\t\t<span  class=\"elementor-icon\">\n\t\t\t\t<svg aria-hidden=\"true\" class=\"e-font-icon-svg e-far-map\" viewBox=\"0 0 576 512\" xmlns=\"http:\/\/www.w3.org\/2000\/svg\"><path d=\"M560.02 32c-1.96 0-3.98.37-5.96 1.16L384.01 96H384L212 35.28A64.252 64.252 0 0 0 191.76 32c-6.69 0-13.37 1.05-19.81 3.14L20.12 87.95A32.006 32.006 0 0 0 0 117.66v346.32C0 473.17 7.53 480 15.99 480c1.96 0 3.97-.37 5.96-1.16L192 416l172 60.71a63.98 63.98 0 0 0 40.05.15l151.83-52.81A31.996 31.996 0 0 0 576 394.34V48.02c0-9.19-7.53-16.02-15.98-16.02zM224 90.42l128 45.19v285.97l-128-45.19V90.42zM48 418.05V129.07l128-44.53v286.2l-.64.23L48 418.05zm480-35.13l-128 44.53V141.26l.64-.24L528 93.95v288.97z\"><\/path><\/svg>\t\t\t\t<\/span>\n\t\t\t<\/div>\n\t\t\t\n\t\t\t\t\t\t<div class=\"elementor-icon-box-content\">\n\n\t\t\t\t\t\t\t\t\t<h2 class=\"elementor-icon-box-title\">\n\t\t\t\t\t\t<span  >\n\t\t\t\t\t\t\tVoyage &amp; Lieux : Au-del\u00e0 du Guide Touristique\t\t\t\t\t\t<\/span>\n\t\t\t\t\t<\/h2>\n\t\t\t\t\n\t\t\t\t\n\t\t\t<\/div>\n\t\t\t\n\t\t<\/div>\n\t\t\t\t\t\t<\/div>\n\t\t\t\t<\/div>\n\t\t\t\t<div class=\"elementor-element elementor-element-d77ff20 elementor-grid-1 elementor-grid-tablet-1 elementor-grid-mobile-1 elementor-widget elementor-widget-loop-grid\" data-id=\"d77ff20\" data-element_type=\"widget\" data-e-type=\"widget\" data-settings=\"{&quot;template_id&quot;:10129,&quot;columns&quot;:1,&quot;columns_tablet&quot;:1,&quot;_skin&quot;:&quot;post&quot;,&quot;columns_mobile&quot;:&quot;1&quot;,&quot;edit_handle_selector&quot;:&quot;[data-elementor-type=\\&quot;loop-item\\&quot;]&quot;,&quot;row_gap&quot;:{&quot;unit&quot;:&quot;px&quot;,&quot;size&quot;:&quot;&quot;,&quot;sizes&quot;:[]},&quot;row_gap_tablet_extra&quot;:{&quot;unit&quot;:&quot;px&quot;,&quot;size&quot;:&quot;&quot;,&quot;sizes&quot;:[]},&quot;row_gap_tablet&quot;:{&quot;unit&quot;:&quot;px&quot;,&quot;size&quot;:&quot;&quot;,&quot;sizes&quot;:[]},&quot;row_gap_mobile_extra&quot;:{&quot;unit&quot;:&quot;px&quot;,&quot;size&quot;:&quot;&quot;,&quot;sizes&quot;:[]},&quot;row_gap_mobile&quot;:{&quot;unit&quot;:&quot;px&quot;,&quot;size&quot;:&quot;&quot;,&quot;sizes&quot;:[]}}\" data-widget_type=\"loop-grid.post\">\n\t\t\t\t<div class=\"elementor-widget-container\">\n\t\t\t\t\t\t\t<div class=\"elementor-loop-container elementor-grid\" role=\"list\">\n\t\t<style id=\"loop-10129\">.elementor-10129 .elementor-element.elementor-element-13ebdd55{--display:flex;--flex-direction:row;--container-widget-width:initial;--container-widget-height:100%;--container-widget-flex-grow:1;--container-widget-align-self:stretch;--flex-wrap-mobile:wrap;--padding-top:0px;--padding-bottom:0px;--padding-left:0px;--padding-right:0px;}.elementor-10129 .elementor-element.elementor-element-28f4d22e{--display:flex;--flex-direction:column;--container-widget-width:100%;--container-widget-height:initial;--container-widget-flex-grow:0;--container-widget-align-self:initial;--flex-wrap-mobile:wrap;--padding-top:0px;--padding-bottom:0px;--padding-left:0px;--padding-right:0px;}.elementor-widget-theme-post-featured-image .widget-image-caption{color:var( --e-global-color-text );font-family:var( --e-global-typography-text-font-family ), Sans-serif;font-size:var( --e-global-typography-text-font-size );font-weight:var( --e-global-typography-text-font-weight );line-height:var( --e-global-typography-text-line-height );}.elementor-10129 .elementor-element.elementor-element-4e54b598 img{height:240px;object-fit:cover;object-position:center center;}.elementor-10129 .elementor-element.elementor-element-34b4212e{--display:flex;--flex-direction:row;--container-widget-width:initial;--container-widget-height:100%;--container-widget-flex-grow:1;--container-widget-align-self:stretch;--flex-wrap-mobile:wrap;--gap:8px 8px;--row-gap:8px;--column-gap:8px;--flex-wrap:wrap;--align-content:flex-start;--padding-top:0px;--padding-bottom:0px;--padding-left:0px;--padding-right:0px;}.elementor-widget-heading .elementor-heading-title{font-family:var( --e-global-typography-primary-font-family ), Sans-serif;font-size:var( --e-global-typography-primary-font-size );font-weight:var( --e-global-typography-primary-font-weight );line-height:var( --e-global-typography-primary-line-height );color:var( --e-global-color-primary );}.elementor-10129 .elementor-element.elementor-element-79138cfd{text-align:start;padding:2px 8px 2px 8px;width:var( --container-widget-width, fit-content );max-width:fit-content;--container-widget-width:fit-content;--container-widget-flex-grow:0;background-color:var( --e-global-color-16d74d9 );}.elementor-10129 .elementor-element.elementor-element-79138cfd .elementor-heading-title{font-family:var( --e-global-typography-65fd483-font-family ), Sans-serif;font-size:var( --e-global-typography-65fd483-font-size );font-weight:var( --e-global-typography-65fd483-font-weight );text-transform:var( --e-global-typography-65fd483-text-transform );line-height:var( --e-global-typography-65fd483-line-height );letter-spacing:var( --e-global-typography-65fd483-letter-spacing );word-spacing:var( --e-global-typography-65fd483-word-spacing );color:var( --e-global-color-5753ab6 );}.elementor-10129 .elementor-element.elementor-element-3dc93c53 .elementor-heading-title{font-family:\"Inter\", Sans-serif;font-size:12px;font-weight:400;line-height:1.75rem;}.elementor-10129 .elementor-element.elementor-element-3dc93c53{width:auto;max-width:auto;}.elementor-widget-theme-post-title .elementor-heading-title{font-family:var( --e-global-typography-primary-font-family ), Sans-serif;font-size:var( --e-global-typography-primary-font-size );font-weight:var( --e-global-typography-primary-font-weight );line-height:var( --e-global-typography-primary-line-height );color:var( --e-global-color-primary );}.elementor-10129 .elementor-element.elementor-element-4f59c9a8 .elementor-heading-title{font-family:var( --e-global-typography-c957309-font-family ), Sans-serif;font-size:var( --e-global-typography-c957309-font-size );font-weight:var( --e-global-typography-c957309-font-weight );line-height:var( --e-global-typography-c957309-line-height );letter-spacing:var( --e-global-typography-c957309-letter-spacing );word-spacing:var( --e-global-typography-c957309-word-spacing );}.elementor-10129 .elementor-element.elementor-element-4f59c9a8{width:100%;max-width:100%;}.elementor-widget-theme-post-excerpt{font-family:var( --e-global-typography-text-font-family ), Sans-serif;font-size:var( --e-global-typography-text-font-size );font-weight:var( --e-global-typography-text-font-weight );line-height:var( --e-global-typography-text-line-height );color:var( --e-global-color-text );}.elementor-10129 .elementor-element.elementor-element-2332f7e9{font-family:var( --e-global-typography-text-font-family ), Sans-serif;font-size:var( --e-global-typography-text-font-size );font-weight:var( --e-global-typography-text-font-weight );line-height:var( --e-global-typography-text-line-height );color:var( --e-global-color-e8cae5f );}.elementor-widget-icon-box.elementor-view-stacked .elementor-icon{background-color:var( --e-global-color-primary );}.elementor-widget-icon-box.elementor-view-framed .elementor-icon, .elementor-widget-icon-box.elementor-view-default .elementor-icon{fill:var( --e-global-color-primary );color:var( --e-global-color-primary );border-color:var( --e-global-color-primary );}.elementor-widget-icon-box .elementor-icon-box-title, .elementor-widget-icon-box .elementor-icon-box-title a{font-family:var( --e-global-typography-primary-font-family ), Sans-serif;font-size:var( --e-global-typography-primary-font-size );font-weight:var( --e-global-typography-primary-font-weight );line-height:var( --e-global-typography-primary-line-height );}.elementor-widget-icon-box .elementor-icon-box-title{color:var( --e-global-color-primary );}.elementor-widget-icon-box:has(:hover) .elementor-icon-box-title,\n\t\t\t\t\t .elementor-widget-icon-box:has(:focus) .elementor-icon-box-title{color:var( --e-global-color-primary );}.elementor-widget-icon-box .elementor-icon-box-description{font-family:var( --e-global-typography-text-font-family ), Sans-serif;font-size:var( --e-global-typography-text-font-size );font-weight:var( --e-global-typography-text-font-weight );line-height:var( --e-global-typography-text-line-height );color:var( --e-global-color-text );}.elementor-10129 .elementor-element.elementor-element-8361ac2 .elementor-icon-box-wrapper{align-items:center;text-align:start;gap:8px;}.elementor-10129 .elementor-element.elementor-element-8361ac2 .elementor-icon-box-title{margin-block-end:0px;color:var( --e-global-color-primary );}.elementor-10129 .elementor-element.elementor-element-8361ac2.elementor-view-stacked .elementor-icon{background-color:var( --e-global-color-primary );}.elementor-10129 .elementor-element.elementor-element-8361ac2.elementor-view-framed .elementor-icon, .elementor-10129 .elementor-element.elementor-element-8361ac2.elementor-view-default .elementor-icon{fill:var( --e-global-color-primary );color:var( --e-global-color-primary );border-color:var( --e-global-color-primary );}.elementor-10129 .elementor-element.elementor-element-8361ac2 .elementor-icon{font-size:14px;}.elementor-10129 .elementor-element.elementor-element-8361ac2 .elementor-icon-box-title, .elementor-10129 .elementor-element.elementor-element-8361ac2 .elementor-icon-box-title a{font-family:var( --e-global-typography-accent-font-family ), Sans-serif;font-size:var( --e-global-typography-accent-font-size );font-weight:var( --e-global-typography-accent-font-weight );line-height:var( --e-global-typography-accent-line-height );}@media(min-width:768px){.elementor-10129 .elementor-element.elementor-element-28f4d22e{--width:33.3333%;}.elementor-10129 .elementor-element.elementor-element-34b4212e{--width:66.6666%;}}@media(max-width:1024px){.elementor-widget-theme-post-featured-image .widget-image-caption{font-size:var( --e-global-typography-text-font-size );line-height:var( --e-global-typography-text-line-height );}.elementor-widget-heading .elementor-heading-title{font-size:var( --e-global-typography-primary-font-size );line-height:var( --e-global-typography-primary-line-height );}.elementor-10129 .elementor-element.elementor-element-79138cfd .elementor-heading-title{font-size:var( --e-global-typography-65fd483-font-size );line-height:var( --e-global-typography-65fd483-line-height );letter-spacing:var( --e-global-typography-65fd483-letter-spacing );word-spacing:var( --e-global-typography-65fd483-word-spacing );}.elementor-widget-theme-post-title .elementor-heading-title{font-size:var( --e-global-typography-primary-font-size );line-height:var( --e-global-typography-primary-line-height );}.elementor-10129 .elementor-element.elementor-element-4f59c9a8 .elementor-heading-title{font-size:var( --e-global-typography-c957309-font-size );line-height:var( --e-global-typography-c957309-line-height );letter-spacing:var( --e-global-typography-c957309-letter-spacing );word-spacing:var( --e-global-typography-c957309-word-spacing );}.elementor-widget-theme-post-excerpt{font-size:var( --e-global-typography-text-font-size );line-height:var( --e-global-typography-text-line-height );}.elementor-10129 .elementor-element.elementor-element-2332f7e9{font-size:var( --e-global-typography-text-font-size );line-height:var( --e-global-typography-text-line-height );}.elementor-widget-icon-box .elementor-icon-box-title, .elementor-widget-icon-box .elementor-icon-box-title a{font-size:var( --e-global-typography-primary-font-size );line-height:var( --e-global-typography-primary-line-height );}.elementor-widget-icon-box .elementor-icon-box-description{font-size:var( --e-global-typography-text-font-size );line-height:var( --e-global-typography-text-line-height );}.elementor-10129 .elementor-element.elementor-element-8361ac2 .elementor-icon-box-title, .elementor-10129 .elementor-element.elementor-element-8361ac2 .elementor-icon-box-title a{font-size:var( --e-global-typography-accent-font-size );line-height:var( --e-global-typography-accent-line-height );}}@media(max-width:767px){.elementor-widget-theme-post-featured-image .widget-image-caption{font-size:var( --e-global-typography-text-font-size );line-height:var( --e-global-typography-text-line-height );}.elementor-widget-heading .elementor-heading-title{font-size:var( --e-global-typography-primary-font-size );line-height:var( --e-global-typography-primary-line-height );}.elementor-10129 .elementor-element.elementor-element-79138cfd .elementor-heading-title{font-size:var( --e-global-typography-65fd483-font-size );line-height:var( --e-global-typography-65fd483-line-height );letter-spacing:var( --e-global-typography-65fd483-letter-spacing );word-spacing:var( --e-global-typography-65fd483-word-spacing );}.elementor-widget-theme-post-title .elementor-heading-title{font-size:var( --e-global-typography-primary-font-size );line-height:var( --e-global-typography-primary-line-height );}.elementor-10129 .elementor-element.elementor-element-4f59c9a8 .elementor-heading-title{font-size:var( --e-global-typography-c957309-font-size );line-height:var( --e-global-typography-c957309-line-height );letter-spacing:var( --e-global-typography-c957309-letter-spacing );word-spacing:var( --e-global-typography-c957309-word-spacing );}.elementor-widget-theme-post-excerpt{font-size:var( --e-global-typography-text-font-size );line-height:var( --e-global-typography-text-line-height );}.elementor-10129 .elementor-element.elementor-element-2332f7e9{font-size:var( --e-global-typography-text-font-size );line-height:var( --e-global-typography-text-line-height );}.elementor-widget-icon-box .elementor-icon-box-title, .elementor-widget-icon-box .elementor-icon-box-title a{font-size:var( --e-global-typography-primary-font-size );line-height:var( --e-global-typography-primary-line-height );}.elementor-widget-icon-box .elementor-icon-box-description{font-size:var( --e-global-typography-text-font-size );line-height:var( --e-global-typography-text-line-height );}.elementor-10129 .elementor-element.elementor-element-8361ac2 .elementor-icon-box-title, .elementor-10129 .elementor-element.elementor-element-8361ac2 .elementor-icon-box-title a{font-size:var( --e-global-typography-accent-font-size );line-height:var( --e-global-typography-accent-line-height );}}<\/style>\t\t<div data-elementor-type=\"loop-item\" data-elementor-id=\"10129\" class=\"elementor elementor-10129 e-loop-item e-loop-item-15883 post-15883 places type-places status-publish format-standard has-post-thumbnail hentry loccation-puntarenas-3\" data-elementor-post-type=\"elementor_library\" data-custom-edit-handle=\"1\">\n\t\t\t<a class=\"elementor-element elementor-element-13ebdd55 e-con-full card-travel-grid e-flex e-con e-parent\" data-id=\"13ebdd55\" data-element_type=\"container\" data-e-type=\"container\" href=\"https:\/\/peopleofcostarica.com\/fr\/places\/el-dulce-sur-de-costa-rica-recompensa-a-quien-lo-busca\/\">\n\t\t<div class=\"elementor-element elementor-element-28f4d22e e-con-full e-flex e-con e-child\" data-id=\"28f4d22e\" data-element_type=\"container\" data-e-type=\"container\">\n\t\t\t\t<div class=\"elementor-element elementor-element-4e54b598 elementor-widget elementor-widget-theme-post-featured-image elementor-widget-image\" data-id=\"4e54b598\" data-element_type=\"widget\" data-e-type=\"widget\" data-widget_type=\"theme-post-featured-image.default\">\n\t\t\t\t\t\t\t\t\t\t\t\t\t\t\t<img loading=\"lazy\" decoding=\"async\" width=\"1920\" height=\"1080\" src=\"https:\/\/peopleofcostarica.com\/wp-content\/uploads\/2026\/08\/29.jpg\" class=\"attachment-full size-full wp-image-15882\" alt=\"\" srcset=\"https:\/\/peopleofcostarica.com\/wp-content\/uploads\/2026\/08\/29.jpg 1920w, https:\/\/peopleofcostarica.com\/wp-content\/uploads\/2026\/08\/29-300x169.jpg 300w, https:\/\/peopleofcostarica.com\/wp-content\/uploads\/2026\/08\/29-1024x576.jpg 1024w, https:\/\/peopleofcostarica.com\/wp-content\/uploads\/2026\/08\/29-768x432.jpg 768w, https:\/\/peopleofcostarica.com\/wp-content\/uploads\/2026\/08\/29-1536x864.jpg 1536w\" sizes=\"(max-width: 1920px) 100vw, 1920px\" \/>\t\t\t\t\t\t\t\t\t\t\t\t\t\t\t<\/div>\n\t\t\t\t<\/div>\n\t\t<div class=\"elementor-element elementor-element-34b4212e e-con-full e-flex e-con e-child\" data-id=\"34b4212e\" data-element_type=\"container\" data-e-type=\"container\">\n\t\t\t\t<div class=\"elementor-element elementor-element-79138cfd elementor-widget__width-initial elementor-widget elementor-widget-heading\" data-id=\"79138cfd\" data-element_type=\"widget\" data-e-type=\"widget\" data-widget_type=\"heading.default\">\n\t\t\t\t\t<span class=\"elementor-heading-title elementor-size-default\">Puntarenas<\/span>\t\t\t\t<\/div>\n\t\t\t\t<div class=\"elementor-element elementor-element-3dc93c53 elementor-widget__width-auto elementor-widget elementor-widget-heading\" data-id=\"3dc93c53\" data-element_type=\"widget\" data-e-type=\"widget\" data-widget_type=\"heading.default\">\n\t\t\t\t\t<span class=\"elementor-heading-title elementor-size-default\">2 septembre 2026<\/span>\t\t\t\t<\/div>\n\t\t\t\t<div class=\"elementor-element elementor-element-4f59c9a8 elementor-widget__width-inherit travel-grid-title elementor-widget elementor-widget-theme-post-title elementor-page-title elementor-widget-heading\" data-id=\"4f59c9a8\" data-element_type=\"widget\" data-e-type=\"widget\" data-widget_type=\"theme-post-title.default\">\n\t\t\t\t\t<h3 class=\"elementor-heading-title elementor-size-default\">El dulce sur de Costa Rica recompensa a quien lo busca<\/h3>\t\t\t\t<\/div>\n\t\t\t\t<div class=\"elementor-element elementor-element-2332f7e9 elementor-widget elementor-widget-theme-post-excerpt\" data-id=\"2332f7e9\" data-element_type=\"widget\" data-e-type=\"widget\" data-widget_type=\"theme-post-excerpt.default\">\n\t\t\t\t\t<p>Le sud sucr\u00e9 du Costa Rica r\u00e9compense ceux qui le recherchent. En ao\u00fbt dernier, j&rsquo;ai eu la grande chance de participer \u00e0 ExpoGolfo Dulce, le<\/p>\t\t\t\t<\/div>\n\t\t\t\t<div class=\"elementor-element elementor-element-8361ac2 elementor-position-inline-end micro-url elementor-mobile-position-inline-end elementor-view-default elementor-widget elementor-widget-icon-box\" data-id=\"8361ac2\" data-element_type=\"widget\" data-e-type=\"widget\" data-widget_type=\"icon-box.default\">\n\t\t\t\t\t\t\t<div class=\"elementor-icon-box-wrapper\">\n\n\t\t\t\t\t\t<div class=\"elementor-icon-box-icon\">\n\t\t\t\t<span  class=\"elementor-icon\">\n\t\t\t\t<svg aria-hidden=\"true\" class=\"e-font-icon-svg e-fas-arrow-right\" viewBox=\"0 0 448 512\" xmlns=\"http:\/\/www.w3.org\/2000\/svg\"><path d=\"M190.5 66.9l22.2-22.2c9.4-9.4 24.6-9.4 33.9 0L441 239c9.4 9.4 9.4 24.6 0 33.9L246.6 467.3c-9.4 9.4-24.6 9.4-33.9 0l-22.2-22.2c-9.5-9.5-9.3-25 .4-34.3L311.4 296H24c-13.3 0-24-10.7-24-24v-32c0-13.3 10.7-24 24-24h287.4L190.9 101.2c-9.8-9.3-10-24.8-.4-34.3z\"><\/path><\/svg>\t\t\t\t<\/span>\n\t\t\t<\/div>\n\t\t\t\n\t\t\t\t\t\t<div class=\"elementor-icon-box-content\">\n\n\t\t\t\t\t\t\t\t\t<span class=\"elementor-icon-box-title\">\n\t\t\t\t\t\t<span  >\n\t\t\t\t\t\t\tRead Full Story\t\t\t\t\t\t<\/span>\n\t\t\t\t\t<\/span>\n\t\t\t\t\n\t\t\t\t\n\t\t\t<\/div>\n\t\t\t\n\t\t<\/div>\n\t\t\t\t\t\t<\/div>\n\t\t\t\t<\/div>\n\t\t\t\t<\/a>\n\t\t\t\t<\/div>\n\t\t\t\t<div data-elementor-type=\"loop-item\" data-elementor-id=\"10129\" class=\"elementor elementor-10129 e-loop-item e-loop-item-8822 post-8822 places type-places status-publish format-standard has-post-thumbnail hentry loccation-cartago-fr\" data-elementor-post-type=\"elementor_library\" data-custom-edit-handle=\"1\">\n\t\t\t<a class=\"elementor-element elementor-element-13ebdd55 e-con-full card-travel-grid e-flex e-con e-parent\" data-id=\"13ebdd55\" data-element_type=\"container\" data-e-type=\"container\" href=\"https:\/\/peopleofcostarica.com\/fr\/places\/entre-brumes-fantomes-et-une-mission-pour-accompagner-les-tuberculeux-lhistoire-du-sanatorium-duran\/\">\n\t\t<div class=\"elementor-element elementor-element-28f4d22e e-con-full e-flex e-con e-child\" data-id=\"28f4d22e\" data-element_type=\"container\" data-e-type=\"container\">\n\t\t\t\t<div class=\"elementor-element elementor-element-4e54b598 elementor-widget elementor-widget-theme-post-featured-image elementor-widget-image\" data-id=\"4e54b598\" data-element_type=\"widget\" data-e-type=\"widget\" data-widget_type=\"theme-post-featured-image.default\">\n\t\t\t\t\t\t\t\t\t\t\t\t\t\t\t<img loading=\"lazy\" decoding=\"async\" width=\"1920\" height=\"2560\" src=\"https:\/\/peopleofcostarica.com\/wp-content\/uploads\/2026\/03\/20260131_131443-scaled.jpg\" class=\"attachment-full size-full wp-image-8802\" alt=\"\" srcset=\"https:\/\/peopleofcostarica.com\/wp-content\/uploads\/2026\/03\/20260131_131443-scaled.jpg 1920w, https:\/\/peopleofcostarica.com\/wp-content\/uploads\/2026\/03\/20260131_131443-225x300.jpg 225w, https:\/\/peopleofcostarica.com\/wp-content\/uploads\/2026\/03\/20260131_131443-768x1024.jpg 768w, https:\/\/peopleofcostarica.com\/wp-content\/uploads\/2026\/03\/20260131_131443-1152x1536.jpg 1152w, https:\/\/peopleofcostarica.com\/wp-content\/uploads\/2026\/03\/20260131_131443-1536x2048.jpg 1536w, https:\/\/peopleofcostarica.com\/wp-content\/uploads\/2026\/03\/20260131_131443-1320x1760.jpg 1320w\" sizes=\"(max-width: 1920px) 100vw, 1920px\" \/>\t\t\t\t\t\t\t\t\t\t\t\t\t\t\t<\/div>\n\t\t\t\t<\/div>\n\t\t<div class=\"elementor-element elementor-element-34b4212e e-con-full e-flex e-con e-child\" data-id=\"34b4212e\" data-element_type=\"container\" data-e-type=\"container\">\n\t\t\t\t<div class=\"elementor-element elementor-element-79138cfd elementor-widget__width-initial elementor-widget elementor-widget-heading\" data-id=\"79138cfd\" data-element_type=\"widget\" data-e-type=\"widget\" data-widget_type=\"heading.default\">\n\t\t\t\t\t<span class=\"elementor-heading-title elementor-size-default\">Cartago<\/span>\t\t\t\t<\/div>\n\t\t\t\t<div class=\"elementor-element elementor-element-3dc93c53 elementor-widget__width-auto elementor-widget elementor-widget-heading\" data-id=\"3dc93c53\" data-element_type=\"widget\" data-e-type=\"widget\" data-widget_type=\"heading.default\">\n\t\t\t\t\t<span class=\"elementor-heading-title elementor-size-default\">3 mars 2026<\/span>\t\t\t\t<\/div>\n\t\t\t\t<div class=\"elementor-element elementor-element-4f59c9a8 elementor-widget__width-inherit travel-grid-title elementor-widget elementor-widget-theme-post-title elementor-page-title elementor-widget-heading\" data-id=\"4f59c9a8\" data-element_type=\"widget\" data-e-type=\"widget\" data-widget_type=\"theme-post-title.default\">\n\t\t\t\t\t<h3 class=\"elementor-heading-title elementor-size-default\">Entre brumes, fant\u00f4mes et une mission pour accompagner les tuberculeux. L\u2019histoire du Sanatorium Dur\u00e1n.<\/h3>\t\t\t\t<\/div>\n\t\t\t\t<div class=\"elementor-element elementor-element-2332f7e9 elementor-widget elementor-widget-theme-post-excerpt\" data-id=\"2332f7e9\" data-element_type=\"widget\" data-e-type=\"widget\" data-widget_type=\"theme-post-excerpt.default\">\n\t\t\t\t\t<p>Introduction&nbsp;: Entre la brume et le silence En gravissant les collines en direction du Volcan Iraz\u00fa, dans la brume froide de la fertile r\u00e9gion situ\u00e9e<\/p>\t\t\t\t<\/div>\n\t\t\t\t<div class=\"elementor-element elementor-element-8361ac2 elementor-position-inline-end micro-url elementor-mobile-position-inline-end elementor-view-default elementor-widget elementor-widget-icon-box\" data-id=\"8361ac2\" data-element_type=\"widget\" data-e-type=\"widget\" data-widget_type=\"icon-box.default\">\n\t\t\t\t\t\t\t<div class=\"elementor-icon-box-wrapper\">\n\n\t\t\t\t\t\t<div class=\"elementor-icon-box-icon\">\n\t\t\t\t<span  class=\"elementor-icon\">\n\t\t\t\t<svg aria-hidden=\"true\" class=\"e-font-icon-svg e-fas-arrow-right\" viewBox=\"0 0 448 512\" xmlns=\"http:\/\/www.w3.org\/2000\/svg\"><path d=\"M190.5 66.9l22.2-22.2c9.4-9.4 24.6-9.4 33.9 0L441 239c9.4 9.4 9.4 24.6 0 33.9L246.6 467.3c-9.4 9.4-24.6 9.4-33.9 0l-22.2-22.2c-9.5-9.5-9.3-25 .4-34.3L311.4 296H24c-13.3 0-24-10.7-24-24v-32c0-13.3 10.7-24 24-24h287.4L190.9 101.2c-9.8-9.3-10-24.8-.4-34.3z\"><\/path><\/svg>\t\t\t\t<\/span>\n\t\t\t<\/div>\n\t\t\t\n\t\t\t\t\t\t<div class=\"elementor-icon-box-content\">\n\n\t\t\t\t\t\t\t\t\t<span class=\"elementor-icon-box-title\">\n\t\t\t\t\t\t<span  >\n\t\t\t\t\t\t\tRead Full Story\t\t\t\t\t\t<\/span>\n\t\t\t\t\t<\/span>\n\t\t\t\t\n\t\t\t\t\n\t\t\t<\/div>\n\t\t\t\n\t\t<\/div>\n\t\t\t\t\t\t<\/div>\n\t\t\t\t<\/div>\n\t\t\t\t<\/a>\n\t\t\t\t<\/div>\n\t\t\t\t<\/div>\n\t\t\n\t\t\t\t\t\t<\/div>\n\t\t\t\t<\/div>\n\t\t\t\t\t<\/div>\n\t\t\t\t<\/div>\n\t\t<div class=\"elementor-element elementor-element-8f991ba e-flex e-con-boxed e-con e-parent\" data-id=\"8f991ba\" data-element_type=\"container\" data-e-type=\"container\" data-settings=\"{&quot;background_background&quot;:&quot;classic&quot;}\">\n\t\t\t\t\t<div class=\"e-con-inner\">\n\t\t<div class=\"elementor-element elementor-element-2e4bec8f e-con-full e-flex e-con e-child\" data-id=\"2e4bec8f\" data-element_type=\"container\" data-e-type=\"container\">\n\t\t\t\t<div class=\"elementor-element elementor-element-6c214d35 elementor-position-inline-start elementor-mobile-position-inline-start elementor-view-default elementor-widget elementor-widget-icon-box\" data-id=\"6c214d35\" data-element_type=\"widget\" data-e-type=\"widget\" data-widget_type=\"icon-box.default\">\n\t\t\t\t\t\t\t<div class=\"elementor-icon-box-wrapper\">\n\n\t\t\t\t\t\t<div class=\"elementor-icon-box-icon\">\n\t\t\t\t<span  class=\"elementor-icon\">\n\t\t\t\t<svg aria-hidden=\"true\" class=\"e-font-icon-svg e-far-calendar-alt\" viewBox=\"0 0 448 512\" xmlns=\"http:\/\/www.w3.org\/2000\/svg\"><path d=\"M148 288h-40c-6.6 0-12-5.4-12-12v-40c0-6.6 5.4-12 12-12h40c6.6 0 12 5.4 12 12v40c0 6.6-5.4 12-12 12zm108-12v-40c0-6.6-5.4-12-12-12h-40c-6.6 0-12 5.4-12 12v40c0 6.6 5.4 12 12 12h40c6.6 0 12-5.4 12-12zm96 0v-40c0-6.6-5.4-12-12-12h-40c-6.6 0-12 5.4-12 12v40c0 6.6 5.4 12 12 12h40c6.6 0 12-5.4 12-12zm-96 96v-40c0-6.6-5.4-12-12-12h-40c-6.6 0-12 5.4-12 12v40c0 6.6 5.4 12 12 12h40c6.6 0 12-5.4 12-12zm-96 0v-40c0-6.6-5.4-12-12-12h-40c-6.6 0-12 5.4-12 12v40c0 6.6 5.4 12 12 12h40c6.6 0 12-5.4 12-12zm192 0v-40c0-6.6-5.4-12-12-12h-40c-6.6 0-12 5.4-12 12v40c0 6.6 5.4 12 12 12h40c6.6 0 12-5.4 12-12zm96-260v352c0 26.5-21.5 48-48 48H48c-26.5 0-48-21.5-48-48V112c0-26.5 21.5-48 48-48h48V12c0-6.6 5.4-12 12-12h40c6.6 0 12 5.4 12 12v52h128V12c0-6.6 5.4-12 12-12h40c6.6 0 12 5.4 12 12v52h48c26.5 0 48 21.5 48 48zm-48 346V160H48v298c0 3.3 2.7 6 6 6h340c3.3 0 6-2.7 6-6z\"><\/path><\/svg>\t\t\t\t<\/span>\n\t\t\t<\/div>\n\t\t\t\n\t\t\t\t\t\t<div class=\"elementor-icon-box-content\">\n\n\t\t\t\t\t\t\t\t\t<h2 class=\"elementor-icon-box-title\">\n\t\t\t\t\t\t<span  >\n\t\t\t\t\t\t\tAgenda Culturel\t\t\t\t\t\t<\/span>\n\t\t\t\t\t<\/h2>\n\t\t\t\t\n\t\t\t\t\t\t\t\t\t<p class=\"elementor-icon-box-description\">\n\t\t\t\t\t\t\u00c9v\u00e9nements \u00e0 venir, festivals et rassemblements.\t\t\t\t\t<\/p>\n\t\t\t\t\n\t\t\t<\/div>\n\t\t\t\n\t\t<\/div>\n\t\t\t\t\t\t<\/div>\n\t\t\t\t<div class=\"elementor-element elementor-element-1b2c3bad elementor-hidden-mobile_extra elementor-hidden-mobile elementor-widget elementor-widget-heading\" data-id=\"1b2c3bad\" data-element_type=\"widget\" data-e-type=\"widget\" data-widget_type=\"heading.default\">\n\t\t\t\t\t<p class=\"elementor-heading-title elementor-size-default\"><a href=\"https:\/\/peopleofcostarica.com\/fr\/evenements\/\">Voir le Calendrier Complet<\/a><\/p>\t\t\t\t<\/div>\n\t\t\t\t<\/div>\n\t\t\t\t<div class=\"elementor-element elementor-element-5cb5867 elementor-pagination-type-bullets elementor-arrows-position-inside elementor-pagination-position-outside elementor-widget elementor-widget-loop-carousel\" data-id=\"5cb5867\" data-element_type=\"widget\" data-e-type=\"widget\" data-settings=\"{&quot;template_id&quot;:9975,&quot;_skin&quot;:&quot;post&quot;,&quot;slides_to_show&quot;:&quot;3&quot;,&quot;slides_to_show_tablet_extra&quot;:&quot;3&quot;,&quot;slides_to_show_tablet&quot;:&quot;2&quot;,&quot;slides_to_show_mobile_extra&quot;:&quot;2&quot;,&quot;slides_to_show_mobile&quot;:&quot;1&quot;,&quot;slides_to_scroll&quot;:&quot;1&quot;,&quot;edit_handle_selector&quot;:&quot;.elementor-loop-container&quot;,&quot;autoplay&quot;:&quot;yes&quot;,&quot;autoplay_speed&quot;:5000,&quot;pause_on_hover&quot;:&quot;yes&quot;,&quot;pause_on_interaction&quot;:&quot;yes&quot;,&quot;infinite&quot;:&quot;yes&quot;,&quot;speed&quot;:500,&quot;offset_sides&quot;:&quot;none&quot;,&quot;arrows&quot;:&quot;yes&quot;,&quot;pagination&quot;:&quot;bullets&quot;,&quot;image_spacing_custom&quot;:{&quot;unit&quot;:&quot;px&quot;,&quot;size&quot;:10,&quot;sizes&quot;:[]},&quot;image_spacing_custom_tablet_extra&quot;:{&quot;unit&quot;:&quot;px&quot;,&quot;size&quot;:&quot;&quot;,&quot;sizes&quot;:[]},&quot;image_spacing_custom_tablet&quot;:{&quot;unit&quot;:&quot;px&quot;,&quot;size&quot;:&quot;&quot;,&quot;sizes&quot;:[]},&quot;image_spacing_custom_mobile_extra&quot;:{&quot;unit&quot;:&quot;px&quot;,&quot;size&quot;:&quot;&quot;,&quot;sizes&quot;:[]},&quot;image_spacing_custom_mobile&quot;:{&quot;unit&quot;:&quot;px&quot;,&quot;size&quot;:&quot;&quot;,&quot;sizes&quot;:[]}}\" data-widget_type=\"loop-carousel.post\">\n\t\t\t\t\t\t\t<div class=\"swiper elementor-loop-container elementor-grid\" role=\"list\" dir=\"ltr\">\n\t\t\t\t<div class=\"swiper-wrapper\" aria-live=\"off\">\n\t\t<style id=\"loop-9975\">.elementor-9975 .elementor-element.elementor-element-67606dd6{--display:flex;--min-height:270px;--flex-direction:column;--container-widget-width:100%;--container-widget-height:initial;--container-widget-flex-grow:0;--container-widget-align-self:initial;--flex-wrap-mobile:wrap;--justify-content:space-between;--gap:8px 8px;--row-gap:8px;--column-gap:8px;border-style:solid;--border-style:solid;border-width:1px 1px 1px 1px;--border-top-width:1px;--border-right-width:1px;--border-bottom-width:1px;--border-left-width:1px;border-color:var( --e-global-color-e95258d );--border-color:var( --e-global-color-e95258d );--border-radius:12px 12px 12px 12px;--padding-top:20px;--padding-bottom:20px;--padding-left:20px;--padding-right:20px;}.elementor-9975 .elementor-element.elementor-element-67606dd6:not(.elementor-motion-effects-element-type-background), .elementor-9975 .elementor-element.elementor-element-67606dd6 > .elementor-motion-effects-container > .elementor-motion-effects-layer{background-color:var( --e-global-color-e95258d );}.elementor-9975 .elementor-element.elementor-element-67606dd6:hover{border-style:solid;border-width:1px 1px 1px 1px;--border-top-width:1px;--border-right-width:1px;--border-bottom-width:1px;--border-left-width:1px;border-color:var( --e-global-color-e8cae5f );--border-color:var( --e-global-color-e8cae5f );}.elementor-9975 .elementor-element.elementor-element-67606dd6, .elementor-9975 .elementor-element.elementor-element-67606dd6::before{--border-transition:0.3s;}.elementor-9975 .elementor-element.elementor-element-75249355{--display:flex;--margin-top:0px;--margin-bottom:0px;--margin-left:0px;--margin-right:0px;--padding-top:0px;--padding-bottom:0px;--padding-left:0px;--padding-right:0px;}.elementor-9975 .elementor-element.elementor-element-5254cff5{--display:flex;--min-height:60px;--justify-content:center;--align-items:center;--container-widget-width:calc( ( 1 - var( --container-widget-flex-grow ) ) * 100% );--gap:0px 0px;--row-gap:0px;--column-gap:0px;--border-radius:8px 8px 8px 8px;--padding-top:8px;--padding-bottom:8px;--padding-left:8px;--padding-right:8px;}.elementor-9975 .elementor-element.elementor-element-5254cff5:not(.elementor-motion-effects-element-type-background), .elementor-9975 .elementor-element.elementor-element-5254cff5 > .elementor-motion-effects-container > .elementor-motion-effects-layer{background-color:#F3F4F6;}.elementor-9975 .elementor-element.elementor-element-7bafb42 .jet-listing-dynamic-field .jet-listing-dynamic-field__inline-wrap{width:auto;}.elementor-9975 .elementor-element.elementor-element-7bafb42 .jet-listing-dynamic-field .jet-listing-dynamic-field__content{width:auto;}.elementor-9975 .elementor-element.elementor-element-7bafb42 .jet-listing-dynamic-field{justify-content:flex-start;}.elementor-9975 .elementor-element.elementor-element-7bafb42 .jet-listing-dynamic-field__content{text-align:left;}.elementor-9975 .elementor-element.elementor-element-7aa3e0f .jet-listing-dynamic-field .jet-listing-dynamic-field__inline-wrap{width:auto;}.elementor-9975 .elementor-element.elementor-element-7aa3e0f .jet-listing-dynamic-field .jet-listing-dynamic-field__content{width:auto;}.elementor-9975 .elementor-element.elementor-element-7aa3e0f .jet-listing-dynamic-field{justify-content:flex-start;}.elementor-9975 .elementor-element.elementor-element-7aa3e0f .jet-listing-dynamic-field__content{text-align:left;}.elementor-widget-theme-post-title .elementor-heading-title{font-family:var( --e-global-typography-primary-font-family ), Sans-serif;font-size:var( --e-global-typography-primary-font-size );font-weight:var( --e-global-typography-primary-font-weight );line-height:var( --e-global-typography-primary-line-height );color:var( --e-global-color-primary );}.elementor-9975 .elementor-element.elementor-element-525a2f40 .elementor-heading-title{font-family:\"Inter\", Sans-serif;font-size:1.25rem;font-weight:700;line-height:1.75rem;}.elementor-widget-post-info .elementor-icon-list-item:not(:last-child):after{border-color:var( --e-global-color-text );}.elementor-widget-post-info .elementor-icon-list-icon i{color:var( --e-global-color-primary );}.elementor-widget-post-info .elementor-icon-list-icon svg{fill:var( --e-global-color-primary );}.elementor-widget-post-info .elementor-icon-list-text, .elementor-widget-post-info .elementor-icon-list-text a{color:var( --e-global-color-secondary );}.elementor-widget-post-info .elementor-icon-list-item{font-family:var( --e-global-typography-text-font-family ), Sans-serif;font-size:var( --e-global-typography-text-font-size );font-weight:var( --e-global-typography-text-font-weight );line-height:var( --e-global-typography-text-line-height );}.elementor-9975 .elementor-element.elementor-element-16797aaf .elementor-icon-list-icon{width:14px;}.elementor-9975 .elementor-element.elementor-element-16797aaf .elementor-icon-list-icon i{font-size:14px;}.elementor-9975 .elementor-element.elementor-element-16797aaf .elementor-icon-list-icon svg{--e-icon-list-icon-size:14px;}.elementor-9975 .elementor-element.elementor-element-16797aaf .elementor-icon-list-text, .elementor-9975 .elementor-element.elementor-element-16797aaf .elementor-icon-list-text a{color:var( --e-global-color-text );}.elementor-9975 .elementor-element.elementor-element-16797aaf .elementor-icon-list-item{font-family:\"Inter\", Sans-serif;font-size:14px;font-weight:400;line-height:1.75rem;}.elementor-widget-theme-post-excerpt{font-family:var( --e-global-typography-text-font-family ), Sans-serif;font-size:var( --e-global-typography-text-font-size );font-weight:var( --e-global-typography-text-font-weight );line-height:var( --e-global-typography-text-line-height );color:var( --e-global-color-text );}.elementor-9975 .elementor-element.elementor-element-4e149fda{font-family:\"Inter\", Sans-serif;font-size:14px;font-weight:400;line-height:1.5rem;}.elementor-widget-button .elementor-button{font-family:var( --e-global-typography-accent-font-family ), Sans-serif;font-size:var( --e-global-typography-accent-font-size );font-weight:var( --e-global-typography-accent-font-weight );line-height:var( --e-global-typography-accent-line-height );background-color:var( --e-global-color-accent );}.elementor-9975 .elementor-element.elementor-element-7e90e096 .elementor-button{fill:var( --e-global-color-text );color:var( --e-global-color-text );background-color:var( --e-global-color-e95258d );border-style:solid;border-width:1px 1px 1px 1px;border-color:var( --e-global-color-e8cae5f );}.elementor-9975 .elementor-element.elementor-element-7e90e096 .elementor-button:hover, .elementor-9975 .elementor-element.elementor-element-7e90e096 .elementor-button:focus{color:var( --e-global-color-text );background-color:var( --e-global-color-87eeb04 );}.elementor-9975 .elementor-element.elementor-element-7e90e096 .elementor-button:hover svg, .elementor-9975 .elementor-element.elementor-element-7e90e096 .elementor-button:focus svg{fill:var( --e-global-color-text );}.elementor-9975 .elementor-element.elementor-element-7e90e096{width:100%;max-width:100%;}@media(min-width:768px){.elementor-9975 .elementor-element.elementor-element-5254cff5{--width:90px;}}@media(max-width:1024px){.elementor-widget-theme-post-title .elementor-heading-title{font-size:var( --e-global-typography-primary-font-size );line-height:var( --e-global-typography-primary-line-height );}.elementor-widget-post-info .elementor-icon-list-item{font-size:var( --e-global-typography-text-font-size );line-height:var( --e-global-typography-text-line-height );}.elementor-widget-theme-post-excerpt{font-size:var( --e-global-typography-text-font-size );line-height:var( --e-global-typography-text-line-height );}.elementor-widget-button .elementor-button{font-size:var( --e-global-typography-accent-font-size );line-height:var( --e-global-typography-accent-line-height );}}@media(max-width:767px){.elementor-widget-theme-post-title .elementor-heading-title{font-size:var( --e-global-typography-primary-font-size );line-height:var( --e-global-typography-primary-line-height );}.elementor-widget-post-info .elementor-icon-list-item{font-size:var( --e-global-typography-text-font-size );line-height:var( --e-global-typography-text-line-height );}.elementor-widget-theme-post-excerpt{font-size:var( --e-global-typography-text-font-size );line-height:var( --e-global-typography-text-line-height );}.elementor-widget-button .elementor-button{font-size:var( --e-global-typography-accent-font-size );line-height:var( --e-global-typography-accent-line-height );}}<\/style>\t\t<div data-elementor-type=\"loop-item\" data-elementor-id=\"9975\" class=\"elementor elementor-9975 swiper-slide e-loop-item e-loop-item-15979 post-15979 agenda type-agenda status-publish has-post-thumbnail hentry\" data-elementor-post-type=\"elementor_library\" role=\"group\" aria-roledescription=\"slide\" data-custom-edit-handle=\"1\">\n\t\t\t<div class=\"elementor-element elementor-element-67606dd6 e-flex e-con-boxed e-con e-parent\" data-id=\"67606dd6\" data-element_type=\"container\" data-e-type=\"container\" data-settings=\"{&quot;background_background&quot;:&quot;classic&quot;}\">\n\t\t\t\t\t<div class=\"e-con-inner\">\n\t\t<div class=\"elementor-element elementor-element-75249355 e-con-full e-flex e-con e-child\" data-id=\"75249355\" data-element_type=\"container\" data-e-type=\"container\">\n\t\t<div class=\"elementor-element elementor-element-5254cff5 e-con-full e-flex e-con e-child\" data-id=\"5254cff5\" data-element_type=\"container\" data-e-type=\"container\" data-settings=\"{&quot;background_background&quot;:&quot;classic&quot;}\">\n\t\t\t\t<div class=\"elementor-element elementor-element-7bafb42 elementor-widget elementor-widget-jet-listing-dynamic-field\" data-id=\"7bafb42\" data-element_type=\"widget\" data-e-type=\"widget\" data-widget_type=\"jet-listing-dynamic-field.default\">\n\t\t\t\t\t<div class=\"jet-listing jet-listing-dynamic-field display-inline\"><div class=\"jet-listing-dynamic-field__inline-wrap\"><div class=\"jet-listing-dynamic-field__content\" >septembre<\/div><\/div><\/div>\t\t\t\t<\/div>\n\t\t\t\t<div class=\"elementor-element elementor-element-7aa3e0f elementor-widget elementor-widget-jet-listing-dynamic-field\" data-id=\"7aa3e0f\" data-element_type=\"widget\" data-e-type=\"widget\" data-widget_type=\"jet-listing-dynamic-field.default\">\n\t\t\t\t\t<div class=\"jet-listing jet-listing-dynamic-field display-inline\"><div class=\"jet-listing-dynamic-field__inline-wrap\"><div class=\"jet-listing-dynamic-field__content\" >9<\/div><\/div><\/div>\t\t\t\t<\/div>\n\t\t\t\t<\/div>\n\t\t\t\t<div class=\"elementor-element elementor-element-525a2f40 elementor-widget elementor-widget-theme-post-title elementor-page-title elementor-widget-heading\" data-id=\"525a2f40\" data-element_type=\"widget\" data-e-type=\"widget\" data-widget_type=\"theme-post-title.default\">\n\t\t\t\t\t<h3 class=\"elementor-heading-title elementor-size-default\">Expo Pococ\u00ed 2026 r\u00e9unira tradition, culture et divertissement \u00e0 Gu\u00e1piles<\/h3>\t\t\t\t<\/div>\n\t\t\t\t<div class=\"elementor-element elementor-element-16797aaf elementor-widget elementor-widget-post-info\" data-id=\"16797aaf\" data-element_type=\"widget\" data-e-type=\"widget\" data-widget_type=\"post-info.default\">\n\t\t\t\t\t\t\t<ul class=\"elementor-inline-items elementor-icon-list-items elementor-post-info\">\n\t\t\t\t\t\t\t\t<li class=\"elementor-icon-list-item elementor-repeater-item-d588e75 elementor-inline-item\">\n\t\t\t\t\t\t\t\t\t\t<span class=\"elementor-icon-list-icon\">\n\t\t\t\t\t\t\t\t<svg aria-hidden=\"true\" class=\"e-font-icon-svg e-fas-map-marker-alt\" viewBox=\"0 0 384 512\" xmlns=\"http:\/\/www.w3.org\/2000\/svg\"><path d=\"M172.268 501.67C26.97 291.031 0 269.413 0 192 0 85.961 85.961 0 192 0s192 85.961 192 192c0 77.413-26.97 99.031-172.268 309.67-9.535 13.774-29.93 13.773-39.464 0zM192 272c44.183 0 80-35.817 80-80s-35.817-80-80-80-80 35.817-80 80 35.817 80 80 80z\"><\/path><\/svg>\t\t\t\t\t\t\t<\/span>\n\t\t\t\t\t\t\t\t\t<span class=\"elementor-icon-list-text elementor-post-info__item elementor-post-info__item--type-custom\">\n\t\t\t\t\t\t\t\t\t\tCampo Ferial Profesor Carlos Rodr\u00edguez Alfaro, en Gu\u00e1piles.\t\t\t\t\t<\/span>\n\t\t\t\t\t\t\t\t<\/li>\n\t\t\t\t<\/ul>\n\t\t\t\t\t\t<\/div>\n\t\t\t\t<div class=\"elementor-element elementor-element-4e149fda elementor-widget elementor-widget-theme-post-excerpt\" data-id=\"4e149fda\" data-element_type=\"widget\" data-e-type=\"widget\" data-widget_type=\"theme-post-excerpt.default\">\n\t\t\t\t\t<p>Du 9 au 21 septembre, Gu\u00e1piles accueillera l\u2019Expo Pococ\u00ed 2026, l\u2019une des...\t\t\t\t<\/div>\n\t\t\t\t<\/div>\n\t\t\t\t<div class=\"elementor-element elementor-element-7e90e096 elementor-align-justify elementor-widget__width-inherit elementor-widget elementor-widget-button\" data-id=\"7e90e096\" data-element_type=\"widget\" data-e-type=\"widget\" data-widget_type=\"button.default\">\n\t\t\t\t\t\t\t\t\t\t<a class=\"elementor-button elementor-button-link elementor-size-sm\" href=\"https:\/\/peopleofcostarica.com\/fr\/agenda\/expo-pococi-2026-reunira-tradition-culture-et-divertissement-a-guapiles\/\">\n\t\t\t\t\t\t<span class=\"elementor-button-content-wrapper\">\n\t\t\t\t\t\t\t\t\t<span class=\"elementor-button-text\">Event Details<\/span>\n\t\t\t\t\t<\/span>\n\t\t\t\t\t<\/a>\n\t\t\t\t\t\t\t\t<\/div>\n\t\t\t\t\t<\/div>\n\t\t\t\t<\/div>\n\t\t\t\t<\/div>\n\t\t\t\t<div data-elementor-type=\"loop-item\" data-elementor-id=\"9975\" class=\"elementor elementor-9975 swiper-slide e-loop-item e-loop-item-15931 post-15931 agenda type-agenda status-publish has-post-thumbnail hentry\" data-elementor-post-type=\"elementor_library\" role=\"group\" aria-roledescription=\"slide\" data-custom-edit-handle=\"1\">\n\t\t\t<div class=\"elementor-element elementor-element-67606dd6 e-flex e-con-boxed e-con e-parent\" data-id=\"67606dd6\" data-element_type=\"container\" data-e-type=\"container\" data-settings=\"{&quot;background_background&quot;:&quot;classic&quot;}\">\n\t\t\t\t\t<div class=\"e-con-inner\">\n\t\t<div class=\"elementor-element elementor-element-75249355 e-con-full e-flex e-con e-child\" data-id=\"75249355\" data-element_type=\"container\" data-e-type=\"container\">\n\t\t<div class=\"elementor-element elementor-element-5254cff5 e-con-full e-flex e-con e-child\" data-id=\"5254cff5\" data-element_type=\"container\" data-e-type=\"container\" data-settings=\"{&quot;background_background&quot;:&quot;classic&quot;}\">\n\t\t\t\t<div class=\"elementor-element elementor-element-7bafb42 elementor-widget elementor-widget-jet-listing-dynamic-field\" data-id=\"7bafb42\" data-element_type=\"widget\" data-e-type=\"widget\" data-widget_type=\"jet-listing-dynamic-field.default\">\n\t\t\t\t\t<div class=\"jet-listing jet-listing-dynamic-field display-inline\"><div class=\"jet-listing-dynamic-field__inline-wrap\"><div class=\"jet-listing-dynamic-field__content\" >septembre<\/div><\/div><\/div>\t\t\t\t<\/div>\n\t\t\t\t<div class=\"elementor-element elementor-element-7aa3e0f elementor-widget elementor-widget-jet-listing-dynamic-field\" data-id=\"7aa3e0f\" data-element_type=\"widget\" data-e-type=\"widget\" data-widget_type=\"jet-listing-dynamic-field.default\">\n\t\t\t\t\t<div class=\"jet-listing jet-listing-dynamic-field display-inline\"><div class=\"jet-listing-dynamic-field__inline-wrap\"><div class=\"jet-listing-dynamic-field__content\" >17<\/div><\/div><\/div>\t\t\t\t<\/div>\n\t\t\t\t<\/div>\n\t\t\t\t<div class=\"elementor-element elementor-element-525a2f40 elementor-widget elementor-widget-theme-post-title elementor-page-title elementor-widget-heading\" data-id=\"525a2f40\" data-element_type=\"widget\" data-e-type=\"widget\" data-widget_type=\"theme-post-title.default\">\n\t\t\t\t\t<h3 class=\"elementor-heading-title elementor-size-default\">Des courts m\u00e9trages pour raconter des histoires sur la faune sauvage<\/h3>\t\t\t\t<\/div>\n\t\t\t\t<div class=\"elementor-element elementor-element-16797aaf elementor-widget elementor-widget-post-info\" data-id=\"16797aaf\" data-element_type=\"widget\" data-e-type=\"widget\" data-widget_type=\"post-info.default\">\n\t\t\t\t\t\t\t<ul class=\"elementor-inline-items elementor-icon-list-items elementor-post-info\">\n\t\t\t\t\t\t\t\t<li class=\"elementor-icon-list-item elementor-repeater-item-d588e75 elementor-inline-item\">\n\t\t\t\t\t\t\t\t\t\t<span class=\"elementor-icon-list-icon\">\n\t\t\t\t\t\t\t\t<svg aria-hidden=\"true\" class=\"e-font-icon-svg e-fas-map-marker-alt\" viewBox=\"0 0 384 512\" xmlns=\"http:\/\/www.w3.org\/2000\/svg\"><path d=\"M172.268 501.67C26.97 291.031 0 269.413 0 192 0 85.961 85.961 0 192 0s192 85.961 192 192c0 77.413-26.97 99.031-172.268 309.67-9.535 13.774-29.93 13.773-39.464 0zM192 272c44.183 0 80-35.817 80-80s-35.817-80-80-80-80 35.817-80 80 35.817 80 80 80z\"><\/path><\/svg>\t\t\t\t\t\t\t<\/span>\n\t\t\t\t\t\t\t\t\t<span class=\"elementor-icon-list-text elementor-post-info__item elementor-post-info__item--type-custom\">\n\t\t\t\t\t\t\t\t\t\tCine Magaly, Barrio Escalante \/ San Jos\u00e9 centro.\t\t\t\t\t<\/span>\n\t\t\t\t\t\t\t\t<\/li>\n\t\t\t\t<\/ul>\n\t\t\t\t\t\t<\/div>\n\t\t\t\t<div class=\"elementor-element elementor-element-4e149fda elementor-widget elementor-widget-theme-post-excerpt\" data-id=\"4e149fda\" data-element_type=\"widget\" data-e-type=\"widget\" data-widget_type=\"theme-post-excerpt.default\">\n\t\t\t\t\t<p>Le 17 septembre prochain, le Cine Magaly pr\u00e9sentera une s\u00e9lection de courts...\t\t\t\t<\/div>\n\t\t\t\t<\/div>\n\t\t\t\t<div class=\"elementor-element elementor-element-7e90e096 elementor-align-justify elementor-widget__width-inherit elementor-widget elementor-widget-button\" data-id=\"7e90e096\" data-element_type=\"widget\" data-e-type=\"widget\" data-widget_type=\"button.default\">\n\t\t\t\t\t\t\t\t\t\t<a class=\"elementor-button elementor-button-link elementor-size-sm\" href=\"https:\/\/peopleofcostarica.com\/fr\/agenda\/des-courts-metrages-pour-raconter-des-histoires-sur-la-faune-sauvage\/\">\n\t\t\t\t\t\t<span class=\"elementor-button-content-wrapper\">\n\t\t\t\t\t\t\t\t\t<span class=\"elementor-button-text\">Event Details<\/span>\n\t\t\t\t\t<\/span>\n\t\t\t\t\t<\/a>\n\t\t\t\t\t\t\t\t<\/div>\n\t\t\t\t\t<\/div>\n\t\t\t\t<\/div>\n\t\t\t\t<\/div>\n\t\t\t\t<div data-elementor-type=\"loop-item\" data-elementor-id=\"9975\" class=\"elementor elementor-9975 swiper-slide e-loop-item e-loop-item-15837 post-15837 agenda type-agenda status-publish has-post-thumbnail hentry\" data-elementor-post-type=\"elementor_library\" role=\"group\" aria-roledescription=\"slide\" data-custom-edit-handle=\"1\">\n\t\t\t<div class=\"elementor-element elementor-element-67606dd6 e-flex e-con-boxed e-con e-parent\" data-id=\"67606dd6\" data-element_type=\"container\" data-e-type=\"container\" data-settings=\"{&quot;background_background&quot;:&quot;classic&quot;}\">\n\t\t\t\t\t<div class=\"e-con-inner\">\n\t\t<div class=\"elementor-element elementor-element-75249355 e-con-full e-flex e-con e-child\" data-id=\"75249355\" data-element_type=\"container\" data-e-type=\"container\">\n\t\t<div class=\"elementor-element elementor-element-5254cff5 e-con-full e-flex e-con e-child\" data-id=\"5254cff5\" data-element_type=\"container\" data-e-type=\"container\" data-settings=\"{&quot;background_background&quot;:&quot;classic&quot;}\">\n\t\t\t\t<div class=\"elementor-element elementor-element-7bafb42 elementor-widget elementor-widget-jet-listing-dynamic-field\" data-id=\"7bafb42\" data-element_type=\"widget\" data-e-type=\"widget\" data-widget_type=\"jet-listing-dynamic-field.default\">\n\t\t\t\t\t<div class=\"jet-listing jet-listing-dynamic-field display-inline\"><div class=\"jet-listing-dynamic-field__inline-wrap\"><div class=\"jet-listing-dynamic-field__content\" >septembre<\/div><\/div><\/div>\t\t\t\t<\/div>\n\t\t\t\t<div class=\"elementor-element elementor-element-7aa3e0f elementor-widget elementor-widget-jet-listing-dynamic-field\" data-id=\"7aa3e0f\" data-element_type=\"widget\" data-e-type=\"widget\" data-widget_type=\"jet-listing-dynamic-field.default\">\n\t\t\t\t\t<div class=\"jet-listing jet-listing-dynamic-field display-inline\"><div class=\"jet-listing-dynamic-field__inline-wrap\"><div class=\"jet-listing-dynamic-field__content\" >11<\/div><\/div><\/div>\t\t\t\t<\/div>\n\t\t\t\t<\/div>\n\t\t\t\t<div class=\"elementor-element elementor-element-525a2f40 elementor-widget elementor-widget-theme-post-title elementor-page-title elementor-widget-heading\" data-id=\"525a2f40\" data-element_type=\"widget\" data-e-type=\"widget\" data-widget_type=\"theme-post-title.default\">\n\t\t\t\t\t<h3 class=\"elementor-heading-title elementor-size-default\">La Fiesta de la Lectura Costa Rica r\u00e9unira livres, auteurs et cultures en septembre<\/h3>\t\t\t\t<\/div>\n\t\t\t\t<div class=\"elementor-element elementor-element-4e149fda elementor-widget elementor-widget-theme-post-excerpt\" data-id=\"4e149fda\" data-element_type=\"widget\" data-e-type=\"widget\" data-widget_type=\"theme-post-excerpt.default\">\n\t\t\t\t\t<p>La cinqui\u00e8me \u00e9dition de la Fiesta de la Lectura Costa Rica se...\t\t\t\t<\/div>\n\t\t\t\t<\/div>\n\t\t\t\t<div class=\"elementor-element elementor-element-7e90e096 elementor-align-justify elementor-widget__width-inherit elementor-widget elementor-widget-button\" data-id=\"7e90e096\" data-element_type=\"widget\" data-e-type=\"widget\" data-widget_type=\"button.default\">\n\t\t\t\t\t\t\t\t\t\t<a class=\"elementor-button elementor-button-link elementor-size-sm\" href=\"https:\/\/peopleofcostarica.com\/fr\/agenda\/la-fiesta-de-la-lectura-costa-rica-reunira-livres-auteurs-et-cultures-en-septembre\/\">\n\t\t\t\t\t\t<span class=\"elementor-button-content-wrapper\">\n\t\t\t\t\t\t\t\t\t<span class=\"elementor-button-text\">Event Details<\/span>\n\t\t\t\t\t<\/span>\n\t\t\t\t\t<\/a>\n\t\t\t\t\t\t\t\t<\/div>\n\t\t\t\t\t<\/div>\n\t\t\t\t<\/div>\n\t\t\t\t<\/div>\n\t\t\t\t<div data-elementor-type=\"loop-item\" data-elementor-id=\"9975\" class=\"elementor elementor-9975 swiper-slide e-loop-item e-loop-item-15819 post-15819 agenda type-agenda status-publish has-post-thumbnail hentry\" data-elementor-post-type=\"elementor_library\" role=\"group\" aria-roledescription=\"slide\" data-custom-edit-handle=\"1\">\n\t\t\t<div class=\"elementor-element elementor-element-67606dd6 e-flex e-con-boxed e-con e-parent\" data-id=\"67606dd6\" data-element_type=\"container\" data-e-type=\"container\" data-settings=\"{&quot;background_background&quot;:&quot;classic&quot;}\">\n\t\t\t\t\t<div class=\"e-con-inner\">\n\t\t<div class=\"elementor-element elementor-element-75249355 e-con-full e-flex e-con e-child\" data-id=\"75249355\" data-element_type=\"container\" data-e-type=\"container\">\n\t\t<div class=\"elementor-element elementor-element-5254cff5 e-con-full e-flex e-con e-child\" data-id=\"5254cff5\" data-element_type=\"container\" data-e-type=\"container\" data-settings=\"{&quot;background_background&quot;:&quot;classic&quot;}\">\n\t\t\t\t<div class=\"elementor-element elementor-element-7bafb42 elementor-widget elementor-widget-jet-listing-dynamic-field\" data-id=\"7bafb42\" data-element_type=\"widget\" data-e-type=\"widget\" data-widget_type=\"jet-listing-dynamic-field.default\">\n\t\t\t\t\t<div class=\"jet-listing jet-listing-dynamic-field display-inline\"><div class=\"jet-listing-dynamic-field__inline-wrap\"><div class=\"jet-listing-dynamic-field__content\" >septembre<\/div><\/div><\/div>\t\t\t\t<\/div>\n\t\t\t\t<div class=\"elementor-element elementor-element-7aa3e0f elementor-widget elementor-widget-jet-listing-dynamic-field\" data-id=\"7aa3e0f\" data-element_type=\"widget\" data-e-type=\"widget\" data-widget_type=\"jet-listing-dynamic-field.default\">\n\t\t\t\t\t<div class=\"jet-listing jet-listing-dynamic-field display-inline\"><div class=\"jet-listing-dynamic-field__inline-wrap\"><div class=\"jet-listing-dynamic-field__content\" >12<\/div><\/div><\/div>\t\t\t\t<\/div>\n\t\t\t\t<\/div>\n\t\t\t\t<div class=\"elementor-element elementor-element-525a2f40 elementor-widget elementor-widget-theme-post-title elementor-page-title elementor-widget-heading\" data-id=\"525a2f40\" data-element_type=\"widget\" data-e-type=\"widget\" data-widget_type=\"theme-post-title.default\">\n\t\t\t\t\t<h3 class=\"elementor-heading-title elementor-size-default\">Moon Run : une course nocturne pour d\u00e9couvrir San Jos\u00e9 autrement<\/h3>\t\t\t\t<\/div>\n\t\t\t\t<div class=\"elementor-element elementor-element-4e149fda elementor-widget elementor-widget-theme-post-excerpt\" data-id=\"4e149fda\" data-element_type=\"widget\" data-e-type=\"widget\" data-widget_type=\"theme-post-excerpt.default\">\n\t\t\t\t\t<p>Le Moon Run est une course nocturne qui invite les participants \u00e0...\t\t\t\t<\/div>\n\t\t\t\t<\/div>\n\t\t\t\t<div class=\"elementor-element elementor-element-7e90e096 elementor-align-justify elementor-widget__width-inherit elementor-widget elementor-widget-button\" data-id=\"7e90e096\" data-element_type=\"widget\" data-e-type=\"widget\" data-widget_type=\"button.default\">\n\t\t\t\t\t\t\t\t\t\t<a class=\"elementor-button elementor-button-link elementor-size-sm\" href=\"https:\/\/peopleofcostarica.com\/fr\/agenda\/moon-run-une-course-nocturne-pour-decouvrir-san-jose-autrement\/\">\n\t\t\t\t\t\t<span class=\"elementor-button-content-wrapper\">\n\t\t\t\t\t\t\t\t\t<span class=\"elementor-button-text\">Event Details<\/span>\n\t\t\t\t\t<\/span>\n\t\t\t\t\t<\/a>\n\t\t\t\t\t\t\t\t<\/div>\n\t\t\t\t\t<\/div>\n\t\t\t\t<\/div>\n\t\t\t\t<\/div>\n\t\t\t\t<div data-elementor-type=\"loop-item\" data-elementor-id=\"9975\" class=\"elementor elementor-9975 swiper-slide e-loop-item e-loop-item-15771 post-15771 agenda type-agenda status-publish has-post-thumbnail hentry\" data-elementor-post-type=\"elementor_library\" role=\"group\" aria-roledescription=\"slide\" data-custom-edit-handle=\"1\">\n\t\t\t<div class=\"elementor-element elementor-element-67606dd6 e-flex e-con-boxed e-con e-parent\" data-id=\"67606dd6\" data-element_type=\"container\" data-e-type=\"container\" data-settings=\"{&quot;background_background&quot;:&quot;classic&quot;}\">\n\t\t\t\t\t<div class=\"e-con-inner\">\n\t\t<div class=\"elementor-element elementor-element-75249355 e-con-full e-flex e-con e-child\" data-id=\"75249355\" data-element_type=\"container\" data-e-type=\"container\">\n\t\t<div class=\"elementor-element elementor-element-5254cff5 e-con-full e-flex e-con e-child\" data-id=\"5254cff5\" data-element_type=\"container\" data-e-type=\"container\" data-settings=\"{&quot;background_background&quot;:&quot;classic&quot;}\">\n\t\t\t\t<div class=\"elementor-element elementor-element-7bafb42 elementor-widget elementor-widget-jet-listing-dynamic-field\" data-id=\"7bafb42\" data-element_type=\"widget\" data-e-type=\"widget\" data-widget_type=\"jet-listing-dynamic-field.default\">\n\t\t\t\t\t<div class=\"jet-listing jet-listing-dynamic-field display-inline\"><div class=\"jet-listing-dynamic-field__inline-wrap\"><div class=\"jet-listing-dynamic-field__content\" >septembre<\/div><\/div><\/div>\t\t\t\t<\/div>\n\t\t\t\t<div class=\"elementor-element elementor-element-7aa3e0f elementor-widget elementor-widget-jet-listing-dynamic-field\" data-id=\"7aa3e0f\" data-element_type=\"widget\" data-e-type=\"widget\" data-widget_type=\"jet-listing-dynamic-field.default\">\n\t\t\t\t\t<div class=\"jet-listing jet-listing-dynamic-field display-inline\"><div class=\"jet-listing-dynamic-field__inline-wrap\"><div class=\"jet-listing-dynamic-field__content\" >10<\/div><\/div><\/div>\t\t\t\t<\/div>\n\t\t\t\t<\/div>\n\t\t\t\t<div class=\"elementor-element elementor-element-525a2f40 elementor-widget elementor-widget-theme-post-title elementor-page-title elementor-widget-heading\" data-id=\"525a2f40\" data-element_type=\"widget\" data-e-type=\"widget\" data-widget_type=\"theme-post-title.default\">\n\t\t\t\t\t<h3 class=\"elementor-heading-title elementor-size-default\">TINI pr\u00e9sente son FUTTTURA World Tour au Parque Viva<\/h3>\t\t\t\t<\/div>\n\t\t\t\t<div class=\"elementor-element elementor-element-16797aaf elementor-widget elementor-widget-post-info\" data-id=\"16797aaf\" data-element_type=\"widget\" data-e-type=\"widget\" data-widget_type=\"post-info.default\">\n\t\t\t\t\t\t\t<ul class=\"elementor-inline-items elementor-icon-list-items elementor-post-info\">\n\t\t\t\t\t\t\t\t<li class=\"elementor-icon-list-item elementor-repeater-item-d588e75 elementor-inline-item\">\n\t\t\t\t\t\t\t\t\t\t<span class=\"elementor-icon-list-icon\">\n\t\t\t\t\t\t\t\t<svg aria-hidden=\"true\" class=\"e-font-icon-svg e-fas-map-marker-alt\" viewBox=\"0 0 384 512\" xmlns=\"http:\/\/www.w3.org\/2000\/svg\"><path d=\"M172.268 501.67C26.97 291.031 0 269.413 0 192 0 85.961 85.961 0 192 0s192 85.961 192 192c0 77.413-26.97 99.031-172.268 309.67-9.535 13.774-29.93 13.773-39.464 0zM192 272c44.183 0 80-35.817 80-80s-35.817-80-80-80-80 35.817-80 80 35.817 80 80 80z\"><\/path><\/svg>\t\t\t\t\t\t\t<\/span>\n\t\t\t\t\t\t\t\t\t<span class=\"elementor-icon-list-text elementor-post-info__item elementor-post-info__item--type-custom\">\n\t\t\t\t\t\t\t\t\t\tAnfiteatro Imperial du Parque Viva, \u00e0 La Gu\u00e1cima, dans la province d\u2019Alajuela\t\t\t\t\t<\/span>\n\t\t\t\t\t\t\t\t<\/li>\n\t\t\t\t<\/ul>\n\t\t\t\t\t\t<\/div>\n\t\t\t\t<div class=\"elementor-element elementor-element-4e149fda elementor-widget elementor-widget-theme-post-excerpt\" data-id=\"4e149fda\" data-element_type=\"widget\" data-e-type=\"widget\" data-widget_type=\"theme-post-excerpt.default\">\n\t\t\t\t\t<p>La chanteuse argentine TINI se produira le jeudi 10 septembre 2026 \u00e0...\t\t\t\t<\/div>\n\t\t\t\t<\/div>\n\t\t\t\t<div class=\"elementor-element elementor-element-7e90e096 elementor-align-justify elementor-widget__width-inherit elementor-widget elementor-widget-button\" data-id=\"7e90e096\" data-element_type=\"widget\" data-e-type=\"widget\" data-widget_type=\"button.default\">\n\t\t\t\t\t\t\t\t\t\t<a class=\"elementor-button elementor-button-link elementor-size-sm\" href=\"https:\/\/peopleofcostarica.com\/fr\/agenda\/tini-presente-son-futttura-world-tour-au-parque-viva\/\">\n\t\t\t\t\t\t<span class=\"elementor-button-content-wrapper\">\n\t\t\t\t\t\t\t\t\t<span class=\"elementor-button-text\">Event Details<\/span>\n\t\t\t\t\t<\/span>\n\t\t\t\t\t<\/a>\n\t\t\t\t\t\t\t\t<\/div>\n\t\t\t\t\t<\/div>\n\t\t\t\t<\/div>\n\t\t\t\t<\/div>\n\t\t\t\t<div data-elementor-type=\"loop-item\" data-elementor-id=\"9975\" class=\"elementor elementor-9975 swiper-slide e-loop-item e-loop-item-15762 post-15762 agenda type-agenda status-publish has-post-thumbnail hentry\" data-elementor-post-type=\"elementor_library\" role=\"group\" aria-roledescription=\"slide\" data-custom-edit-handle=\"1\">\n\t\t\t<div class=\"elementor-element elementor-element-67606dd6 e-flex e-con-boxed e-con e-parent\" data-id=\"67606dd6\" data-element_type=\"container\" data-e-type=\"container\" data-settings=\"{&quot;background_background&quot;:&quot;classic&quot;}\">\n\t\t\t\t\t<div class=\"e-con-inner\">\n\t\t<div class=\"elementor-element elementor-element-75249355 e-con-full e-flex e-con e-child\" data-id=\"75249355\" data-element_type=\"container\" data-e-type=\"container\">\n\t\t<div class=\"elementor-element elementor-element-5254cff5 e-con-full e-flex e-con e-child\" data-id=\"5254cff5\" data-element_type=\"container\" data-e-type=\"container\" data-settings=\"{&quot;background_background&quot;:&quot;classic&quot;}\">\n\t\t\t\t<div class=\"elementor-element elementor-element-7bafb42 elementor-widget elementor-widget-jet-listing-dynamic-field\" data-id=\"7bafb42\" data-element_type=\"widget\" data-e-type=\"widget\" data-widget_type=\"jet-listing-dynamic-field.default\">\n\t\t\t\t\t<div class=\"jet-listing jet-listing-dynamic-field display-inline\"><div class=\"jet-listing-dynamic-field__inline-wrap\"><div class=\"jet-listing-dynamic-field__content\" >septembre<\/div><\/div><\/div>\t\t\t\t<\/div>\n\t\t\t\t<div class=\"elementor-element elementor-element-7aa3e0f elementor-widget elementor-widget-jet-listing-dynamic-field\" data-id=\"7aa3e0f\" data-element_type=\"widget\" data-e-type=\"widget\" data-widget_type=\"jet-listing-dynamic-field.default\">\n\t\t\t\t\t<div class=\"jet-listing jet-listing-dynamic-field display-inline\"><div class=\"jet-listing-dynamic-field__inline-wrap\"><div class=\"jet-listing-dynamic-field__content\" >19<\/div><\/div><\/div>\t\t\t\t<\/div>\n\t\t\t\t<\/div>\n\t\t\t\t<div class=\"elementor-element elementor-element-525a2f40 elementor-widget elementor-widget-theme-post-title elementor-page-title elementor-widget-heading\" data-id=\"525a2f40\" data-element_type=\"widget\" data-e-type=\"widget\" data-widget_type=\"theme-post-title.default\">\n\t\t\t\t\t<h3 class=\"elementor-heading-title elementor-size-default\">Le Caribe Green Fest revient \u00e0 Manzanillo pour sa 18e \u00e9dition<\/h3>\t\t\t\t<\/div>\n\t\t\t\t<div class=\"elementor-element elementor-element-16797aaf elementor-widget elementor-widget-post-info\" data-id=\"16797aaf\" data-element_type=\"widget\" data-e-type=\"widget\" data-widget_type=\"post-info.default\">\n\t\t\t\t\t\t\t<ul class=\"elementor-inline-items elementor-icon-list-items elementor-post-info\">\n\t\t\t\t\t\t\t\t<li class=\"elementor-icon-list-item elementor-repeater-item-d588e75 elementor-inline-item\">\n\t\t\t\t\t\t\t\t\t\t<span class=\"elementor-icon-list-icon\">\n\t\t\t\t\t\t\t\t<svg aria-hidden=\"true\" class=\"e-font-icon-svg e-fas-map-marker-alt\" viewBox=\"0 0 384 512\" xmlns=\"http:\/\/www.w3.org\/2000\/svg\"><path d=\"M172.268 501.67C26.97 291.031 0 269.413 0 192 0 85.961 85.961 0 192 0s192 85.961 192 192c0 77.413-26.97 99.031-172.268 309.67-9.535 13.774-29.93 13.773-39.464 0zM192 272c44.183 0 80-35.817 80-80s-35.817-80-80-80-80 35.817-80 80 35.817 80 80 80z\"><\/path><\/svg>\t\t\t\t\t\t\t<\/span>\n\t\t\t\t\t\t\t\t\t<span class=\"elementor-icon-list-text elementor-post-info__item elementor-post-info__item--type-custom\">\n\t\t\t\t\t\t\t\t\t\tManzanillo, dans la province de Lim\u00f3n\t\t\t\t\t<\/span>\n\t\t\t\t\t\t\t\t<\/li>\n\t\t\t\t<\/ul>\n\t\t\t\t\t\t<\/div>\n\t\t\t\t<div class=\"elementor-element elementor-element-4e149fda elementor-widget elementor-widget-theme-post-excerpt\" data-id=\"4e149fda\" data-element_type=\"widget\" data-e-type=\"widget\" data-widget_type=\"theme-post-excerpt.default\">\n\t\t\t\t\t<p>Les 19 et 20 septembre, Manzanillo, dans la province de Lim\u00f3n, accueillera...\t\t\t\t<\/div>\n\t\t\t\t<\/div>\n\t\t\t\t<div class=\"elementor-element elementor-element-7e90e096 elementor-align-justify elementor-widget__width-inherit elementor-widget elementor-widget-button\" data-id=\"7e90e096\" data-element_type=\"widget\" data-e-type=\"widget\" data-widget_type=\"button.default\">\n\t\t\t\t\t\t\t\t\t\t<a class=\"elementor-button elementor-button-link elementor-size-sm\" href=\"https:\/\/peopleofcostarica.com\/fr\/agenda\/le-caribe-green-fest-revient-a-manzanillo-pour-sa-18e-edition\/\">\n\t\t\t\t\t\t<span class=\"elementor-button-content-wrapper\">\n\t\t\t\t\t\t\t\t\t<span class=\"elementor-button-text\">Event Details<\/span>\n\t\t\t\t\t<\/span>\n\t\t\t\t\t<\/a>\n\t\t\t\t\t\t\t\t<\/div>\n\t\t\t\t\t<\/div>\n\t\t\t\t<\/div>\n\t\t\t\t<\/div>\n\t\t\t\t<div data-elementor-type=\"loop-item\" data-elementor-id=\"9975\" class=\"elementor elementor-9975 swiper-slide e-loop-item e-loop-item-15727 post-15727 agenda type-agenda status-publish has-post-thumbnail hentry\" data-elementor-post-type=\"elementor_library\" role=\"group\" aria-roledescription=\"slide\" data-custom-edit-handle=\"1\">\n\t\t\t<div class=\"elementor-element elementor-element-67606dd6 e-flex e-con-boxed e-con e-parent\" data-id=\"67606dd6\" data-element_type=\"container\" data-e-type=\"container\" data-settings=\"{&quot;background_background&quot;:&quot;classic&quot;}\">\n\t\t\t\t\t<div class=\"e-con-inner\">\n\t\t<div class=\"elementor-element elementor-element-75249355 e-con-full e-flex e-con e-child\" data-id=\"75249355\" data-element_type=\"container\" data-e-type=\"container\">\n\t\t<div class=\"elementor-element elementor-element-5254cff5 e-con-full e-flex e-con e-child\" data-id=\"5254cff5\" data-element_type=\"container\" data-e-type=\"container\" data-settings=\"{&quot;background_background&quot;:&quot;classic&quot;}\">\n\t\t\t\t<div class=\"elementor-element elementor-element-7bafb42 elementor-widget elementor-widget-jet-listing-dynamic-field\" data-id=\"7bafb42\" data-element_type=\"widget\" data-e-type=\"widget\" data-widget_type=\"jet-listing-dynamic-field.default\">\n\t\t\t\t\t<div class=\"jet-listing jet-listing-dynamic-field display-inline\"><div class=\"jet-listing-dynamic-field__inline-wrap\"><div class=\"jet-listing-dynamic-field__content\" >septembre<\/div><\/div><\/div>\t\t\t\t<\/div>\n\t\t\t\t<div class=\"elementor-element elementor-element-7aa3e0f elementor-widget elementor-widget-jet-listing-dynamic-field\" data-id=\"7aa3e0f\" data-element_type=\"widget\" data-e-type=\"widget\" data-widget_type=\"jet-listing-dynamic-field.default\">\n\t\t\t\t\t<div class=\"jet-listing jet-listing-dynamic-field display-inline\"><div class=\"jet-listing-dynamic-field__inline-wrap\"><div class=\"jet-listing-dynamic-field__content\" >5<\/div><\/div><\/div>\t\t\t\t<\/div>\n\t\t\t\t<\/div>\n\t\t\t\t<div class=\"elementor-element elementor-element-525a2f40 elementor-widget elementor-widget-theme-post-title elementor-page-title elementor-widget-heading\" data-id=\"525a2f40\" data-element_type=\"widget\" data-e-type=\"widget\" data-widget_type=\"theme-post-title.default\">\n\t\t\t\t\t<h3 class=\"elementor-heading-title elementor-size-default\">\u00ab Sei6 Cu4rtos \u00bb : une pi\u00e8ce sur l\u2019impact des mots \u00e0 l\u2019adolescence<\/h3>\t\t\t\t<\/div>\n\t\t\t\t<div class=\"elementor-element elementor-element-16797aaf elementor-widget elementor-widget-post-info\" data-id=\"16797aaf\" data-element_type=\"widget\" data-e-type=\"widget\" data-widget_type=\"post-info.default\">\n\t\t\t\t\t\t\t<ul class=\"elementor-inline-items elementor-icon-list-items elementor-post-info\">\n\t\t\t\t\t\t\t\t<li class=\"elementor-icon-list-item elementor-repeater-item-d588e75 elementor-inline-item\">\n\t\t\t\t\t\t\t\t\t\t<span class=\"elementor-icon-list-icon\">\n\t\t\t\t\t\t\t\t<svg aria-hidden=\"true\" class=\"e-font-icon-svg e-fas-map-marker-alt\" viewBox=\"0 0 384 512\" xmlns=\"http:\/\/www.w3.org\/2000\/svg\"><path d=\"M172.268 501.67C26.97 291.031 0 269.413 0 192 0 85.961 85.961 0 192 0s192 85.961 192 192c0 77.413-26.97 99.031-172.268 309.67-9.535 13.774-29.93 13.773-39.464 0zM192 272c44.183 0 80-35.817 80-80s-35.817-80-80-80-80 35.817-80 80 35.817 80 80 80z\"><\/path><\/svg>\t\t\t\t\t\t\t<\/span>\n\t\t\t\t\t\t\t\t\t<span class=\"elementor-icon-list-text elementor-post-info__item elementor-post-info__item--type-custom\">\n\t\t\t\t\t\t\t\t\t\tTh\u00e9\u00e2tre National du Costa Rica\t\t\t\t\t<\/span>\n\t\t\t\t\t\t\t\t<\/li>\n\t\t\t\t<\/ul>\n\t\t\t\t\t\t<\/div>\n\t\t\t\t<div class=\"elementor-element elementor-element-4e149fda elementor-widget elementor-widget-theme-post-excerpt\" data-id=\"4e149fda\" data-element_type=\"widget\" data-e-type=\"widget\" data-widget_type=\"theme-post-excerpt.default\">\n\t\t\t\t\t<p>Les 5 et 6 septembre 2026, le Th\u00e9\u00e2tre National du Costa Rica...\t\t\t\t<\/div>\n\t\t\t\t<\/div>\n\t\t\t\t<div class=\"elementor-element elementor-element-7e90e096 elementor-align-justify elementor-widget__width-inherit elementor-widget elementor-widget-button\" data-id=\"7e90e096\" data-element_type=\"widget\" data-e-type=\"widget\" data-widget_type=\"button.default\">\n\t\t\t\t\t\t\t\t\t\t<a class=\"elementor-button elementor-button-link elementor-size-sm\" href=\"https:\/\/peopleofcostarica.com\/fr\/agenda\/sei6-cu4rtos-une-piece-sur-limpact-des-mots-a-ladolescence\/\">\n\t\t\t\t\t\t<span class=\"elementor-button-content-wrapper\">\n\t\t\t\t\t\t\t\t\t<span class=\"elementor-button-text\">Event Details<\/span>\n\t\t\t\t\t<\/span>\n\t\t\t\t\t<\/a>\n\t\t\t\t\t\t\t\t<\/div>\n\t\t\t\t\t<\/div>\n\t\t\t\t<\/div>\n\t\t\t\t<\/div>\n\t\t\t\t<div data-elementor-type=\"loop-item\" data-elementor-id=\"9975\" class=\"elementor elementor-9975 swiper-slide e-loop-item e-loop-item-15717 post-15717 agenda type-agenda status-publish has-post-thumbnail hentry\" data-elementor-post-type=\"elementor_library\" role=\"group\" aria-roledescription=\"slide\" data-custom-edit-handle=\"1\">\n\t\t\t<div class=\"elementor-element elementor-element-67606dd6 e-flex e-con-boxed e-con e-parent\" data-id=\"67606dd6\" data-element_type=\"container\" data-e-type=\"container\" data-settings=\"{&quot;background_background&quot;:&quot;classic&quot;}\">\n\t\t\t\t\t<div class=\"e-con-inner\">\n\t\t<div class=\"elementor-element elementor-element-75249355 e-con-full e-flex e-con e-child\" data-id=\"75249355\" data-element_type=\"container\" data-e-type=\"container\">\n\t\t<div class=\"elementor-element elementor-element-5254cff5 e-con-full e-flex e-con e-child\" data-id=\"5254cff5\" data-element_type=\"container\" data-e-type=\"container\" data-settings=\"{&quot;background_background&quot;:&quot;classic&quot;}\">\n\t\t\t\t<div class=\"elementor-element elementor-element-7bafb42 elementor-widget elementor-widget-jet-listing-dynamic-field\" data-id=\"7bafb42\" data-element_type=\"widget\" data-e-type=\"widget\" data-widget_type=\"jet-listing-dynamic-field.default\">\n\t\t\t\t\t<div class=\"jet-listing jet-listing-dynamic-field display-inline\"><div class=\"jet-listing-dynamic-field__inline-wrap\"><div class=\"jet-listing-dynamic-field__content\" >septembre<\/div><\/div><\/div>\t\t\t\t<\/div>\n\t\t\t\t<div class=\"elementor-element elementor-element-7aa3e0f elementor-widget elementor-widget-jet-listing-dynamic-field\" data-id=\"7aa3e0f\" data-element_type=\"widget\" data-e-type=\"widget\" data-widget_type=\"jet-listing-dynamic-field.default\">\n\t\t\t\t\t<div class=\"jet-listing jet-listing-dynamic-field display-inline\"><div class=\"jet-listing-dynamic-field__inline-wrap\"><div class=\"jet-listing-dynamic-field__content\" >4<\/div><\/div><\/div>\t\t\t\t<\/div>\n\t\t\t\t<\/div>\n\t\t\t\t<div class=\"elementor-element elementor-element-525a2f40 elementor-widget elementor-widget-theme-post-title elementor-page-title elementor-widget-heading\" data-id=\"525a2f40\" data-element_type=\"widget\" data-e-type=\"widget\" data-widget_type=\"theme-post-title.default\">\n\t\t\t\t\t<h3 class=\"elementor-heading-title elementor-size-default\">Le Festival des baleines et des dauphins revient \u00e0 Uvita du 4 au 6 septembre<\/h3>\t\t\t\t<\/div>\n\t\t\t\t<div class=\"elementor-element elementor-element-16797aaf elementor-widget elementor-widget-post-info\" data-id=\"16797aaf\" data-element_type=\"widget\" data-e-type=\"widget\" data-widget_type=\"post-info.default\">\n\t\t\t\t\t\t\t<ul class=\"elementor-inline-items elementor-icon-list-items elementor-post-info\">\n\t\t\t\t\t\t\t\t<li class=\"elementor-icon-list-item elementor-repeater-item-d588e75 elementor-inline-item\">\n\t\t\t\t\t\t\t\t\t\t<span class=\"elementor-icon-list-icon\">\n\t\t\t\t\t\t\t\t<svg aria-hidden=\"true\" class=\"e-font-icon-svg e-fas-map-marker-alt\" viewBox=\"0 0 384 512\" xmlns=\"http:\/\/www.w3.org\/2000\/svg\"><path d=\"M172.268 501.67C26.97 291.031 0 269.413 0 192 0 85.961 85.961 0 192 0s192 85.961 192 192c0 77.413-26.97 99.031-172.268 309.67-9.535 13.774-29.93 13.773-39.464 0zM192 272c44.183 0 80-35.817 80-80s-35.817-80-80-80-80 35.817-80 80 35.817 80 80 80z\"><\/path><\/svg>\t\t\t\t\t\t\t<\/span>\n\t\t\t\t\t\t\t\t\t<span class=\"elementor-icon-list-text elementor-post-info__item elementor-post-info__item--type-custom\">\n\t\t\t\t\t\t\t\t\t\tUvita, Osa, Puntarenas\t\t\t\t\t<\/span>\n\t\t\t\t\t\t\t\t<\/li>\n\t\t\t\t<\/ul>\n\t\t\t\t\t\t<\/div>\n\t\t\t\t<div class=\"elementor-element elementor-element-4e149fda elementor-widget elementor-widget-theme-post-excerpt\" data-id=\"4e149fda\" data-element_type=\"widget\" data-e-type=\"widget\" data-widget_type=\"theme-post-excerpt.default\">\n\t\t\t\t\t<p>Du 4 au 6 septembre 2026, Uvita accueillera le Festival des Baleines...\t\t\t\t<\/div>\n\t\t\t\t<\/div>\n\t\t\t\t<div class=\"elementor-element elementor-element-7e90e096 elementor-align-justify elementor-widget__width-inherit elementor-widget elementor-widget-button\" data-id=\"7e90e096\" data-element_type=\"widget\" data-e-type=\"widget\" data-widget_type=\"button.default\">\n\t\t\t\t\t\t\t\t\t\t<a class=\"elementor-button elementor-button-link elementor-size-sm\" href=\"https:\/\/peopleofcostarica.com\/fr\/agenda\/le-festival-des-baleines-et-des-dauphins-revient-a-uvita-du-4-au-6-septembre\/\">\n\t\t\t\t\t\t<span class=\"elementor-button-content-wrapper\">\n\t\t\t\t\t\t\t\t\t<span class=\"elementor-button-text\">Event Details<\/span>\n\t\t\t\t\t<\/span>\n\t\t\t\t\t<\/a>\n\t\t\t\t\t\t\t\t<\/div>\n\t\t\t\t\t<\/div>\n\t\t\t\t<\/div>\n\t\t\t\t<\/div>\n\t\t\t\t<div data-elementor-type=\"loop-item\" data-elementor-id=\"9975\" class=\"elementor elementor-9975 swiper-slide e-loop-item e-loop-item-15707 post-15707 agenda type-agenda status-publish has-post-thumbnail hentry\" data-elementor-post-type=\"elementor_library\" role=\"group\" aria-roledescription=\"slide\" data-custom-edit-handle=\"1\">\n\t\t\t<div class=\"elementor-element elementor-element-67606dd6 e-flex e-con-boxed e-con e-parent\" data-id=\"67606dd6\" data-element_type=\"container\" data-e-type=\"container\" data-settings=\"{&quot;background_background&quot;:&quot;classic&quot;}\">\n\t\t\t\t\t<div class=\"e-con-inner\">\n\t\t<div class=\"elementor-element elementor-element-75249355 e-con-full e-flex e-con e-child\" data-id=\"75249355\" data-element_type=\"container\" data-e-type=\"container\">\n\t\t<div class=\"elementor-element elementor-element-5254cff5 e-con-full e-flex e-con e-child\" data-id=\"5254cff5\" data-element_type=\"container\" data-e-type=\"container\" data-settings=\"{&quot;background_background&quot;:&quot;classic&quot;}\">\n\t\t\t\t<div class=\"elementor-element elementor-element-7bafb42 elementor-widget elementor-widget-jet-listing-dynamic-field\" data-id=\"7bafb42\" data-element_type=\"widget\" data-e-type=\"widget\" data-widget_type=\"jet-listing-dynamic-field.default\">\n\t\t\t\t\t<div class=\"jet-listing jet-listing-dynamic-field display-inline\"><div class=\"jet-listing-dynamic-field__inline-wrap\"><div class=\"jet-listing-dynamic-field__content\" >septembre<\/div><\/div><\/div>\t\t\t\t<\/div>\n\t\t\t\t<div class=\"elementor-element elementor-element-7aa3e0f elementor-widget elementor-widget-jet-listing-dynamic-field\" data-id=\"7aa3e0f\" data-element_type=\"widget\" data-e-type=\"widget\" data-widget_type=\"jet-listing-dynamic-field.default\">\n\t\t\t\t\t<div class=\"jet-listing jet-listing-dynamic-field display-inline\"><div class=\"jet-listing-dynamic-field__inline-wrap\"><div class=\"jet-listing-dynamic-field__content\" >13<\/div><\/div><\/div>\t\t\t\t<\/div>\n\t\t\t\t<\/div>\n\t\t\t\t<div class=\"elementor-element elementor-element-525a2f40 elementor-widget elementor-widget-theme-post-title elementor-page-title elementor-widget-heading\" data-id=\"525a2f40\" data-element_type=\"widget\" data-e-type=\"widget\" data-widget_type=\"theme-post-title.default\">\n\t\t\t\t\t<h3 class=\"elementor-heading-title elementor-size-default\">Les f\u00eates patriotiques feront vivre les traditions dans tout le pays du 13 au 15 septembre<\/h3>\t\t\t\t<\/div>\n\t\t\t\t<div class=\"elementor-element elementor-element-4e149fda elementor-widget elementor-widget-theme-post-excerpt\" data-id=\"4e149fda\" data-element_type=\"widget\" data-e-type=\"widget\" data-widget_type=\"theme-post-excerpt.default\">\n\t\t\t\t\t<p>Du 13 au 15 septembre, le Costa Rica c\u00e9l\u00e9brera ses F\u00eates Patriotiques...\t\t\t\t<\/div>\n\t\t\t\t<\/div>\n\t\t\t\t<div class=\"elementor-element elementor-element-7e90e096 elementor-align-justify elementor-widget__width-inherit elementor-widget elementor-widget-button\" data-id=\"7e90e096\" data-element_type=\"widget\" data-e-type=\"widget\" data-widget_type=\"button.default\">\n\t\t\t\t\t\t\t\t\t\t<a class=\"elementor-button elementor-button-link elementor-size-sm\" href=\"https:\/\/peopleofcostarica.com\/fr\/agenda\/les-fetes-patriotiques-feront-vivre-les-traditions-dans-tout-le-pays-du-13-au-15-septembre\/\">\n\t\t\t\t\t\t<span class=\"elementor-button-content-wrapper\">\n\t\t\t\t\t\t\t\t\t<span class=\"elementor-button-text\">Event Details<\/span>\n\t\t\t\t\t<\/span>\n\t\t\t\t\t<\/a>\n\t\t\t\t\t\t\t\t<\/div>\n\t\t\t\t\t<\/div>\n\t\t\t\t<\/div>\n\t\t\t\t<\/div>\n\t\t\t\t<div data-elementor-type=\"loop-item\" data-elementor-id=\"9975\" class=\"elementor elementor-9975 swiper-slide e-loop-item e-loop-item-15661 post-15661 agenda type-agenda status-publish has-post-thumbnail hentry\" data-elementor-post-type=\"elementor_library\" role=\"group\" aria-roledescription=\"slide\" data-custom-edit-handle=\"1\">\n\t\t\t<div class=\"elementor-element elementor-element-67606dd6 e-flex e-con-boxed e-con e-parent\" data-id=\"67606dd6\" data-element_type=\"container\" data-e-type=\"container\" data-settings=\"{&quot;background_background&quot;:&quot;classic&quot;}\">\n\t\t\t\t\t<div class=\"e-con-inner\">\n\t\t<div class=\"elementor-element elementor-element-75249355 e-con-full e-flex e-con e-child\" data-id=\"75249355\" data-element_type=\"container\" data-e-type=\"container\">\n\t\t<div class=\"elementor-element elementor-element-5254cff5 e-con-full e-flex e-con e-child\" data-id=\"5254cff5\" data-element_type=\"container\" data-e-type=\"container\" data-settings=\"{&quot;background_background&quot;:&quot;classic&quot;}\">\n\t\t\t\t<div class=\"elementor-element elementor-element-7bafb42 elementor-widget elementor-widget-jet-listing-dynamic-field\" data-id=\"7bafb42\" data-element_type=\"widget\" data-e-type=\"widget\" data-widget_type=\"jet-listing-dynamic-field.default\">\n\t\t\t\t\t<div class=\"jet-listing jet-listing-dynamic-field display-inline\"><div class=\"jet-listing-dynamic-field__inline-wrap\"><div class=\"jet-listing-dynamic-field__content\" >ao\u00fbt<\/div><\/div><\/div>\t\t\t\t<\/div>\n\t\t\t\t<div class=\"elementor-element elementor-element-7aa3e0f elementor-widget elementor-widget-jet-listing-dynamic-field\" data-id=\"7aa3e0f\" data-element_type=\"widget\" data-e-type=\"widget\" data-widget_type=\"jet-listing-dynamic-field.default\">\n\t\t\t\t\t<div class=\"jet-listing jet-listing-dynamic-field display-inline\"><div class=\"jet-listing-dynamic-field__inline-wrap\"><div class=\"jet-listing-dynamic-field__content\" >21<\/div><\/div><\/div>\t\t\t\t<\/div>\n\t\t\t\t<\/div>\n\t\t\t\t<div class=\"elementor-element elementor-element-525a2f40 elementor-widget elementor-widget-theme-post-title elementor-page-title elementor-widget-heading\" data-id=\"525a2f40\" data-element_type=\"widget\" data-e-type=\"widget\" data-widget_type=\"theme-post-title.default\">\n\t\t\t\t\t<h3 class=\"elementor-heading-title elementor-size-default\">Un festival gastron\u00f3mico guatemalteco llega a Barrio Escalante<\/h3>\t\t\t\t<\/div>\n\t\t\t\t<div class=\"elementor-element elementor-element-16797aaf elementor-widget elementor-widget-post-info\" data-id=\"16797aaf\" data-element_type=\"widget\" data-e-type=\"widget\" data-widget_type=\"post-info.default\">\n\t\t\t\t\t\t\t<ul class=\"elementor-inline-items elementor-icon-list-items elementor-post-info\">\n\t\t\t\t\t\t\t\t<li class=\"elementor-icon-list-item elementor-repeater-item-d588e75 elementor-inline-item\">\n\t\t\t\t\t\t\t\t\t\t<span class=\"elementor-icon-list-icon\">\n\t\t\t\t\t\t\t\t<svg aria-hidden=\"true\" class=\"e-font-icon-svg e-fas-map-marker-alt\" viewBox=\"0 0 384 512\" xmlns=\"http:\/\/www.w3.org\/2000\/svg\"><path d=\"M172.268 501.67C26.97 291.031 0 269.413 0 192 0 85.961 85.961 0 192 0s192 85.961 192 192c0 77.413-26.97 99.031-172.268 309.67-9.535 13.774-29.93 13.773-39.464 0zM192 272c44.183 0 80-35.817 80-80s-35.817-80-80-80-80 35.817-80 80 35.817 80 80 80z\"><\/path><\/svg>\t\t\t\t\t\t\t<\/span>\n\t\t\t\t\t\t\t\t\t<span class=\"elementor-icon-list-text elementor-post-info__item elementor-post-info__item--type-custom\">\n\t\t\t\t\t\t\t\t\t\tBarrio Escalante\t\t\t\t\t<\/span>\n\t\t\t\t\t\t\t\t<\/li>\n\t\t\t\t<\/ul>\n\t\t\t\t\t\t<\/div>\n\t\t\t\t<div class=\"elementor-element elementor-element-4e149fda elementor-widget elementor-widget-theme-post-excerpt\" data-id=\"4e149fda\" data-element_type=\"widget\" data-e-type=\"widget\" data-widget_type=\"theme-post-excerpt.default\">\n\t\t\t\t\t<p>Del 21 al 30 de agosto, Barrio Escalante acoger\u00e1 un festival gastron\u00f3mico...\t\t\t\t<\/div>\n\t\t\t\t<\/div>\n\t\t\t\t<div class=\"elementor-element elementor-element-7e90e096 elementor-align-justify elementor-widget__width-inherit elementor-widget elementor-widget-button\" data-id=\"7e90e096\" data-element_type=\"widget\" data-e-type=\"widget\" data-widget_type=\"button.default\">\n\t\t\t\t\t\t\t\t\t\t<a class=\"elementor-button elementor-button-link elementor-size-sm\" href=\"https:\/\/peopleofcostarica.com\/fr\/agenda\/un-festival-gastronomico-guatemalteco-llega-a-barrio-escalante\/\">\n\t\t\t\t\t\t<span class=\"elementor-button-content-wrapper\">\n\t\t\t\t\t\t\t\t\t<span class=\"elementor-button-text\">Event Details<\/span>\n\t\t\t\t\t<\/span>\n\t\t\t\t\t<\/a>\n\t\t\t\t\t\t\t\t<\/div>\n\t\t\t\t\t<\/div>\n\t\t\t\t<\/div>\n\t\t\t\t<\/div>\n\t\t\t\t<\/div>\n\t\t<\/div>\n\t\t\t\t\t<div class=\"elementor-swiper-button elementor-swiper-button-prev\" role=\"button\" tabindex=\"0\" aria-label=\"Pr\u00e9c\u00e9dent\">\n\t\t\t\t<svg aria-hidden=\"true\" class=\"e-font-icon-svg e-eicon-chevron-left\" viewBox=\"0 0 1000 1000\" xmlns=\"http:\/\/www.w3.org\/2000\/svg\"><path d=\"M646 125C629 125 613 133 604 142L308 442C296 454 292 471 292 487 292 504 296 521 308 533L604 854C617 867 629 875 646 875 663 875 679 871 692 858 704 846 713 829 713 812 713 796 708 779 692 767L438 487 692 225C700 217 708 204 708 187 708 171 704 154 692 142 675 129 663 125 646 125Z\"><\/path><\/svg>\t\t\t<\/div>\n\t\t\t<div class=\"elementor-swiper-button elementor-swiper-button-next\" role=\"button\" tabindex=\"0\" aria-label=\"Suivant\">\n\t\t\t\t<svg aria-hidden=\"true\" class=\"e-font-icon-svg e-eicon-chevron-right\" viewBox=\"0 0 1000 1000\" xmlns=\"http:\/\/www.w3.org\/2000\/svg\"><path d=\"M696 533C708 521 713 504 713 487 713 471 708 454 696 446L400 146C388 133 375 125 354 125 338 125 325 129 313 142 300 154 292 171 292 187 292 204 296 221 308 233L563 492 304 771C292 783 288 800 288 817 288 833 296 850 308 863 321 871 338 875 354 875 371 875 388 867 400 854L696 533Z\"><\/path><\/svg>\t\t\t<\/div>\n\t\t\t\t\t<div class=\"swiper-pagination\"><\/div>\n\t\t\t\t\t\t<\/div>\n\t\t\t\t\t<\/div>\n\t\t\t\t<\/div>\n\t\t<div class=\"elementor-element elementor-element-d2cabc4 e-flex e-con-boxed e-con e-parent\" data-id=\"d2cabc4\" data-element_type=\"container\" data-e-type=\"container\" data-settings=\"{&quot;background_background&quot;:&quot;classic&quot;}\">\n\t\t\t\t\t<div class=\"e-con-inner\">\n\t\t<div class=\"elementor-element elementor-element-e97bb65 e-con-full e-flex e-con e-child\" data-id=\"e97bb65\" data-element_type=\"container\" data-e-type=\"container\">\n\t\t\t\t<div class=\"elementor-element elementor-element-8971a9f elementor-position-inline-start elementor-mobile-position-inline-start elementor-view-default elementor-widget elementor-widget-icon-box\" data-id=\"8971a9f\" data-element_type=\"widget\" data-e-type=\"widget\" data-widget_type=\"icon-box.default\">\n\t\t\t\t\t\t\t<div class=\"elementor-icon-box-wrapper\">\n\n\t\t\t\t\t\t<div class=\"elementor-icon-box-icon\">\n\t\t\t\t<span  class=\"elementor-icon\">\n\t\t\t\t<svg aria-hidden=\"true\" class=\"e-font-icon-svg e-fas-clock\" viewBox=\"0 0 512 512\" xmlns=\"http:\/\/www.w3.org\/2000\/svg\"><path d=\"M256,8C119,8,8,119,8,256S119,504,256,504,504,393,504,256,393,8,256,8Zm92.49,313h0l-20,25a16,16,0,0,1-22.49,2.5h0l-67-49.72a40,40,0,0,1-15-31.23V112a16,16,0,0,1,16-16h32a16,16,0,0,1,16,16V256l58,42.5A16,16,0,0,1,348.49,321Z\"><\/path><\/svg>\t\t\t\t<\/span>\n\t\t\t<\/div>\n\t\t\t\n\t\t\t\t\t\t<div class=\"elementor-icon-box-content\">\n\n\t\t\t\t\t\t\t\t\t<h2 class=\"elementor-icon-box-title\">\n\t\t\t\t\t\t<span  >\n\t\t\t\t\t\t\tRacines &amp; Origines\t\t\t\t\t\t<\/span>\n\t\t\t\t\t<\/h2>\n\t\t\t\t\n\t\t\t\t\t\t\t\t\t<p class=\"elementor-icon-box-description\">\n\t\t\t\t\t\tComprendre l\u2019histoire qui a fa\u00e7onn\u00e9 le peuple.\t\t\t\t\t<\/p>\n\t\t\t\t\n\t\t\t<\/div>\n\t\t\t\n\t\t<\/div>\n\t\t\t\t\t\t<\/div>\n\t\t\t\t<div class=\"elementor-element elementor-element-557d576 elementor-hidden-mobile_extra elementor-hidden-mobile elementor-widget elementor-widget-heading\" data-id=\"557d576\" data-element_type=\"widget\" data-e-type=\"widget\" data-widget_type=\"heading.default\">\n\t\t\t\t\t<p class=\"elementor-heading-title elementor-size-default\"><a href=\"https:\/\/peopleofcostarica.com\/fr\/histoire\/\">Explorer la Chronologie<\/a><\/p>\t\t\t\t<\/div>\n\t\t\t\t<\/div>\n\t\t\t\t<div class=\"elementor-element elementor-element-1c2d9b6 elementor-grid-3 elementor-grid-tablet-1 elementor-grid-mobile-1 elementor-widget elementor-widget-loop-grid\" data-id=\"1c2d9b6\" data-element_type=\"widget\" data-e-type=\"widget\" data-settings=\"{&quot;template_id&quot;:10002,&quot;columns&quot;:3,&quot;columns_tablet&quot;:1,&quot;_skin&quot;:&quot;post&quot;,&quot;columns_mobile&quot;:&quot;1&quot;,&quot;edit_handle_selector&quot;:&quot;[data-elementor-type=\\&quot;loop-item\\&quot;]&quot;,&quot;row_gap&quot;:{&quot;unit&quot;:&quot;px&quot;,&quot;size&quot;:&quot;&quot;,&quot;sizes&quot;:[]},&quot;row_gap_tablet_extra&quot;:{&quot;unit&quot;:&quot;px&quot;,&quot;size&quot;:&quot;&quot;,&quot;sizes&quot;:[]},&quot;row_gap_tablet&quot;:{&quot;unit&quot;:&quot;px&quot;,&quot;size&quot;:&quot;&quot;,&quot;sizes&quot;:[]},&quot;row_gap_mobile_extra&quot;:{&quot;unit&quot;:&quot;px&quot;,&quot;size&quot;:&quot;&quot;,&quot;sizes&quot;:[]},&quot;row_gap_mobile&quot;:{&quot;unit&quot;:&quot;px&quot;,&quot;size&quot;:&quot;&quot;,&quot;sizes&quot;:[]}}\" data-widget_type=\"loop-grid.post\">\n\t\t\t\t<div class=\"elementor-widget-container\">\n\t\t\t\t\t\t\t<div class=\"elementor-loop-container elementor-grid\" role=\"list\">\n\t\t<style id=\"loop-10002\">.elementor-10002 .elementor-element.elementor-element-1f734a03{--display:flex;--gap:8px 8px;--row-gap:8px;--column-gap:8px;--border-radius:12px 12px 12px 12px;--padding-top:24px;--padding-bottom:24px;--padding-left:24px;--padding-right:24px;}.elementor-10002 .elementor-element.elementor-element-1f734a03:not(.elementor-motion-effects-element-type-background), .elementor-10002 .elementor-element.elementor-element-1f734a03 > .elementor-motion-effects-container > .elementor-motion-effects-layer{background-color:var( --e-global-color-45599eb );}.elementor-widget-theme-post-title .elementor-heading-title{font-family:var( --e-global-typography-primary-font-family ), Sans-serif;font-size:var( --e-global-typography-primary-font-size );font-weight:var( --e-global-typography-primary-font-weight );line-height:var( --e-global-typography-primary-line-height );color:var( --e-global-color-primary );}.elementor-10002 .elementor-element.elementor-element-4802dcd0 .elementor-heading-title{font-family:var( --e-global-typography-c957309-font-family ), Sans-serif;font-size:var( --e-global-typography-c957309-font-size );font-weight:var( --e-global-typography-c957309-font-weight );line-height:var( --e-global-typography-c957309-line-height );letter-spacing:var( --e-global-typography-c957309-letter-spacing );word-spacing:var( --e-global-typography-c957309-word-spacing );}.elementor-widget-theme-post-excerpt{font-family:var( --e-global-typography-text-font-family ), Sans-serif;font-size:var( --e-global-typography-text-font-size );font-weight:var( --e-global-typography-text-font-weight );line-height:var( --e-global-typography-text-line-height );color:var( --e-global-color-text );}.elementor-widget-button .elementor-button{font-family:var( --e-global-typography-accent-font-family ), Sans-serif;font-size:var( --e-global-typography-accent-font-size );font-weight:var( --e-global-typography-accent-font-weight );line-height:var( --e-global-typography-accent-line-height );background-color:var( --e-global-color-accent );}.elementor-10002 .elementor-element.elementor-element-7dc628d .elementor-button{font-family:var( --e-global-typography-accent-font-family ), Sans-serif;font-size:var( --e-global-typography-accent-font-size );font-weight:var( --e-global-typography-accent-font-weight );line-height:var( --e-global-typography-accent-line-height );fill:var( --e-global-color-primary );color:var( --e-global-color-primary );background-color:#125C4400;border-style:none;padding:0px 0px 0px 0px;}@media(max-width:1024px){.elementor-widget-theme-post-title .elementor-heading-title{font-size:var( --e-global-typography-primary-font-size );line-height:var( --e-global-typography-primary-line-height );}.elementor-10002 .elementor-element.elementor-element-4802dcd0 .elementor-heading-title{font-size:var( --e-global-typography-c957309-font-size );line-height:var( --e-global-typography-c957309-line-height );letter-spacing:var( --e-global-typography-c957309-letter-spacing );word-spacing:var( --e-global-typography-c957309-word-spacing );}.elementor-widget-theme-post-excerpt{font-size:var( --e-global-typography-text-font-size );line-height:var( --e-global-typography-text-line-height );}.elementor-widget-button .elementor-button{font-size:var( --e-global-typography-accent-font-size );line-height:var( --e-global-typography-accent-line-height );}.elementor-10002 .elementor-element.elementor-element-7dc628d .elementor-button{font-size:var( --e-global-typography-accent-font-size );line-height:var( --e-global-typography-accent-line-height );}}@media(max-width:767px){.elementor-widget-theme-post-title .elementor-heading-title{font-size:var( --e-global-typography-primary-font-size );line-height:var( --e-global-typography-primary-line-height );}.elementor-10002 .elementor-element.elementor-element-4802dcd0 .elementor-heading-title{font-size:var( --e-global-typography-c957309-font-size );line-height:var( --e-global-typography-c957309-line-height );letter-spacing:var( --e-global-typography-c957309-letter-spacing );word-spacing:var( --e-global-typography-c957309-word-spacing );}.elementor-widget-theme-post-excerpt{font-size:var( --e-global-typography-text-font-size );line-height:var( --e-global-typography-text-line-height );}.elementor-widget-button .elementor-button{font-size:var( --e-global-typography-accent-font-size );line-height:var( --e-global-typography-accent-line-height );}.elementor-10002 .elementor-element.elementor-element-7dc628d .elementor-button{font-size:var( --e-global-typography-accent-font-size );line-height:var( --e-global-typography-accent-line-height );}}\/* Start custom CSS for button, class: .elementor-element-7dc628d *\/.elementor-10002 .elementor-element.elementor-element-7dc628d .elementor-button-text:hover{\n    text-decoration: underline;\n}\/* End custom CSS *\/<\/style>\t\t<div data-elementor-type=\"loop-item\" data-elementor-id=\"10002\" class=\"elementor elementor-10002 e-loop-item e-loop-item-9193 post-9193 history type-history status-publish has-post-thumbnail hentry\" data-elementor-post-type=\"elementor_library\" data-custom-edit-handle=\"1\">\n\t\t\t<div class=\"elementor-element elementor-element-1f734a03 e-flex e-con-boxed e-con e-parent\" data-id=\"1f734a03\" data-element_type=\"container\" data-e-type=\"container\" data-settings=\"{&quot;background_background&quot;:&quot;classic&quot;}\">\n\t\t\t\t\t<div class=\"e-con-inner\">\n\t\t\t\t<div class=\"elementor-element elementor-element-4802dcd0 elementor-widget elementor-widget-theme-post-title elementor-page-title elementor-widget-heading\" data-id=\"4802dcd0\" data-element_type=\"widget\" data-e-type=\"widget\" data-widget_type=\"theme-post-title.default\">\n\t\t\t\t\t<h3 class=\"elementor-heading-title elementor-size-default\">Braulio Carrillo Colina\u00a0: Architecte de l\u2019\u00c9tat Costaricien<\/h3>\t\t\t\t<\/div>\n\t\t\t\t<div class=\"elementor-element elementor-element-4b71f781 elementor-widget elementor-widget-theme-post-excerpt\" data-id=\"4b71f781\" data-element_type=\"widget\" data-e-type=\"widget\" data-widget_type=\"theme-post-excerpt.default\">\n\t\t\t\t\t<p>1. La Naissance d\u2019une Nation&nbsp;: le Costa Rica au Carrefour Centram\u00e9ricain L\u2019histoire du Costa Rica moderne ne peut \u00eatre comprise\t\t\t\t<\/div>\n\t\t\t\t<div class=\"elementor-element elementor-element-7dc628d elementor-widget elementor-widget-button\" data-id=\"7dc628d\" data-element_type=\"widget\" data-e-type=\"widget\" data-widget_type=\"button.default\">\n\t\t\t\t\t\t\t\t\t\t<a class=\"elementor-button elementor-button-link elementor-size-sm\" href=\"https:\/\/peopleofcostarica.com\/fr\/?p=9193\">\n\t\t\t\t\t\t<span class=\"elementor-button-content-wrapper\">\n\t\t\t\t\t\t\t\t\t<span class=\"elementor-button-text\">Read More<\/span>\n\t\t\t\t\t<\/span>\n\t\t\t\t\t<\/a>\n\t\t\t\t\t\t\t\t<\/div>\n\t\t\t\t\t<\/div>\n\t\t\t\t<\/div>\n\t\t\t\t<\/div>\n\t\t\t\t<div data-elementor-type=\"loop-item\" data-elementor-id=\"10002\" class=\"elementor elementor-10002 e-loop-item e-loop-item-9186 post-9186 history type-history status-publish has-post-thumbnail hentry\" data-elementor-post-type=\"elementor_library\" data-custom-edit-handle=\"1\">\n\t\t\t<div class=\"elementor-element elementor-element-1f734a03 e-flex e-con-boxed e-con e-parent\" data-id=\"1f734a03\" data-element_type=\"container\" data-e-type=\"container\" data-settings=\"{&quot;background_background&quot;:&quot;classic&quot;}\">\n\t\t\t\t\t<div class=\"e-con-inner\">\n\t\t\t\t<div class=\"elementor-element elementor-element-4802dcd0 elementor-widget elementor-widget-theme-post-title elementor-page-title elementor-widget-heading\" data-id=\"4802dcd0\" data-element_type=\"widget\" data-e-type=\"widget\" data-widget_type=\"theme-post-title.default\">\n\t\t\t\t\t<h3 class=\"elementor-heading-title elementor-size-default\">Braulio Carrillo Colina: Architect of the Costa Rican State<\/h3>\t\t\t\t<\/div>\n\t\t\t\t<div class=\"elementor-element elementor-element-4b71f781 elementor-widget elementor-widget-theme-post-excerpt\" data-id=\"4b71f781\" data-element_type=\"widget\" data-e-type=\"widget\" data-widget_type=\"theme-post-excerpt.default\">\n\t\t\t\t\t<p>1. The Birth of a Nation: Costa Rica at the Central American Crossroads The history of modern Costa Rica cannot\t\t\t\t<\/div>\n\t\t\t\t<div class=\"elementor-element elementor-element-7dc628d elementor-widget elementor-widget-button\" data-id=\"7dc628d\" data-element_type=\"widget\" data-e-type=\"widget\" data-widget_type=\"button.default\">\n\t\t\t\t\t\t\t\t\t\t<a class=\"elementor-button elementor-button-link elementor-size-sm\" href=\"https:\/\/peopleofcostarica.com\/?p=9186\">\n\t\t\t\t\t\t<span class=\"elementor-button-content-wrapper\">\n\t\t\t\t\t\t\t\t\t<span class=\"elementor-button-text\">Read More<\/span>\n\t\t\t\t\t<\/span>\n\t\t\t\t\t<\/a>\n\t\t\t\t\t\t\t\t<\/div>\n\t\t\t\t\t<\/div>\n\t\t\t\t<\/div>\n\t\t\t\t<\/div>\n\t\t\t\t<\/div>\n\t\t\n\t\t\t\t\t\t<\/div>\n\t\t\t\t<\/div>\n\t\t\t\t\t<\/div>\n\t\t\t\t<\/div>\n\t\t<div class=\"elementor-element elementor-element-2659451 e-flex e-con-boxed e-con e-parent\" data-id=\"2659451\" data-element_type=\"container\" data-e-type=\"container\">\n\t\t\t\t\t<div class=\"e-con-inner\">\n\t\t<div class=\"elementor-element elementor-element-8ef4740 e-con-full e-flex e-con e-child\" data-id=\"8ef4740\" data-element_type=\"container\" data-e-type=\"container\">\n\t\t<div class=\"elementor-element elementor-element-d83189d e-con-full e-flex e-con e-child\" data-id=\"d83189d\" data-element_type=\"container\" data-e-type=\"container\">\n\t\t\t\t<div class=\"elementor-element elementor-element-d93a3ac elementor-position-inline-start elementor-mobile-position-inline-start elementor-view-default elementor-widget elementor-widget-icon-box\" data-id=\"d93a3ac\" data-element_type=\"widget\" data-e-type=\"widget\" data-widget_type=\"icon-box.default\">\n\t\t\t\t\t\t\t<div class=\"elementor-icon-box-wrapper\">\n\n\t\t\t\t\t\t<div class=\"elementor-icon-box-icon\">\n\t\t\t\t<span  class=\"elementor-icon\">\n\t\t\t\t<svg aria-hidden=\"true\" class=\"e-font-icon-svg e-far-calendar-alt\" viewBox=\"0 0 448 512\" xmlns=\"http:\/\/www.w3.org\/2000\/svg\"><path d=\"M148 288h-40c-6.6 0-12-5.4-12-12v-40c0-6.6 5.4-12 12-12h40c6.6 0 12 5.4 12 12v40c0 6.6-5.4 12-12 12zm108-12v-40c0-6.6-5.4-12-12-12h-40c-6.6 0-12 5.4-12 12v40c0 6.6 5.4 12 12 12h40c6.6 0 12-5.4 12-12zm96 0v-40c0-6.6-5.4-12-12-12h-40c-6.6 0-12 5.4-12 12v40c0 6.6 5.4 12 12 12h40c6.6 0 12-5.4 12-12zm-96 96v-40c0-6.6-5.4-12-12-12h-40c-6.6 0-12 5.4-12 12v40c0 6.6 5.4 12 12 12h40c6.6 0 12-5.4 12-12zm-96 0v-40c0-6.6-5.4-12-12-12h-40c-6.6 0-12 5.4-12 12v40c0 6.6 5.4 12 12 12h40c6.6 0 12-5.4 12-12zm192 0v-40c0-6.6-5.4-12-12-12h-40c-6.6 0-12 5.4-12 12v40c0 6.6 5.4 12 12 12h40c6.6 0 12-5.4 12-12zm96-260v352c0 26.5-21.5 48-48 48H48c-26.5 0-48-21.5-48-48V112c0-26.5 21.5-48 48-48h48V12c0-6.6 5.4-12 12-12h40c6.6 0 12 5.4 12 12v52h128V12c0-6.6 5.4-12 12-12h40c6.6 0 12 5.4 12 12v52h48c26.5 0 48 21.5 48 48zm-48 346V160H48v298c0 3.3 2.7 6 6 6h340c3.3 0 6-2.7 6-6z\"><\/path><\/svg>\t\t\t\t<\/span>\n\t\t\t<\/div>\n\t\t\t\n\t\t\t\t\t\t<div class=\"elementor-icon-box-content\">\n\n\t\t\t\t\t\t\t\t\t<h2 class=\"elementor-icon-box-title\">\n\t\t\t\t\t\t<span  >\n\t\t\t\t\t\t\tThe Local Beat\u200b\t\t\t\t\t\t<\/span>\n\t\t\t\t\t<\/h2>\n\t\t\t\t\n\t\t\t\t\t\t\t\t\t<p class=\"elementor-icon-box-description\">\n\t\t\t\t\t\tLes \u00e9v\u00e9nements de cette semaine\t\t\t\t\t<\/p>\n\t\t\t\t\n\t\t\t<\/div>\n\t\t\t\n\t\t<\/div>\n\t\t\t\t\t\t<\/div>\n\t\t\t\t<\/div>\n\t\t\t\t<div class=\"elementor-element elementor-element-4002621 elementor-grid-1 elementor-grid-tablet-1 elementor-grid-mobile-1 elementor-widget elementor-widget-loop-grid\" data-id=\"4002621\" data-element_type=\"widget\" data-e-type=\"widget\" data-settings=\"{&quot;template_id&quot;:10231,&quot;columns&quot;:1,&quot;columns_tablet&quot;:1,&quot;_skin&quot;:&quot;post&quot;,&quot;columns_mobile&quot;:&quot;1&quot;,&quot;edit_handle_selector&quot;:&quot;[data-elementor-type=\\&quot;loop-item\\&quot;]&quot;,&quot;row_gap&quot;:{&quot;unit&quot;:&quot;px&quot;,&quot;size&quot;:&quot;&quot;,&quot;sizes&quot;:[]},&quot;row_gap_tablet_extra&quot;:{&quot;unit&quot;:&quot;px&quot;,&quot;size&quot;:&quot;&quot;,&quot;sizes&quot;:[]},&quot;row_gap_tablet&quot;:{&quot;unit&quot;:&quot;px&quot;,&quot;size&quot;:&quot;&quot;,&quot;sizes&quot;:[]},&quot;row_gap_mobile_extra&quot;:{&quot;unit&quot;:&quot;px&quot;,&quot;size&quot;:&quot;&quot;,&quot;sizes&quot;:[]},&quot;row_gap_mobile&quot;:{&quot;unit&quot;:&quot;px&quot;,&quot;size&quot;:&quot;&quot;,&quot;sizes&quot;:[]}}\" data-widget_type=\"loop-grid.post\">\n\t\t\t\t<div class=\"elementor-widget-container\">\n\t\t\t\t\t\t\t<div class=\"elementor-loop-container elementor-grid\" role=\"list\">\n\t\t<style id=\"loop-10231\">.elementor-10231 .elementor-element.elementor-element-2d2d8857{--display:flex;--flex-direction:column;--container-widget-width:100%;--container-widget-height:initial;--container-widget-flex-grow:0;--container-widget-align-self:initial;--flex-wrap-mobile:wrap;--gap:0px 0px;--row-gap:0px;--column-gap:0px;border-style:solid;--border-style:solid;border-width:0px 0px 0px 4px;--border-top-width:0px;--border-right-width:0px;--border-bottom-width:0px;--border-left-width:4px;border-color:#125C4480;--border-color:#125C4480;--padding-top:0px;--padding-bottom:0px;--padding-left:16px;--padding-right:0px;}.elementor-widget-post-info .elementor-icon-list-item:not(:last-child):after{border-color:var( --e-global-color-text );}.elementor-widget-post-info .elementor-icon-list-icon i{color:var( --e-global-color-primary );}.elementor-widget-post-info .elementor-icon-list-icon svg{fill:var( --e-global-color-primary );}.elementor-widget-post-info .elementor-icon-list-text, .elementor-widget-post-info .elementor-icon-list-text a{color:var( --e-global-color-secondary );}.elementor-widget-post-info .elementor-icon-list-item{font-family:var( --e-global-typography-text-font-family ), Sans-serif;font-size:var( --e-global-typography-text-font-size );font-weight:var( --e-global-typography-text-font-weight );line-height:var( --e-global-typography-text-line-height );}.elementor-10231 .elementor-element.elementor-element-314fd954 .elementor-icon-list-item:not(:last-child):after{content:\"\";border-color:var( --e-global-color-19df3cb );}.elementor-10231 .elementor-element.elementor-element-314fd954 .elementor-icon-list-items:not(.elementor-inline-items) .elementor-icon-list-item:not(:last-child):after{border-top-style:solid;border-top-width:1px;}.elementor-10231 .elementor-element.elementor-element-314fd954 .elementor-icon-list-items.elementor-inline-items .elementor-icon-list-item:not(:last-child):after{border-left-style:solid;}.elementor-10231 .elementor-element.elementor-element-314fd954 .elementor-inline-items .elementor-icon-list-item:not(:last-child):after{border-left-width:1px;}.elementor-10231 .elementor-element.elementor-element-314fd954 .elementor-icon-list-icon{width:14px;}.elementor-10231 .elementor-element.elementor-element-314fd954 .elementor-icon-list-icon i{font-size:14px;}.elementor-10231 .elementor-element.elementor-element-314fd954 .elementor-icon-list-icon svg{--e-icon-list-icon-size:14px;}.elementor-10231 .elementor-element.elementor-element-314fd954 .elementor-icon-list-text, .elementor-10231 .elementor-element.elementor-element-314fd954 .elementor-icon-list-text a{color:var( --e-global-color-19df3cb );}.elementor-10231 .elementor-element.elementor-element-314fd954 .elementor-icon-list-item{font-family:\"Inter\", Sans-serif;font-size:0.75rem;font-weight:700;text-transform:uppercase;line-height:1.75rem;}.elementor-widget-theme-post-title .elementor-heading-title{font-family:var( --e-global-typography-primary-font-family ), Sans-serif;font-size:var( --e-global-typography-primary-font-size );font-weight:var( --e-global-typography-primary-font-weight );line-height:var( --e-global-typography-primary-line-height );color:var( --e-global-color-primary );}.elementor-10231 .elementor-element.elementor-element-2f60ca6b .elementor-heading-title{font-family:var( --e-global-typography-c957309-font-family ), Sans-serif;font-size:var( --e-global-typography-c957309-font-size );font-weight:var( --e-global-typography-c957309-font-weight );line-height:var( --e-global-typography-c957309-line-height );letter-spacing:var( --e-global-typography-c957309-letter-spacing );word-spacing:var( --e-global-typography-c957309-word-spacing );}@media(max-width:1024px){.elementor-widget-post-info .elementor-icon-list-item{font-size:var( --e-global-typography-text-font-size );line-height:var( --e-global-typography-text-line-height );}.elementor-widget-theme-post-title .elementor-heading-title{font-size:var( --e-global-typography-primary-font-size );line-height:var( --e-global-typography-primary-line-height );}.elementor-10231 .elementor-element.elementor-element-2f60ca6b .elementor-heading-title{font-size:var( --e-global-typography-c957309-font-size );line-height:var( --e-global-typography-c957309-line-height );letter-spacing:var( --e-global-typography-c957309-letter-spacing );word-spacing:var( --e-global-typography-c957309-word-spacing );}}@media(max-width:767px){.elementor-widget-post-info .elementor-icon-list-item{font-size:var( --e-global-typography-text-font-size );line-height:var( --e-global-typography-text-line-height );}.elementor-widget-theme-post-title .elementor-heading-title{font-size:var( --e-global-typography-primary-font-size );line-height:var( --e-global-typography-primary-line-height );}.elementor-10231 .elementor-element.elementor-element-2f60ca6b .elementor-heading-title{font-size:var( --e-global-typography-c957309-font-size );line-height:var( --e-global-typography-c957309-line-height );letter-spacing:var( --e-global-typography-c957309-letter-spacing );word-spacing:var( --e-global-typography-c957309-word-spacing );}}<\/style>\t\t<div data-elementor-type=\"loop-item\" data-elementor-id=\"10231\" class=\"elementor elementor-10231 e-loop-item e-loop-item-15979 post-15979 agenda type-agenda status-publish has-post-thumbnail hentry\" data-elementor-post-type=\"elementor_library\" data-custom-edit-handle=\"1\">\n\t\t\t<a class=\"elementor-element elementor-element-2d2d8857 e-flex e-con-boxed e-con e-parent\" data-id=\"2d2d8857\" data-element_type=\"container\" data-e-type=\"container\" href=\"https:\/\/peopleofcostarica.com\/fr\/agenda\/expo-pococi-2026-reunira-tradition-culture-et-divertissement-a-guapiles\/\">\n\t\t\t\t\t<div class=\"e-con-inner\">\n\t\t\t\t<div class=\"elementor-element elementor-element-314fd954 elementor-align-left elementor-widget elementor-widget-post-info\" data-id=\"314fd954\" data-element_type=\"widget\" data-e-type=\"widget\" data-widget_type=\"post-info.default\">\n\t\t\t\t\t\t\t<ul class=\"elementor-inline-items elementor-icon-list-items elementor-post-info\">\n\t\t\t\t\t\t\t\t<li class=\"elementor-icon-list-item elementor-repeater-item-56edd92 elementor-inline-item\">\n\t\t\t\t\t\t\t\t\t\t\t\t\t<span class=\"elementor-icon-list-text elementor-post-info__item elementor-post-info__item--type-custom\">\n\t\t\t\t\t\t\t\t\t\t2026-09-09\t\t\t\t\t<\/span>\n\t\t\t\t\t\t\t\t<\/li>\n\t\t\t\t<\/ul>\n\t\t\t\t\t\t<\/div>\n\t\t\t\t<div class=\"elementor-element elementor-element-2f60ca6b elementor-widget elementor-widget-theme-post-title elementor-page-title elementor-widget-heading\" data-id=\"2f60ca6b\" data-element_type=\"widget\" data-e-type=\"widget\" data-widget_type=\"theme-post-title.default\">\n\t\t\t\t\t<h3 class=\"elementor-heading-title elementor-size-default\">Expo Pococ\u00ed 2026 r\u00e9unira tradition, culture et divertissement \u00e0 Gu\u00e1piles<\/h3>\t\t\t\t<\/div>\n\t\t\t\t\t<\/div>\n\t\t\t\t<\/a>\n\t\t\t\t<\/div>\n\t\t\t\t<div data-elementor-type=\"loop-item\" data-elementor-id=\"10231\" class=\"elementor elementor-10231 e-loop-item e-loop-item-15931 post-15931 agenda type-agenda status-publish has-post-thumbnail hentry\" data-elementor-post-type=\"elementor_library\" data-custom-edit-handle=\"1\">\n\t\t\t<a class=\"elementor-element elementor-element-2d2d8857 e-flex e-con-boxed e-con e-parent\" data-id=\"2d2d8857\" data-element_type=\"container\" data-e-type=\"container\" href=\"https:\/\/peopleofcostarica.com\/fr\/agenda\/des-courts-metrages-pour-raconter-des-histoires-sur-la-faune-sauvage\/\">\n\t\t\t\t\t<div class=\"e-con-inner\">\n\t\t\t\t<div class=\"elementor-element elementor-element-314fd954 elementor-align-left elementor-widget elementor-widget-post-info\" data-id=\"314fd954\" data-element_type=\"widget\" data-e-type=\"widget\" data-widget_type=\"post-info.default\">\n\t\t\t\t\t\t\t<ul class=\"elementor-inline-items elementor-icon-list-items elementor-post-info\">\n\t\t\t\t\t\t\t\t<li class=\"elementor-icon-list-item elementor-repeater-item-56edd92 elementor-inline-item\">\n\t\t\t\t\t\t\t\t\t\t\t\t\t<span class=\"elementor-icon-list-text elementor-post-info__item elementor-post-info__item--type-custom\">\n\t\t\t\t\t\t\t\t\t\t2026-09-17\t\t\t\t\t<\/span>\n\t\t\t\t\t\t\t\t<\/li>\n\t\t\t\t<\/ul>\n\t\t\t\t\t\t<\/div>\n\t\t\t\t<div class=\"elementor-element elementor-element-2f60ca6b elementor-widget elementor-widget-theme-post-title elementor-page-title elementor-widget-heading\" data-id=\"2f60ca6b\" data-element_type=\"widget\" data-e-type=\"widget\" data-widget_type=\"theme-post-title.default\">\n\t\t\t\t\t<h3 class=\"elementor-heading-title elementor-size-default\">Des courts m\u00e9trages pour raconter des histoires sur la faune sauvage<\/h3>\t\t\t\t<\/div>\n\t\t\t\t\t<\/div>\n\t\t\t\t<\/a>\n\t\t\t\t<\/div>\n\t\t\t\t<div data-elementor-type=\"loop-item\" data-elementor-id=\"10231\" class=\"elementor elementor-10231 e-loop-item e-loop-item-15837 post-15837 agenda type-agenda status-publish has-post-thumbnail hentry\" data-elementor-post-type=\"elementor_library\" data-custom-edit-handle=\"1\">\n\t\t\t<a class=\"elementor-element elementor-element-2d2d8857 e-flex e-con-boxed e-con e-parent\" data-id=\"2d2d8857\" data-element_type=\"container\" data-e-type=\"container\" href=\"https:\/\/peopleofcostarica.com\/fr\/agenda\/la-fiesta-de-la-lectura-costa-rica-reunira-livres-auteurs-et-cultures-en-septembre\/\">\n\t\t\t\t\t<div class=\"e-con-inner\">\n\t\t\t\t<div class=\"elementor-element elementor-element-314fd954 elementor-align-left elementor-widget elementor-widget-post-info\" data-id=\"314fd954\" data-element_type=\"widget\" data-e-type=\"widget\" data-widget_type=\"post-info.default\">\n\t\t\t\t\t\t\t<ul class=\"elementor-inline-items elementor-icon-list-items elementor-post-info\">\n\t\t\t\t\t\t\t\t<li class=\"elementor-icon-list-item elementor-repeater-item-56edd92 elementor-inline-item\">\n\t\t\t\t\t\t\t\t\t\t\t\t\t<span class=\"elementor-icon-list-text elementor-post-info__item elementor-post-info__item--type-custom\">\n\t\t\t\t\t\t\t\t\t\t2026-09-11\t\t\t\t\t<\/span>\n\t\t\t\t\t\t\t\t<\/li>\n\t\t\t\t<\/ul>\n\t\t\t\t\t\t<\/div>\n\t\t\t\t<div class=\"elementor-element elementor-element-2f60ca6b elementor-widget elementor-widget-theme-post-title elementor-page-title elementor-widget-heading\" data-id=\"2f60ca6b\" data-element_type=\"widget\" data-e-type=\"widget\" data-widget_type=\"theme-post-title.default\">\n\t\t\t\t\t<h3 class=\"elementor-heading-title elementor-size-default\">La Fiesta de la Lectura Costa Rica r\u00e9unira livres, auteurs et cultures en septembre<\/h3>\t\t\t\t<\/div>\n\t\t\t\t\t<\/div>\n\t\t\t\t<\/a>\n\t\t\t\t<\/div>\n\t\t\t\t<\/div>\n\t\t\n\t\t\t\t\t\t<\/div>\n\t\t\t\t<\/div>\n\t\t\t\t<\/div>\n\t\t<div class=\"elementor-element elementor-element-471ad5b e-con-full e-flex e-con e-child\" data-id=\"471ad5b\" data-element_type=\"container\" data-e-type=\"container\">\n\t\t\t\t<div class=\"elementor-element elementor-element-1507b4d elementor-grid-1 elementor-grid-tablet-1 elementor-grid-mobile-1 elementor-widget elementor-widget-loop-grid\" data-id=\"1507b4d\" data-element_type=\"widget\" data-e-type=\"widget\" data-settings=\"{&quot;template_id&quot;:10243,&quot;columns&quot;:1,&quot;columns_tablet&quot;:1,&quot;_skin&quot;:&quot;post&quot;,&quot;columns_mobile&quot;:&quot;1&quot;,&quot;edit_handle_selector&quot;:&quot;[data-elementor-type=\\&quot;loop-item\\&quot;]&quot;,&quot;row_gap&quot;:{&quot;unit&quot;:&quot;px&quot;,&quot;size&quot;:&quot;&quot;,&quot;sizes&quot;:[]},&quot;row_gap_tablet_extra&quot;:{&quot;unit&quot;:&quot;px&quot;,&quot;size&quot;:&quot;&quot;,&quot;sizes&quot;:[]},&quot;row_gap_tablet&quot;:{&quot;unit&quot;:&quot;px&quot;,&quot;size&quot;:&quot;&quot;,&quot;sizes&quot;:[]},&quot;row_gap_mobile_extra&quot;:{&quot;unit&quot;:&quot;px&quot;,&quot;size&quot;:&quot;&quot;,&quot;sizes&quot;:[]},&quot;row_gap_mobile&quot;:{&quot;unit&quot;:&quot;px&quot;,&quot;size&quot;:&quot;&quot;,&quot;sizes&quot;:[]}}\" data-widget_type=\"loop-grid.post\">\n\t\t\t\t<div class=\"elementor-widget-container\">\n\t\t\t\t\t\t\t<div class=\"elementor-loop-container elementor-grid\" role=\"list\">\n\t\t<style id=\"loop-10243\">.elementor-10243 .elementor-element.elementor-element-4896e356{--display:flex;--flex-direction:column;--container-widget-width:100%;--container-widget-height:initial;--container-widget-flex-grow:0;--container-widget-align-self:initial;--flex-wrap-mobile:wrap;--gap:16px 16px;--row-gap:16px;--column-gap:16px;--border-radius:12px 12px 12px 12px;--padding-top:24px;--padding-bottom:24px;--padding-left:24px;--padding-right:24px;}.elementor-10243 .elementor-element.elementor-element-4896e356:not(.elementor-motion-effects-element-type-background), .elementor-10243 .elementor-element.elementor-element-4896e356 > .elementor-motion-effects-container > .elementor-motion-effects-layer{background-color:var( --e-global-color-e95258d );}.elementor-widget-heading .elementor-heading-title{font-family:var( --e-global-typography-primary-font-family ), Sans-serif;font-size:var( --e-global-typography-primary-font-size );font-weight:var( --e-global-typography-primary-font-weight );line-height:var( --e-global-typography-primary-line-height );color:var( --e-global-color-primary );}.elementor-10243 .elementor-element.elementor-element-14138302 .elementor-heading-title{font-family:var( --e-global-typography-c957309-font-family ), Sans-serif;font-size:var( --e-global-typography-c957309-font-size );font-weight:var( --e-global-typography-c957309-font-weight );line-height:var( --e-global-typography-c957309-line-height );letter-spacing:var( --e-global-typography-c957309-letter-spacing );word-spacing:var( --e-global-typography-c957309-word-spacing );}.elementor-widget-theme-post-featured-image .widget-image-caption{color:var( --e-global-color-text );font-family:var( --e-global-typography-text-font-family ), Sans-serif;font-size:var( --e-global-typography-text-font-size );font-weight:var( --e-global-typography-text-font-weight );line-height:var( --e-global-typography-text-line-height );}.elementor-widget-theme-post-title .elementor-heading-title{font-family:var( --e-global-typography-primary-font-family ), Sans-serif;font-size:var( --e-global-typography-primary-font-size );font-weight:var( --e-global-typography-primary-font-weight );line-height:var( --e-global-typography-primary-line-height );color:var( --e-global-color-primary );}.elementor-10243 .elementor-element.elementor-element-1be99c96 .elementor-heading-title{font-family:\"Inter\", Sans-serif;font-size:0.875rem;font-weight:600;}.elementor-widget-theme-post-excerpt{font-family:var( --e-global-typography-text-font-family ), Sans-serif;font-size:var( --e-global-typography-text-font-size );font-weight:var( --e-global-typography-text-font-weight );line-height:var( --e-global-typography-text-line-height );color:var( --e-global-color-text );}.elementor-10243 .elementor-element.elementor-element-4b902cb3{font-family:\"Inter\", Sans-serif;font-size:0.75rem;font-weight:400;}.elementor-widget-button .elementor-button{font-family:var( --e-global-typography-accent-font-family ), Sans-serif;font-size:var( --e-global-typography-accent-font-size );font-weight:var( --e-global-typography-accent-font-weight );line-height:var( --e-global-typography-accent-line-height );background-color:var( --e-global-color-accent );}.elementor-10243 .elementor-element.elementor-element-431d9692 .elementor-button{fill:var( --e-global-color-text );color:var( --e-global-color-text );background-color:var( --e-global-color-e95258d );border-style:solid;border-width:1px 1px 1px 1px;border-color:var( --e-global-color-e8cae5f );}.elementor-10243 .elementor-element.elementor-element-431d9692 .elementor-button:hover, .elementor-10243 .elementor-element.elementor-element-431d9692 .elementor-button:focus{color:var( --e-global-color-text );background-color:var( --e-global-color-87eeb04 );}.elementor-10243 .elementor-element.elementor-element-431d9692 .elementor-button:hover svg, .elementor-10243 .elementor-element.elementor-element-431d9692 .elementor-button:focus svg{fill:var( --e-global-color-text );}.elementor-10243 .elementor-element.elementor-element-431d9692{width:100%;max-width:100%;}@media(max-width:1024px){.elementor-widget-heading .elementor-heading-title{font-size:var( --e-global-typography-primary-font-size );line-height:var( --e-global-typography-primary-line-height );}.elementor-10243 .elementor-element.elementor-element-14138302 .elementor-heading-title{font-size:var( --e-global-typography-c957309-font-size );line-height:var( --e-global-typography-c957309-line-height );letter-spacing:var( --e-global-typography-c957309-letter-spacing );word-spacing:var( --e-global-typography-c957309-word-spacing );}.elementor-widget-theme-post-featured-image .widget-image-caption{font-size:var( --e-global-typography-text-font-size );line-height:var( --e-global-typography-text-line-height );}.elementor-widget-theme-post-title .elementor-heading-title{font-size:var( --e-global-typography-primary-font-size );line-height:var( --e-global-typography-primary-line-height );}.elementor-widget-theme-post-excerpt{font-size:var( --e-global-typography-text-font-size );line-height:var( --e-global-typography-text-line-height );}.elementor-widget-button .elementor-button{font-size:var( --e-global-typography-accent-font-size );line-height:var( --e-global-typography-accent-line-height );}}@media(max-width:767px){.elementor-widget-heading .elementor-heading-title{font-size:var( --e-global-typography-primary-font-size );line-height:var( --e-global-typography-primary-line-height );}.elementor-10243 .elementor-element.elementor-element-14138302 .elementor-heading-title{font-size:var( --e-global-typography-c957309-font-size );line-height:var( --e-global-typography-c957309-line-height );letter-spacing:var( --e-global-typography-c957309-letter-spacing );word-spacing:var( --e-global-typography-c957309-word-spacing );}.elementor-widget-theme-post-featured-image .widget-image-caption{font-size:var( --e-global-typography-text-font-size );line-height:var( --e-global-typography-text-line-height );}.elementor-widget-theme-post-title .elementor-heading-title{font-size:var( --e-global-typography-primary-font-size );line-height:var( --e-global-typography-primary-line-height );}.elementor-widget-theme-post-excerpt{font-size:var( --e-global-typography-text-font-size );line-height:var( --e-global-typography-text-line-height );}.elementor-widget-button .elementor-button{font-size:var( --e-global-typography-accent-font-size );line-height:var( --e-global-typography-accent-line-height );}}<\/style>\t\t<div data-elementor-type=\"loop-item\" data-elementor-id=\"10243\" class=\"elementor elementor-10243 e-loop-item e-loop-item-15979 post-15979 agenda type-agenda status-publish has-post-thumbnail hentry\" data-elementor-post-type=\"elementor_library\" data-custom-edit-handle=\"1\">\n\t\t\t<div class=\"elementor-element elementor-element-4896e356 e-con-full e-flex e-con e-parent\" data-id=\"4896e356\" data-element_type=\"container\" data-e-type=\"container\" data-settings=\"{&quot;background_background&quot;:&quot;classic&quot;}\">\n\t\t\t\t<div class=\"elementor-element elementor-element-14138302 elementor-widget elementor-widget-heading\" data-id=\"14138302\" data-element_type=\"widget\" data-e-type=\"widget\" data-widget_type=\"heading.default\">\n\t\t\t\t\t<h3 class=\"elementor-heading-title elementor-size-default\">Trending Topic<\/h3>\t\t\t\t<\/div>\n\t\t\t\t<div class=\"elementor-element elementor-element-543f1860 elementor-widget elementor-widget-theme-post-featured-image elementor-widget-image\" data-id=\"543f1860\" data-element_type=\"widget\" data-e-type=\"widget\" data-widget_type=\"theme-post-featured-image.default\">\n\t\t\t\t\t\t\t\t\t\t\t\t\t\t\t<img loading=\"lazy\" decoding=\"async\" width=\"960\" height=\"1201\" src=\"https:\/\/peopleofcostarica.com\/wp-content\/uploads\/2026\/09\/769313191_1373920978174334_3391053415146367737_n.jpg\" class=\"attachment-full size-full wp-image-15978\" alt=\"\" srcset=\"https:\/\/peopleofcostarica.com\/wp-content\/uploads\/2026\/09\/769313191_1373920978174334_3391053415146367737_n.jpg 960w, https:\/\/peopleofcostarica.com\/wp-content\/uploads\/2026\/09\/769313191_1373920978174334_3391053415146367737_n-240x300.jpg 240w, https:\/\/peopleofcostarica.com\/wp-content\/uploads\/2026\/09\/769313191_1373920978174334_3391053415146367737_n-819x1024.jpg 819w, https:\/\/peopleofcostarica.com\/wp-content\/uploads\/2026\/09\/769313191_1373920978174334_3391053415146367737_n-768x961.jpg 768w\" sizes=\"(max-width: 960px) 100vw, 960px\" \/>\t\t\t\t\t\t\t\t\t\t\t\t\t\t\t<\/div>\n\t\t\t\t<div class=\"elementor-element elementor-element-1be99c96 elementor-widget elementor-widget-theme-post-title elementor-page-title elementor-widget-heading\" data-id=\"1be99c96\" data-element_type=\"widget\" data-e-type=\"widget\" data-widget_type=\"theme-post-title.default\">\n\t\t\t\t\t<h4 class=\"elementor-heading-title elementor-size-default\">Expo Pococ\u00ed 2026 r\u00e9unira tradition, culture et divertissement \u00e0 Gu\u00e1piles<\/h4>\t\t\t\t<\/div>\n\t\t\t\t<div class=\"elementor-element elementor-element-4b902cb3 elementor-widget elementor-widget-theme-post-excerpt\" data-id=\"4b902cb3\" data-element_type=\"widget\" data-e-type=\"widget\" data-widget_type=\"theme-post-excerpt.default\">\n\t\t\t\t\t<p>Du 9 au 21 septembre, Gu\u00e1piles accueillera l\u2019Expo Pococ\u00ed 2026, l\u2019une des principales c\u00e9l\u00e9brations agricoles, d\u2019\u00e9levage et culturelles de la\t\t\t\t<\/div>\n\t\t\t\t<div class=\"elementor-element elementor-element-431d9692 elementor-align-justify elementor-widget__width-inherit elementor-widget elementor-widget-button\" data-id=\"431d9692\" data-element_type=\"widget\" data-e-type=\"widget\" data-widget_type=\"button.default\">\n\t\t\t\t\t\t\t\t\t\t<a class=\"elementor-button elementor-button-link elementor-size-sm\" href=\"https:\/\/peopleofcostarica.com\/fr\/agenda\/expo-pococi-2026-reunira-tradition-culture-et-divertissement-a-guapiles\/\">\n\t\t\t\t\t\t<span class=\"elementor-button-content-wrapper\">\n\t\t\t\t\t\t\t\t\t<span class=\"elementor-button-text\">Read new<\/span>\n\t\t\t\t\t<\/span>\n\t\t\t\t\t<\/a>\n\t\t\t\t\t\t\t\t<\/div>\n\t\t\t\t<\/div>\n\t\t\t\t<\/div>\n\t\t\t\t<\/div>\n\t\t\n\t\t\t\t\t\t<\/div>\n\t\t\t\t<\/div>\n\t\t\t\t<\/div>\n\t\t\t\t\t<\/div>\n\t\t\t\t<\/div>\n\t\t\t\t<\/div>\n\t\t","protected":false},"excerpt":{"rendered":"<p>Le Costa Rica \u00e0 travers les r\u00e9cits de ses habitants, de ses lieux et de son histoire Histoires en Photos : Visages du Costa Rica<\/p>\n","protected":false},"author":17,"featured_media":0,"parent":0,"menu_order":0,"comment_status":"closed","ping_status":"closed","template":"elementor_header_footer","meta":{"footnotes":""},"class_list":["post-11277","page","type-page","status-publish","hentry"],"_links":{"self":[{"href":"https:\/\/peopleofcostarica.com\/fr\/wp-json\/wp\/v2\/pages\/11277","targetHints":{"allow":["GET"]}}],"collection":[{"href":"https:\/\/peopleofcostarica.com\/fr\/wp-json\/wp\/v2\/pages"}],"about":[{"href":"https:\/\/peopleofcostarica.com\/fr\/wp-json\/wp\/v2\/types\/page"}],"author":[{"embeddable":true,"href":"https:\/\/peopleofcostarica.com\/fr\/wp-json\/wp\/v2\/users\/17"}],"replies":[{"embeddable":true,"href":"https:\/\/peopleofcostarica.com\/fr\/wp-json\/wp\/v2\/comments?post=11277"}],"version-history":[{"count":2,"href":"https:\/\/peopleofcostarica.com\/fr\/wp-json\/wp\/v2\/pages\/11277\/revisions"}],"predecessor-version":[{"id":15752,"href":"https:\/\/peopleofcostarica.com\/fr\/wp-json\/wp\/v2\/pages\/11277\/revisions\/15752"}],"wp:attachment":[{"href":"https:\/\/peopleofcostarica.com\/fr\/wp-json\/wp\/v2\/media?parent=11277"}],"curies":[{"name":"wp","href":"https:\/\/api.w.org\/{rel}","templated":true}]}}