{"id":4153,"date":"2025-05-26T20:17:09","date_gmt":"2025-05-26T20:17:09","guid":{"rendered":"https:\/\/peopleofcostarica.com\/?post_type=agenda&#038;p=4153"},"modified":"2025-05-26T20:17:16","modified_gmt":"2025-05-26T20:17:16","slug":"theatre-a-midi-mimayato-avec-orchestre-a-cordes-et-percussions","status":"publish","type":"agenda","link":"https:\/\/peopleofcostarica.com\/fr\/agenda\/theatre-a-midi-mimayato-avec-orchestre-a-cordes-et-percussions\/","title":{"rendered":"Th\u00e9\u00e2tre \u00e0 midi : Mimayato avec orchestre \u00e0 cordes et percussions"},"content":{"rendered":"\n<p>Mimayato \u2014 un duo de basse \u00e9lectrique et contrebasse (Abel Guier et Alberto Moreno) \u2014 est heureux de pr\u00e9senter leur livre <em>\u00ab Partitions pour basse et contrebasse avec quintette \u00e0 cordes \u00bb.<\/em><br>La partition est un document, de la musique sur papier, mais c\u2019est l\u2019interpr\u00e8te qui canalise et transmet ces \u00e9motions pour le plaisir des autres. Ce projet vise \u00e0 rapprocher les violonistes, altistes, violoncellistes, et bien s\u00fbr les contrebassistes et bassistes, de leur \u0153uvre.<\/p>\n\n\n\n<p>L\u2019\u0153uvre, intitul\u00e9e <em>\u00ab Le Journal du Dr Chapu\u00ed \u00bb<\/em>, cherche, \u00e0 travers son personnage principal, \u00e0 entra\u00eener le spectateur dans une qu\u00eate existentielle de libert\u00e9, tout en questionnant les cha\u00eenes mondaines de la consommation et de la vie moderne.<\/p>\n\n\n\n<p><strong>Tarifs<\/strong><br>Entr\u00e9e g\u00e9n\u00e9rale : 4 000<br>\u00c9tudiants et personnes \u00e2g\u00e9es : 2 500<\/p>\n","protected":false},"featured_media":4151,"parent":0,"template":"","class_list":["post-4153","agenda","type-agenda","status-publish","has-post-thumbnail","hentry"],"_links":{"self":[{"href":"https:\/\/peopleofcostarica.com\/fr\/wp-json\/wp\/v2\/agenda\/4153","targetHints":{"allow":["GET"]}}],"collection":[{"href":"https:\/\/peopleofcostarica.com\/fr\/wp-json\/wp\/v2\/agenda"}],"about":[{"href":"https:\/\/peopleofcostarica.com\/fr\/wp-json\/wp\/v2\/types\/agenda"}],"version-history":[{"count":0,"href":"https:\/\/peopleofcostarica.com\/fr\/wp-json\/wp\/v2\/agenda\/4153\/revisions"}],"wp:featuredmedia":[{"embeddable":true,"href":"https:\/\/peopleofcostarica.com\/fr\/wp-json\/wp\/v2\/media\/4151"}],"wp:attachment":[{"href":"https:\/\/peopleofcostarica.com\/fr\/wp-json\/wp\/v2\/media?parent=4153"}],"curies":[{"name":"wp","href":"https:\/\/api.w.org\/{rel}","templated":true}]}}