{"id":4141,"date":"2025-05-26T20:02:32","date_gmt":"2025-05-26T20:02:32","guid":{"rendered":"https:\/\/peopleofcostarica.com\/?post_type=agenda&#038;p=4141"},"modified":"2025-05-26T20:02:38","modified_gmt":"2025-05-26T20:02:38","slug":"laudition-piece-de-theatre","status":"publish","type":"agenda","link":"https:\/\/peopleofcostarica.com\/fr\/agenda\/laudition-piece-de-theatre\/","title":{"rendered":"L\u2019Audition \u2013 Pi\u00e8ce de th\u00e9\u00e2tre"},"content":{"rendered":"\n<p><em>\u00ab L\u2019Audition \u00bb<\/em> raconte l\u2019histoire de Nina, une jeune actrice r\u00e9cemment dipl\u00f4m\u00e9e en qu\u00eate de sa premi\u00e8re opportunit\u00e9, comme tout jeune professionnel. Pour cela, elle se rend dans le th\u00e9\u00e2tre le plus prestigieux de la capitale afin de passer une audition devant le plus grand auteur de sa g\u00e9n\u00e9ration. Elle y interpr\u00e8te le monologue final de Nora dans <em>Une maison de poup\u00e9e<\/em> d\u2019Ibsen, le monologue de la folie d\u2019Oph\u00e9lie dans <em>Hamlet<\/em> de Shakespeare, le monologue de <em>Marie Stuart<\/em> face \u00e0 \u00c9lisabeth Ire d\u2019Angleterre de Schiller, <em>Lulu<\/em> de Wedekind et la sc\u00e8ne finale de <em>Les Trois S\u0153urs<\/em> de Tchekhov.<\/p>\n\n\n\n<p>Cette mise en sc\u00e8ne r\u00e9unit deux com\u00e9diens talentueux : Douglas Cubero dans le r\u00f4le de l\u2019auteur, Tchekhov, et Alice Garc\u00eda dans celui de Nina. Sous la direction de Mar\u00eda Bonilla, la pi\u00e8ce revisite quelques-uns des grands personnages de l\u2019histoire du th\u00e9\u00e2tre, dans un registre comique, tout en offrant une lecture tr\u00e8s actuelle en lien avec la situation au Costa Rica \u00e0 travers les sc\u00e8nes entre l\u2019auteur et l\u2019actrice.<\/p>\n\n\n\n<p><strong>Tarifs<\/strong><br>Entr\u00e9e g\u00e9n\u00e9rale : 8 000<br>\u00c9tudiants et personnes \u00e2g\u00e9es : 5 500<\/p>\n\n\n\n<p><\/p>\n","protected":false},"featured_media":4139,"parent":0,"template":"","class_list":["post-4141","agenda","type-agenda","status-publish","has-post-thumbnail","hentry"],"_links":{"self":[{"href":"https:\/\/peopleofcostarica.com\/fr\/wp-json\/wp\/v2\/agenda\/4141","targetHints":{"allow":["GET"]}}],"collection":[{"href":"https:\/\/peopleofcostarica.com\/fr\/wp-json\/wp\/v2\/agenda"}],"about":[{"href":"https:\/\/peopleofcostarica.com\/fr\/wp-json\/wp\/v2\/types\/agenda"}],"version-history":[{"count":0,"href":"https:\/\/peopleofcostarica.com\/fr\/wp-json\/wp\/v2\/agenda\/4141\/revisions"}],"wp:featuredmedia":[{"embeddable":true,"href":"https:\/\/peopleofcostarica.com\/fr\/wp-json\/wp\/v2\/media\/4139"}],"wp:attachment":[{"href":"https:\/\/peopleofcostarica.com\/fr\/wp-json\/wp\/v2\/media?parent=4141"}],"curies":[{"name":"wp","href":"https:\/\/api.w.org\/{rel}","templated":true}]}}