{"id":4135,"date":"2025-05-26T19:54:37","date_gmt":"2025-05-26T19:54:37","guid":{"rendered":"https:\/\/peopleofcostarica.com\/?post_type=agenda&#038;p=4135"},"modified":"2025-05-26T19:54:43","modified_gmt":"2025-05-26T19:54:43","slug":"projection-de-lopera-amor-brujo-de-m-falla-depuis-le-teatro-real-de-madrid","status":"publish","type":"agenda","link":"https:\/\/peopleofcostarica.com\/fr\/agenda\/projection-de-lopera-amor-brujo-de-m-falla-depuis-le-teatro-real-de-madrid\/","title":{"rendered":"Projection de l\u2019op\u00e9ra \u00ab Amor Brujo \u00bb de M. Falla depuis le Teatro Real de Madrid"},"content":{"rendered":"\n<p>Le Th\u00e9\u00e2tre National et la Compagnie Lyrique Nationale du Minist\u00e8re de la Culture et de la Jeunesse pr\u00e9sentent la projection de l\u2019op\u00e9ra <em>\u00ab Amor Brujo \u00bb<\/em> de M. Falla, en provenance du Teatro Real de Madrid.<\/p>\n\n\n\n<p><strong>Synopsis<\/strong><\/p>\n\n\n\n<p>Une relecture de la pi\u00e8ce que V\u00edctor Ullate a cr\u00e9\u00e9e le 28 mai 1994 \u00e0 la Maestranza de S\u00e9ville. Pour cette nouvelle mise en sc\u00e8ne, d\u00e9cors et costumes sont enti\u00e8rement renouvel\u00e9s, mettant en lumi\u00e8re un protagoniste central : la lumi\u00e8re \u2013 le feu follet \u2013 pr\u00e9sente tout au long de l\u2019intrigue. Cette version adopte une approche musicale audacieuse en int\u00e9grant le groupe de <em>dark ambience<\/em> <em>In Slaughter Natives<\/em>, qui s\u2019ajoute aux effets sonores cr\u00e9\u00e9s par Luis Delgado dans la version originale. L\u2019ensemble conduit le spectateur dans un voyage entre la vie et la mort, une travers\u00e9e vers l\u2019au-del\u00e0.<\/p>\n\n\n\n<p>Compos\u00e9e par Falla au d\u00e9but du XXe si\u00e8cle et profond\u00e9ment marqu\u00e9e par la culture andalouse, l\u2019\u0153uvre explore le mysticisme gitan et l\u2019amour dans sa forme la plus primitive et essentielle. Elle raconte l\u2019histoire de Candela, une jeune gitane, dont l\u2019amour pour Carmelo est tourment\u00e9 par le spectre de son ancien amant. Une histoire d\u2019amour et de passion, de larmes et de chagrin, de sorcellerie et de s\u00e9duction, de mort et de danse.<\/p>\n\n\n\n<p>La chor\u00e9graphie offre des moments d\u2019une grande beaut\u00e9, comme <em>Chanson de l\u2019amour bless\u00e9<\/em>, <em>Romance du p\u00eacheur<\/em> ou <em>Chanson du feu follet<\/em>. \u00c0 noter que cette version inclut \u00e9galement trois chansons populaires \u00e9crites par Manuel de Falla : <em>Nana<\/em>, <em>Polo<\/em> et <em>Asturiana<\/em>, ainsi qu\u2019une variation de Paco de Luc\u00eda pour <em>Jos\u00e9 l\u2019amant \u00e9ternel<\/em>.<\/p>\n\n\n\n<p><strong>Tarifs<\/strong><\/p>\n\n\n\n<p>Entr\u00e9e g\u00e9n\u00e9rale : 2 000<br>\u00c9tudiants et personnes \u00e2g\u00e9es : 1 000<\/p>\n","protected":false},"featured_media":4133,"parent":0,"template":"","class_list":["post-4135","agenda","type-agenda","status-publish","has-post-thumbnail","hentry"],"_links":{"self":[{"href":"https:\/\/peopleofcostarica.com\/fr\/wp-json\/wp\/v2\/agenda\/4135","targetHints":{"allow":["GET"]}}],"collection":[{"href":"https:\/\/peopleofcostarica.com\/fr\/wp-json\/wp\/v2\/agenda"}],"about":[{"href":"https:\/\/peopleofcostarica.com\/fr\/wp-json\/wp\/v2\/types\/agenda"}],"version-history":[{"count":0,"href":"https:\/\/peopleofcostarica.com\/fr\/wp-json\/wp\/v2\/agenda\/4135\/revisions"}],"wp:featuredmedia":[{"embeddable":true,"href":"https:\/\/peopleofcostarica.com\/fr\/wp-json\/wp\/v2\/media\/4133"}],"wp:attachment":[{"href":"https:\/\/peopleofcostarica.com\/fr\/wp-json\/wp\/v2\/media?parent=4135"}],"curies":[{"name":"wp","href":"https:\/\/api.w.org\/{rel}","templated":true}]}}