{"id":4129,"date":"2025-05-26T19:45:15","date_gmt":"2025-05-26T19:45:15","guid":{"rendered":"https:\/\/peopleofcostarica.com\/?post_type=agenda&#038;p=4129"},"modified":"2025-05-26T19:45:22","modified_gmt":"2025-05-26T19:45:22","slug":"teatro-al-mediodia-presente-flamenco-autour-du-monde","status":"publish","type":"agenda","link":"https:\/\/peopleofcostarica.com\/fr\/agenda\/teatro-al-mediodia-presente-flamenco-autour-du-monde\/","title":{"rendered":"Teatro al Mediod\u00eda pr\u00e9sente Flamenco autour du monde"},"content":{"rendered":"\n<p>Le Th\u00e9\u00e2tre National est heureux de pr\u00e9senter le spectacle <em>\u00ab Flamenco autour du monde \u00bb<\/em> dans le cadre de son programme <em>Th\u00e9\u00e2tre \u00e0 midi<\/em>, sous la direction de Paulina Peralta.<\/p>\n\n\n\n<p><strong>Synopsis :<\/strong><br>Le 16 novembre 2010, l\u2019UNESCO a inscrit le flamenco sur la Liste repr\u00e9sentative du patrimoine culturel immat\u00e9riel de l\u2019humanit\u00e9. Le flamenco est un art accessible \u00e0 toutes les nationalit\u00e9s. La seule condition est de l\u2019aimer et de l\u2019interpr\u00e9ter avec passion. L\u2019\u00e2ge n\u2019est pas une barri\u00e8re : enfants, jeunes, adultes et personnes \u00e2g\u00e9es peuvent l\u2019apprendre et en profiter.<\/p>\n\n\n\n<p><strong>Tarifs :<\/strong><br>Entr\u00e9e g\u00e9n\u00e9rale : 4 000<br>\u00c9tudiants et personnes \u00e2g\u00e9es : 2 500<\/p>\n","protected":false},"featured_media":4127,"parent":0,"template":"","class_list":["post-4129","agenda","type-agenda","status-publish","has-post-thumbnail","hentry"],"_links":{"self":[{"href":"https:\/\/peopleofcostarica.com\/fr\/wp-json\/wp\/v2\/agenda\/4129","targetHints":{"allow":["GET"]}}],"collection":[{"href":"https:\/\/peopleofcostarica.com\/fr\/wp-json\/wp\/v2\/agenda"}],"about":[{"href":"https:\/\/peopleofcostarica.com\/fr\/wp-json\/wp\/v2\/types\/agenda"}],"version-history":[{"count":0,"href":"https:\/\/peopleofcostarica.com\/fr\/wp-json\/wp\/v2\/agenda\/4129\/revisions"}],"wp:featuredmedia":[{"embeddable":true,"href":"https:\/\/peopleofcostarica.com\/fr\/wp-json\/wp\/v2\/media\/4127"}],"wp:attachment":[{"href":"https:\/\/peopleofcostarica.com\/fr\/wp-json\/wp\/v2\/media?parent=4129"}],"curies":[{"name":"wp","href":"https:\/\/api.w.org\/{rel}","templated":true}]}}