{"id":3988,"date":"2025-05-17T09:00:00","date_gmt":"2025-05-17T09:00:00","guid":{"rendered":"https:\/\/peopleofcostarica.com\/?post_type=agenda&#038;p=3988"},"modified":"2025-05-16T20:14:43","modified_gmt":"2025-05-16T20:14:43","slug":"un-passe-entre-les-lignes-manifestations-rupestres-dans-la-cordillere-volcanique-de-guanacaste","status":"publish","type":"agenda","link":"https:\/\/peopleofcostarica.com\/fr\/agenda\/un-passe-entre-les-lignes-manifestations-rupestres-dans-la-cordillere-volcanique-de-guanacaste\/","title":{"rendered":"Un pass\u00e9 entre les lignes : manifestations rupestres dans la cordill\u00e8re volcanique de Guanacaste"},"content":{"rendered":"\n<p>L\u2019art rupestre est pr\u00e9sent dans de nombreuses r\u00e9gions d\u2019Afrique, d\u2019Asie, d\u2019Australie et d\u2019Europe ; cependant, les Am\u00e9riques ne font pas exception, et le Costa Rica non plus. La nouvelle exposition des Mus\u00e9es de la Banque Centrale du Costa Rica, intitul\u00e9e <em>Un pass\u00e9 entre les lignes : manifestations rupestres dans la cordill\u00e8re volcanique de Guanacaste<\/em>, en t\u00e9moigne \u00e0 travers une mise \u00e0 jour des informations sur des sites arch\u00e9ologiques comportant des roches grav\u00e9es et peintes, situ\u00e9s sur les flancs des volcans Rinc\u00f3n de la Vieja, Tenorio, Oros\u00ed et Miravalles.<\/p>\n\n\n\n<p>L\u2019exposition vise \u00e0 faire conna\u00eetre \u00e0 la communaut\u00e9 nationale et internationale les r\u00e9sultats du Projet Arch\u00e9ologique de Guanacaste (PRAG), une recherche conjointe franco-allemande-costaricienne qui, sur trois ans, a \u00e9tudi\u00e9 un total de 74 sites, dont 27 ont \u00e9t\u00e9 enregistr\u00e9s pour la premi\u00e8re fois dans la base de donn\u00e9es \u00ab Or\u00edgenes \u00bb du Mus\u00e9e National du Costa Rica. Le projet a \u00e9t\u00e9 men\u00e9 par les sp\u00e9cialistes en arch\u00e9ologie Philippe Costa (France), Eric Gelliot (France), Martin K\u00fcnne (Allemagne) et Priscilla Molina (Costa Rica).<\/p>\n\n\n\n<p><strong>Horaires :<\/strong> du lundi au dimanche, de 9h15 \u00e0 17h<\/p>\n\n\n\n<p><strong>Tarifs :<\/strong><\/p>\n\n\n\n<ul class=\"wp-block-list\">\n<li>Tarif national g\u00e9n\u00e9ral : 2 500 colons<\/li>\n\n\n\n<li>\u00c9tudiants nationaux : 500 colons (avec carte \u00e9tudiante)<\/li>\n\n\n\n<li>Dimanche : 2 pour 1 pour les Costariciens et les r\u00e9sidents<\/li>\n\n\n\n<li>Tarif \u00e9tranger g\u00e9n\u00e9ral : 15 USD<\/li>\n\n\n\n<li>\u00c9tudiants \u00e9trangers : 11 USD<\/li>\n<\/ul>\n\n\n\n<p><strong>Billetterie :<\/strong> <a class=\"\" href=\"https:\/\/boleteria.museosdelbancocentral.org\/\" target=\"_blank\" rel=\"noopener\">https:\/\/boleteria.museosdelbancocentral.org\/<\/a><\/p>\n","protected":false},"featured_media":3986,"parent":0,"template":"","class_list":["post-3988","agenda","type-agenda","status-publish","has-post-thumbnail","hentry"],"_links":{"self":[{"href":"https:\/\/peopleofcostarica.com\/fr\/wp-json\/wp\/v2\/agenda\/3988","targetHints":{"allow":["GET"]}}],"collection":[{"href":"https:\/\/peopleofcostarica.com\/fr\/wp-json\/wp\/v2\/agenda"}],"about":[{"href":"https:\/\/peopleofcostarica.com\/fr\/wp-json\/wp\/v2\/types\/agenda"}],"version-history":[{"count":0,"href":"https:\/\/peopleofcostarica.com\/fr\/wp-json\/wp\/v2\/agenda\/3988\/revisions"}],"wp:featuredmedia":[{"embeddable":true,"href":"https:\/\/peopleofcostarica.com\/fr\/wp-json\/wp\/v2\/media\/3986"}],"wp:attachment":[{"href":"https:\/\/peopleofcostarica.com\/fr\/wp-json\/wp\/v2\/media?parent=3988"}],"curies":[{"name":"wp","href":"https:\/\/api.w.org\/{rel}","templated":true}]}}