{"id":3982,"date":"2025-05-16T20:00:56","date_gmt":"2025-05-16T20:00:56","guid":{"rendered":"https:\/\/peopleofcostarica.com\/?post_type=agenda&#038;p=3982"},"modified":"2025-05-16T20:01:03","modified_gmt":"2025-05-16T20:01:03","slug":"petits-gouts-qui-durent-500-ans","status":"publish","type":"agenda","link":"https:\/\/peopleofcostarica.com\/fr\/agenda\/petits-gouts-qui-durent-500-ans\/","title":{"rendered":"Petits go\u00fbts qui durent 500 ans"},"content":{"rendered":"\n<p>De Milena Somogyi<\/p>\n\n\n\n<p>Cette exposition m\u00eale design graphique, photographie et satire avec une ironie mordante. Les affiches r\u00e9v\u00e8lent la contradiction entre ce que nous aspirons \u00e0 \u00eatre et ce que nous sommes r\u00e9ellement, la paradoxe d\u2019une soci\u00e9t\u00e9 de consommation qui, bien qu\u2019elle sache qu\u2019elle est insoutenable, persiste dans les m\u00eames pratiques.<\/p>\n\n\n\n<p>C\u2019est donc une invitation \u00e0 nous interroger : le chemin que nous empruntons est-il en accord avec le monde que nous souhaitons ?<br>Disponible jusqu\u2019au 19 mai 2025.<\/p>\n","protected":false},"featured_media":3980,"parent":0,"template":"","class_list":["post-3982","agenda","type-agenda","status-publish","has-post-thumbnail","hentry"],"_links":{"self":[{"href":"https:\/\/peopleofcostarica.com\/fr\/wp-json\/wp\/v2\/agenda\/3982","targetHints":{"allow":["GET"]}}],"collection":[{"href":"https:\/\/peopleofcostarica.com\/fr\/wp-json\/wp\/v2\/agenda"}],"about":[{"href":"https:\/\/peopleofcostarica.com\/fr\/wp-json\/wp\/v2\/types\/agenda"}],"version-history":[{"count":0,"href":"https:\/\/peopleofcostarica.com\/fr\/wp-json\/wp\/v2\/agenda\/3982\/revisions"}],"wp:featuredmedia":[{"embeddable":true,"href":"https:\/\/peopleofcostarica.com\/fr\/wp-json\/wp\/v2\/media\/3980"}],"wp:attachment":[{"href":"https:\/\/peopleofcostarica.com\/fr\/wp-json\/wp\/v2\/media?parent=3982"}],"curies":[{"name":"wp","href":"https:\/\/api.w.org\/{rel}","templated":true}]}}