{"id":15837,"date":"2026-09-01T10:52:30","date_gmt":"2026-09-01T16:52:30","guid":{"rendered":"https:\/\/peopleofcostarica.com\/?post_type=agenda&#038;p=15837"},"modified":"2026-09-01T10:54:09","modified_gmt":"2026-09-01T16:54:09","slug":"la-fiesta-de-la-lectura-costa-rica-reunira-livres-auteurs-et-cultures-en-septembre","status":"publish","type":"agenda","link":"https:\/\/peopleofcostarica.com\/fr\/agenda\/la-fiesta-de-la-lectura-costa-rica-reunira-livres-auteurs-et-cultures-en-septembre\/","title":{"rendered":"La Fiesta de la Lectura Costa Rica r\u00e9unira livres, auteurs et cultures en septembre"},"content":{"rendered":"\n<p class=\"wp-block-paragraph\">La <strong>cinqui\u00e8me \u00e9dition de la Fiesta de la Lectura Costa Rica<\/strong> se d\u00e9roulera du <strong>11 au 13 septembre 2026<\/strong> \u00e0 l\u2019<strong>Antigua Aduana de San Jos\u00e9<\/strong>, avec la participation de maisons d\u2019\u00e9dition, de librairies, d\u2019\u00e9crivains, d\u2019institutions et de projets culturels.<\/p>\n\n\n\n<p class=\"wp-block-paragraph\">Organis\u00e9 par le <strong>minist\u00e8re de la Culture et de la Jeunesse<\/strong>, l\u2019\u00e9v\u00e9nement vise \u00e0 favoriser l\u2019acc\u00e8s aux livres et \u00e0 faire de la lecture un espace de rencontre, de d\u00e9couverte et d\u2019\u00e9change culturel.<\/p>\n\n\n\n<p class=\"wp-block-paragraph\">Cette ann\u00e9e, <strong>le Qatar sera le pays invit\u00e9 d\u2019honneur<\/strong>, apportant une dimension internationale \u00e0 la manifestation et permettant de renforcer les \u00e9changes culturels entre le Costa Rica et le monde arabe.<\/p>\n\n\n\n<p class=\"wp-block-paragraph\">L\u2019\u00e9dition 2026 rendra \u00e9galement hommage \u00e0 l\u2019illustrateur, auteur de bandes dessin\u00e9es et romancier graphique costaricien <strong>Eduardo \u00ab Edo \u00bb Brenes<\/strong>, fondateur de Pulpo Press, pour sa contribution \u00e0 la narration graphique, \u00e0 l\u2019illustration et \u00e0 la promotion de la lecture \u00e0 travers de nouvelles formes d\u2019expression visuelle.<\/p>\n\n\n\n<p class=\"wp-block-paragraph\">L\u2019\u00e9v\u00e9nement sera organis\u00e9 autour de trois grands espaces : une <strong>Muestra Comercial<\/strong>, r\u00e9unissant \u00e9diteurs, librairies et distributeurs ; une <strong>Muestra Autoral<\/strong>, consacr\u00e9e aux \u00e9crivains ind\u00e9pendants et aux projets \u00e9mergents ; et une <strong>Muestra Institucional<\/strong>, qui r\u00e9unira biblioth\u00e8ques, organisations et institutions li\u00e9es au livre et \u00e0 la promotion de la lecture.<\/p>\n\n\n\n<p class=\"wp-block-paragraph\">Pendant trois jours, le public pourra d\u00e9couvrir une grande diversit\u00e9 de projets litt\u00e9raires et culturels et explorer diff\u00e9rentes formes de cr\u00e9ation et de narration \u00e0 l\u2019Antigua Aduana.<\/p>\n\n\n\n<p class=\"wp-block-paragraph\"><\/p>\n","protected":false},"featured_media":15836,"parent":0,"template":"","class_list":["post-15837","agenda","type-agenda","status-publish","has-post-thumbnail","hentry"],"_links":{"self":[{"href":"https:\/\/peopleofcostarica.com\/fr\/wp-json\/wp\/v2\/agenda\/15837","targetHints":{"allow":["GET"]}}],"collection":[{"href":"https:\/\/peopleofcostarica.com\/fr\/wp-json\/wp\/v2\/agenda"}],"about":[{"href":"https:\/\/peopleofcostarica.com\/fr\/wp-json\/wp\/v2\/types\/agenda"}],"version-history":[{"count":1,"href":"https:\/\/peopleofcostarica.com\/fr\/wp-json\/wp\/v2\/agenda\/15837\/revisions"}],"predecessor-version":[{"id":15838,"href":"https:\/\/peopleofcostarica.com\/fr\/wp-json\/wp\/v2\/agenda\/15837\/revisions\/15838"}],"wp:featuredmedia":[{"embeddable":true,"href":"https:\/\/peopleofcostarica.com\/fr\/wp-json\/wp\/v2\/media\/15836"}],"wp:attachment":[{"href":"https:\/\/peopleofcostarica.com\/fr\/wp-json\/wp\/v2\/media?parent=15837"}],"curies":[{"name":"wp","href":"https:\/\/api.w.org\/{rel}","templated":true}]}}