{"id":12684,"date":"2026-04-29T09:35:04","date_gmt":"2026-04-29T15:35:04","guid":{"rendered":"https:\/\/peopleofcostarica.com\/?post_type=agenda&#038;p=12684"},"modified":"2026-04-29T09:37:27","modified_gmt":"2026-04-29T15:37:27","slug":"celebration-du-139e-anniversaire-du-musee-national-du-costa-rica","status":"publish","type":"agenda","link":"https:\/\/peopleofcostarica.com\/fr\/agenda\/celebration-du-139e-anniversaire-du-musee-national-du-costa-rica\/","title":{"rendered":"C\u00e9l\u00e9bration du 139e anniversaire du Mus\u00e9e National du Costa Rica"},"content":{"rendered":"\n<p>\u00c0 propos de la c\u00e9l\u00e9bration du 139e anniversaire du Mus\u00e9e National du Costa Rica<\/p>\n\n\n\n<p>Le dimanche 3 mai, le Mus\u00e9e National du Costa Rica c\u00e9l\u00e9brera son 139e anniversaire avec une journ\u00e9e culturelle gratuite destin\u00e9e aux nationaux et aux r\u00e9sidents. Le programme comprend des ateliers de masques borucas et d\u2019art textile, des visites guid\u00e9es de plusieurs expositions historiques, un concert de musique populaire avec la Banda Nacional de San Jos\u00e9, un spectacle de danse contemporaine ainsi qu\u2019un petit march\u00e9 proposant de l\u2019artisanat et des plats traditionnels du Costa Rica, du Br\u00e9sil et du Venezuela, le tout entre 9 h et 16 h.<\/p>\n","protected":false},"featured_media":12683,"parent":0,"template":"","class_list":["post-12684","agenda","type-agenda","status-publish","has-post-thumbnail","hentry"],"_links":{"self":[{"href":"https:\/\/peopleofcostarica.com\/fr\/wp-json\/wp\/v2\/agenda\/12684","targetHints":{"allow":["GET"]}}],"collection":[{"href":"https:\/\/peopleofcostarica.com\/fr\/wp-json\/wp\/v2\/agenda"}],"about":[{"href":"https:\/\/peopleofcostarica.com\/fr\/wp-json\/wp\/v2\/types\/agenda"}],"version-history":[{"count":1,"href":"https:\/\/peopleofcostarica.com\/fr\/wp-json\/wp\/v2\/agenda\/12684\/revisions"}],"predecessor-version":[{"id":12685,"href":"https:\/\/peopleofcostarica.com\/fr\/wp-json\/wp\/v2\/agenda\/12684\/revisions\/12685"}],"wp:featuredmedia":[{"embeddable":true,"href":"https:\/\/peopleofcostarica.com\/fr\/wp-json\/wp\/v2\/media\/12683"}],"wp:attachment":[{"href":"https:\/\/peopleofcostarica.com\/fr\/wp-json\/wp\/v2\/media?parent=12684"}],"curies":[{"name":"wp","href":"https:\/\/api.w.org\/{rel}","templated":true}]}}