{"id":12619,"date":"2026-04-26T13:40:21","date_gmt":"2026-04-26T19:40:21","guid":{"rendered":"https:\/\/peopleofcostarica.com\/?post_type=agenda&#038;p=12619"},"modified":"2026-04-26T13:42:14","modified_gmt":"2026-04-26T19:42:14","slug":"luna-celebre-la-journee-du-jazz-avec-des-concerts-gratuits-a-heredia","status":"publish","type":"agenda","link":"https:\/\/peopleofcostarica.com\/fr\/agenda\/luna-celebre-la-journee-du-jazz-avec-des-concerts-gratuits-a-heredia\/","title":{"rendered":"L\u2019UNA c\u00e9l\u00e8bre la Journ\u00e9e du jazz avec des concerts gratuits \u00e0 Heredia"},"content":{"rendered":"\n<h2 class=\"wp-block-heading\"><\/h2>\n\n\n\n<p>L\u2019Universit\u00e9 nationale du Costa Rica (UNA) c\u00e9l\u00e9brera la Journ\u00e9e du jazz avec un \u00e9v\u00e9nement culturel gratuit \u00e0 Heredia, comprenant des concerts, des sessions d\u2019improvisation musicale et des rencontres artistiques ouvertes au public.<\/p>\n\n\n\n<p>L\u2019objectif de l\u2019\u00e9v\u00e9nement est de mettre en valeur le jazz comme un langage musical vivant bas\u00e9 sur l\u2019improvisation et le dialogue artistique. Il se d\u00e9roulera au Centre des arts du campus Omar Dengo et r\u00e9unira diff\u00e9rents ensembles ainsi que des musiciens de l\u2019\u00c9cole de musique de l\u2019UNA.<\/p>\n\n\n\n<p>La programmation vise \u00e0 faire d\u00e9couvrir le jazz \u00e0 de nouveaux publics tout en favorisant la participation \u00e9tudiante et les \u00e9changes artistiques dans un cadre acad\u00e9mique et culturel.<\/p>\n","protected":false},"featured_media":12618,"parent":0,"template":"","class_list":["post-12619","agenda","type-agenda","status-publish","has-post-thumbnail","hentry"],"_links":{"self":[{"href":"https:\/\/peopleofcostarica.com\/fr\/wp-json\/wp\/v2\/agenda\/12619","targetHints":{"allow":["GET"]}}],"collection":[{"href":"https:\/\/peopleofcostarica.com\/fr\/wp-json\/wp\/v2\/agenda"}],"about":[{"href":"https:\/\/peopleofcostarica.com\/fr\/wp-json\/wp\/v2\/types\/agenda"}],"version-history":[{"count":1,"href":"https:\/\/peopleofcostarica.com\/fr\/wp-json\/wp\/v2\/agenda\/12619\/revisions"}],"predecessor-version":[{"id":12620,"href":"https:\/\/peopleofcostarica.com\/fr\/wp-json\/wp\/v2\/agenda\/12619\/revisions\/12620"}],"wp:featuredmedia":[{"embeddable":true,"href":"https:\/\/peopleofcostarica.com\/fr\/wp-json\/wp\/v2\/media\/12618"}],"wp:attachment":[{"href":"https:\/\/peopleofcostarica.com\/fr\/wp-json\/wp\/v2\/media?parent=12619"}],"curies":[{"name":"wp","href":"https:\/\/api.w.org\/{rel}","templated":true}]}}