{"id":12580,"date":"2026-04-26T13:12:09","date_gmt":"2026-04-26T19:12:09","guid":{"rendered":"https:\/\/peopleofcostarica.com\/?post_type=agenda&#038;p=12580"},"modified":"2026-04-26T13:14:20","modified_gmt":"2026-04-26T19:14:20","slug":"festival-de-cinema-latino-americain-contemporain-au-costa-rica","status":"publish","type":"agenda","link":"https:\/\/peopleofcostarica.com\/fr\/agenda\/festival-de-cinema-latino-americain-contemporain-au-costa-rica\/","title":{"rendered":"Festival de cin\u00e9ma latino-am\u00e9ricain contemporain au Costa Rica"},"content":{"rendered":"\n<p>La deuxi\u00e8me \u00e9dition du Festival de cin\u00e9ma latino-am\u00e9ricain contemporain se tiendra au Costa Rica en tant qu\u2019espace d\u00e9di\u00e9 \u00e0 la diffusion des \u0153uvres cin\u00e9matographiques r\u00e9centes et marquantes de la r\u00e9gion. L\u2019\u00e9v\u00e9nement r\u00e9unira des productions provenant de 13 pays d\u2019Am\u00e9rique latine, renfor\u00e7ant son r\u00f4le de plateforme d\u2019\u00e9change culturel et artistique.<\/p>\n\n\n\n<p>Au-del\u00e0 des projections, le festival propose une exp\u00e9rience culturelle plus large, avec des activit\u00e9s compl\u00e9mentaires telles que des pr\u00e9sentations gastronomiques, de l\u2019artisanat et des espaces de rencontre avec des repr\u00e9sentants des pays participants. Cette approche met en valeur le cin\u00e9ma comme un outil de connexion entre les cultures et de r\u00e9flexion sur les r\u00e9alit\u00e9s contemporaines de l\u2019Am\u00e9rique latine.<\/p>\n\n\n\n<p>Le festival s\u2019inscrit dans une dynamique r\u00e9gionale visant \u00e0 promouvoir l\u2019acc\u00e8s au cin\u00e9ma et \u00e0 encourager la diversit\u00e9 des r\u00e9cits, tout en rendant les contenus culturels de qualit\u00e9 accessibles au public.<\/p>\n","protected":false},"featured_media":12579,"parent":0,"template":"","class_list":["post-12580","agenda","type-agenda","status-publish","has-post-thumbnail","hentry"],"_links":{"self":[{"href":"https:\/\/peopleofcostarica.com\/fr\/wp-json\/wp\/v2\/agenda\/12580","targetHints":{"allow":["GET"]}}],"collection":[{"href":"https:\/\/peopleofcostarica.com\/fr\/wp-json\/wp\/v2\/agenda"}],"about":[{"href":"https:\/\/peopleofcostarica.com\/fr\/wp-json\/wp\/v2\/types\/agenda"}],"version-history":[{"count":1,"href":"https:\/\/peopleofcostarica.com\/fr\/wp-json\/wp\/v2\/agenda\/12580\/revisions"}],"predecessor-version":[{"id":12581,"href":"https:\/\/peopleofcostarica.com\/fr\/wp-json\/wp\/v2\/agenda\/12580\/revisions\/12581"}],"wp:featuredmedia":[{"embeddable":true,"href":"https:\/\/peopleofcostarica.com\/fr\/wp-json\/wp\/v2\/media\/12579"}],"wp:attachment":[{"href":"https:\/\/peopleofcostarica.com\/fr\/wp-json\/wp\/v2\/media?parent=12580"}],"curies":[{"name":"wp","href":"https:\/\/api.w.org\/{rel}","templated":true}]}}