{"id":15809,"date":"2026-09-02T11:57:18","date_gmt":"2026-09-02T17:57:18","guid":{"rendered":"https:\/\/peopleofcostarica.com\/?post_type=places&#038;p=15809"},"modified":"2026-09-02T11:59:11","modified_gmt":"2026-09-02T17:59:11","slug":"el-dulce-sur-de-costa-rica-recompensa-a-quien-lo-busca","status":"publish","type":"places","link":"https:\/\/peopleofcostarica.com\/es\/places\/el-dulce-sur-de-costa-rica-recompensa-a-quien-lo-busca\/","title":{"rendered":"El dulce sur de Costa Rica recompensa a quien lo busca"},"content":{"rendered":"\n<p class=\"wp-block-paragraph\">Este agosto tuve la enorme fortuna de participar de la ExpoGolfo Dulce, la primera de una feria regional de exposici\u00f3n comercial con \u00e9nfasis tur\u00edstico para la regi\u00f3n Sur de Costa Rica, como representante de Green Circle Experience, People of Costa Rica, Costa Rica Species e Imagine Paradise.<\/p>\n\n\n\n<p class=\"wp-block-paragraph\">La actividad fue organizada por la C\u00e1mara de Comercio de Golfito y cont\u00f3 con la participaci\u00f3n de las c\u00e1maras, cantones y regiones de P\u00e9rez Zeled\u00f3n, Coto Brus, Sierpe, Uvita y Puerto Jim\u00e9nez.<\/p>\n\n\n\n<h2 class=\"wp-block-heading\"><strong>El sur recompensa a quien lo busca.<\/strong><\/h2>\n\n\n\n<p class=\"wp-block-paragraph\">El sur est\u00e1 lejos. Un viaje en carro se puede tardar unas 6 horas y media o solo cinco si se topa con suerte.<\/p>\n\n\n\n<p class=\"wp-block-paragraph\">Existen distintas maneras de trazar este camino hacia el Golfo Dulce, cada una con su propio ritmo y personalidad:<\/p>\n\n\n\n<figure class=\"wp-block-image size-large\"><img fetchpriority=\"high\" decoding=\"async\" width=\"1024\" height=\"576\" src=\"https:\/\/peopleofcostarica.com\/wp-content\/uploads\/2026\/09\/1-1024x576.jpg\" alt=\"\" class=\"wp-image-15841\" srcset=\"https:\/\/peopleofcostarica.com\/wp-content\/uploads\/2026\/09\/1-1024x576.jpg 1024w, https:\/\/peopleofcostarica.com\/wp-content\/uploads\/2026\/09\/1-300x169.jpg 300w, https:\/\/peopleofcostarica.com\/wp-content\/uploads\/2026\/09\/1-768x432.jpg 768w, https:\/\/peopleofcostarica.com\/wp-content\/uploads\/2026\/09\/1-1536x864.jpg 1536w, https:\/\/peopleofcostarica.com\/wp-content\/uploads\/2026\/09\/1.jpg 1920w\" sizes=\"(max-width: 1024px) 100vw, 1024px\" \/><figcaption class=\"wp-element-caption\">Restaurante  Tucanes<\/figcaption><\/figure>\n\n\n\n<h3 class=\"wp-block-heading\"><strong>El Camino del Mar: La Costanera Sur (Ruta 34)<\/strong><\/h3>\n\n\n\n<p class=\"wp-block-paragraph\">Si se busca la v\u00eda m\u00e1s directa (tomando unas 5 horas y media) con la brisa del Pac\u00edfico de acompa\u00f1e, tomar la Ruta 27 para desviarse por la Costanera Sur es la opci\u00f3n ideal. El paisaje transita por Jac\u00f3, Quepos, Dominical y Uvita. Para quienes viajamos en veh\u00edculos el\u00e9ctricos, esta ruta es viable y segura, pues cuenta con una s\u00f3lida y confiable red de puntos de carga r\u00e1pida que permite llegar a R\u00edo Claro y tomar el desv\u00edo final (Ruta 14) hacia Golfito.<\/p>\n\n\n\n<h3 class=\"wp-block-heading\"><strong>Atravesando las Nubes: La Ruta 2 (Cerro de la Muerte)<\/strong><\/h3>\n\n\n\n<p class=\"wp-block-paragraph\">Si tiene m\u00e1s tiempo y se quiere que la carretera deje de ser un tr\u00e1mite para convertirse en una expedici\u00f3n (por qu\u00e9 no de varios d\u00edas) la Interamericana Sur te lleva por las cumbres m\u00e1s altas del pa\u00eds antes de descender al tr\u00f3pico profundo:<\/p>\n\n\n\n<ul class=\"wp-block-list\">\n<li><strong>Parque Nacional Los Quetzales y San Gerardo de Dota:<\/strong> En lo alto del p\u00e1ramo, el fr\u00edo nos invita a hacer una pausa. (Chespiritos siempre es recomendable para una buena aguadulce) Es el ecosistema perfecto para buscar al quetzal, hospedarnos en un eco-lodge inmerso en el bosque nuboso y disfrutar de una trucha fresca al lado del cristalino r\u00edo Savegre.<\/li>\n\n\n\n<li><strong>San Isidro de El General:<\/strong> Al bajar, el clima c\u00e1lido regresa. El din\u00e1mico centro de P\u00e9rez Zeled\u00f3n es un nodo estrat\u00e9gico para estirar las piernas, comer en una soda tradicional y recargar la bater\u00eda antes de adentrarnos en el sur.<\/li>\n\n\n\n<li><strong>Boruca y Finca 6:<\/strong> Avanzando en la ruta, Finca 6 es un sitio arqueol\u00f3gico imperdible el epicentro de las misteriosas esferas de piedra de Costa Rica. Podemos reconectar con nuestras ra\u00edces ind\u00edgenas apoyando el comercio justo de m\u00e1scaras talladas a mano por los maestros borucas, y m\u00e1s adelante, maravillarnos con el legado y el misterio de las esferas de piedra precolombinas en el delta del Diqu\u00eds.<\/li>\n<\/ul>\n\n\n\n<figure class=\"wp-block-gallery has-nested-images columns-default is-cropped wp-block-gallery-1 is-layout-flex wp-block-gallery-is-layout-flex\">\n<figure class=\"wp-block-image size-large\"><img decoding=\"async\" width=\"1024\" height=\"576\" data-id=\"15851\" src=\"https:\/\/peopleofcostarica.com\/wp-content\/uploads\/2026\/09\/7-1024x576.jpg\" alt=\"\" class=\"wp-image-15851\" srcset=\"https:\/\/peopleofcostarica.com\/wp-content\/uploads\/2026\/09\/7-1024x576.jpg 1024w, https:\/\/peopleofcostarica.com\/wp-content\/uploads\/2026\/09\/7-300x169.jpg 300w, https:\/\/peopleofcostarica.com\/wp-content\/uploads\/2026\/09\/7-768x432.jpg 768w, https:\/\/peopleofcostarica.com\/wp-content\/uploads\/2026\/09\/7-1536x864.jpg 1536w, https:\/\/peopleofcostarica.com\/wp-content\/uploads\/2026\/09\/7.jpg 1920w\" sizes=\"(max-width: 1024px) 100vw, 1024px\" \/><\/figure>\n\n\n\n<figure class=\"wp-block-image size-large\"><img decoding=\"async\" width=\"1024\" height=\"576\" data-id=\"15850\" src=\"https:\/\/peopleofcostarica.com\/wp-content\/uploads\/2026\/09\/5-1024x576.jpg\" alt=\"\" class=\"wp-image-15850\" srcset=\"https:\/\/peopleofcostarica.com\/wp-content\/uploads\/2026\/09\/5-1024x576.jpg 1024w, https:\/\/peopleofcostarica.com\/wp-content\/uploads\/2026\/09\/5-300x169.jpg 300w, https:\/\/peopleofcostarica.com\/wp-content\/uploads\/2026\/09\/5-768x432.jpg 768w, https:\/\/peopleofcostarica.com\/wp-content\/uploads\/2026\/09\/5-1536x864.jpg 1536w, https:\/\/peopleofcostarica.com\/wp-content\/uploads\/2026\/09\/5.jpg 1920w\" sizes=\"(max-width: 1024px) 100vw, 1024px\" \/><\/figure>\n\n\n\n<figure class=\"wp-block-image size-large\"><img loading=\"lazy\" decoding=\"async\" width=\"1024\" height=\"576\" data-id=\"15849\" src=\"https:\/\/peopleofcostarica.com\/wp-content\/uploads\/2026\/09\/4-1024x576.jpg\" alt=\"\" class=\"wp-image-15849\" srcset=\"https:\/\/peopleofcostarica.com\/wp-content\/uploads\/2026\/09\/4-1024x576.jpg 1024w, https:\/\/peopleofcostarica.com\/wp-content\/uploads\/2026\/09\/4-300x169.jpg 300w, https:\/\/peopleofcostarica.com\/wp-content\/uploads\/2026\/09\/4-768x432.jpg 768w, https:\/\/peopleofcostarica.com\/wp-content\/uploads\/2026\/09\/4-1536x864.jpg 1536w, https:\/\/peopleofcostarica.com\/wp-content\/uploads\/2026\/09\/4.jpg 1920w\" sizes=\"(max-width: 1024px) 100vw, 1024px\" \/><\/figure>\n\n\n\n<figure class=\"wp-block-image size-large\"><img loading=\"lazy\" decoding=\"async\" width=\"1024\" height=\"576\" data-id=\"15848\" src=\"https:\/\/peopleofcostarica.com\/wp-content\/uploads\/2026\/09\/30-1024x576.jpg\" alt=\"\" class=\"wp-image-15848\" srcset=\"https:\/\/peopleofcostarica.com\/wp-content\/uploads\/2026\/09\/30-1024x576.jpg 1024w, https:\/\/peopleofcostarica.com\/wp-content\/uploads\/2026\/09\/30-300x169.jpg 300w, https:\/\/peopleofcostarica.com\/wp-content\/uploads\/2026\/09\/30-768x432.jpg 768w, https:\/\/peopleofcostarica.com\/wp-content\/uploads\/2026\/09\/30-1536x864.jpg 1536w, https:\/\/peopleofcostarica.com\/wp-content\/uploads\/2026\/09\/30.jpg 1920w\" sizes=\"(max-width: 1024px) 100vw, 1024px\" \/><\/figure>\n\n\n\n<figure class=\"wp-block-image size-large\"><img loading=\"lazy\" decoding=\"async\" width=\"1024\" height=\"576\" data-id=\"15847\" src=\"https:\/\/peopleofcostarica.com\/wp-content\/uploads\/2026\/09\/20-1024x576.jpg\" alt=\"\" class=\"wp-image-15847\" srcset=\"https:\/\/peopleofcostarica.com\/wp-content\/uploads\/2026\/09\/20-1024x576.jpg 1024w, https:\/\/peopleofcostarica.com\/wp-content\/uploads\/2026\/09\/20-300x169.jpg 300w, https:\/\/peopleofcostarica.com\/wp-content\/uploads\/2026\/09\/20-768x432.jpg 768w, https:\/\/peopleofcostarica.com\/wp-content\/uploads\/2026\/09\/20-1536x864.jpg 1536w, https:\/\/peopleofcostarica.com\/wp-content\/uploads\/2026\/09\/20.jpg 1920w\" sizes=\"(max-width: 1024px) 100vw, 1024px\" \/><\/figure>\n\n\n\n<figure class=\"wp-block-image size-large\"><img loading=\"lazy\" decoding=\"async\" width=\"1024\" height=\"576\" data-id=\"15846\" src=\"https:\/\/peopleofcostarica.com\/wp-content\/uploads\/2026\/09\/19-1024x576.jpg\" alt=\"\" class=\"wp-image-15846\" srcset=\"https:\/\/peopleofcostarica.com\/wp-content\/uploads\/2026\/09\/19-1024x576.jpg 1024w, https:\/\/peopleofcostarica.com\/wp-content\/uploads\/2026\/09\/19-300x169.jpg 300w, https:\/\/peopleofcostarica.com\/wp-content\/uploads\/2026\/09\/19-768x432.jpg 768w, https:\/\/peopleofcostarica.com\/wp-content\/uploads\/2026\/09\/19-1536x864.jpg 1536w, https:\/\/peopleofcostarica.com\/wp-content\/uploads\/2026\/09\/19.jpg 1920w\" sizes=\"(max-width: 1024px) 100vw, 1024px\" \/><\/figure>\n\n\n\n<figure class=\"wp-block-image size-large\"><img loading=\"lazy\" decoding=\"async\" width=\"1024\" height=\"576\" data-id=\"15845\" src=\"https:\/\/peopleofcostarica.com\/wp-content\/uploads\/2026\/09\/18-1024x576.jpg\" alt=\"\" class=\"wp-image-15845\" srcset=\"https:\/\/peopleofcostarica.com\/wp-content\/uploads\/2026\/09\/18-1024x576.jpg 1024w, https:\/\/peopleofcostarica.com\/wp-content\/uploads\/2026\/09\/18-300x169.jpg 300w, https:\/\/peopleofcostarica.com\/wp-content\/uploads\/2026\/09\/18-768x432.jpg 768w, https:\/\/peopleofcostarica.com\/wp-content\/uploads\/2026\/09\/18-1536x864.jpg 1536w, https:\/\/peopleofcostarica.com\/wp-content\/uploads\/2026\/09\/18.jpg 1920w\" sizes=\"(max-width: 1024px) 100vw, 1024px\" \/><\/figure>\n\n\n\n<figure class=\"wp-block-image size-large\"><img loading=\"lazy\" decoding=\"async\" width=\"1024\" height=\"576\" data-id=\"15844\" src=\"https:\/\/peopleofcostarica.com\/wp-content\/uploads\/2026\/09\/17-1024x576.jpg\" alt=\"\" class=\"wp-image-15844\" srcset=\"https:\/\/peopleofcostarica.com\/wp-content\/uploads\/2026\/09\/17-1024x576.jpg 1024w, https:\/\/peopleofcostarica.com\/wp-content\/uploads\/2026\/09\/17-300x169.jpg 300w, https:\/\/peopleofcostarica.com\/wp-content\/uploads\/2026\/09\/17-768x432.jpg 768w, https:\/\/peopleofcostarica.com\/wp-content\/uploads\/2026\/09\/17-1536x864.jpg 1536w, https:\/\/peopleofcostarica.com\/wp-content\/uploads\/2026\/09\/17.jpg 1920w\" sizes=\"(max-width: 1024px) 100vw, 1024px\" \/><\/figure>\n\n\n\n<figure class=\"wp-block-image size-large\"><img loading=\"lazy\" decoding=\"async\" width=\"1024\" height=\"576\" data-id=\"15843\" src=\"https:\/\/peopleofcostarica.com\/wp-content\/uploads\/2026\/09\/15-1024x576.jpg\" alt=\"\" class=\"wp-image-15843\" srcset=\"https:\/\/peopleofcostarica.com\/wp-content\/uploads\/2026\/09\/15-1024x576.jpg 1024w, https:\/\/peopleofcostarica.com\/wp-content\/uploads\/2026\/09\/15-300x169.jpg 300w, https:\/\/peopleofcostarica.com\/wp-content\/uploads\/2026\/09\/15-768x432.jpg 768w, https:\/\/peopleofcostarica.com\/wp-content\/uploads\/2026\/09\/15-1536x864.jpg 1536w, https:\/\/peopleofcostarica.com\/wp-content\/uploads\/2026\/09\/15.jpg 1920w\" sizes=\"(max-width: 1024px) 100vw, 1024px\" \/><\/figure>\n\n\n\n<figure class=\"wp-block-image size-large\"><img loading=\"lazy\" decoding=\"async\" width=\"1024\" height=\"576\" data-id=\"15842\" src=\"https:\/\/peopleofcostarica.com\/wp-content\/uploads\/2026\/09\/13-1024x576.jpg\" alt=\"\" class=\"wp-image-15842\" srcset=\"https:\/\/peopleofcostarica.com\/wp-content\/uploads\/2026\/09\/13-1024x576.jpg 1024w, https:\/\/peopleofcostarica.com\/wp-content\/uploads\/2026\/09\/13-300x169.jpg 300w, https:\/\/peopleofcostarica.com\/wp-content\/uploads\/2026\/09\/13-768x432.jpg 768w, https:\/\/peopleofcostarica.com\/wp-content\/uploads\/2026\/09\/13-1536x864.jpg 1536w, https:\/\/peopleofcostarica.com\/wp-content\/uploads\/2026\/09\/13.jpg 1920w\" sizes=\"(max-width: 1024px) 100vw, 1024px\" \/><\/figure>\n<\/figure>\n\n\n\n<h3 class=\"wp-block-heading\"><strong>Transporte P\u00fablico y Shuttles<\/strong><\/h3>\n\n\n\n<p class=\"wp-block-paragraph\">Para quienes prefieren admirar el paisaje sin estar pendientes del volante, los autobuses de <strong>Tracopa<\/strong> hacen el viaje directo desde San Jos\u00e9 en unas 6 a 7 horas. Es una alternativa econ\u00f3mica (entre $21 y $25) que permite sumergirse en la lectura o simplemente ver a Costa Rica pasar por la ventana. Tambi\u00e9n existen servicios de <strong>transporte privado (shuttles)<\/strong> para familias o grupos que buscan la comodidad del puerta a puerta con horarios a la medida.<\/p>\n\n\n\n<h3 class=\"wp-block-heading\"><strong>El Vuelo: La V\u00eda R\u00e1pida al Para\u00edso<\/strong><\/h3>\n\n\n\n<p class=\"wp-block-paragraph\">Si el itinerario es ajustado, la distancia se desvanece desde el aire. Tomar un vuelo dom\u00e9stico con aerol\u00edneas como Sansa desde el Aeropuerto Juan Santamar\u00eda te aterriza en el aer\u00f3dromo de Golfito o bien el de Puerto Jim\u00e9nez en apenas una hora. La ganancia de tiempo viene acompa\u00f1ada de una vista cenital espectacular de nuestras costas y monta\u00f1as.<\/p>\n\n\n\n<p class=\"wp-block-paragraph\">Al llegar finalmente a Golfito o bien a Puerto Jimenez rodeados de la inmensidad verde de la selva y el azul del golfo, la premisa se confirma invariablemente. Sin importar si bajaste por la monta\u00f1a entre la niebla.<\/p>\n\n\n\n<figure class=\"wp-block-gallery has-nested-images columns-default is-cropped wp-block-gallery-2 is-layout-flex wp-block-gallery-is-layout-flex\">\n<figure class=\"wp-block-image size-large\"><img loading=\"lazy\" decoding=\"async\" width=\"768\" height=\"1024\" data-id=\"5747\" src=\"https:\/\/peopleofcostarica.com\/wp-content\/uploads\/2025\/10\/Imagen-de-WhatsApp-2025-10-01-a-las-15.16.05_3d9ff4fa-768x1024.jpg\" alt=\"\" class=\"wp-image-5747\" srcset=\"https:\/\/peopleofcostarica.com\/wp-content\/uploads\/2025\/10\/Imagen-de-WhatsApp-2025-10-01-a-las-15.16.05_3d9ff4fa-768x1024.jpg 768w, https:\/\/peopleofcostarica.com\/wp-content\/uploads\/2025\/10\/Imagen-de-WhatsApp-2025-10-01-a-las-15.16.05_3d9ff4fa-225x300.jpg 225w, https:\/\/peopleofcostarica.com\/wp-content\/uploads\/2025\/10\/Imagen-de-WhatsApp-2025-10-01-a-las-15.16.05_3d9ff4fa-1152x1536.jpg 1152w, https:\/\/peopleofcostarica.com\/wp-content\/uploads\/2025\/10\/Imagen-de-WhatsApp-2025-10-01-a-las-15.16.05_3d9ff4fa.jpg 1200w\" sizes=\"(max-width: 768px) 100vw, 768px\" \/><\/figure>\n\n\n\n<figure class=\"wp-block-image size-large\"><img loading=\"lazy\" decoding=\"async\" width=\"768\" height=\"1024\" data-id=\"5750\" src=\"https:\/\/peopleofcostarica.com\/wp-content\/uploads\/2025\/10\/Imagen-de-WhatsApp-2025-10-01-a-las-15.16.09_c393394b-768x1024.jpg\" alt=\"\" class=\"wp-image-5750\" srcset=\"https:\/\/peopleofcostarica.com\/wp-content\/uploads\/2025\/10\/Imagen-de-WhatsApp-2025-10-01-a-las-15.16.09_c393394b-768x1024.jpg 768w, https:\/\/peopleofcostarica.com\/wp-content\/uploads\/2025\/10\/Imagen-de-WhatsApp-2025-10-01-a-las-15.16.09_c393394b-225x300.jpg 225w, https:\/\/peopleofcostarica.com\/wp-content\/uploads\/2025\/10\/Imagen-de-WhatsApp-2025-10-01-a-las-15.16.09_c393394b-1152x1536.jpg 1152w, https:\/\/peopleofcostarica.com\/wp-content\/uploads\/2025\/10\/Imagen-de-WhatsApp-2025-10-01-a-las-15.16.09_c393394b.jpg 1200w\" sizes=\"(max-width: 768px) 100vw, 768px\" \/><\/figure>\n\n\n\n<figure class=\"wp-block-image size-large\"><img loading=\"lazy\" decoding=\"async\" width=\"1024\" height=\"576\" data-id=\"5741\" src=\"https:\/\/peopleofcostarica.com\/wp-content\/uploads\/2025\/10\/Imagen-de-WhatsApp-2025-10-01-a-las-15.16.09_eff6b3f5-1024x576.jpg\" alt=\"\" class=\"wp-image-5741\" srcset=\"https:\/\/peopleofcostarica.com\/wp-content\/uploads\/2025\/10\/Imagen-de-WhatsApp-2025-10-01-a-las-15.16.09_eff6b3f5-1024x576.jpg 1024w, https:\/\/peopleofcostarica.com\/wp-content\/uploads\/2025\/10\/Imagen-de-WhatsApp-2025-10-01-a-las-15.16.09_eff6b3f5-300x169.jpg 300w, https:\/\/peopleofcostarica.com\/wp-content\/uploads\/2025\/10\/Imagen-de-WhatsApp-2025-10-01-a-las-15.16.09_eff6b3f5-768x432.jpg 768w, https:\/\/peopleofcostarica.com\/wp-content\/uploads\/2025\/10\/Imagen-de-WhatsApp-2025-10-01-a-las-15.16.09_eff6b3f5-1536x864.jpg 1536w, https:\/\/peopleofcostarica.com\/wp-content\/uploads\/2025\/10\/Imagen-de-WhatsApp-2025-10-01-a-las-15.16.09_eff6b3f5-1320x743.jpg 1320w, https:\/\/peopleofcostarica.com\/wp-content\/uploads\/2025\/10\/Imagen-de-WhatsApp-2025-10-01-a-las-15.16.09_eff6b3f5.jpg 1600w\" sizes=\"(max-width: 1024px) 100vw, 1024px\" \/><\/figure>\n\n\n\n<figure class=\"wp-block-image size-large\"><img loading=\"lazy\" decoding=\"async\" width=\"1024\" height=\"768\" data-id=\"5744\" src=\"https:\/\/peopleofcostarica.com\/wp-content\/uploads\/2025\/10\/Imagen-de-WhatsApp-2025-10-01-a-las-15.16.08_fc828b3e-1024x768.jpg\" alt=\"\" class=\"wp-image-5744\" srcset=\"https:\/\/peopleofcostarica.com\/wp-content\/uploads\/2025\/10\/Imagen-de-WhatsApp-2025-10-01-a-las-15.16.08_fc828b3e-1024x768.jpg 1024w, https:\/\/peopleofcostarica.com\/wp-content\/uploads\/2025\/10\/Imagen-de-WhatsApp-2025-10-01-a-las-15.16.08_fc828b3e-300x225.jpg 300w, https:\/\/peopleofcostarica.com\/wp-content\/uploads\/2025\/10\/Imagen-de-WhatsApp-2025-10-01-a-las-15.16.08_fc828b3e-768x576.jpg 768w, https:\/\/peopleofcostarica.com\/wp-content\/uploads\/2025\/10\/Imagen-de-WhatsApp-2025-10-01-a-las-15.16.08_fc828b3e-1536x1152.jpg 1536w, https:\/\/peopleofcostarica.com\/wp-content\/uploads\/2025\/10\/Imagen-de-WhatsApp-2025-10-01-a-las-15.16.08_fc828b3e-1320x990.jpg 1320w, https:\/\/peopleofcostarica.com\/wp-content\/uploads\/2025\/10\/Imagen-de-WhatsApp-2025-10-01-a-las-15.16.08_fc828b3e.jpg 1600w\" sizes=\"(max-width: 1024px) 100vw, 1024px\" \/><\/figure>\n<\/figure>\n\n\n\n<h2 class=\"wp-block-heading\"><strong>El sur est\u00e1 vivo.<\/strong><\/h2>\n\n\n\n<p class=\"wp-block-paragraph\">Seamos sinceros, el sur est\u00e1 efectivamente lejos, en especial para quienes no puedan o entendiblemente quieran volar, pero la recompensa est\u00e1 para quien la busca y persevera. Es por todos conocido el dato de que Costa Rica resguarda el 6% de la biodiversidad del planeta solamente el 0.03% de su masa territorial, y es que la mitad de ese 6% se encuentra en la vibrante peninsula de Osa.&nbsp;<\/p>\n\n\n\n<p class=\"wp-block-paragraph\"><\/p>\n\n\n\n<h3 class=\"wp-block-heading\"><strong>Osa lo tiene todo.&nbsp;<\/strong><\/h3>\n\n\n\n<p class=\"wp-block-paragraph\">F\u00edsicamente, la pen\u00ednsula funciona como una fortaleza natural que a\u00edsla y protege la biodiversidad. Est\u00e1 atravesada de extremo a extremo por la Sierra de Osa, un sistema monta\u00f1oso propio e independiente. Sus cimas son modestas, alz\u00e1ndose apenas entre los 600 y 800 metros sobre el nivel del mar, pero conforman el escudo perfecto para abrazar y apaciguar las aguas del Golfo Dulce.&nbsp;<\/p>\n\n\n\n<p class=\"wp-block-paragraph\">Hacia el norte, la monta\u00f1a cede el paso a llanuras aluviales que se rinden ante la inmensidad del delta de los r\u00edos Sierpe y T\u00e9rraba. Alzar vuelo y documentar esta zona desde el aire revela un laberinto visual de humedales que figura entre los ecosistemas m\u00e1s vitales y complejos del pa\u00eds.<\/p>\n\n\n\n<p class=\"wp-block-paragraph\">Toda esta topograf\u00eda, al enfrentarse de golpe con los vientos del Pac\u00edfico, forja un car\u00e1cter clim\u00e1tico intenso y salvaje. La pen\u00ednsula respira a trav\u00e9s de un clima tropical muy h\u00famedo con una marcada influencia monz\u00f3nica, siendo una de las regiones m\u00e1s lluviosas de toda Costa Rica. Aqu\u00ed los cielos descargan entre 4.000 y 6.000 mil\u00edmetros de agua al a\u00f1o. Salvo por una breve y moderada tregua seca entre enero y abril, el agua es la gran arquitecta del paisaje, sosteniendo un ambiente c\u00e1lido y estable que promedia los 24\u00b0C durante todo el a\u00f1o, sin embargo la sensaci\u00f3n t\u00e9rmica puede llegar hasta a 35\u00b0C. Es este diluvio constante el que mantiene latiendo el coraz\u00f3n de sus densos bosques primarios.<\/p>\n\n\n\n<p class=\"wp-block-paragraph\">Para administrar y proteger esta inmensidad, el mapa pol\u00edtico de la regi\u00f3n (que pertenece \u00edntegramente a la provincia de Puntarenas) ha evolucionado recientemente.<\/p>\n\n\n\n<p class=\"wp-block-paragraph\">Hacia el noroeste y norte, el tradicional <strong>cant\u00f3n de Osa<\/strong> mantiene la custodia de \u00e1reas cr\u00edticas. Es espec\u00edficamente dentro de su distrito de Sierpe donde recaen tesoros de valor incalculable como Bah\u00eda Drake y una inmensa porci\u00f3n del Parque Nacional Corcovado.<\/p>\n\n\n\n<p class=\"wp-block-paragraph\">Por su parte, bordeando toda la cara sur y este, de frente a las aguas mansas del Golfo Dulce, late el naciente <strong>cant\u00f3n de Puerto Jim\u00e9nez<\/strong>. Este es el cant\u00f3n m\u00e1s joven de la zona (el n\u00famero 84 de Costa Rica), habiendo estrenado apenas su primer gobierno local en febrero de 2024.<\/p>\n\n\n\n<p class=\"wp-block-paragraph\">Mientras que el famoso <strong>Golfito<\/strong> merece una menci\u00f3n obligatoria. Aunque geogr\u00e1ficamente Golfito descansa en la costa continental, justo al otro lado de las aguas, su historia est\u00e1 indisolublemente ligada a la pen\u00ednsula. Durante d\u00e9cadas, Puerto Jim\u00e9nez fue un distrito bajo la administraci\u00f3n del cant\u00f3n de Golfito. Hoy, aunque Jim\u00e9nez ha tomado las riendas de su propio desarrollo como cant\u00f3n independiente, Golfito sigue siendo ese puerto hermano y la gran puerta de entrada hist\u00f3rica al sur. El Golfo Dulce no los separa; al contrario, es el espejo de agua que los une y que da sentido a esfuerzos regionales conjuntos como la ExpoGolfo Dulce.<\/p>\n\n\n\n<h2 class=\"wp-block-heading\"><strong>\u00bfQu\u00e9 hacer en la Zona Sur?&nbsp;<\/strong><\/h2>\n\n\n\n<p class=\"wp-block-paragraph\">Este ha sido definitivamente un art\u00edculo dif\u00edcil de escribir, en 3 d\u00edas de la Expo, m\u00e1s dos d\u00edas que me qued\u00e9 a t\u00edtulo personal la Zona Sur es demasiado rica y vibrante para explorar y descubrir, no es posible visitarla y acabarla en un viaje. Se regresa de ella con la sensaci\u00f3n de que se dejan secretos por descubrir.&nbsp;<\/p>\n\n\n\n<p class=\"wp-block-paragraph\">Aqu\u00ed una lista de actividades que realic\u00e9 alguna de las cuales expandir\u00e1 en futuros art\u00edculos.<\/p>\n\n\n\n<ul class=\"wp-block-list\">\n<li>Visita el Humedal T\u00e9rraba Sierpe. Este tambi\u00e9n es una ruta ideal para visitar Bah\u00ed Drake.<\/li>\n\n\n\n<li>Visita a Finca 6 museo y sitio arqueol\u00f3gico de las Esferas de piedra de Costa Rica.<\/li>\n\n\n\n<li>Visita al Golfito y al Dep\u00f3sito Libre de Golfito.<\/li>\n\n\n\n<li>Tour de Ballenas y Delfines en Golfo Dulce<\/li>\n\n\n\n<li>Estad\u00eda en Hotel Botanika by Hilton Curio Collections<\/li>\n\n\n\n<li>Tour en Cham\u00e1n, en la zona del Parque Marino Ballena.<\/li>\n\n\n\n<li>Visita al Jard\u00edn Bot\u00e1nico Wilson<\/li>\n\n\n\n<li>Visita a San Vito de Cotobrus<\/li>\n\n\n\n<li>Visita a Sabalito<\/li>\n<\/ul>\n\n\n\n<h3 class=\"wp-block-heading\"><strong>Los residentes del Fiordo Tropical, mar, playa y monta\u00f1a.<\/strong><\/h3>\n\n\n\n<p class=\"wp-block-paragraph\">Osa en vibrante, salvaje, verde y viva. Huele a sal y a tierra mojada. Para los amantes de la naturaleza la pen\u00ednsula de Osa es cat\u00e1logo inagotable de maravillas, diversidad y sonidos. Con especies residentes as\u00ed como con gigantes viajeros, la pen\u00ednsula de osa pr\u00e1cticamente garantiza observaciones de biodiversidad en cada rinc\u00f3n.<\/p>\n\n\n\n<figure class=\"wp-block-table\"><table class=\"has-fixed-layout\"><tbody><tr><td><strong>Nombre Com\u00fan<\/strong><\/td><td><strong>Nombre Cient\u00edfico<\/strong><\/td><td><strong>H\u00e1bitat \/ Notas en la Regi\u00f3n<\/strong><\/td><\/tr><tr><td><strong>Lapa Roja<\/strong><\/td><td><a href=\"https:\/\/costaricaspecies.com\/es\/especies\/468c4937-4c6f-49d1-93fe-f1a80f0cdc28\/ara-macao\" target=\"_blank\" rel=\"noopener\"><em>Ara macao<\/em><\/a><\/td><td>Bosques costeros y dosel de la Pen\u00ednsula de Osa.<\/td><\/tr><tr><td><strong>Danta o Tapir Centroamericano<\/strong><\/td><td><a href=\"https:\/\/costaricaspecies.com\/es\/especies\/3080ff82-f95a-4e18-a367-04d05c37c9bd\/tapirus-bairdii\" target=\"_blank\" rel=\"noopener\"><em>Tapirus bairdii<\/em><\/a><\/td><td>Bosque denso y zonas pantanosas; es el mam\u00edfero terrestre m\u00e1s grande del \u00e1rea.<\/td><\/tr><tr><td><strong>Ballena Jorobada<\/strong><\/td><td><a href=\"https:\/\/costaricaspecies.com\/es\/especies\/38957857-4117-4b94-bc2f-c6e36509d288\/megaptera-novaeangliae\" target=\"_blank\" rel=\"noopener\"><em>Megaptera novaeangliae<\/em><\/a><\/td><td>Utiliza las aguas profundas del Golfo Dulce para crianza y reproducci\u00f3n.<\/td><\/tr><tr><td><strong>Rana Venenosa de Golfo Dulce<\/strong><\/td><td><a href=\"https:\/\/costaricaspecies.com\/es\/especies\/7351c8a2-0d5f-41b9-a361-4f4dee063923\/phyllobates-vittatus\" target=\"_blank\" rel=\"noopener\"><em>Phyllobates vittatus<\/em><\/a><\/td><td>End\u00e9mica de la regi\u00f3n; habita en el suelo del bosque lluvioso.<\/td><\/tr><tr><td><strong>Delf\u00edn Nariz de Botella<\/strong><\/td><td><a href=\"https:\/\/costaricaspecies.com\/es\/especies\/7c1060ea-c77d-4cf2-b04b-99a5fb470a53\/tursiops-truncatus\" target=\"_blank\" rel=\"noopener\"><em>Tursiops truncatus<\/em><\/a><\/td><td>Cuenta con poblaciones residentes en el entorno del Golfo Dulce.<\/td><\/tr><tr><td><strong>Mono Tit\u00ed Coronigris<\/strong><\/td><td><a href=\"https:\/\/costaricaspecies.com\/es\/especies\/e9ed0b5e-8b18-4017-babd-49239d0c1bf8\/saimiri-oerstedii\" target=\"_blank\" rel=\"noopener\"><em>Saimiri oerstedii<\/em><\/a><\/td><td>Primate end\u00e9mico del Pac\u00edfico sur de Costa Rica y partes de Panam\u00e1.<\/td><\/tr><tr><td><strong>Jaguar<\/strong><\/td><td><a href=\"https:\/\/costaricaspecies.com\/es\/especies\/dceb59f2-c8ca-4d9b-a366-947a8067742a\/panthera-onca\" target=\"_blank\" rel=\"noopener\"><em>Panthera onca<\/em><\/a><\/td><td>Depredador \u00e1pice terrestre, dependiente de las grandes extensiones de bosque.<\/td><\/tr><tr><td><strong>Mono Ara\u00f1a de Geoffroy<\/strong><\/td><td><a href=\"https:\/\/costaricaspecies.com\/es\/especies\/4f8d2c7b-c51d-41d7-bf22-7f5fa2c4282d\/ateles-geoffroyi\" target=\"_blank\" rel=\"noopener\"><em>Ateles geoffroyi<\/em><\/a><\/td><td>Habita el dosel superior y requiere bosques primarios con abundantes frutos.<\/td><\/tr><tr><td><strong>Mono Congo o Aullador<\/strong><\/td><td><a href=\"https:\/\/costaricaspecies.com\/es\/especies\/8cc236a3-5b28-42a8-9a9e-0099159fd088\/alouatta-palliata\" target=\"_blank\" rel=\"noopener\"><em>Alouatta palliata<\/em><\/a><\/td><td>Muy com\u00fan tanto en el bosque denso como cerca de las costas.<\/td><\/tr><tr><td><strong>Mono Cariblanco<\/strong><\/td><td><a href=\"https:\/\/costaricaspecies.com\/es\/especies\/332a2cb3-eefd-42af-a43f-42850862bf17\/cebus-capucinus\" target=\"_blank\" rel=\"noopener\"><em>Cebus imitator<\/em><\/a><\/td><td>Primate sumamente adaptable y con amplia distribuci\u00f3n en la pen\u00ednsula.<\/td><\/tr><tr><td><strong>Cocodrilo Americano<\/strong><\/td><td><a href=\"https:\/\/costaricaspecies.com\/es\/especies\/33223223-8654-4994-9e8e-6e9ef2d0a7bf\/crocodylus-acutus\" target=\"_blank\" rel=\"noopener\"><em>Crocodylus acutus<\/em><\/a><\/td><td>Presente en manglares, desembocaduras e incluso nadando en el mar.<\/td><\/tr><tr><td><strong>Caim\u00e1n<\/strong><\/td><td><em>Caiman crocodylus<\/em><\/td><td>Com\u00fan en estuarios locales como el de Platanares cerca de Puerto Jim\u00e9nez.<\/td><\/tr><tr><td><strong>Serpiente Plato Negro<\/strong><\/td><td><a href=\"https:\/\/costaricaspecies.com\/es\/especies\/70b20532-c8af-4f12-bf5d-c285b3d10d8f\/lachesis-stenophrys\" target=\"_blank\" rel=\"noopener\"><em>Lachesis melanocephala<\/em><\/a><\/td><td>V\u00edbora end\u00e9mica y sigilosa de los bosques primarios de Osa.<\/td><\/tr><tr><td><strong>Tibur\u00f3n Ballena<\/strong><\/td><td><a href=\"https:\/\/costaricaspecies.com\/es\/especies\/17cefd63-2bc8-411e-a7be-944b1701aec0\/rhincodon-typus\" target=\"_blank\" rel=\"noopener\"><em>Rhincodon typus<\/em><\/a><\/td><td>Visitante ocasional atra\u00eddo por la riqueza de nutrientes de ciertas zonas del golfo.<\/td><\/tr><tr><td><strong>Tortuga Marina Carey<\/strong><\/td><td><a href=\"https:\/\/costaricaspecies.com\/es\/especies\/620f97c1-0fbb-4fd2-b2b6-5d2dfd5d6e85\/eretmochelys-imbricata\" target=\"_blank\" rel=\"noopener\"><em>Eretmochelys imbricata<\/em><\/a><\/td><td>Utiliza las playas de la pen\u00ednsula y el golfo como sitios vitales de anidaci\u00f3n.<\/td><\/tr><\/tbody><\/table><\/figure>\n","protected":false},"featured_media":15840,"parent":0,"template":"","format":"standard","loccation":[130],"class_list":["post-15809","places","type-places","status-publish","format-standard","has-post-thumbnail","hentry","loccation-puntarenas-2"],"_links":{"self":[{"href":"https:\/\/peopleofcostarica.com\/es\/wp-json\/wp\/v2\/places\/15809","targetHints":{"allow":["GET"]}}],"collection":[{"href":"https:\/\/peopleofcostarica.com\/es\/wp-json\/wp\/v2\/places"}],"about":[{"href":"https:\/\/peopleofcostarica.com\/es\/wp-json\/wp\/v2\/types\/places"}],"version-history":[{"count":1,"href":"https:\/\/peopleofcostarica.com\/es\/wp-json\/wp\/v2\/places\/15809\/revisions"}],"predecessor-version":[{"id":15852,"href":"https:\/\/peopleofcostarica.com\/es\/wp-json\/wp\/v2\/places\/15809\/revisions\/15852"}],"wp:featuredmedia":[{"embeddable":true,"href":"https:\/\/peopleofcostarica.com\/es\/wp-json\/wp\/v2\/media\/15840"}],"wp:attachment":[{"href":"https:\/\/peopleofcostarica.com\/es\/wp-json\/wp\/v2\/media?parent=15809"}],"wp:term":[{"taxonomy":"loccation","embeddable":true,"href":"https:\/\/peopleofcostarica.com\/es\/wp-json\/wp\/v2\/loccation?post=15809"}],"curies":[{"name":"wp","href":"https:\/\/api.w.org\/{rel}","templated":true}]}}