{"id":10725,"date":"2026-03-14T05:16:46","date_gmt":"2026-03-14T11:16:46","guid":{"rendered":"https:\/\/peopleofcostarica.com\/noticias\/"},"modified":"2026-03-17T05:16:30","modified_gmt":"2026-03-17T05:16:30","slug":"noticias","status":"publish","type":"page","link":"https:\/\/peopleofcostarica.com\/es\/noticias\/","title":{"rendered":"Noticias"},"content":{"rendered":"\t\t<div data-elementor-type=\"wp-page\" data-elementor-id=\"10725\" class=\"elementor elementor-10725 elementor-10311\" data-elementor-post-type=\"page\">\n\t\t\t\t<div class=\"elementor-element elementor-element-a8d4118 e-flex e-con-boxed e-con e-parent\" data-id=\"a8d4118\" data-element_type=\"container\" data-e-type=\"container\" data-settings=\"{&quot;background_background&quot;:&quot;classic&quot;,&quot;jet_parallax_layout_list&quot;:[]}\">\n\t\t\t\t\t<div class=\"e-con-inner\">\n\t\t\t\t<div class=\"elementor-element elementor-element-dd614f8 elementor-widget elementor-widget-heading\" data-id=\"dd614f8\" data-element_type=\"widget\" data-e-type=\"widget\" data-widget_type=\"heading.default\">\n\t\t\t\t\t<h1 class=\"elementor-heading-title elementor-size-default\">Cr\u00f3nica de Costa Rica<\/h1>\t\t\t\t<\/div>\n\t\t\t\t<div class=\"elementor-element elementor-element-7d3921e elementor-widget elementor-widget-text-editor\" data-id=\"7d3921e\" data-element_type=\"widget\" data-e-type=\"widget\" data-widget_type=\"text-editor.default\">\n\t\t\t\t\t\t\t\t\t<p><em>El pulso de la cultura, la gente y el pura vida.<\/em><\/p>\t\t\t\t\t\t\t\t<\/div>\n\t\t\t\t\t<\/div>\n\t\t\t\t<\/div>\n\t\t<div class=\"elementor-element elementor-element-2311c28 e-flex e-con-boxed e-con e-parent\" data-id=\"2311c28\" data-element_type=\"container\" data-e-type=\"container\" data-settings=\"{&quot;jet_parallax_layout_list&quot;:[]}\">\n\t\t\t\t\t<div class=\"e-con-inner\">\n\t\t<div class=\"elementor-element elementor-element-8eb35ca e-con-full e-flex e-con e-child\" data-id=\"8eb35ca\" data-element_type=\"container\" data-e-type=\"container\" data-settings=\"{&quot;jet_parallax_layout_list&quot;:[]}\">\n\t\t\t\t<div class=\"elementor-element elementor-element-026fced elementor-grid-2 elementor-grid-tablet-2 elementor-grid-mobile-1 elementor-widget elementor-widget-loop-grid\" data-id=\"026fced\" data-element_type=\"widget\" data-e-type=\"widget\" data-settings=\"{&quot;template_id&quot;:10032,&quot;pagination_type&quot;:&quot;load_more_on_click&quot;,&quot;columns&quot;:2,&quot;alternate_template&quot;:&quot;yes&quot;,&quot;_skin&quot;:&quot;post&quot;,&quot;columns_tablet&quot;:&quot;2&quot;,&quot;columns_mobile&quot;:&quot;1&quot;,&quot;edit_handle_selector&quot;:&quot;[data-elementor-type=\\&quot;loop-item\\&quot;]&quot;,&quot;load_more_spinner&quot;:{&quot;value&quot;:&quot;fas fa-spinner&quot;,&quot;library&quot;:&quot;fa-solid&quot;},&quot;row_gap&quot;:{&quot;unit&quot;:&quot;px&quot;,&quot;size&quot;:&quot;&quot;,&quot;sizes&quot;:[]},&quot;row_gap_tablet_extra&quot;:{&quot;unit&quot;:&quot;px&quot;,&quot;size&quot;:&quot;&quot;,&quot;sizes&quot;:[]},&quot;row_gap_tablet&quot;:{&quot;unit&quot;:&quot;px&quot;,&quot;size&quot;:&quot;&quot;,&quot;sizes&quot;:[]},&quot;row_gap_mobile_extra&quot;:{&quot;unit&quot;:&quot;px&quot;,&quot;size&quot;:&quot;&quot;,&quot;sizes&quot;:[]},&quot;row_gap_mobile&quot;:{&quot;unit&quot;:&quot;px&quot;,&quot;size&quot;:&quot;&quot;,&quot;sizes&quot;:[]}}\" data-widget_type=\"loop-grid.post\">\n\t\t\t\t<div class=\"elementor-widget-container\">\n\t\t\t\t\t\t\t<div class=\"elementor-loop-container elementor-grid\" role=\"list\">\n\t\t<style id=\"loop-10062\">.elementor-10062 .elementor-element.elementor-element-3a68d9e1{--display:flex;--flex-direction:column;--container-widget-width:100%;--container-widget-height:initial;--container-widget-flex-grow:0;--container-widget-align-self:initial;--flex-wrap-mobile:wrap;--gap:8px 8px;--row-gap:8px;--column-gap:8px;--background-transition:0.3s;--padding-top:0px;--padding-bottom:0px;--padding-left:0px;--padding-right:0px;}.elementor-10062 .elementor-element.elementor-element-3a68d9e1:hover{background-color:var( --e-global-color-16d74d9 );}.elementor-widget-theme-post-featured-image .widget-image-caption{color:var( --e-global-color-text );font-family:var( --e-global-typography-text-font-family ), Sans-serif;font-size:var( --e-global-typography-text-font-size );font-weight:var( --e-global-typography-text-font-weight );line-height:var( --e-global-typography-text-line-height );}.elementor-10062 .elementor-element.elementor-element-6f0b8ac2 img{border-radius:16px 16px 16px 16px;}.elementor-widget-theme-post-title .elementor-heading-title{font-family:var( --e-global-typography-primary-font-family ), Sans-serif;font-size:var( --e-global-typography-primary-font-size );font-weight:var( --e-global-typography-primary-font-weight );line-height:var( --e-global-typography-primary-line-height );color:var( --e-global-color-primary );}.elementor-10062 .elementor-element.elementor-element-18a0f7c8 .elementor-heading-title{font-family:\"Inter\", Sans-serif;font-size:1.5rem;font-weight:700;line-height:1.2em;}.elementor-widget-theme-post-excerpt{font-family:var( --e-global-typography-text-font-family ), Sans-serif;font-size:var( --e-global-typography-text-font-size );font-weight:var( --e-global-typography-text-font-weight );line-height:var( --e-global-typography-text-line-height );color:var( --e-global-color-text );}.elementor-10062 .elementor-element.elementor-element-2e92e521{font-family:var( --e-global-typography-text-font-family ), Sans-serif;font-size:var( --e-global-typography-text-font-size );font-weight:var( --e-global-typography-text-font-weight );line-height:var( --e-global-typography-text-line-height );}.elementor-widget-post-info .elementor-icon-list-item:not(:last-child):after{border-color:var( --e-global-color-text );}.elementor-widget-post-info .elementor-icon-list-icon i{color:var( --e-global-color-primary );}.elementor-widget-post-info .elementor-icon-list-icon svg{fill:var( --e-global-color-primary );}.elementor-widget-post-info .elementor-icon-list-text, .elementor-widget-post-info .elementor-icon-list-text a{color:var( --e-global-color-secondary );}.elementor-widget-post-info .elementor-icon-list-item{font-family:var( --e-global-typography-text-font-family ), Sans-serif;font-size:var( --e-global-typography-text-font-size );font-weight:var( --e-global-typography-text-font-weight );line-height:var( --e-global-typography-text-line-height );}.elementor-10062 .elementor-element.elementor-element-105f55c3 .elementor-icon-list-item:not(:last-child):after{content:\"\";border-color:#ddd;}.elementor-10062 .elementor-element.elementor-element-105f55c3 .elementor-icon-list-items:not(.elementor-inline-items) .elementor-icon-list-item:not(:last-child):after{border-top-style:solid;border-top-width:1px;}.elementor-10062 .elementor-element.elementor-element-105f55c3 .elementor-icon-list-items.elementor-inline-items .elementor-icon-list-item:not(:last-child):after{border-left-style:solid;}.elementor-10062 .elementor-element.elementor-element-105f55c3 .elementor-inline-items .elementor-icon-list-item:not(:last-child):after{border-left-width:1px;}.elementor-10062 .elementor-element.elementor-element-105f55c3 .elementor-icon-list-icon{width:14px;}.elementor-10062 .elementor-element.elementor-element-105f55c3 .elementor-icon-list-icon i{font-size:14px;}.elementor-10062 .elementor-element.elementor-element-105f55c3 .elementor-icon-list-icon svg{--e-icon-list-icon-size:14px;}.elementor-10062 .elementor-element.elementor-element-105f55c3 .elementor-icon-list-text, .elementor-10062 .elementor-element.elementor-element-105f55c3 .elementor-icon-list-text a{color:var( --e-global-color-text );}.elementor-10062 .elementor-element.elementor-element-105f55c3 .elementor-icon-list-item{font-family:var( --e-global-typography-65fd483-font-family ), Sans-serif;font-size:var( --e-global-typography-65fd483-font-size );font-weight:var( --e-global-typography-65fd483-font-weight );text-transform:var( --e-global-typography-65fd483-text-transform );line-height:var( --e-global-typography-65fd483-line-height );letter-spacing:var( --e-global-typography-65fd483-letter-spacing );word-spacing:var( --e-global-typography-65fd483-word-spacing );}.elementor-widget-divider{--divider-color:var( --e-global-color-secondary );}.elementor-widget-divider .elementor-divider__text{color:var( --e-global-color-secondary );font-family:var( --e-global-typography-secondary-font-family ), Sans-serif;font-size:var( --e-global-typography-secondary-font-size );font-weight:var( --e-global-typography-secondary-font-weight );line-height:var( --e-global-typography-secondary-line-height );}.elementor-widget-divider.elementor-view-stacked .elementor-icon{background-color:var( --e-global-color-secondary );}.elementor-widget-divider.elementor-view-framed .elementor-icon, .elementor-widget-divider.elementor-view-default .elementor-icon{color:var( --e-global-color-secondary );border-color:var( --e-global-color-secondary );}.elementor-widget-divider.elementor-view-framed .elementor-icon, .elementor-widget-divider.elementor-view-default .elementor-icon svg{fill:var( --e-global-color-secondary );}.elementor-10062 .elementor-element.elementor-element-6a1f70d0{--divider-border-style:solid;--divider-color:var( --e-global-color-16d74d9 );--divider-border-width:1px;}.elementor-10062 .elementor-element.elementor-element-6a1f70d0 .elementor-divider-separator{width:100%;margin:0 auto;margin-center:0;}.elementor-10062 .elementor-element.elementor-element-6a1f70d0 .elementor-divider{text-align:center;padding-block-start:24px;padding-block-end:24px;}@media(max-width:1024px){.elementor-widget-theme-post-featured-image .widget-image-caption{font-size:var( --e-global-typography-text-font-size );line-height:var( --e-global-typography-text-line-height );}.elementor-widget-theme-post-title .elementor-heading-title{font-size:var( --e-global-typography-primary-font-size );line-height:var( --e-global-typography-primary-line-height );}.elementor-widget-theme-post-excerpt{font-size:var( --e-global-typography-text-font-size );line-height:var( --e-global-typography-text-line-height );}.elementor-10062 .elementor-element.elementor-element-2e92e521{font-size:var( --e-global-typography-text-font-size );line-height:var( --e-global-typography-text-line-height );}.elementor-widget-post-info .elementor-icon-list-item{font-size:var( --e-global-typography-text-font-size );line-height:var( --e-global-typography-text-line-height );}.elementor-10062 .elementor-element.elementor-element-105f55c3 .elementor-icon-list-item{font-size:var( --e-global-typography-65fd483-font-size );line-height:var( --e-global-typography-65fd483-line-height );letter-spacing:var( --e-global-typography-65fd483-letter-spacing );word-spacing:var( --e-global-typography-65fd483-word-spacing );}.elementor-widget-divider .elementor-divider__text{font-size:var( --e-global-typography-secondary-font-size );line-height:var( --e-global-typography-secondary-line-height );}}@media(max-width:767px){.elementor-widget-theme-post-featured-image .widget-image-caption{font-size:var( --e-global-typography-text-font-size );line-height:var( --e-global-typography-text-line-height );}.elementor-widget-theme-post-title .elementor-heading-title{font-size:var( --e-global-typography-primary-font-size );line-height:var( --e-global-typography-primary-line-height );}.elementor-widget-theme-post-excerpt{font-size:var( --e-global-typography-text-font-size );line-height:var( --e-global-typography-text-line-height );}.elementor-10062 .elementor-element.elementor-element-2e92e521{font-size:var( --e-global-typography-text-font-size );line-height:var( --e-global-typography-text-line-height );}.elementor-widget-post-info .elementor-icon-list-item{font-size:var( --e-global-typography-text-font-size );line-height:var( --e-global-typography-text-line-height );}.elementor-10062 .elementor-element.elementor-element-105f55c3 .elementor-icon-list-item{font-size:var( --e-global-typography-65fd483-font-size );line-height:var( --e-global-typography-65fd483-line-height );letter-spacing:var( --e-global-typography-65fd483-letter-spacing );word-spacing:var( --e-global-typography-65fd483-word-spacing );}.elementor-widget-divider .elementor-divider__text{font-size:var( --e-global-typography-secondary-font-size );line-height:var( --e-global-typography-secondary-line-height );}}<\/style>\t\t<div data-elementor-type=\"loop-item\" data-elementor-id=\"10062\" class=\"elementor elementor-10062 elementor-repeater-item-0e57dba e-loop-item e-loop-item-12452 post-12452 post type-post status-publish format-standard has-post-thumbnail hentry category-noticias category-clima-y-ambiente\" data-elementor-post-type=\"elementor_library\" data-custom-edit-handle=\"1\">\n\t\t\t<a class=\"elementor-element elementor-element-3a68d9e1 e-flex e-con-boxed e-con e-parent\" data-id=\"3a68d9e1\" data-element_type=\"container\" data-e-type=\"container\" data-settings=\"{&quot;jet_parallax_layout_list&quot;:[]}\" href=\"https:\/\/peopleofcostarica.com\/es\/costa-rica-enfrenta-un-2026-mas-seco-y-caluroso-con-inicio-irregular-de-la-temporada-lluviosa\/\">\n\t\t\t\t\t<div class=\"e-con-inner\">\n\t\t\t\t<div class=\"elementor-element elementor-element-6f0b8ac2 elementor-widget elementor-widget-theme-post-featured-image elementor-widget-image\" data-id=\"6f0b8ac2\" data-element_type=\"widget\" data-e-type=\"widget\" data-widget_type=\"theme-post-featured-image.default\">\n\t\t\t\t\t\t\t\t\t\t\t\t\t\t\t<img fetchpriority=\"high\" decoding=\"async\" width=\"800\" height=\"600\" src=\"https:\/\/peopleofcostarica.com\/wp-content\/uploads\/2026\/04\/costa-rica-rainy-season-cloud-forest.webp\" class=\"attachment-full size-full wp-image-12453\" alt=\"\" srcset=\"https:\/\/peopleofcostarica.com\/wp-content\/uploads\/2026\/04\/costa-rica-rainy-season-cloud-forest.webp 800w, https:\/\/peopleofcostarica.com\/wp-content\/uploads\/2026\/04\/costa-rica-rainy-season-cloud-forest-300x225.webp 300w, https:\/\/peopleofcostarica.com\/wp-content\/uploads\/2026\/04\/costa-rica-rainy-season-cloud-forest-768x576.webp 768w\" sizes=\"(max-width: 800px) 100vw, 800px\" \/>\t\t\t\t\t\t\t\t\t\t\t\t\t\t\t<\/div>\n\t\t\t\t<div class=\"elementor-element elementor-element-18a0f7c8 elementor-widget elementor-widget-theme-post-title elementor-page-title elementor-widget-heading\" data-id=\"18a0f7c8\" data-element_type=\"widget\" data-e-type=\"widget\" data-widget_type=\"theme-post-title.default\">\n\t\t\t\t\t<h2 class=\"elementor-heading-title elementor-size-default\">Costa Rica enfrenta un 2026 m\u00e1s seco y caluroso con inicio irregular de la temporada lluviosa<\/h2>\t\t\t\t<\/div>\n\t\t\t\t<div class=\"elementor-element elementor-element-2e92e521 elementor-widget elementor-widget-theme-post-excerpt\" data-id=\"2e92e521\" data-element_type=\"widget\" data-e-type=\"widget\" data-widget_type=\"theme-post-excerpt.default\">\n\t\t\t\t\t<p>Proyecci\u00f3n del Instituto Meteorol\u00f3gico Nacional Costa Rica se dirige hacia una temporada lluviosa 2026 que podr\u00eda comenzar seg\u00fan el calendario, pero de forma irregular y con menores acumulados de lluvia\t\t\t\t<\/div>\n\t\t\t\t<div class=\"elementor-element elementor-element-105f55c3 elementor-widget elementor-widget-post-info\" data-id=\"105f55c3\" data-element_type=\"widget\" data-e-type=\"widget\" data-widget_type=\"post-info.default\">\n\t\t\t\t\t\t\t<ul class=\"elementor-inline-items elementor-icon-list-items elementor-post-info\">\n\t\t\t\t\t\t\t\t<li class=\"elementor-icon-list-item elementor-repeater-item-36ef673 elementor-inline-item\" itemprop=\"author\">\n\t\t\t\t\t\t\t\t\t\t\t\t\t<span class=\"elementor-icon-list-text elementor-post-info__item elementor-post-info__item--type-author\">\n\t\t\t\t\t\t\t<span class=\"elementor-post-info__item-prefix\">By<\/span>\n\t\t\t\t\t\t\t\t\t\tJulia\t\t\t\t\t<\/span>\n\t\t\t\t\t\t\t\t<\/li>\n\t\t\t\t<li class=\"elementor-icon-list-item elementor-repeater-item-3c39e31 elementor-inline-item\" itemprop=\"datePublished\">\n\t\t\t\t\t\t\t\t\t\t\t\t\t<span class=\"elementor-icon-list-text elementor-post-info__item elementor-post-info__item--type-date\">\n\t\t\t\t\t\t\t\t\t\t<time>abril 20, 2026<\/time>\t\t\t\t\t<\/span>\n\t\t\t\t\t\t\t\t<\/li>\n\t\t\t\t<\/ul>\n\t\t\t\t\t\t<\/div>\n\t\t\t\t<div class=\"elementor-element elementor-element-6a1f70d0 elementor-widget-divider--view-line elementor-widget elementor-widget-divider\" data-id=\"6a1f70d0\" data-element_type=\"widget\" data-e-type=\"widget\" data-widget_type=\"divider.default\">\n\t\t\t\t\t\t\t<div class=\"elementor-divider\">\n\t\t\t<span class=\"elementor-divider-separator\">\n\t\t\t\t\t\t<\/span>\n\t\t<\/div>\n\t\t\t\t\t\t<\/div>\n\t\t\t\t\t<\/div>\n\t\t\t\t<\/a>\n\t\t\t\t<\/div>\n\t\t<style id=\"loop-10032\">.elementor-10032 .elementor-element.elementor-element-7d894c77{--display:flex;--flex-direction:column;--container-widget-width:100%;--container-widget-height:initial;--container-widget-flex-grow:0;--container-widget-align-self:initial;--flex-wrap-mobile:wrap;--gap:8px 8px;--row-gap:8px;--column-gap:8px;--padding-top:0px;--padding-bottom:0px;--padding-left:0px;--padding-right:0px;}.elementor-widget-theme-post-featured-image .widget-image-caption{color:var( --e-global-color-text );font-family:var( --e-global-typography-text-font-family ), Sans-serif;font-size:var( --e-global-typography-text-font-size );font-weight:var( --e-global-typography-text-font-weight );line-height:var( --e-global-typography-text-line-height );}.elementor-10032 .elementor-element.elementor-element-d2ba012 img{width:100%;height:210px;object-fit:cover;object-position:center center;}.elementor-widget-theme-post-title .elementor-heading-title{font-family:var( --e-global-typography-primary-font-family ), Sans-serif;font-size:var( --e-global-typography-primary-font-size );font-weight:var( --e-global-typography-primary-font-weight );line-height:var( --e-global-typography-primary-line-height );color:var( --e-global-color-primary );}.elementor-10032 .elementor-element.elementor-element-72696164 .elementor-heading-title{font-family:\"Inter\", Sans-serif;font-size:1.25rem;font-weight:700;line-height:1.5rem;}.elementor-widget-theme-post-excerpt{font-family:var( --e-global-typography-text-font-family ), Sans-serif;font-size:var( --e-global-typography-text-font-size );font-weight:var( --e-global-typography-text-font-weight );line-height:var( --e-global-typography-text-line-height );color:var( --e-global-color-text );}.elementor-10032 .elementor-element.elementor-element-66b27bd{font-family:\"Inter\", Sans-serif;font-size:1rem;font-weight:400;line-height:1.2rem;color:var( --e-global-color-e8cae5f );}.elementor-widget-post-info .elementor-icon-list-item:not(:last-child):after{border-color:var( --e-global-color-text );}.elementor-widget-post-info .elementor-icon-list-icon i{color:var( --e-global-color-primary );}.elementor-widget-post-info .elementor-icon-list-icon svg{fill:var( --e-global-color-primary );}.elementor-widget-post-info .elementor-icon-list-text, .elementor-widget-post-info .elementor-icon-list-text a{color:var( --e-global-color-secondary );}.elementor-widget-post-info .elementor-icon-list-item{font-family:var( --e-global-typography-text-font-family ), Sans-serif;font-size:var( --e-global-typography-text-font-size );font-weight:var( --e-global-typography-text-font-weight );line-height:var( --e-global-typography-text-line-height );}.elementor-10032 .elementor-element.elementor-element-4ab45602 .elementor-icon-list-icon{width:14px;}.elementor-10032 .elementor-element.elementor-element-4ab45602 .elementor-icon-list-icon i{font-size:14px;}.elementor-10032 .elementor-element.elementor-element-4ab45602 .elementor-icon-list-icon svg{--e-icon-list-icon-size:14px;}.elementor-10032 .elementor-element.elementor-element-4ab45602 .elementor-icon-list-text, .elementor-10032 .elementor-element.elementor-element-4ab45602 .elementor-icon-list-text a{color:var( --e-global-color-19df3cb );}.elementor-10032 .elementor-element.elementor-element-4ab45602 .elementor-icon-list-item{font-family:\"Inter\", Sans-serif;font-size:0.875rem;font-weight:400;line-height:1rem;}@media(max-width:1024px){.elementor-widget-theme-post-featured-image .widget-image-caption{font-size:var( --e-global-typography-text-font-size );line-height:var( --e-global-typography-text-line-height );}.elementor-widget-theme-post-title .elementor-heading-title{font-size:var( --e-global-typography-primary-font-size );line-height:var( --e-global-typography-primary-line-height );}.elementor-widget-theme-post-excerpt{font-size:var( --e-global-typography-text-font-size );line-height:var( --e-global-typography-text-line-height );}.elementor-widget-post-info .elementor-icon-list-item{font-size:var( --e-global-typography-text-font-size );line-height:var( --e-global-typography-text-line-height );}}@media(max-width:767px){.elementor-widget-theme-post-featured-image .widget-image-caption{font-size:var( --e-global-typography-text-font-size );line-height:var( --e-global-typography-text-line-height );}.elementor-widget-theme-post-title .elementor-heading-title{font-size:var( --e-global-typography-primary-font-size );line-height:var( --e-global-typography-primary-line-height );}.elementor-widget-theme-post-excerpt{font-size:var( --e-global-typography-text-font-size );line-height:var( --e-global-typography-text-line-height );}.elementor-widget-post-info .elementor-icon-list-item{font-size:var( --e-global-typography-text-font-size );line-height:var( --e-global-typography-text-line-height );}}\/* Start custom CSS for container, class: .elementor-element-7d894c77 *\/.elementor-10032 .elementor-element.elementor-element-7d894c77:hover .news-card-title h3{\n    color:#125C44;\n    text-decoration: underline;\n}\/* End custom CSS *\/<\/style>\t\t<div data-elementor-type=\"loop-item\" data-elementor-id=\"10032\" class=\"elementor elementor-10032 e-loop-item e-loop-item-12440 post-12440 post type-post status-publish format-standard has-post-thumbnail hentry category-noticias category-noticias-nacionales\" data-elementor-post-type=\"elementor_library\" data-custom-edit-handle=\"1\">\n\t\t\t<a class=\"elementor-element elementor-element-7d894c77 e-flex e-con-boxed e-con e-parent\" data-id=\"7d894c77\" data-element_type=\"container\" data-e-type=\"container\" data-settings=\"{&quot;jet_parallax_layout_list&quot;:[]}\" href=\"https:\/\/peopleofcostarica.com\/es\/costa-rica-lanza-al-mercado-la-penultima-moneda-coleccionable-de-%e2%82%a125-dedicada-al-volcan-arenal\/\">\n\t\t\t\t\t<div class=\"e-con-inner\">\n\t\t\t\t<div class=\"elementor-element elementor-element-d2ba012 elementor-widget elementor-widget-theme-post-featured-image elementor-widget-image\" data-id=\"d2ba012\" data-element_type=\"widget\" data-e-type=\"widget\" data-widget_type=\"theme-post-featured-image.default\">\n\t\t\t\t\t\t\t\t\t\t\t\t\t\t\t<img decoding=\"async\" width=\"624\" height=\"276\" src=\"https:\/\/peopleofcostarica.com\/wp-content\/uploads\/2026\/04\/Capture-decran-2026-04-20-a-12.15.52-1.png\" class=\"attachment-full size-full wp-image-12447\" alt=\"\" srcset=\"https:\/\/peopleofcostarica.com\/wp-content\/uploads\/2026\/04\/Capture-decran-2026-04-20-a-12.15.52-1.png 624w, https:\/\/peopleofcostarica.com\/wp-content\/uploads\/2026\/04\/Capture-decran-2026-04-20-a-12.15.52-1-300x133.png 300w\" sizes=\"(max-width: 624px) 100vw, 624px\" \/>\t\t\t\t\t\t\t\t\t\t\t\t\t\t\t<\/div>\n\t\t\t\t<div class=\"elementor-element elementor-element-72696164 news-card-title elementor-widget elementor-widget-theme-post-title elementor-page-title elementor-widget-heading\" data-id=\"72696164\" data-element_type=\"widget\" data-e-type=\"widget\" data-widget_type=\"theme-post-title.default\">\n\t\t\t\t\t<h3 class=\"elementor-heading-title elementor-size-default\">Costa Rica lanza al mercado la pen\u00faltima moneda coleccionable de \u20a125 dedicada al Volc\u00e1n Arenal<\/h3>\t\t\t\t<\/div>\n\t\t\t\t<div class=\"elementor-element elementor-element-66b27bd elementor-widget elementor-widget-theme-post-excerpt\" data-id=\"66b27bd\" data-element_type=\"widget\" data-e-type=\"widget\" data-widget_type=\"theme-post-excerpt.default\">\n\t\t\t\t\t<p>Una pieza numism\u00e1tica que celebra un \u00edcono natural del pa\u00eds El Banco Central de Costa Rica (BCCR) anunci\u00f3 la puesta...\t\t\t\t<\/div>\n\t\t\t\t<div class=\"elementor-element elementor-element-4ab45602 elementor-widget elementor-widget-post-info\" data-id=\"4ab45602\" data-element_type=\"widget\" data-e-type=\"widget\" data-widget_type=\"post-info.default\">\n\t\t\t\t\t\t\t<ul class=\"elementor-inline-items elementor-icon-list-items elementor-post-info\">\n\t\t\t\t\t\t\t\t<li class=\"elementor-icon-list-item elementor-repeater-item-fdfc2f0 elementor-inline-item\" itemprop=\"datePublished\">\n\t\t\t\t\t\t\t\t\t\t\t\t\t<span class=\"elementor-icon-list-text elementor-post-info__item elementor-post-info__item--type-date\">\n\t\t\t\t\t\t\t\t\t\t<time>abril 20, 2026<\/time>\t\t\t\t\t<\/span>\n\t\t\t\t\t\t\t\t<\/li>\n\t\t\t\t<\/ul>\n\t\t\t\t\t\t<\/div>\n\t\t\t\t\t<\/div>\n\t\t\t\t<\/a>\n\t\t\t\t<\/div>\n\t\t\t\t<div data-elementor-type=\"loop-item\" data-elementor-id=\"10032\" class=\"elementor elementor-10032 e-loop-item e-loop-item-12431 post-12431 post type-post status-publish format-standard has-post-thumbnail hentry category-noticias category-clima-y-ambiente\" data-elementor-post-type=\"elementor_library\" data-custom-edit-handle=\"1\">\n\t\t\t<a class=\"elementor-element elementor-element-7d894c77 e-flex e-con-boxed e-con e-parent\" data-id=\"7d894c77\" data-element_type=\"container\" data-e-type=\"container\" data-settings=\"{&quot;jet_parallax_layout_list&quot;:[]}\" href=\"https:\/\/peopleofcostarica.com\/es\/costa-rica-fortalece-la-capacitacion-de-autoridades-para-el-manejo-de-fauna-silvestre-rescatada-y-decomisada\/\">\n\t\t\t\t\t<div class=\"e-con-inner\">\n\t\t\t\t<div class=\"elementor-element elementor-element-d2ba012 elementor-widget elementor-widget-theme-post-featured-image elementor-widget-image\" data-id=\"d2ba012\" data-element_type=\"widget\" data-e-type=\"widget\" data-widget_type=\"theme-post-featured-image.default\">\n\t\t\t\t\t\t\t\t\t\t\t\t\t\t\t<img decoding=\"async\" width=\"2560\" height=\"1707\" src=\"https:\/\/peopleofcostarica.com\/wp-content\/uploads\/2026\/04\/pexels-domenicobertazzo-4769654-scaled.jpg\" class=\"attachment-full size-full wp-image-12432\" alt=\"\" srcset=\"https:\/\/peopleofcostarica.com\/wp-content\/uploads\/2026\/04\/pexels-domenicobertazzo-4769654-scaled.jpg 2560w, https:\/\/peopleofcostarica.com\/wp-content\/uploads\/2026\/04\/pexels-domenicobertazzo-4769654-300x200.jpg 300w, https:\/\/peopleofcostarica.com\/wp-content\/uploads\/2026\/04\/pexels-domenicobertazzo-4769654-1024x683.jpg 1024w, https:\/\/peopleofcostarica.com\/wp-content\/uploads\/2026\/04\/pexels-domenicobertazzo-4769654-768x512.jpg 768w, https:\/\/peopleofcostarica.com\/wp-content\/uploads\/2026\/04\/pexels-domenicobertazzo-4769654-1536x1024.jpg 1536w, https:\/\/peopleofcostarica.com\/wp-content\/uploads\/2026\/04\/pexels-domenicobertazzo-4769654-2048x1365.jpg 2048w, https:\/\/peopleofcostarica.com\/wp-content\/uploads\/2026\/04\/pexels-domenicobertazzo-4769654-1320x880.jpg 1320w\" sizes=\"(max-width: 2560px) 100vw, 2560px\" \/>\t\t\t\t\t\t\t\t\t\t\t\t\t\t\t<\/div>\n\t\t\t\t<div class=\"elementor-element elementor-element-72696164 news-card-title elementor-widget elementor-widget-theme-post-title elementor-page-title elementor-widget-heading\" data-id=\"72696164\" data-element_type=\"widget\" data-e-type=\"widget\" data-widget_type=\"theme-post-title.default\">\n\t\t\t\t\t<h3 class=\"elementor-heading-title elementor-size-default\">Costa Rica fortalece la capacitaci\u00f3n de autoridades para el manejo de fauna silvestre rescatada y decomisada<\/h3>\t\t\t\t<\/div>\n\t\t\t\t<div class=\"elementor-element elementor-element-66b27bd elementor-widget elementor-widget-theme-post-excerpt\" data-id=\"66b27bd\" data-element_type=\"widget\" data-e-type=\"widget\" data-widget_type=\"theme-post-excerpt.default\">\n\t\t\t\t\t<p>Capacitaci\u00f3n t\u00e9cnica para proteger la vida silvestre Autoridades costarricenses de diversas instituciones participaron en una serie de talleres especializados dise\u00f1ados...\t\t\t\t<\/div>\n\t\t\t\t<div class=\"elementor-element elementor-element-4ab45602 elementor-widget elementor-widget-post-info\" data-id=\"4ab45602\" data-element_type=\"widget\" data-e-type=\"widget\" data-widget_type=\"post-info.default\">\n\t\t\t\t\t\t\t<ul class=\"elementor-inline-items elementor-icon-list-items elementor-post-info\">\n\t\t\t\t\t\t\t\t<li class=\"elementor-icon-list-item elementor-repeater-item-fdfc2f0 elementor-inline-item\" itemprop=\"datePublished\">\n\t\t\t\t\t\t\t\t\t\t\t\t\t<span class=\"elementor-icon-list-text elementor-post-info__item elementor-post-info__item--type-date\">\n\t\t\t\t\t\t\t\t\t\t<time>abril 20, 2026<\/time>\t\t\t\t\t<\/span>\n\t\t\t\t\t\t\t\t<\/li>\n\t\t\t\t<\/ul>\n\t\t\t\t\t\t<\/div>\n\t\t\t\t\t<\/div>\n\t\t\t\t<\/a>\n\t\t\t\t<\/div>\n\t\t\t\t<div data-elementor-type=\"loop-item\" data-elementor-id=\"10032\" class=\"elementor elementor-10032 e-loop-item e-loop-item-12422 post-12422 post type-post status-publish format-standard has-post-thumbnail hentry category-noticias category-noticias-nacionales\" data-elementor-post-type=\"elementor_library\" data-custom-edit-handle=\"1\">\n\t\t\t<a class=\"elementor-element elementor-element-7d894c77 e-flex e-con-boxed e-con e-parent\" data-id=\"7d894c77\" data-element_type=\"container\" data-e-type=\"container\" data-settings=\"{&quot;jet_parallax_layout_list&quot;:[]}\" href=\"https:\/\/peopleofcostarica.com\/es\/sala-iv-tramita-amparo-contra-viabilidad-ambiental-otorgada-a-embarcadero-en-pavones\/\">\n\t\t\t\t\t<div class=\"e-con-inner\">\n\t\t\t\t<div class=\"elementor-element elementor-element-d2ba012 elementor-widget elementor-widget-theme-post-featured-image elementor-widget-image\" data-id=\"d2ba012\" data-element_type=\"widget\" data-e-type=\"widget\" data-widget_type=\"theme-post-featured-image.default\">\n\t\t\t\t\t\t\t\t\t\t\t\t\t\t\t<img loading=\"lazy\" decoding=\"async\" width=\"1600\" height=\"1200\" src=\"https:\/\/peopleofcostarica.com\/wp-content\/uploads\/2026\/04\/WhatsApp-Image-2025-02-27-at-9.32.58-AM.jpeg\" class=\"attachment-full size-full wp-image-12423\" alt=\"\" srcset=\"https:\/\/peopleofcostarica.com\/wp-content\/uploads\/2026\/04\/WhatsApp-Image-2025-02-27-at-9.32.58-AM.jpeg 1600w, https:\/\/peopleofcostarica.com\/wp-content\/uploads\/2026\/04\/WhatsApp-Image-2025-02-27-at-9.32.58-AM-300x225.jpeg 300w, https:\/\/peopleofcostarica.com\/wp-content\/uploads\/2026\/04\/WhatsApp-Image-2025-02-27-at-9.32.58-AM-1024x768.jpeg 1024w, https:\/\/peopleofcostarica.com\/wp-content\/uploads\/2026\/04\/WhatsApp-Image-2025-02-27-at-9.32.58-AM-768x576.jpeg 768w, https:\/\/peopleofcostarica.com\/wp-content\/uploads\/2026\/04\/WhatsApp-Image-2025-02-27-at-9.32.58-AM-1536x1152.jpeg 1536w, https:\/\/peopleofcostarica.com\/wp-content\/uploads\/2026\/04\/WhatsApp-Image-2025-02-27-at-9.32.58-AM-1320x990.jpeg 1320w\" sizes=\"(max-width: 1600px) 100vw, 1600px\" \/>\t\t\t\t\t\t\t\t\t\t\t\t\t\t\t<\/div>\n\t\t\t\t<div class=\"elementor-element elementor-element-72696164 news-card-title elementor-widget elementor-widget-theme-post-title elementor-page-title elementor-widget-heading\" data-id=\"72696164\" data-element_type=\"widget\" data-e-type=\"widget\" data-widget_type=\"theme-post-title.default\">\n\t\t\t\t\t<h3 class=\"elementor-heading-title elementor-size-default\">Sala IV tramita amparo contra viabilidad ambiental otorgada a embarcadero en Pavones<\/h3>\t\t\t\t<\/div>\n\t\t\t\t<div class=\"elementor-element elementor-element-66b27bd elementor-widget elementor-widget-theme-post-excerpt\" data-id=\"66b27bd\" data-element_type=\"widget\" data-e-type=\"widget\" data-widget_type=\"theme-post-excerpt.default\">\n\t\t\t\t\t<p>Sala Constitucional atiende recurso por posible afectaci\u00f3n ambiental La Sala Constitucional de la Corte Suprema de Justicia de Costa Rica...\t\t\t\t<\/div>\n\t\t\t\t<div class=\"elementor-element elementor-element-4ab45602 elementor-widget elementor-widget-post-info\" data-id=\"4ab45602\" data-element_type=\"widget\" data-e-type=\"widget\" data-widget_type=\"post-info.default\">\n\t\t\t\t\t\t\t<ul class=\"elementor-inline-items elementor-icon-list-items elementor-post-info\">\n\t\t\t\t\t\t\t\t<li class=\"elementor-icon-list-item elementor-repeater-item-fdfc2f0 elementor-inline-item\" itemprop=\"datePublished\">\n\t\t\t\t\t\t\t\t\t\t\t\t\t<span class=\"elementor-icon-list-text elementor-post-info__item elementor-post-info__item--type-date\">\n\t\t\t\t\t\t\t\t\t\t<time>abril 20, 2026<\/time>\t\t\t\t\t<\/span>\n\t\t\t\t\t\t\t\t<\/li>\n\t\t\t\t<\/ul>\n\t\t\t\t\t\t<\/div>\n\t\t\t\t\t<\/div>\n\t\t\t\t<\/a>\n\t\t\t\t<\/div>\n\t\t\t\t<div data-elementor-type=\"loop-item\" data-elementor-id=\"10032\" class=\"elementor elementor-10032 e-loop-item e-loop-item-12413 post-12413 post type-post status-publish format-standard has-post-thumbnail hentry category-noticias category-turismo-y-cultura\" data-elementor-post-type=\"elementor_library\" data-custom-edit-handle=\"1\">\n\t\t\t<a class=\"elementor-element elementor-element-7d894c77 e-flex e-con-boxed e-con e-parent\" data-id=\"7d894c77\" data-element_type=\"container\" data-e-type=\"container\" data-settings=\"{&quot;jet_parallax_layout_list&quot;:[]}\" href=\"https:\/\/peopleofcostarica.com\/es\/la-reserva-de-monteverde-recibe-oro-latinoamericano-por-turismo-regenerativo\/\">\n\t\t\t\t\t<div class=\"e-con-inner\">\n\t\t\t\t<div class=\"elementor-element elementor-element-d2ba012 elementor-widget elementor-widget-theme-post-featured-image elementor-widget-image\" data-id=\"d2ba012\" data-element_type=\"widget\" data-e-type=\"widget\" data-widget_type=\"theme-post-featured-image.default\">\n\t\t\t\t\t\t\t\t\t\t\t\t\t\t\t<img loading=\"lazy\" decoding=\"async\" width=\"1000\" height=\"667\" src=\"https:\/\/peopleofcostarica.com\/wp-content\/uploads\/2026\/04\/2.jpg\" class=\"attachment-full size-full wp-image-12414\" alt=\"\" srcset=\"https:\/\/peopleofcostarica.com\/wp-content\/uploads\/2026\/04\/2.jpg 1000w, https:\/\/peopleofcostarica.com\/wp-content\/uploads\/2026\/04\/2-300x200.jpg 300w, https:\/\/peopleofcostarica.com\/wp-content\/uploads\/2026\/04\/2-768x512.jpg 768w\" sizes=\"(max-width: 1000px) 100vw, 1000px\" \/>\t\t\t\t\t\t\t\t\t\t\t\t\t\t\t<\/div>\n\t\t\t\t<div class=\"elementor-element elementor-element-72696164 news-card-title elementor-widget elementor-widget-theme-post-title elementor-page-title elementor-widget-heading\" data-id=\"72696164\" data-element_type=\"widget\" data-e-type=\"widget\" data-widget_type=\"theme-post-title.default\">\n\t\t\t\t\t<h3 class=\"elementor-heading-title elementor-size-default\">La Reserva de Monteverde recibe oro latinoamericano por turismo regenerativo<\/h3>\t\t\t\t<\/div>\n\t\t\t\t<div class=\"elementor-element elementor-element-66b27bd elementor-widget elementor-widget-theme-post-excerpt\" data-id=\"66b27bd\" data-element_type=\"widget\" data-e-type=\"widget\" data-widget_type=\"theme-post-excerpt.default\">\n\t\t\t\t\t<p>La distinci\u00f3n recibida en un evento internacional La Reserva Biol\u00f3gica Bosque Nuboso Monteverde, una de las \u00e1reas naturales m\u00e1s emblem\u00e1ticas...\t\t\t\t<\/div>\n\t\t\t\t<div class=\"elementor-element elementor-element-4ab45602 elementor-widget elementor-widget-post-info\" data-id=\"4ab45602\" data-element_type=\"widget\" data-e-type=\"widget\" data-widget_type=\"post-info.default\">\n\t\t\t\t\t\t\t<ul class=\"elementor-inline-items elementor-icon-list-items elementor-post-info\">\n\t\t\t\t\t\t\t\t<li class=\"elementor-icon-list-item elementor-repeater-item-fdfc2f0 elementor-inline-item\" itemprop=\"datePublished\">\n\t\t\t\t\t\t\t\t\t\t\t\t\t<span class=\"elementor-icon-list-text elementor-post-info__item elementor-post-info__item--type-date\">\n\t\t\t\t\t\t\t\t\t\t<time>abril 20, 2026<\/time>\t\t\t\t\t<\/span>\n\t\t\t\t\t\t\t\t<\/li>\n\t\t\t\t<\/ul>\n\t\t\t\t\t\t<\/div>\n\t\t\t\t\t<\/div>\n\t\t\t\t<\/a>\n\t\t\t\t<\/div>\n\t\t\t\t<\/div>\n\t\t\t\t\t<span class=\"e-load-more-spinner\">\n\t\t\t\t<svg aria-hidden=\"true\" class=\"e-font-icon-svg e-fas-spinner\" viewBox=\"0 0 512 512\" xmlns=\"http:\/\/www.w3.org\/2000\/svg\"><path d=\"M304 48c0 26.51-21.49 48-48 48s-48-21.49-48-48 21.49-48 48-48 48 21.49 48 48zm-48 368c-26.51 0-48 21.49-48 48s21.49 48 48 48 48-21.49 48-48-21.49-48-48-48zm208-208c-26.51 0-48 21.49-48 48s21.49 48 48 48 48-21.49 48-48-21.49-48-48-48zM96 256c0-26.51-21.49-48-48-48S0 229.49 0 256s21.49 48 48 48 48-21.49 48-48zm12.922 99.078c-26.51 0-48 21.49-48 48s21.49 48 48 48 48-21.49 48-48c0-26.509-21.491-48-48-48zm294.156 0c-26.51 0-48 21.49-48 48s21.49 48 48 48 48-21.49 48-48c0-26.509-21.49-48-48-48zM108.922 60.922c-26.51 0-48 21.49-48 48s21.49 48 48 48 48-21.49 48-48-21.491-48-48-48z\"><\/path><\/svg>\t\t\t<\/span>\n\t\t\n\t\t\t\t<div class=\"e-load-more-anchor\" data-page=\"1\" data-max-page=\"90\" data-next-page=\"https:\/\/peopleofcostarica.com\/es\/wp-json\/wp\/v2\/pages\/10725\/page\/2\/\"><\/div>\n\t\t\t\t<div class=\"e-loop__load-more elementor-button-wrapper\">\n\t\t\t<a class=\"elementor-button elementor-size-sm\" role=\"button\">\n\t\t\t\t\t\t<span class=\"elementor-button-content-wrapper\">\n\t\t\t\t\t\t\t<span class=\"elementor-button-icon\">\n\t\t\t\t<svg aria-hidden=\"true\" class=\"e-font-icon-svg e-fas-arrow-down\" viewBox=\"0 0 448 512\" xmlns=\"http:\/\/www.w3.org\/2000\/svg\"><path d=\"M413.1 222.5l22.2 22.2c9.4 9.4 9.4 24.6 0 33.9L241 473c-9.4 9.4-24.6 9.4-33.9 0L12.7 278.6c-9.4-9.4-9.4-24.6 0-33.9l22.2-22.2c9.5-9.5 25-9.3 34.3.4L184 343.4V56c0-13.3 10.7-24 24-24h32c13.3 0 24 10.7 24 24v287.4l114.8-120.5c9.3-9.8 24.8-10 34.3-.4z\"><\/path><\/svg>\t\t\t<\/span>\n\t\t\t\t\t\t\t\t\t<span class=\"elementor-button-text\">Cargar m\u00e1s noticias<\/span>\n\t\t\t\t\t<\/span>\n\t\t\t\t\t<\/a>\n\t\t<\/div>\n\t\t\t\t<div class=\"e-load-more-message\"><\/div>\n\t\t\t\t\t\t<\/div>\n\t\t\t\t<\/div>\n\t\t\t\t<\/div>\n\t\t<div class=\"elementor-element elementor-element-1d35409 e-con-full e-flex e-con e-child\" data-id=\"1d35409\" data-element_type=\"container\" data-e-type=\"container\" data-settings=\"{&quot;jet_parallax_layout_list&quot;:[]}\">\n\t\t<div class=\"elementor-element elementor-element-20dee7e e-con-full e-flex e-con e-child\" data-id=\"20dee7e\" data-element_type=\"container\" data-e-type=\"container\" data-settings=\"{&quot;jet_parallax_layout_list&quot;:[]}\">\n\t\t\t\t<div class=\"elementor-element elementor-element-2ab7688 elementor-widget elementor-widget-heading\" data-id=\"2ab7688\" data-element_type=\"widget\" data-e-type=\"widget\" data-widget_type=\"heading.default\">\n\t\t\t\t\t<h4 class=\"elementor-heading-title elementor-size-default\">Agenda<\/h4>\t\t\t\t<\/div>\n\t\t\t\t<div class=\"elementor-element elementor-element-1642fe1 elementor-widget-divider--view-line elementor-widget elementor-widget-divider\" data-id=\"1642fe1\" data-element_type=\"widget\" data-e-type=\"widget\" data-widget_type=\"divider.default\">\n\t\t\t\t\t\t\t<div class=\"elementor-divider\">\n\t\t\t<span class=\"elementor-divider-separator\">\n\t\t\t\t\t\t<\/span>\n\t\t<\/div>\n\t\t\t\t\t\t<\/div>\n\t\t\t\t<div class=\"elementor-element elementor-element-a8757e7 elementor-grid-1 elementor-grid-tablet-1 elementor-grid-mobile-1 elementor-widget elementor-widget-loop-grid\" data-id=\"a8757e7\" data-element_type=\"widget\" data-e-type=\"widget\" data-settings=\"{&quot;template_id&quot;:10050,&quot;columns&quot;:1,&quot;row_gap&quot;:{&quot;unit&quot;:&quot;px&quot;,&quot;size&quot;:8,&quot;sizes&quot;:[]},&quot;columns_tablet&quot;:1,&quot;_skin&quot;:&quot;post&quot;,&quot;columns_mobile&quot;:&quot;1&quot;,&quot;edit_handle_selector&quot;:&quot;[data-elementor-type=\\&quot;loop-item\\&quot;]&quot;,&quot;row_gap_tablet_extra&quot;:{&quot;unit&quot;:&quot;px&quot;,&quot;size&quot;:&quot;&quot;,&quot;sizes&quot;:[]},&quot;row_gap_tablet&quot;:{&quot;unit&quot;:&quot;px&quot;,&quot;size&quot;:&quot;&quot;,&quot;sizes&quot;:[]},&quot;row_gap_mobile_extra&quot;:{&quot;unit&quot;:&quot;px&quot;,&quot;size&quot;:&quot;&quot;,&quot;sizes&quot;:[]},&quot;row_gap_mobile&quot;:{&quot;unit&quot;:&quot;px&quot;,&quot;size&quot;:&quot;&quot;,&quot;sizes&quot;:[]}}\" data-widget_type=\"loop-grid.post\">\n\t\t\t\t<div class=\"elementor-widget-container\">\n\t\t\t\t\t\t\t<div class=\"elementor-loop-container elementor-grid\" role=\"list\">\n\t\t<style id=\"loop-10050\">.elementor-10050 .elementor-element.elementor-element-55e4434a{--display:flex;--flex-direction:row;--container-widget-width:initial;--container-widget-height:100%;--container-widget-flex-grow:1;--container-widget-align-self:stretch;--flex-wrap-mobile:wrap;--gap:16px 16px;--row-gap:16px;--column-gap:16px;--background-transition:0.3s;--border-radius:8px 8px 8px 8px;--margin-top:0px;--margin-bottom:0px;--margin-left:0px;--margin-right:0px;--padding-top:0px;--padding-bottom:0px;--padding-left:0px;--padding-right:0px;}.elementor-10050 .elementor-element.elementor-element-55e4434a:hover{background-color:var( --e-global-color-16d74d9 );}.elementor-widget-theme-post-featured-image .widget-image-caption{color:var( --e-global-color-text );font-family:var( --e-global-typography-text-font-family ), Sans-serif;font-size:var( --e-global-typography-text-font-size );font-weight:var( --e-global-typography-text-font-weight );line-height:var( --e-global-typography-text-line-height );}.elementor-10050 .elementor-element.elementor-element-5a668124 img{width:100%;height:100%;object-fit:cover;object-position:center center;border-radius:8px 8px 8px 8px;}.elementor-10050 .elementor-element.elementor-element-5a668124{width:var( --container-widget-width, 26.445% );max-width:26.445%;--container-widget-width:26.445%;--container-widget-flex-grow:0;}.elementor-10050 .elementor-element.elementor-element-5a668124.elementor-element{--flex-grow:0;--flex-shrink:0;}.elementor-10050 .elementor-element.elementor-element-12d7bd5d{--display:flex;--gap:8px 8px;--row-gap:8px;--column-gap:8px;--padding-top:4px;--padding-bottom:4px;--padding-left:0px;--padding-right:0px;}.elementor-10050 .elementor-element.elementor-element-78d87985 .jet-listing-dynamic-field__content{color:var( --e-global-color-primary );font-family:var( --e-global-typography-65fd483-font-family ), Sans-serif;font-size:var( --e-global-typography-65fd483-font-size );font-weight:var( --e-global-typography-65fd483-font-weight );text-transform:var( --e-global-typography-65fd483-text-transform );line-height:var( --e-global-typography-65fd483-line-height );letter-spacing:var( --e-global-typography-65fd483-letter-spacing );word-spacing:var( --e-global-typography-65fd483-word-spacing );text-align:left;}.elementor-10050 .elementor-element.elementor-element-78d87985 .jet-listing-dynamic-field .jet-listing-dynamic-field__inline-wrap{width:auto;}.elementor-10050 .elementor-element.elementor-element-78d87985 .jet-listing-dynamic-field .jet-listing-dynamic-field__content{width:auto;}.elementor-10050 .elementor-element.elementor-element-78d87985 .jet-listing-dynamic-field{justify-content:flex-start;}.elementor-widget-theme-post-title .elementor-heading-title{font-family:var( --e-global-typography-primary-font-family ), Sans-serif;font-size:var( --e-global-typography-primary-font-size );font-weight:var( --e-global-typography-primary-font-weight );line-height:var( --e-global-typography-primary-line-height );color:var( --e-global-color-primary );}.elementor-10050 .elementor-element.elementor-element-667b18eb .elementor-heading-title{font-family:\"Inter\", Sans-serif;font-size:16px;font-weight:600;line-height:1.2em;}@media(max-width:1024px){.elementor-widget-theme-post-featured-image .widget-image-caption{font-size:var( --e-global-typography-text-font-size );line-height:var( --e-global-typography-text-line-height );}.elementor-10050 .elementor-element.elementor-element-78d87985 .jet-listing-dynamic-field__content{font-size:var( --e-global-typography-65fd483-font-size );line-height:var( --e-global-typography-65fd483-line-height );letter-spacing:var( --e-global-typography-65fd483-letter-spacing );word-spacing:var( --e-global-typography-65fd483-word-spacing );}.elementor-widget-theme-post-title .elementor-heading-title{font-size:var( --e-global-typography-primary-font-size );line-height:var( --e-global-typography-primary-line-height );}}@media(max-width:767px){.elementor-10050 .elementor-element.elementor-element-55e4434a{--flex-direction:row;--container-widget-width:initial;--container-widget-height:100%;--container-widget-flex-grow:1;--container-widget-align-self:stretch;--flex-wrap-mobile:wrap;}.elementor-widget-theme-post-featured-image .widget-image-caption{font-size:var( --e-global-typography-text-font-size );line-height:var( --e-global-typography-text-line-height );}.elementor-10050 .elementor-element.elementor-element-12d7bd5d{--width:60%;}.elementor-10050 .elementor-element.elementor-element-78d87985 .jet-listing-dynamic-field__content{font-size:var( --e-global-typography-65fd483-font-size );line-height:var( --e-global-typography-65fd483-line-height );letter-spacing:var( --e-global-typography-65fd483-letter-spacing );word-spacing:var( --e-global-typography-65fd483-word-spacing );}.elementor-widget-theme-post-title .elementor-heading-title{font-size:var( --e-global-typography-primary-font-size );line-height:var( --e-global-typography-primary-line-height );}}<\/style>\t\t<div data-elementor-type=\"loop-item\" data-elementor-id=\"10050\" class=\"elementor elementor-10050 e-loop-item e-loop-item-12368 post-12368 agenda type-agenda status-publish has-post-thumbnail hentry\" data-elementor-post-type=\"elementor_library\" data-custom-edit-handle=\"1\">\n\t\t\t<a class=\"elementor-element elementor-element-55e4434a e-flex e-con-boxed e-con e-parent\" data-id=\"55e4434a\" data-element_type=\"container\" data-e-type=\"container\" data-settings=\"{&quot;jet_parallax_layout_list&quot;:[]}\" href=\"https:\/\/peopleofcostarica.com\/es\/agenda\/festival-arte-en-el-parque-en-aserri-2026\/\">\n\t\t\t\t\t<div class=\"e-con-inner\">\n\t\t\t\t<div class=\"elementor-element elementor-element-5a668124 elementor-widget__width-initial elementor-widget elementor-widget-theme-post-featured-image elementor-widget-image\" data-id=\"5a668124\" data-element_type=\"widget\" data-e-type=\"widget\" data-widget_type=\"theme-post-featured-image.default\">\n\t\t\t\t\t\t\t\t\t\t\t\t\t\t\t<img loading=\"lazy\" decoding=\"async\" width=\"1414\" height=\"2000\" src=\"https:\/\/peopleofcostarica.com\/wp-content\/uploads\/2026\/04\/669577289_1783627059703909_2665052581587782353_n.jpg\" class=\"attachment-full size-full wp-image-12369\" alt=\"\" srcset=\"https:\/\/peopleofcostarica.com\/wp-content\/uploads\/2026\/04\/669577289_1783627059703909_2665052581587782353_n.jpg 1414w, https:\/\/peopleofcostarica.com\/wp-content\/uploads\/2026\/04\/669577289_1783627059703909_2665052581587782353_n-212x300.jpg 212w, https:\/\/peopleofcostarica.com\/wp-content\/uploads\/2026\/04\/669577289_1783627059703909_2665052581587782353_n-724x1024.jpg 724w, https:\/\/peopleofcostarica.com\/wp-content\/uploads\/2026\/04\/669577289_1783627059703909_2665052581587782353_n-768x1086.jpg 768w, https:\/\/peopleofcostarica.com\/wp-content\/uploads\/2026\/04\/669577289_1783627059703909_2665052581587782353_n-1086x1536.jpg 1086w, https:\/\/peopleofcostarica.com\/wp-content\/uploads\/2026\/04\/669577289_1783627059703909_2665052581587782353_n-1320x1867.jpg 1320w\" sizes=\"(max-width: 1414px) 100vw, 1414px\" \/>\t\t\t\t\t\t\t\t\t\t\t\t\t\t\t<\/div>\n\t\t<div class=\"elementor-element elementor-element-12d7bd5d e-con-full e-flex e-con e-child\" data-id=\"12d7bd5d\" data-element_type=\"container\" data-e-type=\"container\" data-settings=\"{&quot;jet_parallax_layout_list&quot;:[]}\">\n\t\t\t\t<div class=\"elementor-element elementor-element-78d87985 elementor-widget elementor-widget-jet-listing-dynamic-field\" data-id=\"78d87985\" data-element_type=\"widget\" data-e-type=\"widget\" data-widget_type=\"jet-listing-dynamic-field.default\">\n\t\t\t\t\t<div class=\"jet-listing jet-listing-dynamic-field display-inline\"><div class=\"jet-listing-dynamic-field__inline-wrap\"><div class=\"jet-listing-dynamic-field__content\" >abril 18, 2026<\/div><\/div><\/div>\t\t\t\t<\/div>\n\t\t\t\t<div class=\"elementor-element elementor-element-667b18eb elementor-widget elementor-widget-theme-post-title elementor-page-title elementor-widget-heading\" data-id=\"667b18eb\" data-element_type=\"widget\" data-e-type=\"widget\" data-widget_type=\"theme-post-title.default\">\n\t\t\t\t\t<h4 class=\"elementor-heading-title elementor-size-default\">Festival \u201cArte en el Parque\u201d en Aserr\u00ed (2026)<\/h4>\t\t\t\t<\/div>\n\t\t\t\t<\/div>\n\t\t\t\t\t<\/div>\n\t\t\t\t<\/a>\n\t\t\t\t<\/div>\n\t\t\t\t<div data-elementor-type=\"loop-item\" data-elementor-id=\"10050\" class=\"elementor elementor-10050 e-loop-item e-loop-item-12332 post-12332 agenda type-agenda status-publish has-post-thumbnail hentry\" data-elementor-post-type=\"elementor_library\" data-custom-edit-handle=\"1\">\n\t\t\t<a class=\"elementor-element elementor-element-55e4434a e-flex e-con-boxed e-con e-parent\" data-id=\"55e4434a\" data-element_type=\"container\" data-e-type=\"container\" data-settings=\"{&quot;jet_parallax_layout_list&quot;:[]}\" href=\"https:\/\/peopleofcostarica.com\/es\/agenda\/feria-del-libro-infantil-y-juvenil-2026-del-museo-de-los-ninos\/\">\n\t\t\t\t\t<div class=\"e-con-inner\">\n\t\t\t\t<div class=\"elementor-element elementor-element-5a668124 elementor-widget__width-initial elementor-widget elementor-widget-theme-post-featured-image elementor-widget-image\" data-id=\"5a668124\" data-element_type=\"widget\" data-e-type=\"widget\" data-widget_type=\"theme-post-featured-image.default\">\n\t\t\t\t\t\t\t\t\t\t\t\t\t\t\t<img loading=\"lazy\" decoding=\"async\" width=\"650\" height=\"795\" src=\"https:\/\/peopleofcostarica.com\/wp-content\/uploads\/2026\/04\/672721217_1413285624179187_5329870865422623925_n.jpg\" class=\"attachment-full size-full wp-image-12333\" alt=\"\" srcset=\"https:\/\/peopleofcostarica.com\/wp-content\/uploads\/2026\/04\/672721217_1413285624179187_5329870865422623925_n.jpg 650w, https:\/\/peopleofcostarica.com\/wp-content\/uploads\/2026\/04\/672721217_1413285624179187_5329870865422623925_n-245x300.jpg 245w\" sizes=\"(max-width: 650px) 100vw, 650px\" \/>\t\t\t\t\t\t\t\t\t\t\t\t\t\t\t<\/div>\n\t\t<div class=\"elementor-element elementor-element-12d7bd5d e-con-full e-flex e-con e-child\" data-id=\"12d7bd5d\" data-element_type=\"container\" data-e-type=\"container\" data-settings=\"{&quot;jet_parallax_layout_list&quot;:[]}\">\n\t\t\t\t<div class=\"elementor-element elementor-element-78d87985 elementor-widget elementor-widget-jet-listing-dynamic-field\" data-id=\"78d87985\" data-element_type=\"widget\" data-e-type=\"widget\" data-widget_type=\"jet-listing-dynamic-field.default\">\n\t\t\t\t\t<div class=\"jet-listing jet-listing-dynamic-field display-inline\"><div class=\"jet-listing-dynamic-field__inline-wrap\"><div class=\"jet-listing-dynamic-field__content\" >abril 17, 2026<\/div><\/div><\/div>\t\t\t\t<\/div>\n\t\t\t\t<div class=\"elementor-element elementor-element-667b18eb elementor-widget elementor-widget-theme-post-title elementor-page-title elementor-widget-heading\" data-id=\"667b18eb\" data-element_type=\"widget\" data-e-type=\"widget\" data-widget_type=\"theme-post-title.default\">\n\t\t\t\t\t<h4 class=\"elementor-heading-title elementor-size-default\">Feria del Libro Infantil y Juvenil 2026 del Museo de los Ni\u00f1os<\/h4>\t\t\t\t<\/div>\n\t\t\t\t<\/div>\n\t\t\t\t\t<\/div>\n\t\t\t\t<\/a>\n\t\t\t\t<\/div>\n\t\t\t\t<div data-elementor-type=\"loop-item\" data-elementor-id=\"10050\" class=\"elementor elementor-10050 e-loop-item e-loop-item-12322 post-12322 agenda type-agenda status-publish has-post-thumbnail hentry\" data-elementor-post-type=\"elementor_library\" data-custom-edit-handle=\"1\">\n\t\t\t<a class=\"elementor-element elementor-element-55e4434a e-flex e-con-boxed e-con e-parent\" data-id=\"55e4434a\" data-element_type=\"container\" data-e-type=\"container\" data-settings=\"{&quot;jet_parallax_layout_list&quot;:[]}\" href=\"https:\/\/peopleofcostarica.com\/es\/agenda\/volcanica-primer-festival-nacional-de-diseno-de-costa-rica\/\">\n\t\t\t\t\t<div class=\"e-con-inner\">\n\t\t\t\t<div class=\"elementor-element elementor-element-5a668124 elementor-widget__width-initial elementor-widget elementor-widget-theme-post-featured-image elementor-widget-image\" data-id=\"5a668124\" data-element_type=\"widget\" data-e-type=\"widget\" data-widget_type=\"theme-post-featured-image.default\">\n\t\t\t\t\t\t\t\t\t\t\t\t\t\t\t<img loading=\"lazy\" decoding=\"async\" width=\"1081\" height=\"1080\" src=\"https:\/\/peopleofcostarica.com\/wp-content\/uploads\/2026\/04\/volcanicamuropeq1.jpg\" class=\"attachment-full size-full wp-image-12323\" alt=\"\" srcset=\"https:\/\/peopleofcostarica.com\/wp-content\/uploads\/2026\/04\/volcanicamuropeq1.jpg 1081w, https:\/\/peopleofcostarica.com\/wp-content\/uploads\/2026\/04\/volcanicamuropeq1-300x300.jpg 300w, https:\/\/peopleofcostarica.com\/wp-content\/uploads\/2026\/04\/volcanicamuropeq1-1024x1024.jpg 1024w, https:\/\/peopleofcostarica.com\/wp-content\/uploads\/2026\/04\/volcanicamuropeq1-150x150.jpg 150w, https:\/\/peopleofcostarica.com\/wp-content\/uploads\/2026\/04\/volcanicamuropeq1-768x767.jpg 768w\" sizes=\"(max-width: 1081px) 100vw, 1081px\" \/>\t\t\t\t\t\t\t\t\t\t\t\t\t\t\t<\/div>\n\t\t<div class=\"elementor-element elementor-element-12d7bd5d e-con-full e-flex e-con e-child\" data-id=\"12d7bd5d\" data-element_type=\"container\" data-e-type=\"container\" data-settings=\"{&quot;jet_parallax_layout_list&quot;:[]}\">\n\t\t\t\t<div class=\"elementor-element elementor-element-78d87985 elementor-widget elementor-widget-jet-listing-dynamic-field\" data-id=\"78d87985\" data-element_type=\"widget\" data-e-type=\"widget\" data-widget_type=\"jet-listing-dynamic-field.default\">\n\t\t\t\t\t<div class=\"jet-listing jet-listing-dynamic-field display-inline\"><div class=\"jet-listing-dynamic-field__inline-wrap\"><div class=\"jet-listing-dynamic-field__content\" >abril 20, 2026<\/div><\/div><\/div>\t\t\t\t<\/div>\n\t\t\t\t<div class=\"elementor-element elementor-element-667b18eb elementor-widget elementor-widget-theme-post-title elementor-page-title elementor-widget-heading\" data-id=\"667b18eb\" data-element_type=\"widget\" data-e-type=\"widget\" data-widget_type=\"theme-post-title.default\">\n\t\t\t\t\t<h4 class=\"elementor-heading-title elementor-size-default\">Volc\u00e1nica, primer festival nacional de dise\u00f1o de Costa Rica<\/h4>\t\t\t\t<\/div>\n\t\t\t\t<\/div>\n\t\t\t\t\t<\/div>\n\t\t\t\t<\/a>\n\t\t\t\t<\/div>\n\t\t\t\t<\/div>\n\t\t\n\t\t\t\t\t\t<\/div>\n\t\t\t\t<\/div>\n\t\t\t\t<\/div>\n\t\t<div class=\"elementor-element elementor-element-602c10a e-con-full e-flex e-con e-child\" data-id=\"602c10a\" data-element_type=\"container\" data-e-type=\"container\" data-settings=\"{&quot;jet_parallax_layout_list&quot;:[]}\">\n\t\t\t\t<div class=\"elementor-element elementor-element-b3af320 elementor-widget elementor-widget-heading\" data-id=\"b3af320\" data-element_type=\"widget\" data-e-type=\"widget\" data-widget_type=\"heading.default\">\n\t\t\t\t\t<h4 class=\"elementor-heading-title elementor-size-default\">Personas Destacadas<\/h4>\t\t\t\t<\/div>\n\t\t\t\t<div class=\"elementor-element elementor-element-c9c692f elementor-widget-divider--view-line elementor-widget elementor-widget-divider\" data-id=\"c9c692f\" data-element_type=\"widget\" data-e-type=\"widget\" data-widget_type=\"divider.default\">\n\t\t\t\t\t\t\t<div class=\"elementor-divider\">\n\t\t\t<span class=\"elementor-divider-separator\">\n\t\t\t\t\t\t<\/span>\n\t\t<\/div>\n\t\t\t\t\t\t<\/div>\n\t\t\t\t<div class=\"elementor-element elementor-element-ba028d2 elementor-grid-1 elementor-grid-tablet-1 elementor-grid-mobile-1 elementor-widget elementor-widget-loop-grid\" data-id=\"ba028d2\" data-element_type=\"widget\" data-e-type=\"widget\" data-settings=\"{&quot;template_id&quot;:10047,&quot;columns&quot;:1,&quot;row_gap&quot;:{&quot;unit&quot;:&quot;px&quot;,&quot;size&quot;:8,&quot;sizes&quot;:[]},&quot;columns_tablet&quot;:1,&quot;_skin&quot;:&quot;post&quot;,&quot;columns_mobile&quot;:&quot;1&quot;,&quot;edit_handle_selector&quot;:&quot;[data-elementor-type=\\&quot;loop-item\\&quot;]&quot;,&quot;row_gap_tablet_extra&quot;:{&quot;unit&quot;:&quot;px&quot;,&quot;size&quot;:&quot;&quot;,&quot;sizes&quot;:[]},&quot;row_gap_tablet&quot;:{&quot;unit&quot;:&quot;px&quot;,&quot;size&quot;:&quot;&quot;,&quot;sizes&quot;:[]},&quot;row_gap_mobile_extra&quot;:{&quot;unit&quot;:&quot;px&quot;,&quot;size&quot;:&quot;&quot;,&quot;sizes&quot;:[]},&quot;row_gap_mobile&quot;:{&quot;unit&quot;:&quot;px&quot;,&quot;size&quot;:&quot;&quot;,&quot;sizes&quot;:[]}}\" data-widget_type=\"loop-grid.post\">\n\t\t\t\t<div class=\"elementor-widget-container\">\n\t\t\t\t\t\t\t<div class=\"elementor-loop-container elementor-grid\" role=\"list\">\n\t\t<style id=\"loop-10047\">.elementor-10047 .elementor-element.elementor-element-754b4d63{--display:flex;--flex-direction:row;--container-widget-width:initial;--container-widget-height:100%;--container-widget-flex-grow:1;--container-widget-align-self:stretch;--flex-wrap-mobile:wrap;--gap:16px 16px;--row-gap:16px;--column-gap:16px;--background-transition:0.3s;--border-radius:8px 8px 8px 8px;--padding-top:0px;--padding-bottom:0px;--padding-left:0px;--padding-right:0px;}.elementor-10047 .elementor-element.elementor-element-754b4d63:hover{background-color:var( --e-global-color-16d74d9 );}.elementor-widget-theme-post-featured-image .widget-image-caption{color:var( --e-global-color-text );font-family:var( --e-global-typography-text-font-family ), Sans-serif;font-size:var( --e-global-typography-text-font-size );font-weight:var( --e-global-typography-text-font-weight );line-height:var( --e-global-typography-text-line-height );}.elementor-10047 .elementor-element.elementor-element-2f04c3ed img{height:96px;object-fit:cover;object-position:center center;border-radius:8px 8px 8px 8px;}.elementor-10047 .elementor-element.elementor-element-2f04c3ed{width:var( --container-widget-width, 26.445% );max-width:26.445%;--container-widget-width:26.445%;--container-widget-flex-grow:0;}.elementor-10047 .elementor-element.elementor-element-2f04c3ed.elementor-element{--flex-grow:0;--flex-shrink:0;}.elementor-10047 .elementor-element.elementor-element-2d3c9423{--display:flex;--gap:0px 0px;--row-gap:0px;--column-gap:0px;--padding-top:0px;--padding-bottom:0px;--padding-left:0px;--padding-right:0px;}.elementor-widget-theme-post-title .elementor-heading-title{font-family:var( --e-global-typography-primary-font-family ), Sans-serif;font-size:var( --e-global-typography-primary-font-size );font-weight:var( --e-global-typography-primary-font-weight );line-height:var( --e-global-typography-primary-line-height );color:var( --e-global-color-primary );}.elementor-10047 .elementor-element.elementor-element-7db2ec82 .elementor-heading-title{font-family:var( --e-global-typography-f15a065-font-family ), Sans-serif;font-size:var( --e-global-typography-f15a065-font-size );font-weight:var( --e-global-typography-f15a065-font-weight );line-height:var( --e-global-typography-f15a065-line-height );letter-spacing:var( --e-global-typography-f15a065-letter-spacing );word-spacing:var( --e-global-typography-f15a065-word-spacing );}.elementor-widget-theme-post-excerpt{font-family:var( --e-global-typography-text-font-family ), Sans-serif;font-size:var( --e-global-typography-text-font-size );font-weight:var( --e-global-typography-text-font-weight );line-height:var( --e-global-typography-text-line-height );color:var( --e-global-color-text );}.elementor-10047 .elementor-element.elementor-element-3b7f18ba{font-family:\"Inter\", Sans-serif;font-size:13px;font-weight:400;line-height:1rem;margin:0px 0px calc(var(--kit-widget-spacing, 0px) + 0px) 0px;padding:0px 0px 0px 0px;}@media(max-width:1024px){.elementor-widget-theme-post-featured-image .widget-image-caption{font-size:var( --e-global-typography-text-font-size );line-height:var( --e-global-typography-text-line-height );}.elementor-widget-theme-post-title .elementor-heading-title{font-size:var( --e-global-typography-primary-font-size );line-height:var( --e-global-typography-primary-line-height );}.elementor-10047 .elementor-element.elementor-element-7db2ec82 .elementor-heading-title{font-size:var( --e-global-typography-f15a065-font-size );line-height:var( --e-global-typography-f15a065-line-height );letter-spacing:var( --e-global-typography-f15a065-letter-spacing );word-spacing:var( --e-global-typography-f15a065-word-spacing );}.elementor-widget-theme-post-excerpt{font-size:var( --e-global-typography-text-font-size );line-height:var( --e-global-typography-text-line-height );}}@media(max-width:767px){.elementor-widget-theme-post-featured-image .widget-image-caption{font-size:var( --e-global-typography-text-font-size );line-height:var( --e-global-typography-text-line-height );}.elementor-10047 .elementor-element.elementor-element-2d3c9423{--width:60%;}.elementor-widget-theme-post-title .elementor-heading-title{font-size:var( --e-global-typography-primary-font-size );line-height:var( --e-global-typography-primary-line-height );}.elementor-10047 .elementor-element.elementor-element-7db2ec82 .elementor-heading-title{font-size:var( --e-global-typography-f15a065-font-size );line-height:var( --e-global-typography-f15a065-line-height );letter-spacing:var( --e-global-typography-f15a065-letter-spacing );word-spacing:var( --e-global-typography-f15a065-word-spacing );}.elementor-widget-theme-post-excerpt{font-size:var( --e-global-typography-text-font-size );line-height:var( --e-global-typography-text-line-height );}}\/* Start custom CSS for theme-post-excerpt, class: .elementor-element-3b7f18ba *\/.elementor-10047 .elementor-element.elementor-element-3b7f18ba p{\n    margin:0;\n}\/* End custom CSS *\/<\/style>\t\t<div data-elementor-type=\"loop-item\" data-elementor-id=\"10047\" class=\"elementor elementor-10047 e-loop-item e-loop-item-10605 post-10605 people-of-costa-rica type-people-of-costa-rica status-publish has-post-thumbnail hentry\" data-elementor-post-type=\"elementor_library\" data-custom-edit-handle=\"1\">\n\t\t\t<a class=\"elementor-element elementor-element-754b4d63 e-flex e-con-boxed e-con e-parent\" data-id=\"754b4d63\" data-element_type=\"container\" data-e-type=\"container\" data-settings=\"{&quot;jet_parallax_layout_list&quot;:[]}\" href=\"https:\/\/peopleofcostarica.com\/es\/people-of-costa-rica\/regresa-el-festival-internacional-de-las-artes-en-2026\/\">\n\t\t\t\t\t<div class=\"e-con-inner\">\n\t\t\t\t<div class=\"elementor-element elementor-element-2f04c3ed elementor-widget__width-initial elementor-widget elementor-widget-theme-post-featured-image elementor-widget-image\" data-id=\"2f04c3ed\" data-element_type=\"widget\" data-e-type=\"widget\" data-widget_type=\"theme-post-featured-image.default\">\n\t\t\t\t\t\t\t\t\t\t\t\t\t\t\t<img loading=\"lazy\" decoding=\"async\" width=\"2560\" height=\"1707\" src=\"https:\/\/peopleofcostarica.com\/wp-content\/uploads\/2026\/03\/IMG_4099-scaled.jpg\" class=\"attachment-full size-full wp-image-10607\" alt=\"\" srcset=\"https:\/\/peopleofcostarica.com\/wp-content\/uploads\/2026\/03\/IMG_4099-scaled.jpg 2560w, https:\/\/peopleofcostarica.com\/wp-content\/uploads\/2026\/03\/IMG_4099-300x200.jpg 300w, https:\/\/peopleofcostarica.com\/wp-content\/uploads\/2026\/03\/IMG_4099-1024x683.jpg 1024w, https:\/\/peopleofcostarica.com\/wp-content\/uploads\/2026\/03\/IMG_4099-768x512.jpg 768w, https:\/\/peopleofcostarica.com\/wp-content\/uploads\/2026\/03\/IMG_4099-1536x1024.jpg 1536w, https:\/\/peopleofcostarica.com\/wp-content\/uploads\/2026\/03\/IMG_4099-2048x1365.jpg 2048w, https:\/\/peopleofcostarica.com\/wp-content\/uploads\/2026\/03\/IMG_4099-1320x880.jpg 1320w\" sizes=\"(max-width: 2560px) 100vw, 2560px\" \/>\t\t\t\t\t\t\t\t\t\t\t\t\t\t\t<\/div>\n\t\t<div class=\"elementor-element elementor-element-2d3c9423 e-con-full e-flex e-con e-child\" data-id=\"2d3c9423\" data-element_type=\"container\" data-e-type=\"container\" data-settings=\"{&quot;jet_parallax_layout_list&quot;:[]}\">\n\t\t\t\t<div class=\"elementor-element elementor-element-7db2ec82 elementor-widget elementor-widget-theme-post-title elementor-page-title elementor-widget-heading\" data-id=\"7db2ec82\" data-element_type=\"widget\" data-e-type=\"widget\" data-widget_type=\"theme-post-title.default\">\n\t\t\t\t\t<h4 class=\"elementor-heading-title elementor-size-default\">Regresa el Festival Internacional de las Artes en 2026.<\/h4>\t\t\t\t<\/div>\n\t\t\t\t<div class=\"elementor-element elementor-element-3b7f18ba elementor-widget elementor-widget-theme-post-excerpt\" data-id=\"3b7f18ba\" data-element_type=\"widget\" data-e-type=\"widget\" data-widget_type=\"theme-post-excerpt.default\">\n\t\t\t\t\t<p>En 1989 en el gobierno del Presidente y Premio Nobel de la Paz, Oscar Arias...\t\t\t\t<\/div>\n\t\t\t\t<\/div>\n\t\t\t\t\t<\/div>\n\t\t\t\t<\/a>\n\t\t\t\t<\/div>\n\t\t\t\t<div data-elementor-type=\"loop-item\" data-elementor-id=\"10047\" class=\"elementor elementor-10047 e-loop-item e-loop-item-10592 post-10592 people-of-costa-rica type-people-of-costa-rica status-publish has-post-thumbnail hentry\" data-elementor-post-type=\"elementor_library\" data-custom-edit-handle=\"1\">\n\t\t\t<a class=\"elementor-element elementor-element-754b4d63 e-flex e-con-boxed e-con e-parent\" data-id=\"754b4d63\" data-element_type=\"container\" data-e-type=\"container\" data-settings=\"{&quot;jet_parallax_layout_list&quot;:[]}\" href=\"https:\/\/peopleofcostarica.com\/es\/people-of-costa-rica\/el-dia-a-dia-en-san-jose-y-sus-habitantes\/\">\n\t\t\t\t\t<div class=\"e-con-inner\">\n\t\t\t\t<div class=\"elementor-element elementor-element-2f04c3ed elementor-widget__width-initial elementor-widget elementor-widget-theme-post-featured-image elementor-widget-image\" data-id=\"2f04c3ed\" data-element_type=\"widget\" data-e-type=\"widget\" data-widget_type=\"theme-post-featured-image.default\">\n\t\t\t\t\t\t\t\t\t\t\t\t\t\t\t<img loading=\"lazy\" decoding=\"async\" width=\"2560\" height=\"1707\" src=\"https:\/\/peopleofcostarica.com\/wp-content\/uploads\/2026\/03\/IMG_9814-scaled.jpg\" class=\"attachment-full size-full wp-image-10593\" alt=\"\" srcset=\"https:\/\/peopleofcostarica.com\/wp-content\/uploads\/2026\/03\/IMG_9814-scaled.jpg 2560w, https:\/\/peopleofcostarica.com\/wp-content\/uploads\/2026\/03\/IMG_9814-300x200.jpg 300w, https:\/\/peopleofcostarica.com\/wp-content\/uploads\/2026\/03\/IMG_9814-1024x683.jpg 1024w, https:\/\/peopleofcostarica.com\/wp-content\/uploads\/2026\/03\/IMG_9814-768x512.jpg 768w, https:\/\/peopleofcostarica.com\/wp-content\/uploads\/2026\/03\/IMG_9814-1536x1024.jpg 1536w, https:\/\/peopleofcostarica.com\/wp-content\/uploads\/2026\/03\/IMG_9814-2048x1365.jpg 2048w, https:\/\/peopleofcostarica.com\/wp-content\/uploads\/2026\/03\/IMG_9814-1320x880.jpg 1320w\" sizes=\"(max-width: 2560px) 100vw, 2560px\" \/>\t\t\t\t\t\t\t\t\t\t\t\t\t\t\t<\/div>\n\t\t<div class=\"elementor-element elementor-element-2d3c9423 e-con-full e-flex e-con e-child\" data-id=\"2d3c9423\" data-element_type=\"container\" data-e-type=\"container\" data-settings=\"{&quot;jet_parallax_layout_list&quot;:[]}\">\n\t\t\t\t<div class=\"elementor-element elementor-element-7db2ec82 elementor-widget elementor-widget-theme-post-title elementor-page-title elementor-widget-heading\" data-id=\"7db2ec82\" data-element_type=\"widget\" data-e-type=\"widget\" data-widget_type=\"theme-post-title.default\">\n\t\t\t\t\t<h4 class=\"elementor-heading-title elementor-size-default\">El d\u00eda a d\u00eda en San Jos\u00e9 y sus habitantes<\/h4>\t\t\t\t<\/div>\n\t\t\t\t<div class=\"elementor-element elementor-element-3b7f18ba elementor-widget elementor-widget-theme-post-excerpt\" data-id=\"3b7f18ba\" data-element_type=\"widget\" data-e-type=\"widget\" data-widget_type=\"theme-post-excerpt.default\">\n\t\t\t\t\t<p>Esta es una foto vieja. Hace a\u00f1os, cuando ten\u00eda mi negocio en San Jos\u00e9, iba...\t\t\t\t<\/div>\n\t\t\t\t<\/div>\n\t\t\t\t\t<\/div>\n\t\t\t\t<\/a>\n\t\t\t\t<\/div>\n\t\t\t\t<div data-elementor-type=\"loop-item\" data-elementor-id=\"10047\" class=\"elementor elementor-10047 e-loop-item e-loop-item-5926 post-5926 people-of-costa-rica type-people-of-costa-rica status-publish has-post-thumbnail hentry\" data-elementor-post-type=\"elementor_library\" data-custom-edit-handle=\"1\">\n\t\t\t<a class=\"elementor-element elementor-element-754b4d63 e-flex e-con-boxed e-con e-parent\" data-id=\"754b4d63\" data-element_type=\"container\" data-e-type=\"container\" data-settings=\"{&quot;jet_parallax_layout_list&quot;:[]}\" href=\"https:\/\/peopleofcostarica.com\/es\/people-of-costa-rica\/clase-de-cacao-con-memo-en-nicuesa-lodge\/\">\n\t\t\t\t\t<div class=\"e-con-inner\">\n\t\t\t\t<div class=\"elementor-element elementor-element-2f04c3ed elementor-widget__width-initial elementor-widget elementor-widget-theme-post-featured-image elementor-widget-image\" data-id=\"2f04c3ed\" data-element_type=\"widget\" data-e-type=\"widget\" data-widget_type=\"theme-post-featured-image.default\">\n\t\t\t\t\t\t\t\t\t\t\t\t\t\t\t<img loading=\"lazy\" decoding=\"async\" width=\"1200\" height=\"1600\" src=\"https:\/\/peopleofcostarica.com\/wp-content\/uploads\/2025\/10\/Imagen-de-WhatsApp-2025-10-01-a-las-16.29.05_c1d63dd5-1.jpg\" class=\"attachment-full size-full wp-image-5939\" alt=\"\" srcset=\"https:\/\/peopleofcostarica.com\/wp-content\/uploads\/2025\/10\/Imagen-de-WhatsApp-2025-10-01-a-las-16.29.05_c1d63dd5-1.jpg 1200w, https:\/\/peopleofcostarica.com\/wp-content\/uploads\/2025\/10\/Imagen-de-WhatsApp-2025-10-01-a-las-16.29.05_c1d63dd5-1-225x300.jpg 225w, https:\/\/peopleofcostarica.com\/wp-content\/uploads\/2025\/10\/Imagen-de-WhatsApp-2025-10-01-a-las-16.29.05_c1d63dd5-1-768x1024.jpg 768w, https:\/\/peopleofcostarica.com\/wp-content\/uploads\/2025\/10\/Imagen-de-WhatsApp-2025-10-01-a-las-16.29.05_c1d63dd5-1-1152x1536.jpg 1152w\" sizes=\"(max-width: 1200px) 100vw, 1200px\" \/>\t\t\t\t\t\t\t\t\t\t\t\t\t\t\t<\/div>\n\t\t<div class=\"elementor-element elementor-element-2d3c9423 e-con-full e-flex e-con e-child\" data-id=\"2d3c9423\" data-element_type=\"container\" data-e-type=\"container\" data-settings=\"{&quot;jet_parallax_layout_list&quot;:[]}\">\n\t\t\t\t<div class=\"elementor-element elementor-element-7db2ec82 elementor-widget elementor-widget-theme-post-title elementor-page-title elementor-widget-heading\" data-id=\"7db2ec82\" data-element_type=\"widget\" data-e-type=\"widget\" data-widget_type=\"theme-post-title.default\">\n\t\t\t\t\t<h4 class=\"elementor-heading-title elementor-size-default\">Clase de Cacao con Memo en Nicuesa Lodge<\/h4>\t\t\t\t<\/div>\n\t\t\t\t<div class=\"elementor-element elementor-element-3b7f18ba elementor-widget elementor-widget-theme-post-excerpt\" data-id=\"3b7f18ba\" data-element_type=\"widget\" data-e-type=\"widget\" data-widget_type=\"theme-post-excerpt.default\">\n\t\t\t\t\t<p>En agosto, viajamos a Nicuesa Lodge, ubicado en Golfo Dulce. Durante nuestra estancia, disfrutamos de...\t\t\t\t<\/div>\n\t\t\t\t<\/div>\n\t\t\t\t\t<\/div>\n\t\t\t\t<\/a>\n\t\t\t\t<\/div>\n\t\t\t\t<\/div>\n\t\t\n\t\t\t\t\t\t<\/div>\n\t\t\t\t<\/div>\n\t\t\t\t<\/div>\n\t\t<div class=\"elementor-element elementor-element-554f5b2 e-con-full e-flex e-con e-child\" data-id=\"554f5b2\" data-element_type=\"container\" data-e-type=\"container\" data-settings=\"{&quot;background_background&quot;:&quot;classic&quot;,&quot;jet_parallax_layout_list&quot;:[]}\">\n\t\t\t\t<div class=\"elementor-element elementor-element-f2304f2 elementor-view-default elementor-position-block-start elementor-mobile-position-block-start elementor-widget elementor-widget-icon-box\" data-id=\"f2304f2\" data-element_type=\"widget\" data-e-type=\"widget\" data-widget_type=\"icon-box.default\">\n\t\t\t\t\t\t\t<div class=\"elementor-icon-box-wrapper\">\n\n\t\t\t\t\t\t<div class=\"elementor-icon-box-icon\">\n\t\t\t\t<span  class=\"elementor-icon\">\n\t\t\t\t<svg aria-hidden=\"true\" class=\"e-font-icon-svg e-far-envelope\" viewBox=\"0 0 512 512\" xmlns=\"http:\/\/www.w3.org\/2000\/svg\"><path d=\"M464 64H48C21.49 64 0 85.49 0 112v288c0 26.51 21.49 48 48 48h416c26.51 0 48-21.49 48-48V112c0-26.51-21.49-48-48-48zm0 48v40.805c-22.422 18.259-58.168 46.651-134.587 106.49-16.841 13.247-50.201 45.072-73.413 44.701-23.208.375-56.579-31.459-73.413-44.701C106.18 199.465 70.425 171.067 48 152.805V112h416zM48 400V214.398c22.914 18.251 55.409 43.862 104.938 82.646 21.857 17.205 60.134 55.186 103.062 54.955 42.717.231 80.509-37.199 103.053-54.947 49.528-38.783 82.032-64.401 104.947-82.653V400H48z\"><\/path><\/svg>\t\t\t\t<\/span>\n\t\t\t<\/div>\n\t\t\t\n\t\t\t\t\t\t<div class=\"elementor-icon-box-content\">\n\n\t\t\t\t\t\t\t\t\t<h4 class=\"elementor-icon-box-title\">\n\t\t\t\t\t\t<span  >\n\t\t\t\t\t\t\tPeople of Costa Rica\t\t\t\t\t\t<\/span>\n\t\t\t\t\t<\/h4>\n\t\t\t\t\n\t\t\t\t\t\t\t\t\t<p class=\"elementor-icon-box-description\">\n\t\t\t\t\t\tRecibe cada ma\u00f1ana lo mejor de las noticias, la cultura y los consejos de viaje de Costa Rica.\t\t\t\t\t<\/p>\n\t\t\t\t\n\t\t\t<\/div>\n\t\t\t\n\t\t<\/div>\n\t\t\t\t\t\t<\/div>\n\t\t\t\t<div class=\"elementor-element elementor-element-f10ae98 elementor-button-align-stretch elementor-widget elementor-widget-form\" data-id=\"f10ae98\" data-element_type=\"widget\" data-e-type=\"widget\" data-settings=\"{&quot;step_next_label&quot;:&quot;Siguiente&quot;,&quot;step_previous_label&quot;:&quot;Anterior&quot;,&quot;button_width&quot;:&quot;100&quot;,&quot;step_type&quot;:&quot;number_text&quot;,&quot;step_icon_shape&quot;:&quot;circle&quot;}\" data-widget_type=\"form.default\">\n\t\t\t\t\t\t\t<form class=\"elementor-form\" method=\"post\" name=\"Nuevo formulario\" aria-label=\"Nuevo formulario\">\n\t\t\t<input type=\"hidden\" name=\"post_id\" value=\"10725\"\/>\n\t\t\t<input type=\"hidden\" name=\"form_id\" value=\"f10ae98\"\/>\n\t\t\t<input type=\"hidden\" name=\"referer_title\" value=\"\" \/>\n\n\t\t\t\n\t\t\t<div class=\"elementor-form-fields-wrapper elementor-labels-\">\n\t\t\t\t\t\t\t\t<div class=\"elementor-field-type-email elementor-field-group elementor-column elementor-field-group-email elementor-col-100 elementor-field-required\">\n\t\t\t\t\t\t\t\t\t\t\t\t<label for=\"form-field-email\" class=\"elementor-field-label elementor-screen-only\">\n\t\t\t\t\t\t\t\tCorreo electr\u00f3nico\t\t\t\t\t\t\t<\/label>\n\t\t\t\t\t\t\t\t\t\t\t\t\t\t<input size=\"1\" type=\"email\" name=\"form_fields[email]\" id=\"form-field-email\" class=\"elementor-field elementor-size-sm  elementor-field-textual\" placeholder=\"Tu direcci\u00f3n de correo electr\u00f3nico\" required=\"required\">\n\t\t\t\t\t\t\t\t\t\t\t<\/div>\n\t\t\t\t\t\t\t\t<div class=\"elementor-field-group elementor-column elementor-field-type-submit elementor-col-100 e-form__buttons\">\n\t\t\t\t\t<button class=\"elementor-button elementor-size-sm\" type=\"submit\">\n\t\t\t\t\t\t<span class=\"elementor-button-content-wrapper\">\n\t\t\t\t\t\t\t\t\t\t\t\t\t\t\t\t\t\t\t\t\t\t<span class=\"elementor-button-text\">Suscribirme<\/span>\n\t\t\t\t\t\t\t\t\t\t\t\t\t<\/span>\n\t\t\t\t\t<\/button>\n\t\t\t\t<\/div>\n\t\t\t<\/div>\n\t\t<\/form>\n\t\t\t\t\t\t<\/div>\n\t\t\t\t<\/div>\n\t\t\t\t<\/div>\n\t\t\t\t\t<\/div>\n\t\t\t\t<\/div>\n\t\t\t\t<\/div>\n\t\t","protected":false},"excerpt":{"rendered":"<p>Cr\u00f3nica de Costa Rica El pulso de la cultura, la gente y el pura vida. Agenda Personas Destacadas People of Costa Rica Recibe cada ma\u00f1ana lo mejor de las noticias, la cultura y los consejos de viaje de Costa Rica.<\/p>\n","protected":false},"author":17,"featured_media":0,"parent":0,"menu_order":0,"comment_status":"closed","ping_status":"closed","template":"","meta":{"footnotes":""},"class_list":["post-10725","page","type-page","status-publish","hentry"],"_links":{"self":[{"href":"https:\/\/peopleofcostarica.com\/es\/wp-json\/wp\/v2\/pages\/10725","targetHints":{"allow":["GET"]}}],"collection":[{"href":"https:\/\/peopleofcostarica.com\/es\/wp-json\/wp\/v2\/pages"}],"about":[{"href":"https:\/\/peopleofcostarica.com\/es\/wp-json\/wp\/v2\/types\/page"}],"author":[{"embeddable":true,"href":"https:\/\/peopleofcostarica.com\/es\/wp-json\/wp\/v2\/users\/17"}],"replies":[{"embeddable":true,"href":"https:\/\/peopleofcostarica.com\/es\/wp-json\/wp\/v2\/comments?post=10725"}],"version-history":[{"count":1,"href":"https:\/\/peopleofcostarica.com\/es\/wp-json\/wp\/v2\/pages\/10725\/revisions"}],"predecessor-version":[{"id":10726,"href":"https:\/\/peopleofcostarica.com\/es\/wp-json\/wp\/v2\/pages\/10725\/revisions\/10726"}],"wp:attachment":[{"href":"https:\/\/peopleofcostarica.com\/es\/wp-json\/wp\/v2\/media?parent=10725"}],"curies":[{"name":"wp","href":"https:\/\/api.w.org\/{rel}","templated":true}]}}