{"id":10721,"date":"2026-03-14T05:06:05","date_gmt":"2026-03-14T11:06:05","guid":{"rendered":"https:\/\/peopleofcostarica.com\/historia\/"},"modified":"2026-03-20T20:56:05","modified_gmt":"2026-03-21T02:56:05","slug":"historia","status":"publish","type":"page","link":"https:\/\/peopleofcostarica.com\/es\/historia\/","title":{"rendered":"Historia"},"content":{"rendered":"\t\t<div data-elementor-type=\"wp-page\" data-elementor-id=\"10721\" class=\"elementor elementor-10721 elementor-10294\" data-elementor-post-type=\"page\">\n\t\t\t\t<div class=\"elementor-element elementor-element-3f3cebb7 e-con-full e-flex e-con e-parent\" data-id=\"3f3cebb7\" data-element_type=\"container\" data-e-type=\"container\" data-settings=\"{&quot;background_background&quot;:&quot;classic&quot;,&quot;jet_parallax_layout_list&quot;:[]}\">\n\t\t<div class=\"elementor-element elementor-element-7eaad15a e-flex e-con-boxed e-con e-child\" data-id=\"7eaad15a\" data-element_type=\"container\" data-e-type=\"container\" data-settings=\"{&quot;jet_parallax_layout_list&quot;:[]}\">\n\t\t\t\t\t<div class=\"e-con-inner\">\n\t\t\t\t<div class=\"elementor-element elementor-element-21dc36aa elementor-widget__width-initial elementor-widget elementor-widget-heading\" data-id=\"21dc36aa\" data-element_type=\"widget\" data-e-type=\"widget\" data-widget_type=\"heading.default\">\n\t\t\t\t\t<span class=\"elementor-heading-title elementor-size-default\">Historias<\/span>\t\t\t\t<\/div>\n\t\t\t\t<div class=\"elementor-element elementor-element-a796fbb elementor-widget elementor-widget-heading\" data-id=\"a796fbb\" data-element_type=\"widget\" data-e-type=\"widget\" data-widget_type=\"heading.default\">\n\t\t\t\t\t<h2 class=\"elementor-heading-title elementor-size-default\">Los caminos del Pura Vida<\/h2>\t\t\t\t<\/div>\n\t\t\t\t<div class=\"elementor-element elementor-element-daa0550 elementor-widget elementor-widget-text-editor\" data-id=\"daa0550\" data-element_type=\"widget\" data-e-type=\"widget\" data-widget_type=\"text-editor.default\">\n\t\t\t\t\t\t\t\t\tDe antiguas civilizaciones hasta la moderna Rep\u00fablica sin ejercito. Descubre la fuerza, paz y herencia de Costa Rica a trav\u00e9s del tiempo. \t\t\t\t\t\t\t\t<\/div>\n\t\t\t\t<div class=\"elementor-element elementor-element-346069f5 elementor-align-center elementor-widget elementor-widget-button\" data-id=\"346069f5\" data-element_type=\"widget\" data-e-type=\"widget\" data-widget_type=\"button.default\">\n\t\t\t\t\t\t\t\t\t\t<a class=\"elementor-button elementor-button-link elementor-size-sm\" href=\"#histories\">\n\t\t\t\t\t\t<span class=\"elementor-button-content-wrapper\">\n\t\t\t\t\t\t<span class=\"elementor-button-icon\">\n\t\t\t\t<svg aria-hidden=\"true\" class=\"e-font-icon-svg e-fas-arrow-down\" viewBox=\"0 0 448 512\" xmlns=\"http:\/\/www.w3.org\/2000\/svg\"><path d=\"M413.1 222.5l22.2 22.2c9.4 9.4 9.4 24.6 0 33.9L241 473c-9.4 9.4-24.6 9.4-33.9 0L12.7 278.6c-9.4-9.4-9.4-24.6 0-33.9l22.2-22.2c9.5-9.5 25-9.3 34.3.4L184 343.4V56c0-13.3 10.7-24 24-24h32c13.3 0 24 10.7 24 24v287.4l114.8-120.5c9.3-9.8 24.8-10 34.3-.4z\"><\/path><\/svg>\t\t\t<\/span>\n\t\t\t\t\t\t\t\t\t<span class=\"elementor-button-text\">Explorar<\/span>\n\t\t\t\t\t<\/span>\n\t\t\t\t\t<\/a>\n\t\t\t\t\t\t\t\t<\/div>\n\t\t\t\t\t<\/div>\n\t\t\t\t<\/div>\n\t\t\t\t<\/div>\n\t\t<div class=\"elementor-element elementor-element-4c3e923 e-flex e-con-boxed e-con e-parent\" data-id=\"4c3e923\" data-element_type=\"container\" data-e-type=\"container\" data-settings=\"{&quot;jet_parallax_layout_list&quot;:[]}\">\n\t\t\t\t\t<div class=\"e-con-inner\">\n\t\t<div class=\"elementor-element elementor-element-67cfbcb e-con-full e-flex e-con e-child\" data-id=\"67cfbcb\" data-element_type=\"container\" data-e-type=\"container\" data-settings=\"{&quot;jet_parallax_layout_list&quot;:[]}\">\n\t\t<div class=\"elementor-element elementor-element-1001d5a e-con-full e-flex e-con e-child\" data-id=\"1001d5a\" data-element_type=\"container\" data-e-type=\"container\" data-settings=\"{&quot;background_background&quot;:&quot;classic&quot;,&quot;jet_parallax_layout_list&quot;:[]}\">\n\t\t\t\t<div class=\"elementor-element elementor-element-88cfd69 elementor-widget elementor-widget-text-editor\" data-id=\"88cfd69\" data-element_type=\"widget\" data-e-type=\"widget\" data-widget_type=\"text-editor.default\">\n\t\t\t\t\t\t\t\t\t<h4>\u00bfSab\u00edas qu\u00e9?<\/h4><p>Costa Rica contiene cas\u00ed el 6% de la biodiversidad del mundo en solamente 0.03% de la superficie del planeta.<\/p>\t\t\t\t\t\t\t\t<\/div>\n\t\t\t\t<\/div>\n\t\t\t\t<\/div>\n\t\t<div class=\"elementor-element elementor-element-f33233b e-con-full e-flex e-con e-child\" data-id=\"f33233b\" data-element_type=\"container\" data-e-type=\"container\" data-settings=\"{&quot;jet_parallax_layout_list&quot;:[]}\">\n\t\t\t\t<div class=\"elementor-element elementor-element-284e44b elementor-grid-1 elementor-grid-tablet-1 elementor-grid-mobile-1 elementor-widget elementor-widget-loop-grid\" data-id=\"284e44b\" data-element_type=\"widget\" data-e-type=\"widget\" data-settings=\"{&quot;template_id&quot;:10026,&quot;columns&quot;:1,&quot;columns_tablet&quot;:1,&quot;pagination_type&quot;:&quot;load_more_on_click&quot;,&quot;_skin&quot;:&quot;post&quot;,&quot;columns_mobile&quot;:&quot;1&quot;,&quot;edit_handle_selector&quot;:&quot;[data-elementor-type=\\&quot;loop-item\\&quot;]&quot;,&quot;load_more_spinner&quot;:{&quot;value&quot;:&quot;fas fa-spinner&quot;,&quot;library&quot;:&quot;fa-solid&quot;},&quot;row_gap&quot;:{&quot;unit&quot;:&quot;px&quot;,&quot;size&quot;:&quot;&quot;,&quot;sizes&quot;:[]},&quot;row_gap_tablet_extra&quot;:{&quot;unit&quot;:&quot;px&quot;,&quot;size&quot;:&quot;&quot;,&quot;sizes&quot;:[]},&quot;row_gap_tablet&quot;:{&quot;unit&quot;:&quot;px&quot;,&quot;size&quot;:&quot;&quot;,&quot;sizes&quot;:[]},&quot;row_gap_mobile_extra&quot;:{&quot;unit&quot;:&quot;px&quot;,&quot;size&quot;:&quot;&quot;,&quot;sizes&quot;:[]},&quot;row_gap_mobile&quot;:{&quot;unit&quot;:&quot;px&quot;,&quot;size&quot;:&quot;&quot;,&quot;sizes&quot;:[]}}\" data-widget_type=\"loop-grid.post\">\n\t\t\t\t<div class=\"elementor-widget-container\">\n\t\t\t\t\t\t\t<div class=\"elementor-loop-container elementor-grid\" role=\"list\">\n\t\t<style id=\"loop-10026\">.elementor-10026 .elementor-element.elementor-element-73cdfb48{--display:flex;--flex-direction:row;--container-widget-width:initial;--container-widget-height:100%;--container-widget-flex-grow:1;--container-widget-align-self:stretch;--flex-wrap-mobile:wrap;--gap:1rem 1rem;--row-gap:1rem;--column-gap:1rem;border-style:solid;--border-style:solid;border-width:1px 1px 1px 1px;--border-top-width:1px;--border-right-width:1px;--border-bottom-width:1px;--border-left-width:1px;border-color:var( --e-global-color-83f3a27 );--border-color:var( --e-global-color-83f3a27 );--border-radius:16px 16px 16px 16px;--padding-top:16px;--padding-bottom:16px;--padding-left:16px;--padding-right:16px;}.elementor-10026 .elementor-element.elementor-element-73cdfb48:not(.elementor-motion-effects-element-type-background), .elementor-10026 .elementor-element.elementor-element-73cdfb48 > .elementor-motion-effects-container > .elementor-motion-effects-layer{background-color:var( --e-global-color-e95258d );}.elementor-widget-theme-post-featured-image .widget-image-caption{color:var( --e-global-color-text );font-family:var( --e-global-typography-text-font-family ), Sans-serif;font-size:var( --e-global-typography-text-font-size );font-weight:var( --e-global-typography-text-font-weight );line-height:var( --e-global-typography-text-line-height );}.elementor-10026 .elementor-element.elementor-element-554a70e3 img{width:420px;height:100%;object-fit:cover;object-position:center center;border-radius:12px 12px 12px 12px;}.elementor-10026 .elementor-element.elementor-element-71e635bc{--display:flex;--gap:8px 8px;--row-gap:8px;--column-gap:8px;--margin-top:0px;--margin-bottom:0px;--margin-left:0px;--margin-right:0px;--padding-top:0px;--padding-bottom:0px;--padding-left:0px;--padding-right:0px;}.elementor-widget-post-info .elementor-icon-list-item:not(:last-child):after{border-color:var( --e-global-color-text );}.elementor-widget-post-info .elementor-icon-list-icon i{color:var( --e-global-color-primary );}.elementor-widget-post-info .elementor-icon-list-icon svg{fill:var( --e-global-color-primary );}.elementor-widget-post-info .elementor-icon-list-text, .elementor-widget-post-info .elementor-icon-list-text a{color:var( --e-global-color-secondary );}.elementor-widget-post-info .elementor-icon-list-item{font-family:var( --e-global-typography-text-font-family ), Sans-serif;font-size:var( --e-global-typography-text-font-size );font-weight:var( --e-global-typography-text-font-weight );line-height:var( --e-global-typography-text-line-height );}.elementor-10026 .elementor-element.elementor-element-22c34d55 .elementor-icon-list-items:not(.elementor-inline-items) .elementor-icon-list-item:not(:last-child){padding-bottom:calc(0px\/2);}.elementor-10026 .elementor-element.elementor-element-22c34d55 .elementor-icon-list-items:not(.elementor-inline-items) .elementor-icon-list-item:not(:first-child){margin-top:calc(0px\/2);}.elementor-10026 .elementor-element.elementor-element-22c34d55 .elementor-icon-list-items.elementor-inline-items .elementor-icon-list-item{margin-right:calc(0px\/2);margin-left:calc(0px\/2);}.elementor-10026 .elementor-element.elementor-element-22c34d55 .elementor-icon-list-items.elementor-inline-items{margin-right:calc(-0px\/2);margin-left:calc(-0px\/2);}body.rtl .elementor-10026 .elementor-element.elementor-element-22c34d55 .elementor-icon-list-items.elementor-inline-items .elementor-icon-list-item:after{left:calc(-0px\/2);}body:not(.rtl) .elementor-10026 .elementor-element.elementor-element-22c34d55 .elementor-icon-list-items.elementor-inline-items .elementor-icon-list-item:after{right:calc(-0px\/2);}.elementor-10026 .elementor-element.elementor-element-22c34d55 .elementor-icon-list-icon{width:14px;}.elementor-10026 .elementor-element.elementor-element-22c34d55 .elementor-icon-list-icon i{font-size:14px;}.elementor-10026 .elementor-element.elementor-element-22c34d55 .elementor-icon-list-icon svg{--e-icon-list-icon-size:14px;}.elementor-10026 .elementor-element.elementor-element-22c34d55 .elementor-icon-list-item{font-family:var( --e-global-typography-65fd483-font-family ), Sans-serif;font-size:var( --e-global-typography-65fd483-font-size );font-weight:var( --e-global-typography-65fd483-font-weight );text-transform:var( --e-global-typography-65fd483-text-transform );line-height:var( --e-global-typography-65fd483-line-height );letter-spacing:var( --e-global-typography-65fd483-letter-spacing );word-spacing:var( --e-global-typography-65fd483-word-spacing );}.elementor-10026 .elementor-element.elementor-element-22c34d55.elementor-element{--align-self:flex-end;}.elementor-widget-theme-post-title .elementor-heading-title{font-family:var( --e-global-typography-primary-font-family ), Sans-serif;font-size:var( --e-global-typography-primary-font-size );font-weight:var( --e-global-typography-primary-font-weight );line-height:var( --e-global-typography-primary-line-height );color:var( --e-global-color-primary );}.elementor-10026 .elementor-element.elementor-element-37b3b5ff .elementor-heading-title{font-family:var( --e-global-typography-c957309-font-family ), Sans-serif;font-size:var( --e-global-typography-c957309-font-size );font-weight:var( --e-global-typography-c957309-font-weight );line-height:var( --e-global-typography-c957309-line-height );letter-spacing:var( --e-global-typography-c957309-letter-spacing );word-spacing:var( --e-global-typography-c957309-word-spacing );}.elementor-widget-theme-post-excerpt{font-family:var( --e-global-typography-text-font-family ), Sans-serif;font-size:var( --e-global-typography-text-font-size );font-weight:var( --e-global-typography-text-font-weight );line-height:var( --e-global-typography-text-line-height );color:var( --e-global-color-text );}.elementor-widget-button .elementor-button{font-family:var( --e-global-typography-accent-font-family ), Sans-serif;font-size:var( --e-global-typography-accent-font-size );font-weight:var( --e-global-typography-accent-font-weight );line-height:var( --e-global-typography-accent-line-height );background-color:var( --e-global-color-accent );}.elementor-10026 .elementor-element.elementor-element-e6b005a .elementor-button-content-wrapper{flex-direction:row-reverse;}.elementor-10026 .elementor-element.elementor-element-e6b005a .elementor-button .elementor-button-content-wrapper{gap:16px;}.elementor-10026 .elementor-element.elementor-element-e6b005a .elementor-button{font-family:var( --e-global-typography-accent-font-family ), Sans-serif;font-size:var( --e-global-typography-accent-font-size );font-weight:var( --e-global-typography-accent-font-weight );line-height:var( --e-global-typography-accent-line-height );fill:var( --e-global-color-text );color:var( --e-global-color-text );background-color:var( --e-global-color-e95258d );border-style:none;padding:0px 0px 0px 0px;}.elementor-10026 .elementor-element.elementor-element-e6b005a .elementor-button:hover, .elementor-10026 .elementor-element.elementor-element-e6b005a .elementor-button:focus{color:var( --e-global-color-primary );}.elementor-10026 .elementor-element.elementor-element-e6b005a .elementor-button:hover svg, .elementor-10026 .elementor-element.elementor-element-e6b005a .elementor-button:focus svg{fill:var( --e-global-color-primary );}@media(max-width:1024px){.elementor-widget-theme-post-featured-image .widget-image-caption{font-size:var( --e-global-typography-text-font-size );line-height:var( --e-global-typography-text-line-height );}.elementor-widget-post-info .elementor-icon-list-item{font-size:var( --e-global-typography-text-font-size );line-height:var( --e-global-typography-text-line-height );}.elementor-10026 .elementor-element.elementor-element-22c34d55 .elementor-icon-list-item{font-size:var( --e-global-typography-65fd483-font-size );line-height:var( --e-global-typography-65fd483-line-height );letter-spacing:var( --e-global-typography-65fd483-letter-spacing );word-spacing:var( --e-global-typography-65fd483-word-spacing );}.elementor-widget-theme-post-title .elementor-heading-title{font-size:var( --e-global-typography-primary-font-size );line-height:var( --e-global-typography-primary-line-height );}.elementor-10026 .elementor-element.elementor-element-37b3b5ff .elementor-heading-title{font-size:var( --e-global-typography-c957309-font-size );line-height:var( --e-global-typography-c957309-line-height );letter-spacing:var( --e-global-typography-c957309-letter-spacing );word-spacing:var( --e-global-typography-c957309-word-spacing );}.elementor-widget-theme-post-excerpt{font-size:var( --e-global-typography-text-font-size );line-height:var( --e-global-typography-text-line-height );}.elementor-widget-button .elementor-button{font-size:var( --e-global-typography-accent-font-size );line-height:var( --e-global-typography-accent-line-height );}.elementor-10026 .elementor-element.elementor-element-e6b005a .elementor-button{font-size:var( --e-global-typography-accent-font-size );line-height:var( --e-global-typography-accent-line-height );}}@media(max-width:767px){.elementor-widget-theme-post-featured-image .widget-image-caption{font-size:var( --e-global-typography-text-font-size );line-height:var( --e-global-typography-text-line-height );}.elementor-widget-post-info .elementor-icon-list-item{font-size:var( --e-global-typography-text-font-size );line-height:var( --e-global-typography-text-line-height );}.elementor-10026 .elementor-element.elementor-element-22c34d55 .elementor-icon-list-item{font-size:var( --e-global-typography-65fd483-font-size );line-height:var( --e-global-typography-65fd483-line-height );letter-spacing:var( --e-global-typography-65fd483-letter-spacing );word-spacing:var( --e-global-typography-65fd483-word-spacing );}.elementor-widget-theme-post-title .elementor-heading-title{font-size:var( --e-global-typography-primary-font-size );line-height:var( --e-global-typography-primary-line-height );}.elementor-10026 .elementor-element.elementor-element-37b3b5ff .elementor-heading-title{font-size:var( --e-global-typography-c957309-font-size );line-height:var( --e-global-typography-c957309-line-height );letter-spacing:var( --e-global-typography-c957309-letter-spacing );word-spacing:var( --e-global-typography-c957309-word-spacing );}.elementor-widget-theme-post-excerpt{font-size:var( --e-global-typography-text-font-size );line-height:var( --e-global-typography-text-line-height );}.elementor-widget-button .elementor-button{font-size:var( --e-global-typography-accent-font-size );line-height:var( --e-global-typography-accent-line-height );}.elementor-10026 .elementor-element.elementor-element-e6b005a .elementor-button{font-size:var( --e-global-typography-accent-font-size );line-height:var( --e-global-typography-accent-line-height );}}<\/style>\t\t<div data-elementor-type=\"loop-item\" data-elementor-id=\"10026\" class=\"elementor elementor-10026 e-loop-item e-loop-item-12264 post-12264 historyofcr type-historyofcr status-publish has-post-thumbnail hentry\" data-elementor-post-type=\"elementor_library\" data-custom-edit-handle=\"1\">\n\t\t\t<div class=\"elementor-element elementor-element-73cdfb48 e-flex e-con-boxed e-con e-parent\" data-id=\"73cdfb48\" data-element_type=\"container\" data-e-type=\"container\" data-settings=\"{&quot;jet_parallax_layout_list&quot;:[],&quot;background_background&quot;:&quot;classic&quot;}\">\n\t\t\t\t\t<div class=\"e-con-inner\">\n\t\t\t\t<div class=\"elementor-element elementor-element-554a70e3 elementor-widget elementor-widget-theme-post-featured-image elementor-widget-image\" data-id=\"554a70e3\" data-element_type=\"widget\" data-e-type=\"widget\" data-widget_type=\"theme-post-featured-image.default\">\n\t\t\t\t\t\t\t\t\t\t\t\t\t\t\t<img fetchpriority=\"high\" decoding=\"async\" width=\"1274\" height=\"600\" src=\"https:\/\/peopleofcostarica.com\/wp-content\/uploads\/2026\/04\/ejnkXXX00WsfOAzuDYWq3yQJLb2yyIOvKlFW0eKh8kXJPo-bPqMQQSDiCV7A8TSRUxzkNrnGyDYYU-8tAXECXxTdefYLyP_WIauBa4TcxHb2x1MUFqNDuoj04BEIZrnwudJaNL2ZniFxRTE4m3VTbb-svhclGB9R7HebmxmwsXbISVlRgckOa0rFA9ruP2D6.jpeg\" class=\"attachment-full size-full wp-image-12265\" alt=\"\" srcset=\"https:\/\/peopleofcostarica.com\/wp-content\/uploads\/2026\/04\/ejnkXXX00WsfOAzuDYWq3yQJLb2yyIOvKlFW0eKh8kXJPo-bPqMQQSDiCV7A8TSRUxzkNrnGyDYYU-8tAXECXxTdefYLyP_WIauBa4TcxHb2x1MUFqNDuoj04BEIZrnwudJaNL2ZniFxRTE4m3VTbb-svhclGB9R7HebmxmwsXbISVlRgckOa0rFA9ruP2D6.jpeg 1274w, https:\/\/peopleofcostarica.com\/wp-content\/uploads\/2026\/04\/ejnkXXX00WsfOAzuDYWq3yQJLb2yyIOvKlFW0eKh8kXJPo-bPqMQQSDiCV7A8TSRUxzkNrnGyDYYU-8tAXECXxTdefYLyP_WIauBa4TcxHb2x1MUFqNDuoj04BEIZrnwudJaNL2ZniFxRTE4m3VTbb-svhclGB9R7HebmxmwsXbISVlRgckOa0rFA9ruP2D6-300x141.jpeg 300w, https:\/\/peopleofcostarica.com\/wp-content\/uploads\/2026\/04\/ejnkXXX00WsfOAzuDYWq3yQJLb2yyIOvKlFW0eKh8kXJPo-bPqMQQSDiCV7A8TSRUxzkNrnGyDYYU-8tAXECXxTdefYLyP_WIauBa4TcxHb2x1MUFqNDuoj04BEIZrnwudJaNL2ZniFxRTE4m3VTbb-svhclGB9R7HebmxmwsXbISVlRgckOa0rFA9ruP2D6-1024x482.jpeg 1024w, https:\/\/peopleofcostarica.com\/wp-content\/uploads\/2026\/04\/ejnkXXX00WsfOAzuDYWq3yQJLb2yyIOvKlFW0eKh8kXJPo-bPqMQQSDiCV7A8TSRUxzkNrnGyDYYU-8tAXECXxTdefYLyP_WIauBa4TcxHb2x1MUFqNDuoj04BEIZrnwudJaNL2ZniFxRTE4m3VTbb-svhclGB9R7HebmxmwsXbISVlRgckOa0rFA9ruP2D6-768x362.jpeg 768w\" sizes=\"(max-width: 1274px) 100vw, 1274px\" \/>\t\t\t\t\t\t\t\t\t\t\t\t\t\t\t<\/div>\n\t\t<div class=\"elementor-element elementor-element-71e635bc e-con-full e-flex e-con e-child\" data-id=\"71e635bc\" data-element_type=\"container\" data-e-type=\"container\" data-settings=\"{&quot;jet_parallax_layout_list&quot;:[]}\">\n\t\t\t\t<div class=\"elementor-element elementor-element-22c34d55 elementor-align-right elementor-widget elementor-widget-post-info\" data-id=\"22c34d55\" data-element_type=\"widget\" data-e-type=\"widget\" data-widget_type=\"post-info.default\">\n\t\t\t\t\t\t\t<ul class=\"elementor-inline-items elementor-icon-list-items elementor-post-info\">\n\t\t\t\t\t\t\t\t<li class=\"elementor-icon-list-item elementor-repeater-item-c9cd5e5 elementor-inline-item\" itemprop=\"about\">\n\t\t\t\t\t\t\t\t\t\t\t\t\t<span class=\"elementor-icon-list-text elementor-post-info__item elementor-post-info__item--type-terms\">\n\t\t\t\t\t\t\t\t\t\t<span class=\"elementor-post-info__terms-list\">\n\t\t\t\t<span class=\"elementor-post-info__terms-list-item\"><\/span>\t\t\t\t<\/span>\n\t\t\t\t\t<\/span>\n\t\t\t\t\t\t\t\t<\/li>\n\t\t\t\t<\/ul>\n\t\t\t\t\t\t<\/div>\n\t\t\t\t<div class=\"elementor-element elementor-element-37b3b5ff elementor-widget elementor-widget-theme-post-title elementor-page-title elementor-widget-heading\" data-id=\"37b3b5ff\" data-element_type=\"widget\" data-e-type=\"widget\" data-widget_type=\"theme-post-title.default\">\n\t\t\t\t\t<h3 class=\"elementor-heading-title elementor-size-default\">Biograf\u00eda de Joaqu\u00edn Garc\u00eda Monge<\/h3>\t\t\t\t<\/div>\n\t\t\t\t<div class=\"elementor-element elementor-element-5df4d608 elementor-widget elementor-widget-theme-post-excerpt\" data-id=\"5df4d608\" data-element_type=\"widget\" data-e-type=\"widget\" data-widget_type=\"theme-post-excerpt.default\">\n\t\t\t\t\t<p>1. Contexto hist\u00f3rico y geogr\u00e1fico: El ocaso del Estado olig\u00e1rquico y el alba de un siglo convulso Para comprender la magnitud de la obra de Joaqu\u00edn Garc\u00eda Monge, es imprescindible...\t\t\t\t<\/div>\n\t\t\t\t<div class=\"elementor-element elementor-element-e6b005a elementor-widget elementor-widget-button\" data-id=\"e6b005a\" data-element_type=\"widget\" data-e-type=\"widget\" data-widget_type=\"button.default\">\n\t\t\t\t\t\t\t\t\t\t<a class=\"elementor-button elementor-button-link elementor-size-sm\" href=\"https:\/\/peopleofcostarica.com\/es\/historyofcr\/biografia-de-joaquin-garcia-monge\/\">\n\t\t\t\t\t\t<span class=\"elementor-button-content-wrapper\">\n\t\t\t\t\t\t<span class=\"elementor-button-icon\">\n\t\t\t\t\t\t\t<\/span>\n\t\t\t\t\t\t\t\t\t<span class=\"elementor-button-text\">Read Article<\/span>\n\t\t\t\t\t<\/span>\n\t\t\t\t\t<\/a>\n\t\t\t\t\t\t\t\t<\/div>\n\t\t\t\t<\/div>\n\t\t\t\t\t<\/div>\n\t\t\t\t<\/div>\n\t\t\t\t<\/div>\n\t\t\t\t<div data-elementor-type=\"loop-item\" data-elementor-id=\"10026\" class=\"elementor elementor-10026 e-loop-item e-loop-item-12230 post-12230 historyofcr type-historyofcr status-publish has-post-thumbnail hentry\" data-elementor-post-type=\"elementor_library\" data-custom-edit-handle=\"1\">\n\t\t\t<div class=\"elementor-element elementor-element-73cdfb48 e-flex e-con-boxed e-con e-parent\" data-id=\"73cdfb48\" data-element_type=\"container\" data-e-type=\"container\" data-settings=\"{&quot;jet_parallax_layout_list&quot;:[],&quot;background_background&quot;:&quot;classic&quot;}\">\n\t\t\t\t\t<div class=\"e-con-inner\">\n\t\t\t\t<div class=\"elementor-element elementor-element-554a70e3 elementor-widget elementor-widget-theme-post-featured-image elementor-widget-image\" data-id=\"554a70e3\" data-element_type=\"widget\" data-e-type=\"widget\" data-widget_type=\"theme-post-featured-image.default\">\n\t\t\t\t\t\t\t\t\t\t\t\t\t\t\t<img decoding=\"async\" width=\"960\" height=\"640\" src=\"https:\/\/peopleofcostarica.com\/wp-content\/uploads\/2026\/04\/d2Lb_zC1cVpDu3zQrRoJxZjFqymPyvJvHhs9ZMxkoJCYYq88lJKxZMNH1-VsBQg2XJcftZjUjvKNbLvf8gLuC-HY56p7qAAQPcknbnJfPHrw2B4Eq03EvoOBPISorP4nK8Btsk-VP0jGWWkFgqv6IRHltGySJmk_H9ZLv8bxl-SCwbLcsayw0TvZ2k29ZChx.jpeg\" class=\"attachment-full size-full wp-image-12231\" alt=\"\" srcset=\"https:\/\/peopleofcostarica.com\/wp-content\/uploads\/2026\/04\/d2Lb_zC1cVpDu3zQrRoJxZjFqymPyvJvHhs9ZMxkoJCYYq88lJKxZMNH1-VsBQg2XJcftZjUjvKNbLvf8gLuC-HY56p7qAAQPcknbnJfPHrw2B4Eq03EvoOBPISorP4nK8Btsk-VP0jGWWkFgqv6IRHltGySJmk_H9ZLv8bxl-SCwbLcsayw0TvZ2k29ZChx.jpeg 960w, https:\/\/peopleofcostarica.com\/wp-content\/uploads\/2026\/04\/d2Lb_zC1cVpDu3zQrRoJxZjFqymPyvJvHhs9ZMxkoJCYYq88lJKxZMNH1-VsBQg2XJcftZjUjvKNbLvf8gLuC-HY56p7qAAQPcknbnJfPHrw2B4Eq03EvoOBPISorP4nK8Btsk-VP0jGWWkFgqv6IRHltGySJmk_H9ZLv8bxl-SCwbLcsayw0TvZ2k29ZChx-300x200.jpeg 300w, https:\/\/peopleofcostarica.com\/wp-content\/uploads\/2026\/04\/d2Lb_zC1cVpDu3zQrRoJxZjFqymPyvJvHhs9ZMxkoJCYYq88lJKxZMNH1-VsBQg2XJcftZjUjvKNbLvf8gLuC-HY56p7qAAQPcknbnJfPHrw2B4Eq03EvoOBPISorP4nK8Btsk-VP0jGWWkFgqv6IRHltGySJmk_H9ZLv8bxl-SCwbLcsayw0TvZ2k29ZChx-768x512.jpeg 768w\" sizes=\"(max-width: 960px) 100vw, 960px\" \/>\t\t\t\t\t\t\t\t\t\t\t\t\t\t\t<\/div>\n\t\t<div class=\"elementor-element elementor-element-71e635bc e-con-full e-flex e-con e-child\" data-id=\"71e635bc\" data-element_type=\"container\" data-e-type=\"container\" data-settings=\"{&quot;jet_parallax_layout_list&quot;:[]}\">\n\t\t\t\t<div class=\"elementor-element elementor-element-22c34d55 elementor-align-right elementor-widget elementor-widget-post-info\" data-id=\"22c34d55\" data-element_type=\"widget\" data-e-type=\"widget\" data-widget_type=\"post-info.default\">\n\t\t\t\t\t\t\t<ul class=\"elementor-inline-items elementor-icon-list-items elementor-post-info\">\n\t\t\t\t\t\t\t\t<li class=\"elementor-icon-list-item elementor-repeater-item-c9cd5e5 elementor-inline-item\" itemprop=\"about\">\n\t\t\t\t\t\t\t\t\t\t\t\t\t<span class=\"elementor-icon-list-text elementor-post-info__item elementor-post-info__item--type-terms\">\n\t\t\t\t\t\t\t\t\t\t<span class=\"elementor-post-info__terms-list\">\n\t\t\t\t<span class=\"elementor-post-info__terms-list-item\"><\/span>\t\t\t\t<\/span>\n\t\t\t\t\t<\/span>\n\t\t\t\t\t\t\t\t<\/li>\n\t\t\t\t<\/ul>\n\t\t\t\t\t\t<\/div>\n\t\t\t\t<div class=\"elementor-element elementor-element-37b3b5ff elementor-widget elementor-widget-theme-post-title elementor-page-title elementor-widget-heading\" data-id=\"37b3b5ff\" data-element_type=\"widget\" data-e-type=\"widget\" data-widget_type=\"theme-post-title.default\">\n\t\t\t\t\t<h3 class=\"elementor-heading-title elementor-size-default\">\u00a0Juan Santamar\u00eda: El H\u00e9roe de la Campa\u00f1a Nacional<\/h3>\t\t\t\t<\/div>\n\t\t\t\t<div class=\"elementor-element elementor-element-5df4d608 elementor-widget elementor-widget-theme-post-excerpt\" data-id=\"5df4d608\" data-element_type=\"widget\" data-e-type=\"widget\" data-widget_type=\"theme-post-excerpt.default\">\n\t\t\t\t\t<p>1. Contexto hist\u00f3rico y geogr\u00e1fico: La amenaza filibustera y la defensa de la soberan\u00eda A mediados del siglo XIX, Centroam\u00e9rica se convirti\u00f3 en un punto de inmenso inter\u00e9s geopol\u00edtico debido...\t\t\t\t<\/div>\n\t\t\t\t<div class=\"elementor-element elementor-element-e6b005a elementor-widget elementor-widget-button\" data-id=\"e6b005a\" data-element_type=\"widget\" data-e-type=\"widget\" data-widget_type=\"button.default\">\n\t\t\t\t\t\t\t\t\t\t<a class=\"elementor-button elementor-button-link elementor-size-sm\" href=\"https:\/\/peopleofcostarica.com\/es\/historyofcr\/juan-santamaria-el-heroe-de-la-campana-nacional\/\">\n\t\t\t\t\t\t<span class=\"elementor-button-content-wrapper\">\n\t\t\t\t\t\t<span class=\"elementor-button-icon\">\n\t\t\t\t\t\t\t<\/span>\n\t\t\t\t\t\t\t\t\t<span class=\"elementor-button-text\">Read Article<\/span>\n\t\t\t\t\t<\/span>\n\t\t\t\t\t<\/a>\n\t\t\t\t\t\t\t\t<\/div>\n\t\t\t\t<\/div>\n\t\t\t\t\t<\/div>\n\t\t\t\t<\/div>\n\t\t\t\t<\/div>\n\t\t\t\t<div data-elementor-type=\"loop-item\" data-elementor-id=\"10026\" class=\"elementor elementor-10026 e-loop-item e-loop-item-12084 post-12084 historyofcr type-historyofcr status-publish has-post-thumbnail hentry\" data-elementor-post-type=\"elementor_library\" data-custom-edit-handle=\"1\">\n\t\t\t<div class=\"elementor-element elementor-element-73cdfb48 e-flex e-con-boxed e-con e-parent\" data-id=\"73cdfb48\" data-element_type=\"container\" data-e-type=\"container\" data-settings=\"{&quot;jet_parallax_layout_list&quot;:[],&quot;background_background&quot;:&quot;classic&quot;}\">\n\t\t\t\t\t<div class=\"e-con-inner\">\n\t\t\t\t<div class=\"elementor-element elementor-element-554a70e3 elementor-widget elementor-widget-theme-post-featured-image elementor-widget-image\" data-id=\"554a70e3\" data-element_type=\"widget\" data-e-type=\"widget\" data-widget_type=\"theme-post-featured-image.default\">\n\t\t\t\t\t\t\t\t\t\t\t\t\t\t\t<img decoding=\"async\" width=\"1280\" height=\"1026\" src=\"https:\/\/peopleofcostarica.com\/wp-content\/uploads\/2026\/04\/2ZEX7BVVQZCE3EAKZNJ6SGKKJU.avif\" class=\"attachment-full size-full wp-image-12086\" alt=\"\" srcset=\"https:\/\/peopleofcostarica.com\/wp-content\/uploads\/2026\/04\/2ZEX7BVVQZCE3EAKZNJ6SGKKJU.avif 1280w, https:\/\/peopleofcostarica.com\/wp-content\/uploads\/2026\/04\/2ZEX7BVVQZCE3EAKZNJ6SGKKJU-300x240.avif 300w, https:\/\/peopleofcostarica.com\/wp-content\/uploads\/2026\/04\/2ZEX7BVVQZCE3EAKZNJ6SGKKJU-1024x821.avif 1024w, https:\/\/peopleofcostarica.com\/wp-content\/uploads\/2026\/04\/2ZEX7BVVQZCE3EAKZNJ6SGKKJU-768x616.avif 768w\" sizes=\"(max-width: 1280px) 100vw, 1280px\" \/>\t\t\t\t\t\t\t\t\t\t\t\t\t\t\t<\/div>\n\t\t<div class=\"elementor-element elementor-element-71e635bc e-con-full e-flex e-con e-child\" data-id=\"71e635bc\" data-element_type=\"container\" data-e-type=\"container\" data-settings=\"{&quot;jet_parallax_layout_list&quot;:[]}\">\n\t\t\t\t<div class=\"elementor-element elementor-element-22c34d55 elementor-align-right elementor-widget elementor-widget-post-info\" data-id=\"22c34d55\" data-element_type=\"widget\" data-e-type=\"widget\" data-widget_type=\"post-info.default\">\n\t\t\t\t\t\t\t<ul class=\"elementor-inline-items elementor-icon-list-items elementor-post-info\">\n\t\t\t\t\t\t\t\t<li class=\"elementor-icon-list-item elementor-repeater-item-c9cd5e5 elementor-inline-item\" itemprop=\"about\">\n\t\t\t\t\t\t\t\t\t\t\t\t\t<span class=\"elementor-icon-list-text elementor-post-info__item elementor-post-info__item--type-terms\">\n\t\t\t\t\t\t\t\t\t\t<span class=\"elementor-post-info__terms-list\">\n\t\t\t\t<span class=\"elementor-post-info__terms-list-item\"><\/span>\t\t\t\t<\/span>\n\t\t\t\t\t<\/span>\n\t\t\t\t\t\t\t\t<\/li>\n\t\t\t\t<\/ul>\n\t\t\t\t\t\t<\/div>\n\t\t\t\t<div class=\"elementor-element elementor-element-37b3b5ff elementor-widget elementor-widget-theme-post-title elementor-page-title elementor-widget-heading\" data-id=\"37b3b5ff\" data-element_type=\"widget\" data-e-type=\"widget\" data-widget_type=\"theme-post-title.default\">\n\t\t\t\t\t<h3 class=\"elementor-heading-title elementor-size-default\">Don Pepe Figueres, la segunda rep\u00fablica libre de ej\u00e9rcito.<\/h3>\t\t\t\t<\/div>\n\t\t\t\t<div class=\"elementor-element elementor-element-5df4d608 elementor-widget elementor-widget-theme-post-excerpt\" data-id=\"5df4d608\" data-element_type=\"widget\" data-e-type=\"widget\" data-widget_type=\"theme-post-excerpt.default\">\n\t\t\t\t\t<p>Biograf\u00eda de Jos\u00e9 Figueres Ferrer (\u00abDon Pepe\u00bb) 1. Contexto hist\u00f3rico y geogr\u00e1fico: La Costa Rica de los a\u00f1os 40: Entre reformas y polarizaci\u00f3n A principios del siglo XX, y muy...\t\t\t\t<\/div>\n\t\t\t\t<div class=\"elementor-element elementor-element-e6b005a elementor-widget elementor-widget-button\" data-id=\"e6b005a\" data-element_type=\"widget\" data-e-type=\"widget\" data-widget_type=\"button.default\">\n\t\t\t\t\t\t\t\t\t\t<a class=\"elementor-button elementor-button-link elementor-size-sm\" href=\"https:\/\/peopleofcostarica.com\/es\/historyofcr\/don-pepe-figueres-la-segunda-republica-libre-de-ejercito\/\">\n\t\t\t\t\t\t<span class=\"elementor-button-content-wrapper\">\n\t\t\t\t\t\t<span class=\"elementor-button-icon\">\n\t\t\t\t\t\t\t<\/span>\n\t\t\t\t\t\t\t\t\t<span class=\"elementor-button-text\">Read Article<\/span>\n\t\t\t\t\t<\/span>\n\t\t\t\t\t<\/a>\n\t\t\t\t\t\t\t\t<\/div>\n\t\t\t\t<\/div>\n\t\t\t\t\t<\/div>\n\t\t\t\t<\/div>\n\t\t\t\t<\/div>\n\t\t\t\t<div data-elementor-type=\"loop-item\" data-elementor-id=\"10026\" class=\"elementor elementor-10026 e-loop-item e-loop-item-10741 post-10741 historyofcr type-historyofcr status-publish has-post-thumbnail hentry\" data-elementor-post-type=\"elementor_library\" data-custom-edit-handle=\"1\">\n\t\t\t<div class=\"elementor-element elementor-element-73cdfb48 e-flex e-con-boxed e-con e-parent\" data-id=\"73cdfb48\" data-element_type=\"container\" data-e-type=\"container\" data-settings=\"{&quot;jet_parallax_layout_list&quot;:[],&quot;background_background&quot;:&quot;classic&quot;}\">\n\t\t\t\t\t<div class=\"e-con-inner\">\n\t\t\t\t<div class=\"elementor-element elementor-element-554a70e3 elementor-widget elementor-widget-theme-post-featured-image elementor-widget-image\" data-id=\"554a70e3\" data-element_type=\"widget\" data-e-type=\"widget\" data-widget_type=\"theme-post-featured-image.default\">\n\t\t\t\t\t\t\t\t\t\t\t\t\t\t\t<img loading=\"lazy\" decoding=\"async\" width=\"562\" height=\"338\" src=\"https:\/\/peopleofcostarica.com\/wp-content\/uploads\/2026\/03\/Design-sans-titre.png\" class=\"attachment-full size-full wp-image-9176\" alt=\"\" srcset=\"https:\/\/peopleofcostarica.com\/wp-content\/uploads\/2026\/03\/Design-sans-titre.png 562w, https:\/\/peopleofcostarica.com\/wp-content\/uploads\/2026\/03\/Design-sans-titre-300x180.png 300w\" sizes=\"(max-width: 562px) 100vw, 562px\" \/>\t\t\t\t\t\t\t\t\t\t\t\t\t\t\t<\/div>\n\t\t<div class=\"elementor-element elementor-element-71e635bc e-con-full e-flex e-con e-child\" data-id=\"71e635bc\" data-element_type=\"container\" data-e-type=\"container\" data-settings=\"{&quot;jet_parallax_layout_list&quot;:[]}\">\n\t\t\t\t<div class=\"elementor-element elementor-element-22c34d55 elementor-align-right elementor-widget elementor-widget-post-info\" data-id=\"22c34d55\" data-element_type=\"widget\" data-e-type=\"widget\" data-widget_type=\"post-info.default\">\n\t\t\t\t\t\t\t<ul class=\"elementor-inline-items elementor-icon-list-items elementor-post-info\">\n\t\t\t\t\t\t\t\t<li class=\"elementor-icon-list-item elementor-repeater-item-c9cd5e5 elementor-inline-item\" itemprop=\"about\">\n\t\t\t\t\t\t\t\t\t\t\t\t\t<span class=\"elementor-icon-list-text elementor-post-info__item elementor-post-info__item--type-terms\">\n\t\t\t\t\t\t\t\t\t\t<span class=\"elementor-post-info__terms-list\">\n\t\t\t\t<span class=\"elementor-post-info__terms-list-item\"><\/span>\t\t\t\t<\/span>\n\t\t\t\t\t<\/span>\n\t\t\t\t\t\t\t\t<\/li>\n\t\t\t\t<\/ul>\n\t\t\t\t\t\t<\/div>\n\t\t\t\t<div class=\"elementor-element elementor-element-37b3b5ff elementor-widget elementor-widget-theme-post-title elementor-page-title elementor-widget-heading\" data-id=\"37b3b5ff\" data-element_type=\"widget\" data-e-type=\"widget\" data-widget_type=\"theme-post-title.default\">\n\t\t\t\t\t<h3 class=\"elementor-heading-title elementor-size-default\">Braulio Carrillo Colina: Arquitecto del Estado Costarricense<\/h3>\t\t\t\t<\/div>\n\t\t\t\t<div class=\"elementor-element elementor-element-5df4d608 elementor-widget elementor-widget-theme-post-excerpt\" data-id=\"5df4d608\" data-element_type=\"widget\" data-e-type=\"widget\" data-widget_type=\"theme-post-excerpt.default\">\n\t\t\t\t\t<p>1. El nacimiento de una naci\u00f3n: Costa Rica en la encrucijada centroamericana La historia de la Costa Rica moderna no puede comprenderse sin antes observar el convulso escenario que trajo...\t\t\t\t<\/div>\n\t\t\t\t<div class=\"elementor-element elementor-element-e6b005a elementor-widget elementor-widget-button\" data-id=\"e6b005a\" data-element_type=\"widget\" data-e-type=\"widget\" data-widget_type=\"button.default\">\n\t\t\t\t\t\t\t\t\t\t<a class=\"elementor-button elementor-button-link elementor-size-sm\" href=\"https:\/\/peopleofcostarica.com\/es\/historyofcr\/braulio-carrillo-colina-arquitecto-del-estado-costarricense\/\">\n\t\t\t\t\t\t<span class=\"elementor-button-content-wrapper\">\n\t\t\t\t\t\t<span class=\"elementor-button-icon\">\n\t\t\t\t\t\t\t<\/span>\n\t\t\t\t\t\t\t\t\t<span class=\"elementor-button-text\">Read Article<\/span>\n\t\t\t\t\t<\/span>\n\t\t\t\t\t<\/a>\n\t\t\t\t\t\t\t\t<\/div>\n\t\t\t\t<\/div>\n\t\t\t\t\t<\/div>\n\t\t\t\t<\/div>\n\t\t\t\t<\/div>\n\t\t\t\t<\/div>\n\t\t\t\t\t<span class=\"e-load-more-spinner\">\n\t\t\t\t<svg aria-hidden=\"true\" class=\"e-font-icon-svg e-fas-spinner\" viewBox=\"0 0 512 512\" xmlns=\"http:\/\/www.w3.org\/2000\/svg\"><path d=\"M304 48c0 26.51-21.49 48-48 48s-48-21.49-48-48 21.49-48 48-48 48 21.49 48 48zm-48 368c-26.51 0-48 21.49-48 48s21.49 48 48 48 48-21.49 48-48-21.49-48-48-48zm208-208c-26.51 0-48 21.49-48 48s21.49 48 48 48 48-21.49 48-48-21.49-48-48-48zM96 256c0-26.51-21.49-48-48-48S0 229.49 0 256s21.49 48 48 48 48-21.49 48-48zm12.922 99.078c-26.51 0-48 21.49-48 48s21.49 48 48 48 48-21.49 48-48c0-26.509-21.491-48-48-48zm294.156 0c-26.51 0-48 21.49-48 48s21.49 48 48 48 48-21.49 48-48c0-26.509-21.49-48-48-48zM108.922 60.922c-26.51 0-48 21.49-48 48s21.49 48 48 48 48-21.49 48-48-21.491-48-48-48z\"><\/path><\/svg>\t\t\t<\/span>\n\t\t\n\t\t\t\t\t\t<\/div>\n\t\t\t\t<\/div>\n\t\t\t\t<\/div>\n\t\t\t\t\t<\/div>\n\t\t\t\t<\/div>\n\t\t\t\t<\/div>\n\t\t","protected":false},"excerpt":{"rendered":"<p>Historias Los caminos del Pura Vida De antiguas civilizaciones hasta la moderna Rep\u00fablica sin ejercito. Descubre la fuerza, paz y herencia de Costa Rica a trav\u00e9s del tiempo. Explorar \u00bfSab\u00edas qu\u00e9? Costa Rica contiene cas\u00ed el 6% de la biodiversidad del mundo en solamente 0.03% de la superficie del planeta.<\/p>\n","protected":false},"author":17,"featured_media":0,"parent":0,"menu_order":0,"comment_status":"closed","ping_status":"closed","template":"","meta":{"footnotes":""},"class_list":["post-10721","page","type-page","status-publish","hentry"],"_links":{"self":[{"href":"https:\/\/peopleofcostarica.com\/es\/wp-json\/wp\/v2\/pages\/10721","targetHints":{"allow":["GET"]}}],"collection":[{"href":"https:\/\/peopleofcostarica.com\/es\/wp-json\/wp\/v2\/pages"}],"about":[{"href":"https:\/\/peopleofcostarica.com\/es\/wp-json\/wp\/v2\/types\/page"}],"author":[{"embeddable":true,"href":"https:\/\/peopleofcostarica.com\/es\/wp-json\/wp\/v2\/users\/17"}],"replies":[{"embeddable":true,"href":"https:\/\/peopleofcostarica.com\/es\/wp-json\/wp\/v2\/comments?post=10721"}],"version-history":[{"count":3,"href":"https:\/\/peopleofcostarica.com\/es\/wp-json\/wp\/v2\/pages\/10721\/revisions"}],"predecessor-version":[{"id":11064,"href":"https:\/\/peopleofcostarica.com\/es\/wp-json\/wp\/v2\/pages\/10721\/revisions\/11064"}],"wp:attachment":[{"href":"https:\/\/peopleofcostarica.com\/es\/wp-json\/wp\/v2\/media?parent=10721"}],"curies":[{"name":"wp","href":"https:\/\/api.w.org\/{rel}","templated":true}]}}