{"id":10710,"date":"2026-03-14T04:55:00","date_gmt":"2026-03-14T10:55:00","guid":{"rendered":"https:\/\/peopleofcostarica.com\/eventos\/"},"modified":"2026-03-18T22:12:15","modified_gmt":"2026-03-19T04:12:15","slug":"eventos","status":"publish","type":"page","link":"https:\/\/peopleofcostarica.com\/es\/eventos\/","title":{"rendered":"Eventos"},"content":{"rendered":"\t\t<div data-elementor-type=\"wp-page\" data-elementor-id=\"10710\" class=\"elementor elementor-10710 elementor-10277\" data-elementor-post-type=\"page\">\n\t\t\t\t<div class=\"elementor-element elementor-element-32a03f6 e-flex e-con-boxed e-con e-parent\" data-id=\"32a03f6\" data-element_type=\"container\" data-e-type=\"container\" data-settings=\"{&quot;background_background&quot;:&quot;classic&quot;,&quot;jet_parallax_layout_list&quot;:[]}\">\n\t\t\t\t\t<div class=\"e-con-inner\">\n\t\t\t\t<div class=\"elementor-element elementor-element-6a556083 elementor-widget elementor-widget-heading\" data-id=\"6a556083\" data-element_type=\"widget\" data-e-type=\"widget\" data-widget_type=\"heading.default\">\n\t\t\t\t\t<h1 class=\"elementor-heading-title elementor-size-default\">Vive la Cultura en Vivo\n<\/h1>\t\t\t\t<\/div>\n\t\t\t\t<div class=\"elementor-element elementor-element-5a746c25 elementor-widget__width-initial elementor-widget elementor-widget-text-editor\" data-id=\"5a746c25\" data-element_type=\"widget\" data-e-type=\"widget\" data-widget_type=\"text-editor.default\">\n\t\t\t\t\t\t\t\t\tDesde vibrantes festivales callejeros en San Jos\u00e9 hasta serenos retiros de yoga en Uvita, descubre el coraz\u00f3n de Costa Rica a trav\u00e9s de nuestro calendario de eventos cuidadosamente seleccionado.\t\t\t\t\t\t\t\t<\/div>\n\t\t\t\t\t<\/div>\n\t\t\t\t<\/div>\n\t\t<div class=\"elementor-element elementor-element-18b6612 e-flex e-con-boxed e-con e-parent\" data-id=\"18b6612\" data-element_type=\"container\" data-e-type=\"container\" data-settings=\"{&quot;jet_parallax_layout_list&quot;:[]}\">\n\t\t\t\t\t<div class=\"e-con-inner\">\n\t\t\t\t<div class=\"elementor-element elementor-element-188cadf elementor-grid-1 elementor-grid-tablet-1 elementor-grid-mobile-1 elementor-widget elementor-widget-loop-grid\" data-id=\"188cadf\" data-element_type=\"widget\" data-e-type=\"widget\" data-settings=\"{&quot;template_id&quot;:9999,&quot;columns&quot;:1,&quot;columns_tablet&quot;:1,&quot;_skin&quot;:&quot;post&quot;,&quot;columns_mobile&quot;:&quot;1&quot;,&quot;edit_handle_selector&quot;:&quot;[data-elementor-type=\\&quot;loop-item\\&quot;]&quot;,&quot;row_gap&quot;:{&quot;unit&quot;:&quot;px&quot;,&quot;size&quot;:&quot;&quot;,&quot;sizes&quot;:[]},&quot;row_gap_tablet_extra&quot;:{&quot;unit&quot;:&quot;px&quot;,&quot;size&quot;:&quot;&quot;,&quot;sizes&quot;:[]},&quot;row_gap_tablet&quot;:{&quot;unit&quot;:&quot;px&quot;,&quot;size&quot;:&quot;&quot;,&quot;sizes&quot;:[]},&quot;row_gap_mobile_extra&quot;:{&quot;unit&quot;:&quot;px&quot;,&quot;size&quot;:&quot;&quot;,&quot;sizes&quot;:[]},&quot;row_gap_mobile&quot;:{&quot;unit&quot;:&quot;px&quot;,&quot;size&quot;:&quot;&quot;,&quot;sizes&quot;:[]}}\" data-widget_type=\"loop-grid.post\">\n\t\t\t\t<div class=\"elementor-widget-container\">\n\t\t\t\t\t\t\t<div class=\"elementor-loop-container elementor-grid\" role=\"list\">\n\t\t<style id=\"loop-9999\">.elementor-9999 .elementor-element.elementor-element-314b2e44{--display:flex;--flex-direction:row;--container-widget-width:initial;--container-widget-height:100%;--container-widget-flex-grow:1;--container-widget-align-self:stretch;--flex-wrap-mobile:wrap;--gap:0px 0px;--row-gap:0px;--column-gap:0px;--border-radius:12px 12px 12px 12px;--margin-top:0px;--margin-bottom:0px;--margin-left:0px;--margin-right:0px;--padding-top:0px;--padding-bottom:0px;--padding-left:0px;--padding-right:0px;}.elementor-9999 .elementor-element.elementor-element-314b2e44:not(.elementor-motion-effects-element-type-background), .elementor-9999 .elementor-element.elementor-element-314b2e44 > .elementor-motion-effects-container > .elementor-motion-effects-layer{background-color:#1C2E22;}.elementor-9999 .elementor-element.elementor-element-754bbcaf{--display:flex;--min-height:420px;--flex-direction:row;--container-widget-width:initial;--container-widget-height:100%;--container-widget-flex-grow:1;--container-widget-align-self:stretch;--flex-wrap-mobile:wrap;--gap:0px 0px;--row-gap:0px;--column-gap:0px;--margin-top:0px;--margin-bottom:0px;--margin-left:0px;--margin-right:0px;--padding-top:0px;--padding-bottom:0px;--padding-left:0px;--padding-right:0px;}.elementor-widget-theme-post-featured-image .widget-image-caption{color:var( --e-global-color-text );font-family:var( --e-global-typography-text-font-family ), Sans-serif;font-size:var( --e-global-typography-text-font-size );font-weight:var( --e-global-typography-text-font-weight );line-height:var( --e-global-typography-text-line-height );}.elementor-9999 .elementor-element.elementor-element-6971d44c img{height:420px;object-fit:cover;object-position:center center;border-radius:12px 0px 0px 12px;}.elementor-9999 .elementor-element.elementor-element-6971d44c{margin:0px 0px calc(var(--kit-widget-spacing, 0px) + 0px) 0px;padding:0px 0px 0px 0px;}.elementor-9999 .elementor-element.elementor-element-2288501d{--display:flex;--justify-content:center;--gap:8px 8px;--row-gap:8px;--column-gap:8px;--padding-top:24px;--padding-bottom:24px;--padding-left:24px;--padding-right:24px;}.elementor-widget-icon-box.elementor-view-stacked .elementor-icon{background-color:var( --e-global-color-primary );}.elementor-widget-icon-box.elementor-view-framed .elementor-icon, .elementor-widget-icon-box.elementor-view-default .elementor-icon{fill:var( --e-global-color-primary );color:var( --e-global-color-primary );border-color:var( --e-global-color-primary );}.elementor-widget-icon-box .elementor-icon-box-title, .elementor-widget-icon-box .elementor-icon-box-title a{font-family:var( --e-global-typography-primary-font-family ), Sans-serif;font-size:var( --e-global-typography-primary-font-size );font-weight:var( --e-global-typography-primary-font-weight );line-height:var( --e-global-typography-primary-line-height );}.elementor-widget-icon-box .elementor-icon-box-title{color:var( --e-global-color-primary );}.elementor-widget-icon-box:has(:hover) .elementor-icon-box-title,\n\t\t\t\t\t .elementor-widget-icon-box:has(:focus) .elementor-icon-box-title{color:var( --e-global-color-primary );}.elementor-widget-icon-box .elementor-icon-box-description{font-family:var( --e-global-typography-text-font-family ), Sans-serif;font-size:var( --e-global-typography-text-font-size );font-weight:var( --e-global-typography-text-font-weight );line-height:var( --e-global-typography-text-line-height );color:var( --e-global-color-text );}.elementor-9999 .elementor-element.elementor-element-563bbf71 .elementor-icon-box-wrapper{align-items:center;text-align:start;gap:8px;}.elementor-9999 .elementor-element.elementor-element-563bbf71 .elementor-icon-box-title{margin-block-end:0px;color:var( --e-global-color-text );}.elementor-9999 .elementor-element.elementor-element-563bbf71.elementor-view-stacked .elementor-icon{background-color:var( --e-global-color-text );}.elementor-9999 .elementor-element.elementor-element-563bbf71.elementor-view-framed .elementor-icon, .elementor-9999 .elementor-element.elementor-element-563bbf71.elementor-view-default .elementor-icon{fill:var( --e-global-color-text );color:var( --e-global-color-text );border-color:var( --e-global-color-text );}.elementor-9999 .elementor-element.elementor-element-563bbf71 .elementor-icon{font-size:12px;}.elementor-9999 .elementor-element.elementor-element-563bbf71 .elementor-icon-box-title, .elementor-9999 .elementor-element.elementor-element-563bbf71 .elementor-icon-box-title a{font-family:\"Inter\", Sans-serif;font-size:0.75rem;font-weight:700;text-transform:uppercase;line-height:0.75rem;}.elementor-9999 .elementor-element.elementor-element-563bbf71{margin:0px 0px calc(var(--kit-widget-spacing, 0px) + 0px) 0px;padding:0px 8px 02px 8px;width:var( --container-widget-width, fit-content );max-width:fit-content;--container-widget-width:fit-content;--container-widget-flex-grow:0;background-color:var( --e-global-color-eb36be6 );border-radius:12px 12px 12px 12px;}.elementor-widget-theme-post-title .elementor-heading-title{font-family:var( --e-global-typography-primary-font-family ), Sans-serif;font-size:var( --e-global-typography-primary-font-size );font-weight:var( --e-global-typography-primary-font-weight );line-height:var( --e-global-typography-primary-line-height );color:var( --e-global-color-primary );}.elementor-9999 .elementor-element.elementor-element-20665860 .elementor-heading-title{font-family:var( --e-global-typography-cf40aa5-font-family ), Sans-serif;font-size:var( --e-global-typography-cf40aa5-font-size );font-weight:var( --e-global-typography-cf40aa5-font-weight );line-height:var( --e-global-typography-cf40aa5-line-height );letter-spacing:var( --e-global-typography-cf40aa5-letter-spacing );word-spacing:var( --e-global-typography-cf40aa5-word-spacing );color:var( --e-global-color-e95258d );}.elementor-9999 .elementor-element.elementor-element-821fb05{--display:flex;--flex-direction:row;--container-widget-width:calc( ( 1 - var( --container-widget-flex-grow ) ) * 100% );--container-widget-height:100%;--container-widget-flex-grow:1;--container-widget-align-self:stretch;--flex-wrap-mobile:wrap;--justify-content:flex-start;--align-items:center;--gap:0px 0px;--row-gap:0px;--column-gap:0px;--margin-top:0px;--margin-bottom:0px;--margin-left:0px;--margin-right:0px;--padding-top:0px;--padding-bottom:0px;--padding-left:0px;--padding-right:0px;}.elementor-widget-icon.elementor-view-stacked .elementor-icon{background-color:var( --e-global-color-primary );}.elementor-widget-icon.elementor-view-framed .elementor-icon, .elementor-widget-icon.elementor-view-default .elementor-icon{color:var( --e-global-color-primary );border-color:var( --e-global-color-primary );}.elementor-widget-icon.elementor-view-framed .elementor-icon, .elementor-widget-icon.elementor-view-default .elementor-icon svg{fill:var( --e-global-color-primary );}.elementor-9999 .elementor-element.elementor-element-79dd827 .elementor-icon-wrapper{text-align:start;}.elementor-9999 .elementor-element.elementor-element-79dd827.elementor-view-stacked .elementor-icon{background-color:var( --e-global-color-eb36be6 );}.elementor-9999 .elementor-element.elementor-element-79dd827.elementor-view-framed .elementor-icon, .elementor-9999 .elementor-element.elementor-element-79dd827.elementor-view-default .elementor-icon{color:var( --e-global-color-eb36be6 );border-color:var( --e-global-color-eb36be6 );}.elementor-9999 .elementor-element.elementor-element-79dd827.elementor-view-framed .elementor-icon, .elementor-9999 .elementor-element.elementor-element-79dd827.elementor-view-default .elementor-icon svg{fill:var( --e-global-color-eb36be6 );}.elementor-9999 .elementor-element.elementor-element-79dd827 .elementor-icon{font-size:24px;}.elementor-9999 .elementor-element.elementor-element-79dd827 .elementor-icon svg{height:24px;}.elementor-9999 .elementor-element.elementor-element-79dd827{margin:0px 16px calc(var(--kit-widget-spacing, 0px) + 0px) 0px;}.elementor-9999 .elementor-element.elementor-element-6f37ad7 .jet-listing-dynamic-field__content{color:var( --e-global-color-e95258d );text-align:left;}.elementor-9999 .elementor-element.elementor-element-6f37ad7 .jet-listing-dynamic-field .jet-listing-dynamic-field__inline-wrap{width:auto;}.elementor-9999 .elementor-element.elementor-element-6f37ad7 .jet-listing-dynamic-field .jet-listing-dynamic-field__content{width:auto;}.elementor-9999 .elementor-element.elementor-element-6f37ad7 .jet-listing-dynamic-field{justify-content:flex-start;}.elementor-9999 .elementor-element.elementor-element-b77dcc4 .jet-listing-dynamic-field__content{color:var( --e-global-color-e95258d );text-align:left;}.elementor-9999 .elementor-element.elementor-element-b77dcc4 .jet-listing-dynamic-field .jet-listing-dynamic-field__inline-wrap{width:auto;}.elementor-9999 .elementor-element.elementor-element-b77dcc4 .jet-listing-dynamic-field .jet-listing-dynamic-field__content{width:auto;}.elementor-9999 .elementor-element.elementor-element-b77dcc4 .jet-listing-dynamic-field{justify-content:flex-start;}.elementor-9999 .elementor-element.elementor-element-b77dcc4{margin:0px 0px calc(var(--kit-widget-spacing, 0px) + 0px) 0px;}.elementor-widget-theme-post-excerpt{font-family:var( --e-global-typography-text-font-family ), Sans-serif;font-size:var( --e-global-typography-text-font-size );font-weight:var( --e-global-typography-text-font-weight );line-height:var( --e-global-typography-text-line-height );color:var( --e-global-color-text );}.elementor-9999 .elementor-element.elementor-element-3e8d4ed5{font-family:var( --e-global-typography-text-font-family ), Sans-serif;font-size:var( --e-global-typography-text-font-size );font-weight:var( --e-global-typography-text-font-weight );line-height:var( --e-global-typography-text-line-height );color:var( --e-global-color-15d1e2f );}.elementor-widget-button .elementor-button{font-family:var( --e-global-typography-accent-font-family ), Sans-serif;font-size:var( --e-global-typography-accent-font-size );font-weight:var( --e-global-typography-accent-font-weight );line-height:var( --e-global-typography-accent-line-height );background-color:var( --e-global-color-accent );}.elementor-9999 .elementor-element.elementor-element-141635b5 .elementor-button{font-family:\"Inter\", Sans-serif;font-size:1.125rem;font-weight:700;fill:var( --e-global-color-text );color:var( --e-global-color-text );background-color:var( --e-global-color-eb36be6 );border-radius:8px 8px 8px 8px;padding:8px 16px 8px 16px;}.elementor-9999 .elementor-element.elementor-element-141635b5 .elementor-button:hover, .elementor-9999 .elementor-element.elementor-element-141635b5 .elementor-button:focus{color:var( --e-global-color-primary );background-color:var( --e-global-color-secondary );}.elementor-9999 .elementor-element.elementor-element-141635b5 .elementor-button:hover svg, .elementor-9999 .elementor-element.elementor-element-141635b5 .elementor-button:focus svg{fill:var( --e-global-color-primary );}.elementor-9999 .elementor-element.elementor-element-25ef0e8{--display:flex;}@media(max-width:1024px){.elementor-widget-theme-post-featured-image .widget-image-caption{font-size:var( --e-global-typography-text-font-size );line-height:var( --e-global-typography-text-line-height );}.elementor-widget-icon-box .elementor-icon-box-title, .elementor-widget-icon-box .elementor-icon-box-title a{font-size:var( --e-global-typography-primary-font-size );line-height:var( --e-global-typography-primary-line-height );}.elementor-widget-icon-box .elementor-icon-box-description{font-size:var( --e-global-typography-text-font-size );line-height:var( --e-global-typography-text-line-height );}.elementor-widget-theme-post-title .elementor-heading-title{font-size:var( --e-global-typography-primary-font-size );line-height:var( --e-global-typography-primary-line-height );}.elementor-9999 .elementor-element.elementor-element-20665860 .elementor-heading-title{font-size:var( --e-global-typography-cf40aa5-font-size );line-height:var( --e-global-typography-cf40aa5-line-height );letter-spacing:var( --e-global-typography-cf40aa5-letter-spacing );word-spacing:var( --e-global-typography-cf40aa5-word-spacing );}.elementor-widget-theme-post-excerpt{font-size:var( --e-global-typography-text-font-size );line-height:var( --e-global-typography-text-line-height );}.elementor-9999 .elementor-element.elementor-element-3e8d4ed5{font-size:var( --e-global-typography-text-font-size );line-height:var( --e-global-typography-text-line-height );}.elementor-widget-button .elementor-button{font-size:var( --e-global-typography-accent-font-size );line-height:var( --e-global-typography-accent-line-height );}}@media(max-width:767px){.elementor-widget-theme-post-featured-image .widget-image-caption{font-size:var( --e-global-typography-text-font-size );line-height:var( --e-global-typography-text-line-height );}.elementor-widget-icon-box .elementor-icon-box-title, .elementor-widget-icon-box .elementor-icon-box-title a{font-size:var( --e-global-typography-primary-font-size );line-height:var( --e-global-typography-primary-line-height );}.elementor-widget-icon-box .elementor-icon-box-description{font-size:var( --e-global-typography-text-font-size );line-height:var( --e-global-typography-text-line-height );}.elementor-widget-theme-post-title .elementor-heading-title{font-size:var( --e-global-typography-primary-font-size );line-height:var( --e-global-typography-primary-line-height );}.elementor-9999 .elementor-element.elementor-element-20665860 .elementor-heading-title{font-size:var( --e-global-typography-cf40aa5-font-size );line-height:var( --e-global-typography-cf40aa5-line-height );letter-spacing:var( --e-global-typography-cf40aa5-letter-spacing );word-spacing:var( --e-global-typography-cf40aa5-word-spacing );}.elementor-widget-theme-post-excerpt{font-size:var( --e-global-typography-text-font-size );line-height:var( --e-global-typography-text-line-height );}.elementor-9999 .elementor-element.elementor-element-3e8d4ed5{font-size:var( --e-global-typography-text-font-size );line-height:var( --e-global-typography-text-line-height );}.elementor-widget-button .elementor-button{font-size:var( --e-global-typography-accent-font-size );line-height:var( --e-global-typography-accent-line-height );}}\/* Start custom CSS for jet-listing-dynamic-field, class: .elementor-element-b77dcc4 *\/.elementor-9999 .elementor-element.elementor-element-b77dcc4{\n    display: flex;\n}\n.elementor-9999 .elementor-element.elementor-element-b77dcc4:before {\n    content: \"to\";\n    color:#fff;\n    margin-left: 16px;\n    margin-right: 8px;\n}\/* End custom CSS *\/<\/style>\t\t<div data-elementor-type=\"loop-item\" data-elementor-id=\"9999\" class=\"elementor elementor-9999 e-loop-item e-loop-item-12368 post-12368 agenda type-agenda status-publish has-post-thumbnail hentry\" data-elementor-post-type=\"elementor_library\" data-custom-edit-handle=\"1\">\n\t\t\t<div class=\"elementor-element elementor-element-314b2e44 e-con-full e-flex e-con e-parent\" data-id=\"314b2e44\" data-element_type=\"container\" data-e-type=\"container\" data-settings=\"{&quot;jet_parallax_layout_list&quot;:[],&quot;background_background&quot;:&quot;classic&quot;}\">\n\t\t<div class=\"elementor-element elementor-element-754bbcaf e-con-full e-flex e-con e-child\" data-id=\"754bbcaf\" data-element_type=\"container\" data-e-type=\"container\" data-settings=\"{&quot;jet_parallax_layout_list&quot;:[]}\">\n\t\t\t\t<div class=\"elementor-element elementor-element-6971d44c elementor-widget elementor-widget-theme-post-featured-image elementor-widget-image\" data-id=\"6971d44c\" data-element_type=\"widget\" data-e-type=\"widget\" data-widget_type=\"theme-post-featured-image.default\">\n\t\t\t\t\t\t\t\t\t\t\t\t\t\t\t<img fetchpriority=\"high\" decoding=\"async\" width=\"1414\" height=\"2000\" src=\"https:\/\/peopleofcostarica.com\/wp-content\/uploads\/2026\/04\/669577289_1783627059703909_2665052581587782353_n.jpg\" class=\"attachment-full size-full wp-image-12369\" alt=\"\" srcset=\"https:\/\/peopleofcostarica.com\/wp-content\/uploads\/2026\/04\/669577289_1783627059703909_2665052581587782353_n.jpg 1414w, https:\/\/peopleofcostarica.com\/wp-content\/uploads\/2026\/04\/669577289_1783627059703909_2665052581587782353_n-212x300.jpg 212w, https:\/\/peopleofcostarica.com\/wp-content\/uploads\/2026\/04\/669577289_1783627059703909_2665052581587782353_n-724x1024.jpg 724w, https:\/\/peopleofcostarica.com\/wp-content\/uploads\/2026\/04\/669577289_1783627059703909_2665052581587782353_n-768x1086.jpg 768w, https:\/\/peopleofcostarica.com\/wp-content\/uploads\/2026\/04\/669577289_1783627059703909_2665052581587782353_n-1086x1536.jpg 1086w, https:\/\/peopleofcostarica.com\/wp-content\/uploads\/2026\/04\/669577289_1783627059703909_2665052581587782353_n-1320x1867.jpg 1320w\" sizes=\"(max-width: 1414px) 100vw, 1414px\" \/>\t\t\t\t\t\t\t\t\t\t\t\t\t\t\t<\/div>\n\t\t\t\t<\/div>\n\t\t<div class=\"elementor-element elementor-element-2288501d e-flex e-con-boxed e-con e-child\" data-id=\"2288501d\" data-element_type=\"container\" data-e-type=\"container\" data-settings=\"{&quot;jet_parallax_layout_list&quot;:[]}\">\n\t\t\t\t\t<div class=\"e-con-inner\">\n\t\t\t\t<div class=\"elementor-element elementor-element-563bbf71 elementor-position-inline-start elementor-widget__width-initial elementor-mobile-position-inline-start elementor-view-default elementor-widget elementor-widget-icon-box\" data-id=\"563bbf71\" data-element_type=\"widget\" data-e-type=\"widget\" data-widget_type=\"icon-box.default\">\n\t\t\t\t\t\t\t<div class=\"elementor-icon-box-wrapper\">\n\n\t\t\t\t\t\t<div class=\"elementor-icon-box-icon\">\n\t\t\t\t<span  class=\"elementor-icon\">\n\t\t\t\t<svg aria-hidden=\"true\" class=\"e-font-icon-svg e-fas-star\" viewBox=\"0 0 576 512\" xmlns=\"http:\/\/www.w3.org\/2000\/svg\"><path d=\"M259.3 17.8L194 150.2 47.9 171.5c-26.2 3.8-36.7 36.1-17.7 54.6l105.7 103-25 145.5c-4.5 26.3 23.2 46 46.4 33.7L288 439.6l130.7 68.7c23.2 12.2 50.9-7.4 46.4-33.7l-25-145.5 105.7-103c19-18.5 8.5-50.8-17.7-54.6L382 150.2 316.7 17.8c-11.7-23.6-45.6-23.9-57.4 0z\"><\/path><\/svg>\t\t\t\t<\/span>\n\t\t\t<\/div>\n\t\t\t\n\t\t\t\t\t\t<div class=\"elementor-icon-box-content\">\n\n\t\t\t\t\t\t\t\t\t<span class=\"elementor-icon-box-title\">\n\t\t\t\t\t\t<span  >\n\t\t\t\t\t\t\tNext event\t\t\t\t\t\t<\/span>\n\t\t\t\t\t<\/span>\n\t\t\t\t\n\t\t\t\t\n\t\t\t<\/div>\n\t\t\t\n\t\t<\/div>\n\t\t\t\t\t\t<\/div>\n\t\t\t\t<div class=\"elementor-element elementor-element-20665860 elementor-widget elementor-widget-theme-post-title elementor-page-title elementor-widget-heading\" data-id=\"20665860\" data-element_type=\"widget\" data-e-type=\"widget\" data-widget_type=\"theme-post-title.default\">\n\t\t\t\t\t<h2 class=\"elementor-heading-title elementor-size-default\">Festival \u201cArte en el Parque\u201d en Aserr\u00ed (2026)<\/h2>\t\t\t\t<\/div>\n\t\t<div class=\"elementor-element elementor-element-821fb05 e-con-full e-flex e-con e-child\" data-id=\"821fb05\" data-element_type=\"container\" data-e-type=\"container\" data-settings=\"{&quot;jet_parallax_layout_list&quot;:[]}\">\n\t\t\t\t<div class=\"elementor-element elementor-element-79dd827 elementor-view-default elementor-widget elementor-widget-icon\" data-id=\"79dd827\" data-element_type=\"widget\" data-e-type=\"widget\" data-widget_type=\"icon.default\">\n\t\t\t\t\t\t\t<div class=\"elementor-icon-wrapper\">\n\t\t\t<div class=\"elementor-icon\">\n\t\t\t<svg aria-hidden=\"true\" class=\"e-font-icon-svg e-far-calendar-alt\" viewBox=\"0 0 448 512\" xmlns=\"http:\/\/www.w3.org\/2000\/svg\"><path d=\"M148 288h-40c-6.6 0-12-5.4-12-12v-40c0-6.6 5.4-12 12-12h40c6.6 0 12 5.4 12 12v40c0 6.6-5.4 12-12 12zm108-12v-40c0-6.6-5.4-12-12-12h-40c-6.6 0-12 5.4-12 12v40c0 6.6 5.4 12 12 12h40c6.6 0 12-5.4 12-12zm96 0v-40c0-6.6-5.4-12-12-12h-40c-6.6 0-12 5.4-12 12v40c0 6.6 5.4 12 12 12h40c6.6 0 12-5.4 12-12zm-96 96v-40c0-6.6-5.4-12-12-12h-40c-6.6 0-12 5.4-12 12v40c0 6.6 5.4 12 12 12h40c6.6 0 12-5.4 12-12zm-96 0v-40c0-6.6-5.4-12-12-12h-40c-6.6 0-12 5.4-12 12v40c0 6.6 5.4 12 12 12h40c6.6 0 12-5.4 12-12zm192 0v-40c0-6.6-5.4-12-12-12h-40c-6.6 0-12 5.4-12 12v40c0 6.6 5.4 12 12 12h40c6.6 0 12-5.4 12-12zm96-260v352c0 26.5-21.5 48-48 48H48c-26.5 0-48-21.5-48-48V112c0-26.5 21.5-48 48-48h48V12c0-6.6 5.4-12 12-12h40c6.6 0 12 5.4 12 12v52h128V12c0-6.6 5.4-12 12-12h40c6.6 0 12 5.4 12 12v52h48c26.5 0 48 21.5 48 48zm-48 346V160H48v298c0 3.3 2.7 6 6 6h340c3.3 0 6-2.7 6-6z\"><\/path><\/svg>\t\t\t<\/div>\n\t\t<\/div>\n\t\t\t\t\t\t<\/div>\n\t\t\t\t<div class=\"elementor-element elementor-element-6f37ad7 elementor-widget elementor-widget-jet-listing-dynamic-field\" data-id=\"6f37ad7\" data-element_type=\"widget\" data-e-type=\"widget\" data-widget_type=\"jet-listing-dynamic-field.default\">\n\t\t\t\t\t<div class=\"jet-listing jet-listing-dynamic-field display-inline\"><div class=\"jet-listing-dynamic-field__inline-wrap\"><div class=\"jet-listing-dynamic-field__content\" >abril 18, 2026<\/div><\/div><\/div>\t\t\t\t<\/div>\n\t\t\t\t<div class=\"elementor-element elementor-element-b77dcc4 elementor-widget elementor-widget-jet-listing-dynamic-field\" data-id=\"b77dcc4\" data-element_type=\"widget\" data-e-type=\"widget\" data-widget_type=\"jet-listing-dynamic-field.default\">\n\t\t\t\t\t<div class=\"jet-listing jet-listing-dynamic-field display-inline\"><div class=\"jet-listing-dynamic-field__inline-wrap\"><div class=\"jet-listing-dynamic-field__content\" >abril 19, 2026<\/div><\/div><\/div>\t\t\t\t<\/div>\n\t\t\t\t<\/div>\n\t\t\t\t<div class=\"elementor-element elementor-element-3e8d4ed5 elementor-widget elementor-widget-theme-post-excerpt\" data-id=\"3e8d4ed5\" data-element_type=\"widget\" data-e-type=\"widget\" data-widget_type=\"theme-post-excerpt.default\">\n\t\t\t\t\t<p>El festival \u201cArte en el Parque\u201d es una iniciativa impulsada por&nbsp;La Potente Radio TV&nbsp;para promover el talento local y ofrecer un espacio de convivencia comunitaria. Durante dos d\u00edas, el parque central de Aserr\u00ed se transforma...\t\t\t\t<\/div>\n\t\t\t\t<div class=\"elementor-element elementor-element-141635b5 elementor-widget elementor-widget-button\" data-id=\"141635b5\" data-element_type=\"widget\" data-e-type=\"widget\" data-widget_type=\"button.default\">\n\t\t\t\t\t\t\t\t\t\t<a class=\"elementor-button elementor-button-link elementor-size-sm\" href=\"https:\/\/peopleofcostarica.com\/es\/agenda\/festival-arte-en-el-parque-en-aserri-2026\/\">\n\t\t\t\t\t\t<span class=\"elementor-button-content-wrapper\">\n\t\t\t\t\t\t\t\t\t<span class=\"elementor-button-text\">View Details<\/span>\n\t\t\t\t\t<\/span>\n\t\t\t\t\t<\/a>\n\t\t\t\t\t\t\t\t<\/div>\n\t\t\t\t\t<\/div>\n\t\t\t\t<\/div>\n\t\t\t\t<\/div>\n\t\t<div class=\"elementor-element elementor-element-25ef0e8 e-flex e-con-boxed e-con e-parent\" data-id=\"25ef0e8\" data-element_type=\"container\" data-e-type=\"container\" data-settings=\"{&quot;jet_parallax_layout_list&quot;:[]}\">\n\t\t\t\t\t<div class=\"e-con-inner\">\n\t\t\t\t\t<\/div>\n\t\t\t\t<\/div>\n\t\t\t\t<\/div>\n\t\t\t\t<\/div>\n\t\t\n\t\t\t\t\t\t<\/div>\n\t\t\t\t<\/div>\n\t\t\t\t\t<\/div>\n\t\t\t\t<\/div>\n\t\t<div class=\"elementor-element elementor-element-a389524 e-flex e-con-boxed e-con e-parent\" data-id=\"a389524\" data-element_type=\"container\" data-e-type=\"container\" data-settings=\"{&quot;jet_parallax_layout_list&quot;:[]}\">\n\t\t\t\t\t<div class=\"e-con-inner\">\n\t\t\t\t<div class=\"elementor-element elementor-element-d0425fd elementor-widget elementor-widget-heading\" data-id=\"d0425fd\" data-element_type=\"widget\" data-e-type=\"widget\" data-widget_type=\"heading.default\">\n\t\t\t\t\t<h2 class=\"elementor-heading-title elementor-size-default\">Pr\u00f3ximos Eventos<\/h2>\t\t\t\t<\/div>\n\t\t\t\t<div class=\"elementor-element elementor-element-7ba7e82 elementor-grid-tablet_extra-2 elementor-grid-3 elementor-grid-tablet-2 elementor-grid-mobile-1 elementor-widget elementor-widget-loop-grid\" data-id=\"7ba7e82\" data-element_type=\"widget\" data-e-type=\"widget\" data-settings=\"{&quot;template_id&quot;:9972,&quot;columns_tablet_extra&quot;:2,&quot;pagination_type&quot;:&quot;load_more_on_click&quot;,&quot;row_gap&quot;:{&quot;unit&quot;:&quot;px&quot;,&quot;size&quot;:24,&quot;sizes&quot;:[]},&quot;_skin&quot;:&quot;post&quot;,&quot;columns&quot;:&quot;3&quot;,&quot;columns_tablet&quot;:&quot;2&quot;,&quot;columns_mobile&quot;:&quot;1&quot;,&quot;edit_handle_selector&quot;:&quot;[data-elementor-type=\\&quot;loop-item\\&quot;]&quot;,&quot;load_more_spinner&quot;:{&quot;value&quot;:&quot;fas fa-spinner&quot;,&quot;library&quot;:&quot;fa-solid&quot;},&quot;row_gap_tablet_extra&quot;:{&quot;unit&quot;:&quot;px&quot;,&quot;size&quot;:&quot;&quot;,&quot;sizes&quot;:[]},&quot;row_gap_tablet&quot;:{&quot;unit&quot;:&quot;px&quot;,&quot;size&quot;:&quot;&quot;,&quot;sizes&quot;:[]},&quot;row_gap_mobile_extra&quot;:{&quot;unit&quot;:&quot;px&quot;,&quot;size&quot;:&quot;&quot;,&quot;sizes&quot;:[]},&quot;row_gap_mobile&quot;:{&quot;unit&quot;:&quot;px&quot;,&quot;size&quot;:&quot;&quot;,&quot;sizes&quot;:[]}}\" data-widget_type=\"loop-grid.post\">\n\t\t\t\t<div class=\"elementor-widget-container\">\n\t\t\t\t\t\t\t<div class=\"elementor-loop-container elementor-grid\" role=\"list\">\n\t\t<style id=\"loop-9972\">.elementor-9972 .elementor-element.elementor-element-7ab415f{--display:flex;--flex-direction:column;--container-widget-width:100%;--container-widget-height:initial;--container-widget-flex-grow:0;--container-widget-align-self:initial;--flex-wrap-mobile:wrap;--justify-content:flex-start;--gap:0px 0px;--row-gap:0px;--column-gap:0px;--border-radius:12px 12px 12px 12px;--margin-top:0px;--margin-bottom:0px;--margin-left:0px;--margin-right:0px;--padding-top:0px;--padding-bottom:0px;--padding-left:0px;--padding-right:0px;}.elementor-9972 .elementor-element.elementor-element-7ab415f:not(.elementor-motion-effects-element-type-background), .elementor-9972 .elementor-element.elementor-element-7ab415f > .elementor-motion-effects-container > .elementor-motion-effects-layer{background-color:#1C2E22;}.elementor-9972 .elementor-element.elementor-element-7ab415f.e-con{--flex-grow:1;--flex-shrink:0;}.elementor-9972 .elementor-element.elementor-element-9cef5f0{--display:flex;--flex-direction:column;--container-widget-width:100%;--container-widget-height:initial;--container-widget-flex-grow:0;--container-widget-align-self:initial;--flex-wrap-mobile:wrap;--gap:0px 0px;--row-gap:0px;--column-gap:0px;--border-radius:12px 12px 12px 12px;--margin-top:0px;--margin-bottom:0px;--margin-left:0px;--margin-right:0px;--padding-top:0px;--padding-bottom:0px;--padding-left:0px;--padding-right:0px;}.elementor-9972 .elementor-element.elementor-element-9cef5f0:not(.elementor-motion-effects-element-type-background), .elementor-9972 .elementor-element.elementor-element-9cef5f0 > .elementor-motion-effects-container > .elementor-motion-effects-layer{background-color:#1C2E22;}.elementor-9972 .elementor-element.elementor-element-9cef5f0.e-con{--align-self:flex-start;--flex-grow:1;--flex-shrink:0;}.elementor-widget-theme-post-featured-image .widget-image-caption{color:var( --e-global-color-text );font-family:var( --e-global-typography-text-font-family ), Sans-serif;font-size:var( --e-global-typography-text-font-size );font-weight:var( --e-global-typography-text-font-weight );line-height:var( --e-global-typography-text-line-height );}.elementor-9972 .elementor-element.elementor-element-46f2e680 img{width:100%;height:200px;object-fit:cover;object-position:center center;border-radius:12px 12px 0px 0px;}.elementor-9972 .elementor-element.elementor-element-44fcc448 .jet-listing-dynamic-field__content{color:var( --e-global-color-eb36be6 );font-family:var( --e-global-typography-accent-font-family ), Sans-serif;font-size:var( --e-global-typography-accent-font-size );font-weight:var( --e-global-typography-accent-font-weight );line-height:var( --e-global-typography-accent-line-height );text-align:center;}.elementor-9972 .elementor-element.elementor-element-44fcc448 .jet-listing-dynamic-field .jet-listing-dynamic-field__inline-wrap{width:auto;}.elementor-9972 .elementor-element.elementor-element-44fcc448 .jet-listing-dynamic-field .jet-listing-dynamic-field__content{width:auto;}.elementor-9972 .elementor-element.elementor-element-44fcc448 .jet-listing-dynamic-field{justify-content:flex-start;}.elementor-9972 .elementor-element.elementor-element-44fcc448 .jet-listing-dynamic-field.display-multiline, .elementor-9972 .elementor-element.elementor-element-44fcc448 .jet-listing-dynamic-field.display-inline .jet-listing-dynamic-field__inline-wrap{background-color:var( --e-global-color-0ea2cb2 );}.elementor-9972 .elementor-element.elementor-element-44fcc448 .jet-listing-dynamic-field.display-multiline{padding:8px 8px 8px 8px;border-radius:4px 4px 4px 4px;}.elementor-9972 .elementor-element.elementor-element-44fcc448 .jet-listing-dynamic-field.display-inline .jet-listing-dynamic-field__inline-wrap{padding:8px 8px 8px 8px;border-radius:4px 4px 4px 4px;}body:not(.rtl) .elementor-9972 .elementor-element.elementor-element-44fcc448{left:16px;}body.rtl .elementor-9972 .elementor-element.elementor-element-44fcc448{right:16px;}.elementor-9972 .elementor-element.elementor-element-44fcc448{top:16px;}.elementor-9972 .elementor-element.elementor-element-3b0e4e80{--display:flex;--flex-direction:column;--container-widget-width:100%;--container-widget-height:initial;--container-widget-flex-grow:0;--container-widget-align-self:initial;--flex-wrap-mobile:wrap;--justify-content:flex-start;--gap:16px 16px;--row-gap:16px;--column-gap:16px;--margin-top:0px;--margin-bottom:0px;--margin-left:0px;--margin-right:0px;--padding-top:16px;--padding-bottom:16px;--padding-left:16px;--padding-right:16px;}.elementor-widget-theme-post-title .elementor-heading-title{font-family:var( --e-global-typography-primary-font-family ), Sans-serif;font-size:var( --e-global-typography-primary-font-size );font-weight:var( --e-global-typography-primary-font-weight );line-height:var( --e-global-typography-primary-line-height );color:var( --e-global-color-primary );}.elementor-9972 .elementor-element.elementor-element-4f4b8f75 .elementor-heading-title{font-size:18px;line-height:1.2em;color:var( --e-global-color-secondary );}.elementor-widget-post-info .elementor-icon-list-item:not(:last-child):after{border-color:var( --e-global-color-text );}.elementor-widget-post-info .elementor-icon-list-icon i{color:var( --e-global-color-primary );}.elementor-widget-post-info .elementor-icon-list-icon svg{fill:var( --e-global-color-primary );}.elementor-widget-post-info .elementor-icon-list-text, .elementor-widget-post-info .elementor-icon-list-text a{color:var( --e-global-color-secondary );}.elementor-widget-post-info .elementor-icon-list-item{font-family:var( --e-global-typography-text-font-family ), Sans-serif;font-size:var( --e-global-typography-text-font-size );font-weight:var( --e-global-typography-text-font-weight );line-height:var( --e-global-typography-text-line-height );}.elementor-9972 .elementor-element.elementor-element-33f4bdd3 .elementor-icon-list-icon i{color:var( --e-global-color-eb36be6 );font-size:14px;}.elementor-9972 .elementor-element.elementor-element-33f4bdd3 .elementor-icon-list-icon svg{fill:var( --e-global-color-eb36be6 );--e-icon-list-icon-size:14px;}.elementor-9972 .elementor-element.elementor-element-33f4bdd3 .elementor-icon-list-icon{width:14px;}.elementor-9972 .elementor-element.elementor-element-33f4bdd3 .elementor-icon-list-text, .elementor-9972 .elementor-element.elementor-element-33f4bdd3 .elementor-icon-list-text a{color:var( --e-global-color-a0d2206 );}.elementor-9972 .elementor-element.elementor-element-33f4bdd3 .elementor-icon-list-item{font-family:\"Inter\", Sans-serif;font-size:14px;font-weight:400;line-height:1.75rem;}.elementor-widget-theme-post-excerpt{font-family:var( --e-global-typography-text-font-family ), Sans-serif;font-size:var( --e-global-typography-text-font-size );font-weight:var( --e-global-typography-text-font-weight );line-height:var( --e-global-typography-text-line-height );color:var( --e-global-color-text );}.elementor-9972 .elementor-element.elementor-element-2e5cf27e{font-family:\"Inter\", Sans-serif;font-size:18px;font-weight:400;line-height:1.2rem;color:var( --e-global-color-15d1e2f );}.elementor-9972 .elementor-element.elementor-element-79cd00a9{--display:flex;--flex-direction:row;--container-widget-width:calc( ( 1 - var( --container-widget-flex-grow ) ) * 100% );--container-widget-height:100%;--container-widget-flex-grow:1;--container-widget-align-self:stretch;--flex-wrap-mobile:wrap;--justify-content:space-between;--align-items:center;--gap:8px 8px;--row-gap:8px;--column-gap:8px;--margin-top:0px;--margin-bottom:0px;--margin-left:0px;--margin-right:0px;--padding-top:0px;--padding-bottom:16px;--padding-left:16px;--padding-right:16px;}.elementor-9972 .elementor-element.elementor-element-79cd00a9.e-con{--align-self:flex-end;}.elementor-widget-text-editor{font-family:var( --e-global-typography-text-font-family ), Sans-serif;font-size:var( --e-global-typography-text-font-size );font-weight:var( --e-global-typography-text-font-weight );line-height:var( --e-global-typography-text-line-height );color:var( --e-global-color-text );}.elementor-widget-text-editor.elementor-drop-cap-view-stacked .elementor-drop-cap{background-color:var( --e-global-color-primary );}.elementor-widget-text-editor.elementor-drop-cap-view-framed .elementor-drop-cap, .elementor-widget-text-editor.elementor-drop-cap-view-default .elementor-drop-cap{color:var( --e-global-color-primary );border-color:var( --e-global-color-primary );}.elementor-9972 .elementor-element.elementor-element-2d3e4686{font-family:\"Inter\", Sans-serif;font-size:1.125rem;font-weight:600;line-height:1.75rem;color:var( --e-global-color-eb36be6 );}.elementor-9972 .elementor-element.elementor-element-2d3e4686.elementor-element{--order:0;}.elementor-9972 .elementor-element.elementor-element-678042d5{font-family:\"Inter\", Sans-serif;font-size:1.125rem;font-weight:600;line-height:1.75rem;color:var( --e-global-color-secondary );}.elementor-9972 .elementor-element.elementor-element-678042d5.elementor-element{--order:1;}.elementor-widget-button .elementor-button{font-family:var( --e-global-typography-accent-font-family ), Sans-serif;font-size:var( --e-global-typography-accent-font-size );font-weight:var( --e-global-typography-accent-font-weight );line-height:var( --e-global-typography-accent-line-height );background-color:var( --e-global-color-accent );}.elementor-9972 .elementor-element.elementor-element-22bde108 .elementor-button{font-family:\"Inter\", Sans-serif;font-size:1.125rem;font-weight:700;fill:var( --e-global-color-primary );color:var( --e-global-color-primary );background-color:var( --e-global-color-eb36be6 );border-style:none;padding:4px 8px 4px 8px;}.elementor-9972 .elementor-element.elementor-element-22bde108 .elementor-button:hover, .elementor-9972 .elementor-element.elementor-element-22bde108 .elementor-button:focus{color:var( --e-global-color-primary );background-color:#13C34E;}.elementor-9972 .elementor-element.elementor-element-22bde108 .elementor-button:hover svg, .elementor-9972 .elementor-element.elementor-element-22bde108 .elementor-button:focus svg{fill:var( --e-global-color-primary );}.elementor-9972 .elementor-element.elementor-element-22bde108.elementor-element{--order:99999 \/* order end hack *\/;}@media(max-width:1024px){.elementor-widget-theme-post-featured-image .widget-image-caption{font-size:var( --e-global-typography-text-font-size );line-height:var( --e-global-typography-text-line-height );}.elementor-9972 .elementor-element.elementor-element-44fcc448 .jet-listing-dynamic-field__content{font-size:var( --e-global-typography-accent-font-size );line-height:var( --e-global-typography-accent-line-height );}.elementor-widget-theme-post-title .elementor-heading-title{font-size:var( --e-global-typography-primary-font-size );line-height:var( --e-global-typography-primary-line-height );}.elementor-widget-post-info .elementor-icon-list-item{font-size:var( --e-global-typography-text-font-size );line-height:var( --e-global-typography-text-line-height );}.elementor-widget-theme-post-excerpt{font-size:var( --e-global-typography-text-font-size );line-height:var( --e-global-typography-text-line-height );}.elementor-widget-text-editor{font-size:var( --e-global-typography-text-font-size );line-height:var( --e-global-typography-text-line-height );}.elementor-widget-button .elementor-button{font-size:var( --e-global-typography-accent-font-size );line-height:var( --e-global-typography-accent-line-height );}}@media(max-width:767px){.elementor-widget-theme-post-featured-image .widget-image-caption{font-size:var( --e-global-typography-text-font-size );line-height:var( --e-global-typography-text-line-height );}.elementor-9972 .elementor-element.elementor-element-44fcc448 .jet-listing-dynamic-field__content{font-size:var( --e-global-typography-accent-font-size );line-height:var( --e-global-typography-accent-line-height );}.elementor-widget-theme-post-title .elementor-heading-title{font-size:var( --e-global-typography-primary-font-size );line-height:var( --e-global-typography-primary-line-height );}.elementor-widget-post-info .elementor-icon-list-item{font-size:var( --e-global-typography-text-font-size );line-height:var( --e-global-typography-text-line-height );}.elementor-widget-theme-post-excerpt{font-size:var( --e-global-typography-text-font-size );line-height:var( --e-global-typography-text-line-height );}.elementor-widget-text-editor{font-size:var( --e-global-typography-text-font-size );line-height:var( --e-global-typography-text-line-height );}.elementor-widget-button .elementor-button{font-size:var( --e-global-typography-accent-font-size );line-height:var( --e-global-typography-accent-line-height );}}\/* Start custom CSS for theme-post-title, class: .elementor-element-4f4b8f75 *\/.elementor-9972 .elementor-element.elementor-element-4f4b8f75{\n    height: 80px;\n}\/* End custom CSS *\/\n\/* Start custom CSS for container, class: .elementor-element-9cef5f0 *\/.elementor-9972 .elementor-element.elementor-element-9cef5f0:hover .e-con-inner .e-child .agenda-title .elementor-heading-title{\n    color: rgb(17, 212, 82);\n    font-size: 22px;\n}\/* End custom CSS *\/<\/style>\t\t<div data-elementor-type=\"loop-item\" data-elementor-id=\"9972\" class=\"elementor elementor-9972 e-loop-item e-loop-item-12368 post-12368 agenda type-agenda status-publish has-post-thumbnail hentry\" data-elementor-post-type=\"elementor_library\" data-custom-edit-handle=\"1\">\n\t\t\t<div class=\"elementor-element elementor-element-7ab415f e-flex e-con-boxed e-con e-parent\" data-id=\"7ab415f\" data-element_type=\"container\" data-e-type=\"container\" data-settings=\"{&quot;jet_parallax_layout_list&quot;:[],&quot;background_background&quot;:&quot;classic&quot;}\">\n\t\t\t\t\t<div class=\"e-con-inner\">\n\t\t<a class=\"elementor-element elementor-element-9cef5f0 e-flex e-con-boxed e-con e-child\" data-id=\"9cef5f0\" data-element_type=\"container\" data-e-type=\"container\" data-settings=\"{&quot;background_background&quot;:&quot;classic&quot;,&quot;jet_parallax_layout_list&quot;:[]}\" href=\"https:\/\/peopleofcostarica.com\/es\/agenda\/festival-arte-en-el-parque-en-aserri-2026\/\">\n\t\t\t\t\t<div class=\"e-con-inner\">\n\t\t\t\t<div class=\"elementor-element elementor-element-46f2e680 elementor-widget elementor-widget-theme-post-featured-image elementor-widget-image\" data-id=\"46f2e680\" data-element_type=\"widget\" data-e-type=\"widget\" data-widget_type=\"theme-post-featured-image.default\">\n\t\t\t\t\t\t\t\t\t\t\t\t\t\t\t<img fetchpriority=\"high\" decoding=\"async\" width=\"1414\" height=\"2000\" src=\"https:\/\/peopleofcostarica.com\/wp-content\/uploads\/2026\/04\/669577289_1783627059703909_2665052581587782353_n.jpg\" class=\"attachment-full size-full wp-image-12369\" alt=\"\" srcset=\"https:\/\/peopleofcostarica.com\/wp-content\/uploads\/2026\/04\/669577289_1783627059703909_2665052581587782353_n.jpg 1414w, https:\/\/peopleofcostarica.com\/wp-content\/uploads\/2026\/04\/669577289_1783627059703909_2665052581587782353_n-212x300.jpg 212w, https:\/\/peopleofcostarica.com\/wp-content\/uploads\/2026\/04\/669577289_1783627059703909_2665052581587782353_n-724x1024.jpg 724w, https:\/\/peopleofcostarica.com\/wp-content\/uploads\/2026\/04\/669577289_1783627059703909_2665052581587782353_n-768x1086.jpg 768w, https:\/\/peopleofcostarica.com\/wp-content\/uploads\/2026\/04\/669577289_1783627059703909_2665052581587782353_n-1086x1536.jpg 1086w, https:\/\/peopleofcostarica.com\/wp-content\/uploads\/2026\/04\/669577289_1783627059703909_2665052581587782353_n-1320x1867.jpg 1320w\" sizes=\"(max-width: 1414px) 100vw, 1414px\" \/>\t\t\t\t\t\t\t\t\t\t\t\t\t\t\t<\/div>\n\t\t\t\t<div class=\"elementor-element elementor-element-44fcc448 elementor-absolute elementor-widget elementor-widget-jet-listing-dynamic-field\" data-id=\"44fcc448\" data-element_type=\"widget\" data-e-type=\"widget\" data-settings=\"{&quot;_position&quot;:&quot;absolute&quot;}\" data-widget_type=\"jet-listing-dynamic-field.default\">\n\t\t\t\t\t<div class=\"jet-listing jet-listing-dynamic-field display-inline\"><div class=\"jet-listing-dynamic-field__inline-wrap\"><span class=\"jet-listing-dynamic-field__content\" >Abr 18<\/span><\/div><\/div>\t\t\t\t<\/div>\n\t\t<div class=\"elementor-element elementor-element-3b0e4e80 e-con-full e-flex e-con e-child\" data-id=\"3b0e4e80\" data-element_type=\"container\" data-e-type=\"container\" data-settings=\"{&quot;jet_parallax_layout_list&quot;:[]}\">\n\t\t\t\t<div class=\"elementor-element elementor-element-4f4b8f75 agenda-title elementor-widget elementor-widget-theme-post-title elementor-page-title elementor-widget-heading\" data-id=\"4f4b8f75\" data-element_type=\"widget\" data-e-type=\"widget\" data-widget_type=\"theme-post-title.default\">\n\t\t\t\t\t<h1 class=\"elementor-heading-title elementor-size-default\">Festival \u201cArte en el Parque\u201d en Aserr\u00ed (2026)<\/h1>\t\t\t\t<\/div>\n\t\t\t\t<div class=\"elementor-element elementor-element-2e5cf27e elementor-widget elementor-widget-theme-post-excerpt\" data-id=\"2e5cf27e\" data-element_type=\"widget\" data-e-type=\"widget\" data-widget_type=\"theme-post-excerpt.default\">\n\t\t\t\t\t<p>El festival \u201cArte en el Parque\u201d es una iniciativa impulsada por&nbsp;La Potente Radio TV&nbsp;para promover el talento local y ofrecer\t\t\t\t<\/div>\n\t\t\t\t<\/div>\n\t\t\t\t\t<\/div>\n\t\t\t\t<\/a>\n\t\t<div class=\"elementor-element elementor-element-79cd00a9 e-con-full e-flex e-con e-child\" data-id=\"79cd00a9\" data-element_type=\"container\" data-e-type=\"container\" data-settings=\"{&quot;jet_parallax_layout_list&quot;:[]}\">\n\t\t\t\t<\/div>\n\t\t\t\t\t<\/div>\n\t\t\t\t<\/div>\n\t\t\t\t<\/div>\n\t\t\t\t<div data-elementor-type=\"loop-item\" data-elementor-id=\"9972\" class=\"elementor elementor-9972 e-loop-item e-loop-item-12332 post-12332 agenda type-agenda status-publish has-post-thumbnail hentry\" data-elementor-post-type=\"elementor_library\" data-custom-edit-handle=\"1\">\n\t\t\t<div class=\"elementor-element elementor-element-7ab415f e-flex e-con-boxed e-con e-parent\" data-id=\"7ab415f\" data-element_type=\"container\" data-e-type=\"container\" data-settings=\"{&quot;jet_parallax_layout_list&quot;:[],&quot;background_background&quot;:&quot;classic&quot;}\">\n\t\t\t\t\t<div class=\"e-con-inner\">\n\t\t<a class=\"elementor-element elementor-element-9cef5f0 e-flex e-con-boxed e-con e-child\" data-id=\"9cef5f0\" data-element_type=\"container\" data-e-type=\"container\" data-settings=\"{&quot;background_background&quot;:&quot;classic&quot;,&quot;jet_parallax_layout_list&quot;:[]}\" href=\"https:\/\/peopleofcostarica.com\/es\/agenda\/feria-del-libro-infantil-y-juvenil-2026-del-museo-de-los-ninos\/\">\n\t\t\t\t\t<div class=\"e-con-inner\">\n\t\t\t\t<div class=\"elementor-element elementor-element-46f2e680 elementor-widget elementor-widget-theme-post-featured-image elementor-widget-image\" data-id=\"46f2e680\" data-element_type=\"widget\" data-e-type=\"widget\" data-widget_type=\"theme-post-featured-image.default\">\n\t\t\t\t\t\t\t\t\t\t\t\t\t\t\t<img decoding=\"async\" width=\"650\" height=\"795\" src=\"https:\/\/peopleofcostarica.com\/wp-content\/uploads\/2026\/04\/672721217_1413285624179187_5329870865422623925_n.jpg\" class=\"attachment-full size-full wp-image-12333\" alt=\"\" srcset=\"https:\/\/peopleofcostarica.com\/wp-content\/uploads\/2026\/04\/672721217_1413285624179187_5329870865422623925_n.jpg 650w, https:\/\/peopleofcostarica.com\/wp-content\/uploads\/2026\/04\/672721217_1413285624179187_5329870865422623925_n-245x300.jpg 245w\" sizes=\"(max-width: 650px) 100vw, 650px\" \/>\t\t\t\t\t\t\t\t\t\t\t\t\t\t\t<\/div>\n\t\t\t\t<div class=\"elementor-element elementor-element-44fcc448 elementor-absolute elementor-widget elementor-widget-jet-listing-dynamic-field\" data-id=\"44fcc448\" data-element_type=\"widget\" data-e-type=\"widget\" data-settings=\"{&quot;_position&quot;:&quot;absolute&quot;}\" data-widget_type=\"jet-listing-dynamic-field.default\">\n\t\t\t\t\t<div class=\"jet-listing jet-listing-dynamic-field display-inline\"><div class=\"jet-listing-dynamic-field__inline-wrap\"><span class=\"jet-listing-dynamic-field__content\" >Abr 17<\/span><\/div><\/div>\t\t\t\t<\/div>\n\t\t<div class=\"elementor-element elementor-element-3b0e4e80 e-con-full e-flex e-con e-child\" data-id=\"3b0e4e80\" data-element_type=\"container\" data-e-type=\"container\" data-settings=\"{&quot;jet_parallax_layout_list&quot;:[]}\">\n\t\t\t\t<div class=\"elementor-element elementor-element-4f4b8f75 agenda-title elementor-widget elementor-widget-theme-post-title elementor-page-title elementor-widget-heading\" data-id=\"4f4b8f75\" data-element_type=\"widget\" data-e-type=\"widget\" data-widget_type=\"theme-post-title.default\">\n\t\t\t\t\t<h1 class=\"elementor-heading-title elementor-size-default\">Feria del Libro Infantil y Juvenil 2026 del Museo de los Ni\u00f1os<\/h1>\t\t\t\t<\/div>\n\t\t\t\t<div class=\"elementor-element elementor-element-2e5cf27e elementor-widget elementor-widget-theme-post-excerpt\" data-id=\"2e5cf27e\" data-element_type=\"widget\" data-e-type=\"widget\" data-widget_type=\"theme-post-excerpt.default\">\n\t\t\t\t\t<p>La Feria del Libro Infantil y Juvenil 2026 es la quinta edici\u00f3n de un encuentro familiar dedicado a la lectura,\t\t\t\t<\/div>\n\t\t\t\t<\/div>\n\t\t\t\t\t<\/div>\n\t\t\t\t<\/a>\n\t\t<div class=\"elementor-element elementor-element-79cd00a9 e-con-full e-flex e-con e-child\" data-id=\"79cd00a9\" data-element_type=\"container\" data-e-type=\"container\" data-settings=\"{&quot;jet_parallax_layout_list&quot;:[]}\">\n\t\t\t\t<\/div>\n\t\t\t\t\t<\/div>\n\t\t\t\t<\/div>\n\t\t\t\t<\/div>\n\t\t\t\t<div data-elementor-type=\"loop-item\" data-elementor-id=\"9972\" class=\"elementor elementor-9972 e-loop-item e-loop-item-12322 post-12322 agenda type-agenda status-publish has-post-thumbnail hentry\" data-elementor-post-type=\"elementor_library\" data-custom-edit-handle=\"1\">\n\t\t\t<div class=\"elementor-element elementor-element-7ab415f e-flex e-con-boxed e-con e-parent\" data-id=\"7ab415f\" data-element_type=\"container\" data-e-type=\"container\" data-settings=\"{&quot;jet_parallax_layout_list&quot;:[],&quot;background_background&quot;:&quot;classic&quot;}\">\n\t\t\t\t\t<div class=\"e-con-inner\">\n\t\t<a class=\"elementor-element elementor-element-9cef5f0 e-flex e-con-boxed e-con e-child\" data-id=\"9cef5f0\" data-element_type=\"container\" data-e-type=\"container\" data-settings=\"{&quot;background_background&quot;:&quot;classic&quot;,&quot;jet_parallax_layout_list&quot;:[]}\" href=\"https:\/\/peopleofcostarica.com\/es\/agenda\/volcanica-primer-festival-nacional-de-diseno-de-costa-rica\/\">\n\t\t\t\t\t<div class=\"e-con-inner\">\n\t\t\t\t<div class=\"elementor-element elementor-element-46f2e680 elementor-widget elementor-widget-theme-post-featured-image elementor-widget-image\" data-id=\"46f2e680\" data-element_type=\"widget\" data-e-type=\"widget\" data-widget_type=\"theme-post-featured-image.default\">\n\t\t\t\t\t\t\t\t\t\t\t\t\t\t\t<img decoding=\"async\" width=\"1081\" height=\"1080\" src=\"https:\/\/peopleofcostarica.com\/wp-content\/uploads\/2026\/04\/volcanicamuropeq1.jpg\" class=\"attachment-full size-full wp-image-12323\" alt=\"\" srcset=\"https:\/\/peopleofcostarica.com\/wp-content\/uploads\/2026\/04\/volcanicamuropeq1.jpg 1081w, https:\/\/peopleofcostarica.com\/wp-content\/uploads\/2026\/04\/volcanicamuropeq1-300x300.jpg 300w, https:\/\/peopleofcostarica.com\/wp-content\/uploads\/2026\/04\/volcanicamuropeq1-1024x1024.jpg 1024w, https:\/\/peopleofcostarica.com\/wp-content\/uploads\/2026\/04\/volcanicamuropeq1-150x150.jpg 150w, https:\/\/peopleofcostarica.com\/wp-content\/uploads\/2026\/04\/volcanicamuropeq1-768x767.jpg 768w\" sizes=\"(max-width: 1081px) 100vw, 1081px\" \/>\t\t\t\t\t\t\t\t\t\t\t\t\t\t\t<\/div>\n\t\t\t\t<div class=\"elementor-element elementor-element-44fcc448 elementor-absolute elementor-widget elementor-widget-jet-listing-dynamic-field\" data-id=\"44fcc448\" data-element_type=\"widget\" data-e-type=\"widget\" data-settings=\"{&quot;_position&quot;:&quot;absolute&quot;}\" data-widget_type=\"jet-listing-dynamic-field.default\">\n\t\t\t\t\t<div class=\"jet-listing jet-listing-dynamic-field display-inline\"><div class=\"jet-listing-dynamic-field__inline-wrap\"><span class=\"jet-listing-dynamic-field__content\" >Abr 20<\/span><\/div><\/div>\t\t\t\t<\/div>\n\t\t<div class=\"elementor-element elementor-element-3b0e4e80 e-con-full e-flex e-con e-child\" data-id=\"3b0e4e80\" data-element_type=\"container\" data-e-type=\"container\" data-settings=\"{&quot;jet_parallax_layout_list&quot;:[]}\">\n\t\t\t\t<div class=\"elementor-element elementor-element-4f4b8f75 agenda-title elementor-widget elementor-widget-theme-post-title elementor-page-title elementor-widget-heading\" data-id=\"4f4b8f75\" data-element_type=\"widget\" data-e-type=\"widget\" data-widget_type=\"theme-post-title.default\">\n\t\t\t\t\t<h1 class=\"elementor-heading-title elementor-size-default\">Volc\u00e1nica, primer festival nacional de dise\u00f1o de Costa Rica<\/h1>\t\t\t\t<\/div>\n\t\t\t\t<div class=\"elementor-element elementor-element-2e5cf27e elementor-widget elementor-widget-theme-post-excerpt\" data-id=\"2e5cf27e\" data-element_type=\"widget\" data-e-type=\"widget\" data-widget_type=\"theme-post-excerpt.default\">\n\t\t\t\t\t<p>Volc\u00e1nica es el primer festival nacional de dise\u00f1o de Costa Rica, impulsado por el Ministerio de Cultura y Juventud y\t\t\t\t<\/div>\n\t\t\t\t<\/div>\n\t\t\t\t\t<\/div>\n\t\t\t\t<\/a>\n\t\t<div class=\"elementor-element elementor-element-79cd00a9 e-con-full e-flex e-con e-child\" data-id=\"79cd00a9\" data-element_type=\"container\" data-e-type=\"container\" data-settings=\"{&quot;jet_parallax_layout_list&quot;:[]}\">\n\t\t\t\t<div class=\"elementor-element elementor-element-678042d5 elementor-widget elementor-widget-text-editor\" data-id=\"678042d5\" data-element_type=\"widget\" data-e-type=\"widget\" data-widget_type=\"text-editor.default\">\n\t\t\t\t\t\t\t\t\tFrom \u20a13000\t\t\t\t\t\t\t\t<\/div>\n\t\t\t\t<div class=\"elementor-element elementor-element-22bde108 elementor-widget elementor-widget-button\" data-id=\"22bde108\" data-element_type=\"widget\" data-e-type=\"widget\" data-widget_type=\"button.default\">\n\t\t\t\t\t\t\t\t\t\t<a class=\"elementor-button elementor-button-link elementor-size-sm\" href=\"https:\/\/boleteria.teatromelico.go.cr\/\" target=\"_blank\" rel=\"noopener\">\n\t\t\t\t\t\t<span class=\"elementor-button-content-wrapper\">\n\t\t\t\t\t\t\t\t\t<span class=\"elementor-button-text\">Get Tickets<\/span>\n\t\t\t\t\t<\/span>\n\t\t\t\t\t<\/a>\n\t\t\t\t\t\t\t\t<\/div>\n\t\t\t\t<\/div>\n\t\t\t\t\t<\/div>\n\t\t\t\t<\/div>\n\t\t\t\t<\/div>\n\t\t\t\t<div data-elementor-type=\"loop-item\" data-elementor-id=\"9972\" class=\"elementor elementor-9972 e-loop-item e-loop-item-11891 post-11891 agenda type-agenda status-publish has-post-thumbnail hentry\" data-elementor-post-type=\"elementor_library\" data-custom-edit-handle=\"1\">\n\t\t\t<div class=\"elementor-element elementor-element-7ab415f e-flex e-con-boxed e-con e-parent\" data-id=\"7ab415f\" data-element_type=\"container\" data-e-type=\"container\" data-settings=\"{&quot;jet_parallax_layout_list&quot;:[],&quot;background_background&quot;:&quot;classic&quot;}\">\n\t\t\t\t\t<div class=\"e-con-inner\">\n\t\t<a class=\"elementor-element elementor-element-9cef5f0 e-flex e-con-boxed e-con e-child\" data-id=\"9cef5f0\" data-element_type=\"container\" data-e-type=\"container\" data-settings=\"{&quot;background_background&quot;:&quot;classic&quot;,&quot;jet_parallax_layout_list&quot;:[]}\" href=\"https:\/\/peopleofcostarica.com\/es\/agenda\/gondwana-celebrara-el-aniversario-de-santo-remedio-con-un-concierto-en-la-zona-de-los-santos\/\">\n\t\t\t\t\t<div class=\"e-con-inner\">\n\t\t\t\t<div class=\"elementor-element elementor-element-46f2e680 elementor-widget elementor-widget-theme-post-featured-image elementor-widget-image\" data-id=\"46f2e680\" data-element_type=\"widget\" data-e-type=\"widget\" data-widget_type=\"theme-post-featured-image.default\">\n\t\t\t\t\t\t\t\t\t\t\t\t\t\t\t<img loading=\"lazy\" decoding=\"async\" width=\"1920\" height=\"1080\" src=\"https:\/\/peopleofcostarica.com\/wp-content\/uploads\/2026\/04\/z-Gondwana-1.webp\" class=\"attachment-full size-full wp-image-11892\" alt=\"\" srcset=\"https:\/\/peopleofcostarica.com\/wp-content\/uploads\/2026\/04\/z-Gondwana-1.webp 1920w, https:\/\/peopleofcostarica.com\/wp-content\/uploads\/2026\/04\/z-Gondwana-1-300x169.webp 300w, https:\/\/peopleofcostarica.com\/wp-content\/uploads\/2026\/04\/z-Gondwana-1-1024x576.webp 1024w, https:\/\/peopleofcostarica.com\/wp-content\/uploads\/2026\/04\/z-Gondwana-1-768x432.webp 768w, https:\/\/peopleofcostarica.com\/wp-content\/uploads\/2026\/04\/z-Gondwana-1-1536x864.webp 1536w, https:\/\/peopleofcostarica.com\/wp-content\/uploads\/2026\/04\/z-Gondwana-1-1320x743.webp 1320w\" sizes=\"(max-width: 1920px) 100vw, 1920px\" \/>\t\t\t\t\t\t\t\t\t\t\t\t\t\t\t<\/div>\n\t\t\t\t<div class=\"elementor-element elementor-element-44fcc448 elementor-absolute elementor-widget elementor-widget-jet-listing-dynamic-field\" data-id=\"44fcc448\" data-element_type=\"widget\" data-e-type=\"widget\" data-settings=\"{&quot;_position&quot;:&quot;absolute&quot;}\" data-widget_type=\"jet-listing-dynamic-field.default\">\n\t\t\t\t\t<div class=\"jet-listing jet-listing-dynamic-field display-inline\"><div class=\"jet-listing-dynamic-field__inline-wrap\"><span class=\"jet-listing-dynamic-field__content\" >Abr 25<\/span><\/div><\/div>\t\t\t\t<\/div>\n\t\t<div class=\"elementor-element elementor-element-3b0e4e80 e-con-full e-flex e-con e-child\" data-id=\"3b0e4e80\" data-element_type=\"container\" data-e-type=\"container\" data-settings=\"{&quot;jet_parallax_layout_list&quot;:[]}\">\n\t\t\t\t<div class=\"elementor-element elementor-element-4f4b8f75 agenda-title elementor-widget elementor-widget-theme-post-title elementor-page-title elementor-widget-heading\" data-id=\"4f4b8f75\" data-element_type=\"widget\" data-e-type=\"widget\" data-widget_type=\"theme-post-title.default\">\n\t\t\t\t\t<h1 class=\"elementor-heading-title elementor-size-default\">Gondwana celebrar\u00e1 el aniversario de Santo Remedio con un concierto en la Zona de los Santos<\/h1>\t\t\t\t<\/div>\n\t\t\t\t<div class=\"elementor-element elementor-element-2e5cf27e elementor-widget elementor-widget-theme-post-excerpt\" data-id=\"2e5cf27e\" data-element_type=\"widget\" data-e-type=\"widget\" data-widget_type=\"theme-post-excerpt.default\">\n\t\t\t\t\t<p>El s\u00e1bado 25 de abril de 2026, la reconocida banda chilena de reggae Gondwana se presentar\u00e1 en el Rancho Tur\u00edstico\t\t\t\t<\/div>\n\t\t\t\t<\/div>\n\t\t\t\t\t<\/div>\n\t\t\t\t<\/a>\n\t\t<div class=\"elementor-element elementor-element-79cd00a9 e-con-full e-flex e-con e-child\" data-id=\"79cd00a9\" data-element_type=\"container\" data-e-type=\"container\" data-settings=\"{&quot;jet_parallax_layout_list&quot;:[]}\">\n\t\t\t\t<div class=\"elementor-element elementor-element-678042d5 elementor-widget elementor-widget-text-editor\" data-id=\"678042d5\" data-element_type=\"widget\" data-e-type=\"widget\" data-widget_type=\"text-editor.default\">\n\t\t\t\t\t\t\t\t\tFrom \u20a127800\t\t\t\t\t\t\t\t<\/div>\n\t\t\t\t<div class=\"elementor-element elementor-element-22bde108 elementor-widget elementor-widget-button\" data-id=\"22bde108\" data-element_type=\"widget\" data-e-type=\"widget\" data-widget_type=\"button.default\">\n\t\t\t\t\t\t\t\t\t\t<a class=\"elementor-button elementor-button-link elementor-size-sm\" href=\"https:\/\/www.eticket.cr\/masinformacion.aspx?idevento=9282\" target=\"_blank\" rel=\"noopener\">\n\t\t\t\t\t\t<span class=\"elementor-button-content-wrapper\">\n\t\t\t\t\t\t\t\t\t<span class=\"elementor-button-text\">Get Tickets<\/span>\n\t\t\t\t\t<\/span>\n\t\t\t\t\t<\/a>\n\t\t\t\t\t\t\t\t<\/div>\n\t\t\t\t<\/div>\n\t\t\t\t\t<\/div>\n\t\t\t\t<\/div>\n\t\t\t\t<\/div>\n\t\t\t\t<div data-elementor-type=\"loop-item\" data-elementor-id=\"9972\" class=\"elementor elementor-9972 e-loop-item e-loop-item-11849 post-11849 agenda type-agenda status-publish has-post-thumbnail hentry\" data-elementor-post-type=\"elementor_library\" data-custom-edit-handle=\"1\">\n\t\t\t<div class=\"elementor-element elementor-element-7ab415f e-flex e-con-boxed e-con e-parent\" data-id=\"7ab415f\" data-element_type=\"container\" data-e-type=\"container\" data-settings=\"{&quot;jet_parallax_layout_list&quot;:[],&quot;background_background&quot;:&quot;classic&quot;}\">\n\t\t\t\t\t<div class=\"e-con-inner\">\n\t\t<a class=\"elementor-element elementor-element-9cef5f0 e-flex e-con-boxed e-con e-child\" data-id=\"9cef5f0\" data-element_type=\"container\" data-e-type=\"container\" data-settings=\"{&quot;background_background&quot;:&quot;classic&quot;,&quot;jet_parallax_layout_list&quot;:[]}\" href=\"https:\/\/peopleofcostarica.com\/es\/agenda\/los-angeles-azules-cerraran-transitarte-2026-con-concierto-gratuito-en-la-sabana\/\">\n\t\t\t\t\t<div class=\"e-con-inner\">\n\t\t\t\t<div class=\"elementor-element elementor-element-46f2e680 elementor-widget elementor-widget-theme-post-featured-image elementor-widget-image\" data-id=\"46f2e680\" data-element_type=\"widget\" data-e-type=\"widget\" data-widget_type=\"theme-post-featured-image.default\">\n\t\t\t\t\t\t\t\t\t\t\t\t\t\t\t<img loading=\"lazy\" decoding=\"async\" width=\"1080\" height=\"1080\" src=\"https:\/\/peopleofcostarica.com\/wp-content\/uploads\/2026\/04\/artworks-GVm1ogFCXQyv1gWH-meXMuw-t1080x1080.jpg\" class=\"attachment-full size-full wp-image-11850\" alt=\"\" srcset=\"https:\/\/peopleofcostarica.com\/wp-content\/uploads\/2026\/04\/artworks-GVm1ogFCXQyv1gWH-meXMuw-t1080x1080.jpg 1080w, https:\/\/peopleofcostarica.com\/wp-content\/uploads\/2026\/04\/artworks-GVm1ogFCXQyv1gWH-meXMuw-t1080x1080-300x300.jpg 300w, https:\/\/peopleofcostarica.com\/wp-content\/uploads\/2026\/04\/artworks-GVm1ogFCXQyv1gWH-meXMuw-t1080x1080-1024x1024.jpg 1024w, https:\/\/peopleofcostarica.com\/wp-content\/uploads\/2026\/04\/artworks-GVm1ogFCXQyv1gWH-meXMuw-t1080x1080-150x150.jpg 150w, https:\/\/peopleofcostarica.com\/wp-content\/uploads\/2026\/04\/artworks-GVm1ogFCXQyv1gWH-meXMuw-t1080x1080-768x768.jpg 768w\" sizes=\"(max-width: 1080px) 100vw, 1080px\" \/>\t\t\t\t\t\t\t\t\t\t\t\t\t\t\t<\/div>\n\t\t\t\t<div class=\"elementor-element elementor-element-44fcc448 elementor-absolute elementor-widget elementor-widget-jet-listing-dynamic-field\" data-id=\"44fcc448\" data-element_type=\"widget\" data-e-type=\"widget\" data-settings=\"{&quot;_position&quot;:&quot;absolute&quot;}\" data-widget_type=\"jet-listing-dynamic-field.default\">\n\t\t\t\t\t<div class=\"jet-listing jet-listing-dynamic-field display-inline\"><div class=\"jet-listing-dynamic-field__inline-wrap\"><span class=\"jet-listing-dynamic-field__content\" >Abr 12<\/span><\/div><\/div>\t\t\t\t<\/div>\n\t\t<div class=\"elementor-element elementor-element-3b0e4e80 e-con-full e-flex e-con e-child\" data-id=\"3b0e4e80\" data-element_type=\"container\" data-e-type=\"container\" data-settings=\"{&quot;jet_parallax_layout_list&quot;:[]}\">\n\t\t\t\t<div class=\"elementor-element elementor-element-4f4b8f75 agenda-title elementor-widget elementor-widget-theme-post-title elementor-page-title elementor-widget-heading\" data-id=\"4f4b8f75\" data-element_type=\"widget\" data-e-type=\"widget\" data-widget_type=\"theme-post-title.default\">\n\t\t\t\t\t<h1 class=\"elementor-heading-title elementor-size-default\">Los \u00c1ngeles Azules cerrar\u00e1n Transitarte 2026 con concierto gratuito en La Sabana<\/h1>\t\t\t\t<\/div>\n\t\t\t\t<div class=\"elementor-element elementor-element-2e5cf27e elementor-widget elementor-widget-theme-post-excerpt\" data-id=\"2e5cf27e\" data-element_type=\"widget\" data-e-type=\"widget\" data-widget_type=\"theme-post-excerpt.default\">\n\t\t\t\t\t<p>La agrupaci\u00f3n mexicana Los \u00c1ngeles Azules ser\u00e1 la encargada de cerrar el festival cultural Transitarte 2026 con un concierto gratuito\t\t\t\t<\/div>\n\t\t\t\t<\/div>\n\t\t\t\t\t<\/div>\n\t\t\t\t<\/a>\n\t\t<div class=\"elementor-element elementor-element-79cd00a9 e-con-full e-flex e-con e-child\" data-id=\"79cd00a9\" data-element_type=\"container\" data-e-type=\"container\" data-settings=\"{&quot;jet_parallax_layout_list&quot;:[]}\">\n\t\t\t\t<\/div>\n\t\t\t\t\t<\/div>\n\t\t\t\t<\/div>\n\t\t\t\t<\/div>\n\t\t\t\t<div data-elementor-type=\"loop-item\" data-elementor-id=\"9972\" class=\"elementor elementor-9972 e-loop-item e-loop-item-11752 post-11752 agenda type-agenda status-publish has-post-thumbnail hentry\" data-elementor-post-type=\"elementor_library\" data-custom-edit-handle=\"1\">\n\t\t\t<div class=\"elementor-element elementor-element-7ab415f e-flex e-con-boxed e-con e-parent\" data-id=\"7ab415f\" data-element_type=\"container\" data-e-type=\"container\" data-settings=\"{&quot;jet_parallax_layout_list&quot;:[],&quot;background_background&quot;:&quot;classic&quot;}\">\n\t\t\t\t\t<div class=\"e-con-inner\">\n\t\t<a class=\"elementor-element elementor-element-9cef5f0 e-flex e-con-boxed e-con e-child\" data-id=\"9cef5f0\" data-element_type=\"container\" data-e-type=\"container\" data-settings=\"{&quot;background_background&quot;:&quot;classic&quot;,&quot;jet_parallax_layout_list&quot;:[]}\" href=\"https:\/\/peopleofcostarica.com\/es\/agenda\/la-feria-nacional-de-la-tapa-de-dulce-2026-en-escazu\/\">\n\t\t\t\t\t<div class=\"e-con-inner\">\n\t\t\t\t<div class=\"elementor-element elementor-element-46f2e680 elementor-widget elementor-widget-theme-post-featured-image elementor-widget-image\" data-id=\"46f2e680\" data-element_type=\"widget\" data-e-type=\"widget\" data-widget_type=\"theme-post-featured-image.default\">\n\t\t\t\t\t\t\t\t\t\t\t\t\t\t\t<img loading=\"lazy\" decoding=\"async\" width=\"275\" height=\"183\" src=\"https:\/\/peopleofcostarica.com\/wp-content\/uploads\/2026\/04\/0b226c450798410ac541646c86ec31afd840e5beab817a5d84fa821e7db61981ec84c3b4a3f072a7a2e1899c9fb06c6e4a298a8b3c92b27f8437f72bf7abd2740a41be015ef2ab6d8c1cf88e6bbf86b7ed3c7a32a99ec47a79a0476ae317a974.jpeg\" class=\"attachment-full size-full wp-image-11753\" alt=\"\" \/>\t\t\t\t\t\t\t\t\t\t\t\t\t\t\t<\/div>\n\t\t\t\t<div class=\"elementor-element elementor-element-44fcc448 elementor-absolute elementor-widget elementor-widget-jet-listing-dynamic-field\" data-id=\"44fcc448\" data-element_type=\"widget\" data-e-type=\"widget\" data-settings=\"{&quot;_position&quot;:&quot;absolute&quot;}\" data-widget_type=\"jet-listing-dynamic-field.default\">\n\t\t\t\t\t<div class=\"jet-listing jet-listing-dynamic-field display-inline\"><div class=\"jet-listing-dynamic-field__inline-wrap\"><span class=\"jet-listing-dynamic-field__content\" >Abr 11<\/span><\/div><\/div>\t\t\t\t<\/div>\n\t\t<div class=\"elementor-element elementor-element-3b0e4e80 e-con-full e-flex e-con e-child\" data-id=\"3b0e4e80\" data-element_type=\"container\" data-e-type=\"container\" data-settings=\"{&quot;jet_parallax_layout_list&quot;:[]}\">\n\t\t\t\t<div class=\"elementor-element elementor-element-4f4b8f75 agenda-title elementor-widget elementor-widget-theme-post-title elementor-page-title elementor-widget-heading\" data-id=\"4f4b8f75\" data-element_type=\"widget\" data-e-type=\"widget\" data-widget_type=\"theme-post-title.default\">\n\t\t\t\t\t<h1 class=\"elementor-heading-title elementor-size-default\">La Feria Nacional de la Tapa de Dulce 2026 en Escaz\u00fa<\/h1>\t\t\t\t<\/div>\n\t\t\t\t<div class=\"elementor-element elementor-element-2e5cf27e elementor-widget elementor-widget-theme-post-excerpt\" data-id=\"2e5cf27e\" data-element_type=\"widget\" data-e-type=\"widget\" data-widget_type=\"theme-post-excerpt.default\">\n\t\t\t\t\t<p>La Feria Nacional de la Tapa de Dulce 2026 es una&nbsp;actividad&nbsp;cultural y gastron\u00f3mica que busca rescatar y promover las tradiciones\t\t\t\t<\/div>\n\t\t\t\t<\/div>\n\t\t\t\t\t<\/div>\n\t\t\t\t<\/a>\n\t\t<div class=\"elementor-element elementor-element-79cd00a9 e-con-full e-flex e-con e-child\" data-id=\"79cd00a9\" data-element_type=\"container\" data-e-type=\"container\" data-settings=\"{&quot;jet_parallax_layout_list&quot;:[]}\">\n\t\t\t\t<\/div>\n\t\t\t\t\t<\/div>\n\t\t\t\t<\/div>\n\t\t\t\t<\/div>\n\t\t\t\t<\/div>\n\t\t\t\t\t<span class=\"e-load-more-spinner\">\n\t\t\t\t<svg aria-hidden=\"true\" class=\"e-font-icon-svg e-fas-spinner\" viewBox=\"0 0 512 512\" xmlns=\"http:\/\/www.w3.org\/2000\/svg\"><path d=\"M304 48c0 26.51-21.49 48-48 48s-48-21.49-48-48 21.49-48 48-48 48 21.49 48 48zm-48 368c-26.51 0-48 21.49-48 48s21.49 48 48 48 48-21.49 48-48-21.49-48-48-48zm208-208c-26.51 0-48 21.49-48 48s21.49 48 48 48 48-21.49 48-48-21.49-48-48-48zM96 256c0-26.51-21.49-48-48-48S0 229.49 0 256s21.49 48 48 48 48-21.49 48-48zm12.922 99.078c-26.51 0-48 21.49-48 48s21.49 48 48 48 48-21.49 48-48c0-26.509-21.491-48-48-48zm294.156 0c-26.51 0-48 21.49-48 48s21.49 48 48 48 48-21.49 48-48c0-26.509-21.49-48-48-48zM108.922 60.922c-26.51 0-48 21.49-48 48s21.49 48 48 48 48-21.49 48-48-21.491-48-48-48z\"><\/path><\/svg>\t\t\t<\/span>\n\t\t\n\t\t\t\t<div class=\"e-load-more-anchor\" data-page=\"1\" data-max-page=\"22\" data-next-page=\"https:\/\/peopleofcostarica.com\/es\/wp-json\/wp\/v2\/pages\/10710\/page\/2\/\"><\/div>\n\t\t\t\t<div class=\"e-loop__load-more elementor-button-wrapper\">\n\t\t\t<a class=\"elementor-button elementor-size-sm\" role=\"button\">\n\t\t\t\t\t\t<span class=\"elementor-button-content-wrapper\">\n\t\t\t\t\t\t\t<span class=\"elementor-button-icon\">\n\t\t\t\t<svg aria-hidden=\"true\" class=\"e-font-icon-svg e-fas-arrow-down\" viewBox=\"0 0 448 512\" xmlns=\"http:\/\/www.w3.org\/2000\/svg\"><path d=\"M413.1 222.5l22.2 22.2c9.4 9.4 9.4 24.6 0 33.9L241 473c-9.4 9.4-24.6 9.4-33.9 0L12.7 278.6c-9.4-9.4-9.4-24.6 0-33.9l22.2-22.2c9.5-9.5 25-9.3 34.3.4L184 343.4V56c0-13.3 10.7-24 24-24h32c13.3 0 24 10.7 24 24v287.4l114.8-120.5c9.3-9.8 24.8-10 34.3-.4z\"><\/path><\/svg>\t\t\t<\/span>\n\t\t\t\t\t\t\t\t\t<span class=\"elementor-button-text\">Cargar m\u00e1s eventos<\/span>\n\t\t\t\t\t<\/span>\n\t\t\t\t\t<\/a>\n\t\t<\/div>\n\t\t\t\t<div class=\"e-load-more-message\"><\/div>\n\t\t\t\t\t\t<\/div>\n\t\t\t\t<\/div>\n\t\t\t\t\t<\/div>\n\t\t\t\t<\/div>\n\t\t\t\t<\/div>\n\t\t","protected":false},"excerpt":{"rendered":"<p>Vive la Cultura en Vivo Desde vibrantes festivales callejeros en San Jos\u00e9 hasta serenos retiros de yoga en Uvita, descubre el coraz\u00f3n de Costa Rica a trav\u00e9s de nuestro calendario de eventos cuidadosamente seleccionado. Pr\u00f3ximos Eventos<\/p>\n","protected":false},"author":17,"featured_media":0,"parent":0,"menu_order":0,"comment_status":"closed","ping_status":"closed","template":"","meta":{"footnotes":""},"class_list":["post-10710","page","type-page","status-publish","hentry"],"_links":{"self":[{"href":"https:\/\/peopleofcostarica.com\/es\/wp-json\/wp\/v2\/pages\/10710","targetHints":{"allow":["GET"]}}],"collection":[{"href":"https:\/\/peopleofcostarica.com\/es\/wp-json\/wp\/v2\/pages"}],"about":[{"href":"https:\/\/peopleofcostarica.com\/es\/wp-json\/wp\/v2\/types\/page"}],"author":[{"embeddable":true,"href":"https:\/\/peopleofcostarica.com\/es\/wp-json\/wp\/v2\/users\/17"}],"replies":[{"embeddable":true,"href":"https:\/\/peopleofcostarica.com\/es\/wp-json\/wp\/v2\/comments?post=10710"}],"version-history":[{"count":3,"href":"https:\/\/peopleofcostarica.com\/es\/wp-json\/wp\/v2\/pages\/10710\/revisions"}],"predecessor-version":[{"id":10826,"href":"https:\/\/peopleofcostarica.com\/es\/wp-json\/wp\/v2\/pages\/10710\/revisions\/10826"}],"wp:attachment":[{"href":"https:\/\/peopleofcostarica.com\/es\/wp-json\/wp\/v2\/media?parent=10710"}],"curies":[{"name":"wp","href":"https:\/\/api.w.org\/{rel}","templated":true}]}}