{"id":10482,"date":"2026-03-12T14:23:38","date_gmt":"2026-03-12T20:23:38","guid":{"rendered":"https:\/\/peopleofcostarica.com\/people-of-costa-rica\/"},"modified":"2026-03-24T08:52:54","modified_gmt":"2026-03-24T14:52:54","slug":"people-of-costa-rica","status":"publish","type":"page","link":"https:\/\/peopleofcostarica.com\/es\/","title":{"rendered":"People of Costa Rica"},"content":{"rendered":"\t\t<div data-elementor-type=\"wp-page\" data-elementor-id=\"10482\" class=\"elementor elementor-10482 elementor-10066\" data-elementor-post-type=\"page\">\n\t\t\t\t<div class=\"elementor-element elementor-element-a85b25e e-flex e-con-boxed e-con e-parent\" data-id=\"a85b25e\" data-element_type=\"container\" data-e-type=\"container\" data-settings=\"{&quot;jet_parallax_layout_list&quot;:[]}\">\n\t\t\t\t\t<div class=\"e-con-inner\">\n\t\t\t\t<div class=\"elementor-element elementor-element-37af6d4 elementor-grid-1 elementor-grid-tablet-1 elementor-grid-mobile-1 elementor-widget elementor-widget-loop-grid\" data-id=\"37af6d4\" data-element_type=\"widget\" data-e-type=\"widget\" data-settings=\"{&quot;template_id&quot;:10023,&quot;columns&quot;:1,&quot;columns_tablet&quot;:1,&quot;_skin&quot;:&quot;post&quot;,&quot;columns_mobile&quot;:&quot;1&quot;,&quot;edit_handle_selector&quot;:&quot;[data-elementor-type=\\&quot;loop-item\\&quot;]&quot;,&quot;row_gap&quot;:{&quot;unit&quot;:&quot;px&quot;,&quot;size&quot;:&quot;&quot;,&quot;sizes&quot;:[]},&quot;row_gap_tablet_extra&quot;:{&quot;unit&quot;:&quot;px&quot;,&quot;size&quot;:&quot;&quot;,&quot;sizes&quot;:[]},&quot;row_gap_tablet&quot;:{&quot;unit&quot;:&quot;px&quot;,&quot;size&quot;:&quot;&quot;,&quot;sizes&quot;:[]},&quot;row_gap_mobile_extra&quot;:{&quot;unit&quot;:&quot;px&quot;,&quot;size&quot;:&quot;&quot;,&quot;sizes&quot;:[]},&quot;row_gap_mobile&quot;:{&quot;unit&quot;:&quot;px&quot;,&quot;size&quot;:&quot;&quot;,&quot;sizes&quot;:[]}}\" data-widget_type=\"loop-grid.post\">\n\t\t\t\t<div class=\"elementor-widget-container\">\n\t\t\t\t\t\t\t<div class=\"elementor-loop-container elementor-grid\" role=\"list\">\n\t\t<style id=\"loop-10023\">.elementor-10023 .elementor-element.elementor-element-44a6c496{--display:flex;--flex-direction:row;--container-widget-width:calc( ( 1 - var( --container-widget-flex-grow ) ) * 100% );--container-widget-height:100%;--container-widget-flex-grow:1;--container-widget-align-self:stretch;--flex-wrap-mobile:wrap;--justify-content:space-between;--align-items:center;--padding-top:0px;--padding-bottom:0px;--padding-left:0px;--padding-right:0px;}.elementor-widget-theme-post-featured-image .widget-image-caption{color:var( --e-global-color-text );font-family:var( --e-global-typography-text-font-family ), Sans-serif;font-size:var( --e-global-typography-text-font-size );font-weight:var( --e-global-typography-text-font-weight );line-height:var( --e-global-typography-text-line-height );}.elementor-10023 .elementor-element.elementor-element-3d488cd3 img{height:260px;object-fit:cover;object-position:center center;}.elementor-10023 .elementor-element.elementor-element-3d488cd3{width:var( --container-widget-width, 50% );max-width:50%;--container-widget-width:50%;--container-widget-flex-grow:0;}.elementor-10023 .elementor-element.elementor-element-2f8fae9c{--display:flex;--flex-direction:column;--container-widget-width:100%;--container-widget-height:initial;--container-widget-flex-grow:0;--container-widget-align-self:initial;--flex-wrap-mobile:wrap;--gap:0px 0px;--row-gap:0px;--column-gap:0px;--padding-top:0px;--padding-bottom:0px;--padding-left:0px;--padding-right:0px;}.elementor-widget-heading .elementor-heading-title{font-family:var( --e-global-typography-primary-font-family ), Sans-serif;font-size:var( --e-global-typography-primary-font-size );font-weight:var( --e-global-typography-primary-font-weight );line-height:var( --e-global-typography-primary-line-height );color:var( --e-global-color-primary );}.elementor-10023 .elementor-element.elementor-element-38c99ac8 .elementor-heading-title{font-family:var( --e-global-typography-65fd483-font-family ), Sans-serif;font-size:var( --e-global-typography-65fd483-font-size );font-weight:var( --e-global-typography-65fd483-font-weight );text-transform:var( --e-global-typography-65fd483-text-transform );line-height:var( --e-global-typography-65fd483-line-height );letter-spacing:var( --e-global-typography-65fd483-letter-spacing );word-spacing:var( --e-global-typography-65fd483-word-spacing );color:var( --e-global-color-5753ab6 );}.elementor-10023 .elementor-element.elementor-element-38c99ac8{padding:2px 8px 2px 8px;width:var( --container-widget-width, fit-content );max-width:fit-content;--container-widget-width:fit-content;--container-widget-flex-grow:0;background-color:#22C55E1A;border-radius:4px 4px 4px 4px;}.elementor-widget-theme-post-title .elementor-heading-title{font-family:var( --e-global-typography-primary-font-family ), Sans-serif;font-size:var( --e-global-typography-primary-font-size );font-weight:var( --e-global-typography-primary-font-weight );line-height:var( --e-global-typography-primary-line-height );color:var( --e-global-color-primary );}.elementor-10023 .elementor-element.elementor-element-20e21ab2 .elementor-heading-title{font-family:\"Inter\", Sans-serif;font-size:1.5rem;font-weight:700;line-height:1.25rem;}.elementor-10023 .elementor-element.elementor-element-20e21ab2{margin:8px 0px calc(var(--kit-widget-spacing, 0px) + 024px) 0px;}.elementor-widget-theme-post-excerpt{font-family:var( --e-global-typography-text-font-family ), Sans-serif;font-size:var( --e-global-typography-text-font-size );font-weight:var( --e-global-typography-text-font-weight );line-height:var( --e-global-typography-text-line-height );color:var( --e-global-color-text );}.elementor-widget-button .elementor-button{font-family:var( --e-global-typography-accent-font-family ), Sans-serif;font-size:var( --e-global-typography-accent-font-size );font-weight:var( --e-global-typography-accent-font-weight );line-height:var( --e-global-typography-accent-line-height );background-color:var( --e-global-color-accent );}.elementor-10023 .elementor-element.elementor-element-771c8d5e .elementor-button{font-family:\"Inter\", Sans-serif;font-size:1.125rem;font-weight:700;background-color:var( --e-global-color-primary );}.elementor-10023 .elementor-element.elementor-element-771c8d5e .elementor-button:hover, .elementor-10023 .elementor-element.elementor-element-771c8d5e .elementor-button:focus{color:var( --e-global-color-primary );background-color:var( --e-global-color-secondary );}.elementor-10023 .elementor-element.elementor-element-771c8d5e .elementor-button:hover svg, .elementor-10023 .elementor-element.elementor-element-771c8d5e .elementor-button:focus svg{fill:var( --e-global-color-primary );}@media(min-width:768px){.elementor-10023 .elementor-element.elementor-element-2f8fae9c{--width:50%;}}@media(max-width:1024px){.elementor-widget-theme-post-featured-image .widget-image-caption{font-size:var( --e-global-typography-text-font-size );line-height:var( --e-global-typography-text-line-height );}.elementor-widget-heading .elementor-heading-title{font-size:var( --e-global-typography-primary-font-size );line-height:var( --e-global-typography-primary-line-height );}.elementor-10023 .elementor-element.elementor-element-38c99ac8 .elementor-heading-title{font-size:var( --e-global-typography-65fd483-font-size );line-height:var( --e-global-typography-65fd483-line-height );letter-spacing:var( --e-global-typography-65fd483-letter-spacing );word-spacing:var( --e-global-typography-65fd483-word-spacing );}.elementor-widget-theme-post-title .elementor-heading-title{font-size:var( --e-global-typography-primary-font-size );line-height:var( --e-global-typography-primary-line-height );}.elementor-widget-theme-post-excerpt{font-size:var( --e-global-typography-text-font-size );line-height:var( --e-global-typography-text-line-height );}.elementor-widget-button .elementor-button{font-size:var( --e-global-typography-accent-font-size );line-height:var( --e-global-typography-accent-line-height );}}@media(max-width:767px){.elementor-widget-theme-post-featured-image .widget-image-caption{font-size:var( --e-global-typography-text-font-size );line-height:var( --e-global-typography-text-line-height );}.elementor-10023 .elementor-element.elementor-element-3d488cd3{--container-widget-width:100%;--container-widget-flex-grow:0;width:var( --container-widget-width, 100% );max-width:100%;}.elementor-widget-heading .elementor-heading-title{font-size:var( --e-global-typography-primary-font-size );line-height:var( --e-global-typography-primary-line-height );}.elementor-10023 .elementor-element.elementor-element-38c99ac8 .elementor-heading-title{font-size:var( --e-global-typography-65fd483-font-size );line-height:var( --e-global-typography-65fd483-line-height );letter-spacing:var( --e-global-typography-65fd483-letter-spacing );word-spacing:var( --e-global-typography-65fd483-word-spacing );}.elementor-widget-theme-post-title .elementor-heading-title{font-size:var( --e-global-typography-primary-font-size );line-height:var( --e-global-typography-primary-line-height );}.elementor-10023 .elementor-element.elementor-element-20e21ab2 .elementor-heading-title{line-height:1.25em;}.elementor-widget-theme-post-excerpt{font-size:var( --e-global-typography-text-font-size );line-height:var( --e-global-typography-text-line-height );}.elementor-widget-button .elementor-button{font-size:var( --e-global-typography-accent-font-size );line-height:var( --e-global-typography-accent-line-height );}}<\/style>\t\t<div data-elementor-type=\"loop-item\" data-elementor-id=\"10023\" class=\"elementor elementor-10023 e-loop-item e-loop-item-10605 post-10605 people-of-costa-rica type-people-of-costa-rica status-publish has-post-thumbnail hentry\" data-elementor-post-type=\"elementor_library\" data-custom-edit-handle=\"1\">\n\t\t\t<div class=\"elementor-element elementor-element-44a6c496 e-con-full e-flex e-con e-parent\" data-id=\"44a6c496\" data-element_type=\"container\" data-e-type=\"container\" data-settings=\"{&quot;jet_parallax_layout_list&quot;:[]}\">\n\t\t\t\t<div class=\"elementor-element elementor-element-3d488cd3 elementor-widget__width-initial elementor-widget elementor-widget-theme-post-featured-image elementor-widget-image\" data-id=\"3d488cd3\" data-element_type=\"widget\" data-e-type=\"widget\" data-widget_type=\"theme-post-featured-image.default\">\n\t\t\t\t\t\t\t\t\t\t\t\t\t\t\t<img fetchpriority=\"high\" decoding=\"async\" width=\"2560\" height=\"1707\" src=\"https:\/\/peopleofcostarica.com\/wp-content\/uploads\/2026\/03\/IMG_4099-scaled.jpg\" class=\"attachment-full size-full wp-image-10607\" alt=\"\" srcset=\"https:\/\/peopleofcostarica.com\/wp-content\/uploads\/2026\/03\/IMG_4099-scaled.jpg 2560w, https:\/\/peopleofcostarica.com\/wp-content\/uploads\/2026\/03\/IMG_4099-300x200.jpg 300w, https:\/\/peopleofcostarica.com\/wp-content\/uploads\/2026\/03\/IMG_4099-1024x683.jpg 1024w, https:\/\/peopleofcostarica.com\/wp-content\/uploads\/2026\/03\/IMG_4099-768x512.jpg 768w, https:\/\/peopleofcostarica.com\/wp-content\/uploads\/2026\/03\/IMG_4099-1536x1024.jpg 1536w, https:\/\/peopleofcostarica.com\/wp-content\/uploads\/2026\/03\/IMG_4099-2048x1365.jpg 2048w, https:\/\/peopleofcostarica.com\/wp-content\/uploads\/2026\/03\/IMG_4099-1320x880.jpg 1320w\" sizes=\"(max-width: 2560px) 100vw, 2560px\" \/>\t\t\t\t\t\t\t\t\t\t\t\t\t\t\t<\/div>\n\t\t<div class=\"elementor-element elementor-element-2f8fae9c e-con-full e-flex e-con e-child\" data-id=\"2f8fae9c\" data-element_type=\"container\" data-e-type=\"container\" data-settings=\"{&quot;jet_parallax_layout_list&quot;:[]}\">\n\t\t\t\t<div class=\"elementor-element elementor-element-38c99ac8 elementor-widget__width-initial elementor-widget elementor-widget-heading\" data-id=\"38c99ac8\" data-element_type=\"widget\" data-e-type=\"widget\" data-widget_type=\"heading.default\">\n\t\t\t\t\t<span class=\"elementor-heading-title elementor-size-default\">People of Costa Rica<\/span>\t\t\t\t<\/div>\n\t\t\t\t<div class=\"elementor-element elementor-element-20e21ab2 elementor-widget elementor-widget-theme-post-title elementor-page-title elementor-widget-heading\" data-id=\"20e21ab2\" data-element_type=\"widget\" data-e-type=\"widget\" data-widget_type=\"theme-post-title.default\">\n\t\t\t\t\t<h1 class=\"elementor-heading-title elementor-size-default\">Regresa el Festival Internacional de las Artes en 2026.<\/h1>\t\t\t\t<\/div>\n\t\t\t\t<div class=\"elementor-element elementor-element-39005098 elementor-widget elementor-widget-theme-post-excerpt\" data-id=\"39005098\" data-element_type=\"widget\" data-e-type=\"widget\" data-widget_type=\"theme-post-excerpt.default\">\n\t\t\t\t\t<p>En 1989 en el gobierno del Presidente y Premio Nobel de la Paz, Oscar Arias Sanches el Festival Internacional de Teatro de San Jos\u00e9 por La Paz tuvo su primera\t\t\t\t<\/div>\n\t\t\t\t<div class=\"elementor-element elementor-element-771c8d5e elementor-widget elementor-widget-button\" data-id=\"771c8d5e\" data-element_type=\"widget\" data-e-type=\"widget\" data-widget_type=\"button.default\">\n\t\t\t\t\t\t\t\t\t\t<a class=\"elementor-button elementor-button-link elementor-size-sm\" href=\"https:\/\/peopleofcostarica.com\/es\/people-of-costa-rica\/regresa-el-festival-internacional-de-las-artes-en-2026\/\">\n\t\t\t\t\t\t<span class=\"elementor-button-content-wrapper\">\n\t\t\t\t\t\t\t\t\t<span class=\"elementor-button-text\">Read Latest Story<\/span>\n\t\t\t\t\t<\/span>\n\t\t\t\t\t<\/a>\n\t\t\t\t\t\t\t\t<\/div>\n\t\t\t\t<\/div>\n\t\t\t\t<\/div>\n\t\t\t\t<\/div>\n\t\t\t\t<\/div>\n\t\t\n\t\t\t\t\t\t<\/div>\n\t\t\t\t<\/div>\n\t\t\t\t\t<\/div>\n\t\t\t\t<\/div>\n\t\t<div class=\"elementor-element elementor-element-3f185cfb e-flex e-con-boxed e-con e-parent\" data-id=\"3f185cfb\" data-element_type=\"container\" data-e-type=\"container\" data-settings=\"{&quot;jet_parallax_layout_list&quot;:[],&quot;background_background&quot;:&quot;classic&quot;}\">\n\t\t\t\t\t<div class=\"e-con-inner\">\n\t\t<div class=\"elementor-element elementor-element-38becfa0 e-con-full e-flex e-con e-child\" data-id=\"38becfa0\" data-element_type=\"container\" data-e-type=\"container\" data-settings=\"{&quot;jet_parallax_layout_list&quot;:[]}\">\n\t\t\t\t<div class=\"elementor-element elementor-element-a5cbc80 elementor-position-inline-start elementor-mobile-position-inline-start elementor-view-default elementor-widget elementor-widget-icon-box\" data-id=\"a5cbc80\" data-element_type=\"widget\" data-e-type=\"widget\" data-widget_type=\"icon-box.default\">\n\t\t\t\t\t\t\t<div class=\"elementor-icon-box-wrapper\">\n\n\t\t\t\t\t\t<div class=\"elementor-icon-box-icon\">\n\t\t\t\t<span  class=\"elementor-icon\">\n\t\t\t\t<svg aria-hidden=\"true\" class=\"e-font-icon-svg e-fas-users\" viewBox=\"0 0 640 512\" xmlns=\"http:\/\/www.w3.org\/2000\/svg\"><path d=\"M96 224c35.3 0 64-28.7 64-64s-28.7-64-64-64-64 28.7-64 64 28.7 64 64 64zm448 0c35.3 0 64-28.7 64-64s-28.7-64-64-64-64 28.7-64 64 28.7 64 64 64zm32 32h-64c-17.6 0-33.5 7.1-45.1 18.6 40.3 22.1 68.9 62 75.1 109.4h66c17.7 0 32-14.3 32-32v-32c0-35.3-28.7-64-64-64zm-256 0c61.9 0 112-50.1 112-112S381.9 32 320 32 208 82.1 208 144s50.1 112 112 112zm76.8 32h-8.3c-20.8 10-43.9 16-68.5 16s-47.6-6-68.5-16h-8.3C179.6 288 128 339.6 128 403.2V432c0 26.5 21.5 48 48 48h288c26.5 0 48-21.5 48-48v-28.8c0-63.6-51.6-115.2-115.2-115.2zm-223.7-13.4C161.5 263.1 145.6 256 128 256H64c-35.3 0-64 28.7-64 64v32c0 17.7 14.3 32 32 32h65.9c6.3-47.4 34.9-87.3 75.2-109.4z\"><\/path><\/svg>\t\t\t\t<\/span>\n\t\t\t<\/div>\n\t\t\t\n\t\t\t\t\t\t<div class=\"elementor-icon-box-content\">\n\n\t\t\t\t\t\t\t\t\t<h2 class=\"elementor-icon-box-title\">\n\t\t\t\t\t\t<span  >\n\t\t\t\t\t\t\tHistorias Fotogr\u00e1ficas: Rostros de Costa Rica\t\t\t\t\t\t<\/span>\n\t\t\t\t\t<\/h2>\n\t\t\t\t\n\t\t\t\t\t\t\t\t\t<p class=\"elementor-icon-box-description\">\n\t\t\t\t\t\tCada rostro cuenta una historia. Conoce a los locales. \t\t\t\t\t<\/p>\n\t\t\t\t\n\t\t\t<\/div>\n\t\t\t\n\t\t<\/div>\n\t\t\t\t\t\t<\/div>\n\t\t\t\t<div class=\"elementor-element elementor-element-570217b7 elementor-hidden-mobile_extra elementor-hidden-mobile elementor-widget elementor-widget-heading\" data-id=\"570217b7\" data-element_type=\"widget\" data-e-type=\"widget\" data-widget_type=\"heading.default\">\n\t\t\t\t\t<span class=\"elementor-heading-title elementor-size-default\"><a href=\"https:\/\/peopleofcostarica.com\/es\/historias-en-fotos\/\">Ver todas las historias<\/a><\/span>\t\t\t\t<\/div>\n\t\t\t\t<\/div>\n\t\t\t\t<div class=\"elementor-element elementor-element-83aa333 elementor-pagination-type-bullets elementor-arrows-position-inside elementor-pagination-position-outside elementor-widget elementor-widget-loop-carousel\" data-id=\"83aa333\" data-element_type=\"widget\" data-e-type=\"widget\" data-settings=\"{&quot;template_id&quot;:10107,&quot;_skin&quot;:&quot;post&quot;,&quot;slides_to_show&quot;:&quot;3&quot;,&quot;slides_to_show_tablet_extra&quot;:&quot;3&quot;,&quot;slides_to_show_tablet&quot;:&quot;2&quot;,&quot;slides_to_show_mobile_extra&quot;:&quot;2&quot;,&quot;slides_to_show_mobile&quot;:&quot;1&quot;,&quot;slides_to_scroll&quot;:&quot;1&quot;,&quot;edit_handle_selector&quot;:&quot;.elementor-loop-container&quot;,&quot;autoplay&quot;:&quot;yes&quot;,&quot;autoplay_speed&quot;:5000,&quot;pause_on_hover&quot;:&quot;yes&quot;,&quot;pause_on_interaction&quot;:&quot;yes&quot;,&quot;infinite&quot;:&quot;yes&quot;,&quot;speed&quot;:500,&quot;offset_sides&quot;:&quot;none&quot;,&quot;arrows&quot;:&quot;yes&quot;,&quot;pagination&quot;:&quot;bullets&quot;,&quot;image_spacing_custom&quot;:{&quot;unit&quot;:&quot;px&quot;,&quot;size&quot;:10,&quot;sizes&quot;:[]},&quot;image_spacing_custom_tablet_extra&quot;:{&quot;unit&quot;:&quot;px&quot;,&quot;size&quot;:&quot;&quot;,&quot;sizes&quot;:[]},&quot;image_spacing_custom_tablet&quot;:{&quot;unit&quot;:&quot;px&quot;,&quot;size&quot;:&quot;&quot;,&quot;sizes&quot;:[]},&quot;image_spacing_custom_mobile_extra&quot;:{&quot;unit&quot;:&quot;px&quot;,&quot;size&quot;:&quot;&quot;,&quot;sizes&quot;:[]},&quot;image_spacing_custom_mobile&quot;:{&quot;unit&quot;:&quot;px&quot;,&quot;size&quot;:&quot;&quot;,&quot;sizes&quot;:[]}}\" data-widget_type=\"loop-carousel.post\">\n\t\t\t\t\t\t\t<div class=\"swiper elementor-loop-container elementor-grid\" role=\"list\" dir=\"ltr\">\n\t\t\t\t<div class=\"swiper-wrapper\" aria-live=\"off\">\n\t\t<style id=\"loop-10107\">.elementor-10107 .elementor-element.elementor-element-53c34de9{--display:flex;--flex-direction:column;--container-widget-width:100%;--container-widget-height:initial;--container-widget-flex-grow:0;--container-widget-align-self:initial;--flex-wrap-mobile:wrap;--justify-content:flex-start;--gap:16px 16px;--row-gap:16px;--column-gap:16px;--margin-top:0px;--margin-bottom:0px;--margin-left:0px;--margin-right:0px;--padding-top:10px;--padding-bottom:0px;--padding-left:0px;--padding-right:0px;}.elementor-widget-theme-post-featured-image .widget-image-caption{color:var( --e-global-color-text );font-family:var( --e-global-typography-text-font-family ), Sans-serif;font-size:var( --e-global-typography-text-font-size );font-weight:var( --e-global-typography-text-font-weight );line-height:var( --e-global-typography-text-line-height );}.elementor-10107 .elementor-element.elementor-element-1e45f8da img{height:380px;object-fit:cover;object-position:center center;border-radius:12px 12px 12px 12px;}.elementor-widget-theme-post-title .elementor-heading-title{font-family:var( --e-global-typography-primary-font-family ), Sans-serif;font-size:var( --e-global-typography-primary-font-size );font-weight:var( --e-global-typography-primary-font-weight );line-height:var( --e-global-typography-primary-line-height );color:var( --e-global-color-primary );}.elementor-10107 .elementor-element.elementor-element-773cdf02{text-align:start;}.elementor-10107 .elementor-element.elementor-element-773cdf02 .elementor-heading-title{font-family:var( --e-global-typography-accent-font-family ), Sans-serif;font-size:var( --e-global-typography-accent-font-size );font-weight:var( --e-global-typography-accent-font-weight );line-height:var( --e-global-typography-accent-line-height );color:var( --e-global-color-text );}@media(max-width:1024px){.elementor-widget-theme-post-featured-image .widget-image-caption{font-size:var( --e-global-typography-text-font-size );line-height:var( --e-global-typography-text-line-height );}.elementor-widget-theme-post-title .elementor-heading-title{font-size:var( --e-global-typography-primary-font-size );line-height:var( --e-global-typography-primary-line-height );}.elementor-10107 .elementor-element.elementor-element-773cdf02 .elementor-heading-title{font-size:var( --e-global-typography-accent-font-size );line-height:var( --e-global-typography-accent-line-height );}}@media(max-width:767px){.elementor-widget-theme-post-featured-image .widget-image-caption{font-size:var( --e-global-typography-text-font-size );line-height:var( --e-global-typography-text-line-height );}.elementor-widget-theme-post-title .elementor-heading-title{font-size:var( --e-global-typography-primary-font-size );line-height:var( --e-global-typography-primary-line-height );}.elementor-10107 .elementor-element.elementor-element-773cdf02 .elementor-heading-title{font-size:var( --e-global-typography-accent-font-size );line-height:var( --e-global-typography-accent-line-height );}}\/* Start custom CSS for container, class: .elementor-element-53c34de9 *\/.elementor-10107 .elementor-element.elementor-element-53c34de9\/* End custom CSS *\/<\/style>\t\t<div data-elementor-type=\"loop-item\" data-elementor-id=\"10107\" class=\"elementor elementor-10107 swiper-slide e-loop-item e-loop-item-10605 post-10605 people-of-costa-rica type-people-of-costa-rica status-publish has-post-thumbnail hentry\" data-elementor-post-type=\"elementor_library\" role=\"group\" aria-roledescription=\"slide\" data-custom-edit-handle=\"1\">\n\t\t\t<a class=\"elementor-element elementor-element-53c34de9 e-con-full card-photo-story-carousel e-flex e-con e-parent\" data-id=\"53c34de9\" data-element_type=\"container\" data-e-type=\"container\" data-settings=\"{&quot;jet_parallax_layout_list&quot;:[]}\" href=\"https:\/\/peopleofcostarica.com\/es\/people-of-costa-rica\/regresa-el-festival-internacional-de-las-artes-en-2026\/\">\n\t\t\t\t<div class=\"elementor-element elementor-element-1e45f8da elementor-widget elementor-widget-theme-post-featured-image elementor-widget-image\" data-id=\"1e45f8da\" data-element_type=\"widget\" data-e-type=\"widget\" data-widget_type=\"theme-post-featured-image.default\">\n\t\t\t\t\t\t\t\t\t\t\t\t\t\t\t<img fetchpriority=\"high\" decoding=\"async\" width=\"2560\" height=\"1707\" src=\"https:\/\/peopleofcostarica.com\/wp-content\/uploads\/2026\/03\/IMG_4099-scaled.jpg\" class=\"attachment-full size-full wp-image-10607\" alt=\"\" srcset=\"https:\/\/peopleofcostarica.com\/wp-content\/uploads\/2026\/03\/IMG_4099-scaled.jpg 2560w, https:\/\/peopleofcostarica.com\/wp-content\/uploads\/2026\/03\/IMG_4099-300x200.jpg 300w, https:\/\/peopleofcostarica.com\/wp-content\/uploads\/2026\/03\/IMG_4099-1024x683.jpg 1024w, https:\/\/peopleofcostarica.com\/wp-content\/uploads\/2026\/03\/IMG_4099-768x512.jpg 768w, https:\/\/peopleofcostarica.com\/wp-content\/uploads\/2026\/03\/IMG_4099-1536x1024.jpg 1536w, https:\/\/peopleofcostarica.com\/wp-content\/uploads\/2026\/03\/IMG_4099-2048x1365.jpg 2048w, https:\/\/peopleofcostarica.com\/wp-content\/uploads\/2026\/03\/IMG_4099-1320x880.jpg 1320w\" sizes=\"(max-width: 2560px) 100vw, 2560px\" \/>\t\t\t\t\t\t\t\t\t\t\t\t\t\t\t<\/div>\n\t\t\t\t<div class=\"elementor-element elementor-element-773cdf02 photo-story-carousel-title elementor-widget elementor-widget-theme-post-title elementor-page-title elementor-widget-heading\" data-id=\"773cdf02\" data-element_type=\"widget\" data-e-type=\"widget\" data-widget_type=\"theme-post-title.default\">\n\t\t\t\t\t<h3 class=\"elementor-heading-title elementor-size-default\">Regresa el Festival Internacional de las Artes en 2026.<\/h3>\t\t\t\t<\/div>\n\t\t\t\t<\/a>\n\t\t\t\t<\/div>\n\t\t\t\t<div data-elementor-type=\"loop-item\" data-elementor-id=\"10107\" class=\"elementor elementor-10107 swiper-slide e-loop-item e-loop-item-10592 post-10592 people-of-costa-rica type-people-of-costa-rica status-publish has-post-thumbnail hentry\" data-elementor-post-type=\"elementor_library\" role=\"group\" aria-roledescription=\"slide\" data-custom-edit-handle=\"1\">\n\t\t\t<a class=\"elementor-element elementor-element-53c34de9 e-con-full card-photo-story-carousel e-flex e-con e-parent\" data-id=\"53c34de9\" data-element_type=\"container\" data-e-type=\"container\" data-settings=\"{&quot;jet_parallax_layout_list&quot;:[]}\" href=\"https:\/\/peopleofcostarica.com\/es\/people-of-costa-rica\/el-dia-a-dia-en-san-jose-y-sus-habitantes\/\">\n\t\t\t\t<div class=\"elementor-element elementor-element-1e45f8da elementor-widget elementor-widget-theme-post-featured-image elementor-widget-image\" data-id=\"1e45f8da\" data-element_type=\"widget\" data-e-type=\"widget\" data-widget_type=\"theme-post-featured-image.default\">\n\t\t\t\t\t\t\t\t\t\t\t\t\t\t\t<img decoding=\"async\" width=\"2560\" height=\"1707\" src=\"https:\/\/peopleofcostarica.com\/wp-content\/uploads\/2026\/03\/IMG_9814-scaled.jpg\" class=\"attachment-full size-full wp-image-10593\" alt=\"\" srcset=\"https:\/\/peopleofcostarica.com\/wp-content\/uploads\/2026\/03\/IMG_9814-scaled.jpg 2560w, https:\/\/peopleofcostarica.com\/wp-content\/uploads\/2026\/03\/IMG_9814-300x200.jpg 300w, https:\/\/peopleofcostarica.com\/wp-content\/uploads\/2026\/03\/IMG_9814-1024x683.jpg 1024w, https:\/\/peopleofcostarica.com\/wp-content\/uploads\/2026\/03\/IMG_9814-768x512.jpg 768w, https:\/\/peopleofcostarica.com\/wp-content\/uploads\/2026\/03\/IMG_9814-1536x1024.jpg 1536w, https:\/\/peopleofcostarica.com\/wp-content\/uploads\/2026\/03\/IMG_9814-2048x1365.jpg 2048w, https:\/\/peopleofcostarica.com\/wp-content\/uploads\/2026\/03\/IMG_9814-1320x880.jpg 1320w\" sizes=\"(max-width: 2560px) 100vw, 2560px\" \/>\t\t\t\t\t\t\t\t\t\t\t\t\t\t\t<\/div>\n\t\t\t\t<div class=\"elementor-element elementor-element-773cdf02 photo-story-carousel-title elementor-widget elementor-widget-theme-post-title elementor-page-title elementor-widget-heading\" data-id=\"773cdf02\" data-element_type=\"widget\" data-e-type=\"widget\" data-widget_type=\"theme-post-title.default\">\n\t\t\t\t\t<h3 class=\"elementor-heading-title elementor-size-default\">El d\u00eda a d\u00eda en San Jos\u00e9 y sus habitantes<\/h3>\t\t\t\t<\/div>\n\t\t\t\t<\/a>\n\t\t\t\t<\/div>\n\t\t\t\t<div data-elementor-type=\"loop-item\" data-elementor-id=\"10107\" class=\"elementor elementor-10107 swiper-slide e-loop-item e-loop-item-5926 post-5926 people-of-costa-rica type-people-of-costa-rica status-publish has-post-thumbnail hentry\" data-elementor-post-type=\"elementor_library\" role=\"group\" aria-roledescription=\"slide\" data-custom-edit-handle=\"1\">\n\t\t\t<a class=\"elementor-element elementor-element-53c34de9 e-con-full card-photo-story-carousel e-flex e-con e-parent\" data-id=\"53c34de9\" data-element_type=\"container\" data-e-type=\"container\" data-settings=\"{&quot;jet_parallax_layout_list&quot;:[]}\" href=\"https:\/\/peopleofcostarica.com\/es\/people-of-costa-rica\/clase-de-cacao-con-memo-en-nicuesa-lodge\/\">\n\t\t\t\t<div class=\"elementor-element elementor-element-1e45f8da elementor-widget elementor-widget-theme-post-featured-image elementor-widget-image\" data-id=\"1e45f8da\" data-element_type=\"widget\" data-e-type=\"widget\" data-widget_type=\"theme-post-featured-image.default\">\n\t\t\t\t\t\t\t\t\t\t\t\t\t\t\t<img decoding=\"async\" width=\"1200\" height=\"1600\" src=\"https:\/\/peopleofcostarica.com\/wp-content\/uploads\/2025\/10\/Imagen-de-WhatsApp-2025-10-01-a-las-16.29.05_c1d63dd5-1.jpg\" class=\"attachment-full size-full wp-image-5939\" alt=\"\" srcset=\"https:\/\/peopleofcostarica.com\/wp-content\/uploads\/2025\/10\/Imagen-de-WhatsApp-2025-10-01-a-las-16.29.05_c1d63dd5-1.jpg 1200w, https:\/\/peopleofcostarica.com\/wp-content\/uploads\/2025\/10\/Imagen-de-WhatsApp-2025-10-01-a-las-16.29.05_c1d63dd5-1-225x300.jpg 225w, https:\/\/peopleofcostarica.com\/wp-content\/uploads\/2025\/10\/Imagen-de-WhatsApp-2025-10-01-a-las-16.29.05_c1d63dd5-1-768x1024.jpg 768w, https:\/\/peopleofcostarica.com\/wp-content\/uploads\/2025\/10\/Imagen-de-WhatsApp-2025-10-01-a-las-16.29.05_c1d63dd5-1-1152x1536.jpg 1152w\" sizes=\"(max-width: 1200px) 100vw, 1200px\" \/>\t\t\t\t\t\t\t\t\t\t\t\t\t\t\t<\/div>\n\t\t\t\t<div class=\"elementor-element elementor-element-773cdf02 photo-story-carousel-title elementor-widget elementor-widget-theme-post-title elementor-page-title elementor-widget-heading\" data-id=\"773cdf02\" data-element_type=\"widget\" data-e-type=\"widget\" data-widget_type=\"theme-post-title.default\">\n\t\t\t\t\t<h3 class=\"elementor-heading-title elementor-size-default\">Clase de Cacao con Memo en Nicuesa Lodge<\/h3>\t\t\t\t<\/div>\n\t\t\t\t<\/a>\n\t\t\t\t<\/div>\n\t\t\t\t<div data-elementor-type=\"loop-item\" data-elementor-id=\"10107\" class=\"elementor elementor-10107 swiper-slide e-loop-item e-loop-item-4291 post-4291 people-of-costa-rica type-people-of-costa-rica status-publish has-post-thumbnail hentry\" data-elementor-post-type=\"elementor_library\" role=\"group\" aria-roledescription=\"slide\" data-custom-edit-handle=\"1\">\n\t\t\t<a class=\"elementor-element elementor-element-53c34de9 e-con-full card-photo-story-carousel e-flex e-con e-parent\" data-id=\"53c34de9\" data-element_type=\"container\" data-e-type=\"container\" data-settings=\"{&quot;jet_parallax_layout_list&quot;:[]}\" href=\"https:\/\/peopleofcostarica.com\/es\/people-of-costa-rica\/angelo-como-quiero-a-mi-limon\/\">\n\t\t\t\t<div class=\"elementor-element elementor-element-1e45f8da elementor-widget elementor-widget-theme-post-featured-image elementor-widget-image\" data-id=\"1e45f8da\" data-element_type=\"widget\" data-e-type=\"widget\" data-widget_type=\"theme-post-featured-image.default\">\n\t\t\t\t\t\t\t\t\t\t\t\t\t\t\t<img loading=\"lazy\" decoding=\"async\" width=\"900\" height=\"1600\" src=\"https:\/\/peopleofcostarica.com\/wp-content\/uploads\/2025\/05\/3a5b58e8-d6ac-4ef5-b907-2c6ce3215aa0.jpg\" class=\"attachment-full size-full wp-image-4292\" alt=\"\" srcset=\"https:\/\/peopleofcostarica.com\/wp-content\/uploads\/2025\/05\/3a5b58e8-d6ac-4ef5-b907-2c6ce3215aa0.jpg 900w, https:\/\/peopleofcostarica.com\/wp-content\/uploads\/2025\/05\/3a5b58e8-d6ac-4ef5-b907-2c6ce3215aa0-169x300.jpg 169w, https:\/\/peopleofcostarica.com\/wp-content\/uploads\/2025\/05\/3a5b58e8-d6ac-4ef5-b907-2c6ce3215aa0-576x1024.jpg 576w, https:\/\/peopleofcostarica.com\/wp-content\/uploads\/2025\/05\/3a5b58e8-d6ac-4ef5-b907-2c6ce3215aa0-768x1365.jpg 768w, https:\/\/peopleofcostarica.com\/wp-content\/uploads\/2025\/05\/3a5b58e8-d6ac-4ef5-b907-2c6ce3215aa0-864x1536.jpg 864w\" sizes=\"(max-width: 900px) 100vw, 900px\" \/>\t\t\t\t\t\t\t\t\t\t\t\t\t\t\t<\/div>\n\t\t\t\t<div class=\"elementor-element elementor-element-773cdf02 photo-story-carousel-title elementor-widget elementor-widget-theme-post-title elementor-page-title elementor-widget-heading\" data-id=\"773cdf02\" data-element_type=\"widget\" data-e-type=\"widget\" data-widget_type=\"theme-post-title.default\">\n\t\t\t\t\t<h3 class=\"elementor-heading-title elementor-size-default\">Angelo, como quiero a mi Lim\u00f3n.<\/h3>\t\t\t\t<\/div>\n\t\t\t\t<\/a>\n\t\t\t\t<\/div>\n\t\t\t\t<div data-elementor-type=\"loop-item\" data-elementor-id=\"10107\" class=\"elementor elementor-10107 swiper-slide e-loop-item e-loop-item-7992 post-7992 people-of-costa-rica type-people-of-costa-rica status-publish has-post-thumbnail hentry\" data-elementor-post-type=\"elementor_library\" role=\"group\" aria-roledescription=\"slide\" data-custom-edit-handle=\"1\">\n\t\t\t<a class=\"elementor-element elementor-element-53c34de9 e-con-full card-photo-story-carousel e-flex e-con e-parent\" data-id=\"53c34de9\" data-element_type=\"container\" data-e-type=\"container\" data-settings=\"{&quot;jet_parallax_layout_list&quot;:[]}\" href=\"https:\/\/peopleofcostarica.com\/es\/people-of-costa-rica\/paquito-el-gallo\/\">\n\t\t\t\t<div class=\"elementor-element elementor-element-1e45f8da elementor-widget elementor-widget-theme-post-featured-image elementor-widget-image\" data-id=\"1e45f8da\" data-element_type=\"widget\" data-e-type=\"widget\" data-widget_type=\"theme-post-featured-image.default\">\n\t\t\t\t\t\t\t\t\t\t\t\t\t\t\t<img loading=\"lazy\" decoding=\"async\" width=\"1024\" height=\"683\" src=\"https:\/\/peopleofcostarica.com\/wp-content\/uploads\/2023\/11\/image.png\" class=\"attachment-full size-full wp-image-1359\" alt=\"\" srcset=\"https:\/\/peopleofcostarica.com\/wp-content\/uploads\/2023\/11\/image.png 1024w, https:\/\/peopleofcostarica.com\/wp-content\/uploads\/2023\/11\/image-300x200.png 300w, https:\/\/peopleofcostarica.com\/wp-content\/uploads\/2023\/11\/image-768x512.png 768w\" sizes=\"(max-width: 1024px) 100vw, 1024px\" \/>\t\t\t\t\t\t\t\t\t\t\t\t\t\t\t<\/div>\n\t\t\t\t<div class=\"elementor-element elementor-element-773cdf02 photo-story-carousel-title elementor-widget elementor-widget-theme-post-title elementor-page-title elementor-widget-heading\" data-id=\"773cdf02\" data-element_type=\"widget\" data-e-type=\"widget\" data-widget_type=\"theme-post-title.default\">\n\t\t\t\t\t<h3 class=\"elementor-heading-title elementor-size-default\">Paquito el Gallo<\/h3>\t\t\t\t<\/div>\n\t\t\t\t<\/a>\n\t\t\t\t<\/div>\n\t\t\t\t<div data-elementor-type=\"loop-item\" data-elementor-id=\"10107\" class=\"elementor elementor-10107 swiper-slide e-loop-item e-loop-item-3772 post-3772 people-of-costa-rica type-people-of-costa-rica status-publish has-post-thumbnail hentry\" data-elementor-post-type=\"elementor_library\" role=\"group\" aria-roledescription=\"slide\" data-custom-edit-handle=\"1\">\n\t\t\t<a class=\"elementor-element elementor-element-53c34de9 e-con-full card-photo-story-carousel e-flex e-con e-parent\" data-id=\"53c34de9\" data-element_type=\"container\" data-e-type=\"container\" data-settings=\"{&quot;jet_parallax_layout_list&quot;:[]}\" href=\"https:\/\/peopleofcostarica.com\/es\/people-of-costa-rica\/flores-infancia-y-el-mercado-central-de-costa-rica\/\">\n\t\t\t\t<div class=\"elementor-element elementor-element-1e45f8da elementor-widget elementor-widget-theme-post-featured-image elementor-widget-image\" data-id=\"1e45f8da\" data-element_type=\"widget\" data-e-type=\"widget\" data-widget_type=\"theme-post-featured-image.default\">\n\t\t\t\t\t\t\t\t\t\t\t\t\t\t\t<img loading=\"lazy\" decoding=\"async\" width=\"918\" height=\"612\" src=\"https:\/\/peopleofcostarica.com\/wp-content\/uploads\/2023\/11\/IMG_5264.png\" class=\"attachment-full size-full wp-image-1258\" alt=\"\" srcset=\"https:\/\/peopleofcostarica.com\/wp-content\/uploads\/2023\/11\/IMG_5264.png 918w, https:\/\/peopleofcostarica.com\/wp-content\/uploads\/2023\/11\/IMG_5264-300x200.png 300w, https:\/\/peopleofcostarica.com\/wp-content\/uploads\/2023\/11\/IMG_5264-768x512.png 768w\" sizes=\"(max-width: 918px) 100vw, 918px\" \/>\t\t\t\t\t\t\t\t\t\t\t\t\t\t\t<\/div>\n\t\t\t\t<div class=\"elementor-element elementor-element-773cdf02 photo-story-carousel-title elementor-widget elementor-widget-theme-post-title elementor-page-title elementor-widget-heading\" data-id=\"773cdf02\" data-element_type=\"widget\" data-e-type=\"widget\" data-widget_type=\"theme-post-title.default\">\n\t\t\t\t\t<h3 class=\"elementor-heading-title elementor-size-default\">Flores, infancia y el Mercado Central de Costa Rica<\/h3>\t\t\t\t<\/div>\n\t\t\t\t<\/a>\n\t\t\t\t<\/div>\n\t\t\t\t<div data-elementor-type=\"loop-item\" data-elementor-id=\"10107\" class=\"elementor elementor-10107 swiper-slide e-loop-item e-loop-item-3770 post-3770 people-of-costa-rica type-people-of-costa-rica status-publish has-post-thumbnail hentry\" data-elementor-post-type=\"elementor_library\" role=\"group\" aria-roledescription=\"slide\" data-custom-edit-handle=\"1\">\n\t\t\t<a class=\"elementor-element elementor-element-53c34de9 e-con-full card-photo-story-carousel e-flex e-con e-parent\" data-id=\"53c34de9\" data-element_type=\"container\" data-e-type=\"container\" data-settings=\"{&quot;jet_parallax_layout_list&quot;:[]}\" href=\"https:\/\/peopleofcostarica.com\/es\/people-of-costa-rica\/mas-cerca-de-dios-un-perro-y-la-negrita-de-los-angeles\/\">\n\t\t\t\t<div class=\"elementor-element elementor-element-1e45f8da elementor-widget elementor-widget-theme-post-featured-image elementor-widget-image\" data-id=\"1e45f8da\" data-element_type=\"widget\" data-e-type=\"widget\" data-widget_type=\"theme-post-featured-image.default\">\n\t\t\t\t\t\t\t\t\t\t\t\t\t\t\t<img loading=\"lazy\" decoding=\"async\" width=\"1296\" height=\"1944\" src=\"https:\/\/peopleofcostarica.com\/wp-content\/uploads\/2023\/11\/40684215_979999048868238_4980781875619430400_n.jpg\" class=\"attachment-full size-full wp-image-1248\" alt=\"\" srcset=\"https:\/\/peopleofcostarica.com\/wp-content\/uploads\/2023\/11\/40684215_979999048868238_4980781875619430400_n.jpg 1296w, https:\/\/peopleofcostarica.com\/wp-content\/uploads\/2023\/11\/40684215_979999048868238_4980781875619430400_n-200x300.jpg 200w, https:\/\/peopleofcostarica.com\/wp-content\/uploads\/2023\/11\/40684215_979999048868238_4980781875619430400_n-683x1024.jpg 683w, https:\/\/peopleofcostarica.com\/wp-content\/uploads\/2023\/11\/40684215_979999048868238_4980781875619430400_n-768x1152.jpg 768w, https:\/\/peopleofcostarica.com\/wp-content\/uploads\/2023\/11\/40684215_979999048868238_4980781875619430400_n-1024x1536.jpg 1024w\" sizes=\"(max-width: 1296px) 100vw, 1296px\" \/>\t\t\t\t\t\t\t\t\t\t\t\t\t\t\t<\/div>\n\t\t\t\t<div class=\"elementor-element elementor-element-773cdf02 photo-story-carousel-title elementor-widget elementor-widget-theme-post-title elementor-page-title elementor-widget-heading\" data-id=\"773cdf02\" data-element_type=\"widget\" data-e-type=\"widget\" data-widget_type=\"theme-post-title.default\">\n\t\t\t\t\t<h3 class=\"elementor-heading-title elementor-size-default\">M\u00e1s cerca de Dios, un perro y La Negrita de los \u00c1ngeles<\/h3>\t\t\t\t<\/div>\n\t\t\t\t<\/a>\n\t\t\t\t<\/div>\n\t\t\t\t<div data-elementor-type=\"loop-item\" data-elementor-id=\"10107\" class=\"elementor elementor-10107 swiper-slide e-loop-item e-loop-item-3768 post-3768 people-of-costa-rica type-people-of-costa-rica status-publish has-post-thumbnail hentry\" data-elementor-post-type=\"elementor_library\" role=\"group\" aria-roledescription=\"slide\" data-custom-edit-handle=\"1\">\n\t\t\t<a class=\"elementor-element elementor-element-53c34de9 e-con-full card-photo-story-carousel e-flex e-con e-parent\" data-id=\"53c34de9\" data-element_type=\"container\" data-e-type=\"container\" data-settings=\"{&quot;jet_parallax_layout_list&quot;:[]}\" href=\"https:\/\/peopleofcostarica.com\/es\/people-of-costa-rica\/gente-feliz\/\">\n\t\t\t\t<div class=\"elementor-element elementor-element-1e45f8da elementor-widget elementor-widget-theme-post-featured-image elementor-widget-image\" data-id=\"1e45f8da\" data-element_type=\"widget\" data-e-type=\"widget\" data-widget_type=\"theme-post-featured-image.default\">\n\t\t\t\t\t\t\t\t\t\t\t\t\t\t\t<img loading=\"lazy\" decoding=\"async\" width=\"1296\" height=\"864\" src=\"https:\/\/peopleofcostarica.com\/wp-content\/uploads\/2023\/11\/20617172_735301610004651_1771975206437992169_o.jpg\" class=\"attachment-full size-full wp-image-1240\" alt=\"\" srcset=\"https:\/\/peopleofcostarica.com\/wp-content\/uploads\/2023\/11\/20617172_735301610004651_1771975206437992169_o.jpg 1296w, https:\/\/peopleofcostarica.com\/wp-content\/uploads\/2023\/11\/20617172_735301610004651_1771975206437992169_o-300x200.jpg 300w, https:\/\/peopleofcostarica.com\/wp-content\/uploads\/2023\/11\/20617172_735301610004651_1771975206437992169_o-1024x683.jpg 1024w, https:\/\/peopleofcostarica.com\/wp-content\/uploads\/2023\/11\/20617172_735301610004651_1771975206437992169_o-768x512.jpg 768w\" sizes=\"(max-width: 1296px) 100vw, 1296px\" \/>\t\t\t\t\t\t\t\t\t\t\t\t\t\t\t<\/div>\n\t\t\t\t<div class=\"elementor-element elementor-element-773cdf02 photo-story-carousel-title elementor-widget elementor-widget-theme-post-title elementor-page-title elementor-widget-heading\" data-id=\"773cdf02\" data-element_type=\"widget\" data-e-type=\"widget\" data-widget_type=\"theme-post-title.default\">\n\t\t\t\t\t<h3 class=\"elementor-heading-title elementor-size-default\">Gente feliz<\/h3>\t\t\t\t<\/div>\n\t\t\t\t<\/a>\n\t\t\t\t<\/div>\n\t\t\t\t<div data-elementor-type=\"loop-item\" data-elementor-id=\"10107\" class=\"elementor elementor-10107 swiper-slide e-loop-item e-loop-item-3766 post-3766 people-of-costa-rica type-people-of-costa-rica status-publish has-post-thumbnail hentry\" data-elementor-post-type=\"elementor_library\" role=\"group\" aria-roledescription=\"slide\" data-custom-edit-handle=\"1\">\n\t\t\t<a class=\"elementor-element elementor-element-53c34de9 e-con-full card-photo-story-carousel e-flex e-con e-parent\" data-id=\"53c34de9\" data-element_type=\"container\" data-e-type=\"container\" data-settings=\"{&quot;jet_parallax_layout_list&quot;:[]}\" href=\"https:\/\/peopleofcostarica.com\/es\/people-of-costa-rica\/policia-montada-en-la-sabana\/\">\n\t\t\t\t<div class=\"elementor-element elementor-element-1e45f8da elementor-widget elementor-widget-theme-post-featured-image elementor-widget-image\" data-id=\"1e45f8da\" data-element_type=\"widget\" data-e-type=\"widget\" data-widget_type=\"theme-post-featured-image.default\">\n\t\t\t\t\t\t\t\t\t\t\t\t\t\t\t<img loading=\"lazy\" decoding=\"async\" width=\"2048\" height=\"1365\" src=\"https:\/\/peopleofcostarica.com\/wp-content\/uploads\/2023\/07\/12605329_1097041006995248_7514531342653566661_o-1.jpg\" class=\"attachment-full size-full wp-image-1129\" alt=\"\" srcset=\"https:\/\/peopleofcostarica.com\/wp-content\/uploads\/2023\/07\/12605329_1097041006995248_7514531342653566661_o-1.jpg 2048w, https:\/\/peopleofcostarica.com\/wp-content\/uploads\/2023\/07\/12605329_1097041006995248_7514531342653566661_o-1-300x200.jpg 300w, https:\/\/peopleofcostarica.com\/wp-content\/uploads\/2023\/07\/12605329_1097041006995248_7514531342653566661_o-1-1024x683.jpg 1024w, https:\/\/peopleofcostarica.com\/wp-content\/uploads\/2023\/07\/12605329_1097041006995248_7514531342653566661_o-1-768x512.jpg 768w, https:\/\/peopleofcostarica.com\/wp-content\/uploads\/2023\/07\/12605329_1097041006995248_7514531342653566661_o-1-1536x1024.jpg 1536w, https:\/\/peopleofcostarica.com\/wp-content\/uploads\/2023\/07\/12605329_1097041006995248_7514531342653566661_o-1-1320x880.jpg 1320w\" sizes=\"(max-width: 2048px) 100vw, 2048px\" \/>\t\t\t\t\t\t\t\t\t\t\t\t\t\t\t<\/div>\n\t\t\t\t<div class=\"elementor-element elementor-element-773cdf02 photo-story-carousel-title elementor-widget elementor-widget-theme-post-title elementor-page-title elementor-widget-heading\" data-id=\"773cdf02\" data-element_type=\"widget\" data-e-type=\"widget\" data-widget_type=\"theme-post-title.default\">\n\t\t\t\t\t<h3 class=\"elementor-heading-title elementor-size-default\">Polic\u00eda montada en La Sabana<\/h3>\t\t\t\t<\/div>\n\t\t\t\t<\/a>\n\t\t\t\t<\/div>\n\t\t\t\t<div data-elementor-type=\"loop-item\" data-elementor-id=\"10107\" class=\"elementor elementor-10107 swiper-slide e-loop-item e-loop-item-3764 post-3764 people-of-costa-rica type-people-of-costa-rica status-publish has-post-thumbnail hentry\" data-elementor-post-type=\"elementor_library\" role=\"group\" aria-roledescription=\"slide\" data-custom-edit-handle=\"1\">\n\t\t\t<a class=\"elementor-element elementor-element-53c34de9 e-con-full card-photo-story-carousel e-flex e-con e-parent\" data-id=\"53c34de9\" data-element_type=\"container\" data-e-type=\"container\" data-settings=\"{&quot;jet_parallax_layout_list&quot;:[]}\" href=\"https:\/\/peopleofcostarica.com\/es\/people-of-costa-rica\/reforestando-la-sabana-con-arboles-endemicos\/\">\n\t\t\t\t<div class=\"elementor-element elementor-element-1e45f8da elementor-widget elementor-widget-theme-post-featured-image elementor-widget-image\" data-id=\"1e45f8da\" data-element_type=\"widget\" data-e-type=\"widget\" data-widget_type=\"theme-post-featured-image.default\">\n\t\t\t\t\t\t\t\t\t\t\t\t\t\t\t<img loading=\"lazy\" decoding=\"async\" width=\"2048\" height=\"1365\" src=\"https:\/\/peopleofcostarica.com\/wp-content\/uploads\/2023\/07\/13391365_1188037081228973_1971765276876474632_o-1.jpg\" class=\"attachment-full size-full wp-image-893\" alt=\"\" srcset=\"https:\/\/peopleofcostarica.com\/wp-content\/uploads\/2023\/07\/13391365_1188037081228973_1971765276876474632_o-1.jpg 2048w, https:\/\/peopleofcostarica.com\/wp-content\/uploads\/2023\/07\/13391365_1188037081228973_1971765276876474632_o-1-300x200.jpg 300w, https:\/\/peopleofcostarica.com\/wp-content\/uploads\/2023\/07\/13391365_1188037081228973_1971765276876474632_o-1-1024x683.jpg 1024w, https:\/\/peopleofcostarica.com\/wp-content\/uploads\/2023\/07\/13391365_1188037081228973_1971765276876474632_o-1-768x512.jpg 768w, https:\/\/peopleofcostarica.com\/wp-content\/uploads\/2023\/07\/13391365_1188037081228973_1971765276876474632_o-1-1536x1024.jpg 1536w, https:\/\/peopleofcostarica.com\/wp-content\/uploads\/2023\/07\/13391365_1188037081228973_1971765276876474632_o-1-1320x880.jpg 1320w\" sizes=\"(max-width: 2048px) 100vw, 2048px\" \/>\t\t\t\t\t\t\t\t\t\t\t\t\t\t\t<\/div>\n\t\t\t\t<div class=\"elementor-element elementor-element-773cdf02 photo-story-carousel-title elementor-widget elementor-widget-theme-post-title elementor-page-title elementor-widget-heading\" data-id=\"773cdf02\" data-element_type=\"widget\" data-e-type=\"widget\" data-widget_type=\"theme-post-title.default\">\n\t\t\t\t\t<h3 class=\"elementor-heading-title elementor-size-default\">Reforestando La Sabana con \u00e1rboles end\u00e9micos<\/h3>\t\t\t\t<\/div>\n\t\t\t\t<\/a>\n\t\t\t\t<\/div>\n\t\t\t\t<\/div>\n\t\t<\/div>\n\t\t\t\t\t<div class=\"elementor-swiper-button elementor-swiper-button-prev\" role=\"button\" tabindex=\"0\" aria-label=\"Anterior\">\n\t\t\t\t<svg aria-hidden=\"true\" class=\"e-font-icon-svg e-eicon-chevron-left\" viewBox=\"0 0 1000 1000\" xmlns=\"http:\/\/www.w3.org\/2000\/svg\"><path d=\"M646 125C629 125 613 133 604 142L308 442C296 454 292 471 292 487 292 504 296 521 308 533L604 854C617 867 629 875 646 875 663 875 679 871 692 858 704 846 713 829 713 812 713 796 708 779 692 767L438 487 692 225C700 217 708 204 708 187 708 171 704 154 692 142 675 129 663 125 646 125Z\"><\/path><\/svg>\t\t\t<\/div>\n\t\t\t<div class=\"elementor-swiper-button elementor-swiper-button-next\" role=\"button\" tabindex=\"0\" aria-label=\"Siguiente\">\n\t\t\t\t<svg aria-hidden=\"true\" class=\"e-font-icon-svg e-eicon-chevron-right\" viewBox=\"0 0 1000 1000\" xmlns=\"http:\/\/www.w3.org\/2000\/svg\"><path d=\"M696 533C708 521 713 504 713 487 713 471 708 454 696 446L400 146C388 133 375 125 354 125 338 125 325 129 313 142 300 154 292 171 292 187 292 204 296 221 308 233L563 492 304 771C292 783 288 800 288 817 288 833 296 850 308 863 321 871 338 875 354 875 371 875 388 867 400 854L696 533Z\"><\/path><\/svg>\t\t\t<\/div>\n\t\t\t\t\t<div class=\"swiper-pagination\"><\/div>\n\t\t\t\t\t\t<\/div>\n\t\t\t\t\t<\/div>\n\t\t\t\t<\/div>\n\t\t<div class=\"elementor-element elementor-element-e869f66 e-flex e-con-boxed e-con e-parent\" data-id=\"e869f66\" data-element_type=\"container\" data-e-type=\"container\" data-settings=\"{&quot;jet_parallax_layout_list&quot;:[]}\">\n\t\t\t\t\t<div class=\"e-con-inner\">\n\t\t\t\t<div class=\"elementor-element elementor-element-e2a9327 elementor-position-inline-start elementor-mobile-position-inline-start elementor-view-default elementor-widget elementor-widget-icon-box\" data-id=\"e2a9327\" data-element_type=\"widget\" data-e-type=\"widget\" data-widget_type=\"icon-box.default\">\n\t\t\t\t\t\t\t<div class=\"elementor-icon-box-wrapper\">\n\n\t\t\t\t\t\t<div class=\"elementor-icon-box-icon\">\n\t\t\t\t<span  class=\"elementor-icon\">\n\t\t\t\t<svg aria-hidden=\"true\" class=\"e-font-icon-svg e-far-newspaper\" viewBox=\"0 0 576 512\" xmlns=\"http:\/\/www.w3.org\/2000\/svg\"><path d=\"M552 64H112c-20.858 0-38.643 13.377-45.248 32H24c-13.255 0-24 10.745-24 24v272c0 30.928 25.072 56 56 56h496c13.255 0 24-10.745 24-24V88c0-13.255-10.745-24-24-24zM48 392V144h16v248c0 4.411-3.589 8-8 8s-8-3.589-8-8zm480 8H111.422c.374-2.614.578-5.283.578-8V112h416v288zM172 280h136c6.627 0 12-5.373 12-12v-96c0-6.627-5.373-12-12-12H172c-6.627 0-12 5.373-12 12v96c0 6.627 5.373 12 12 12zm28-80h80v40h-80v-40zm-40 140v-24c0-6.627 5.373-12 12-12h136c6.627 0 12 5.373 12 12v24c0 6.627-5.373 12-12 12H172c-6.627 0-12-5.373-12-12zm192 0v-24c0-6.627 5.373-12 12-12h104c6.627 0 12 5.373 12 12v24c0 6.627-5.373 12-12 12H364c-6.627 0-12-5.373-12-12zm0-144v-24c0-6.627 5.373-12 12-12h104c6.627 0 12 5.373 12 12v24c0 6.627-5.373 12-12 12H364c-6.627 0-12-5.373-12-12zm0 72v-24c0-6.627 5.373-12 12-12h104c6.627 0 12 5.373 12 12v24c0 6.627-5.373 12-12 12H364c-6.627 0-12-5.373-12-12z\"><\/path><\/svg>\t\t\t\t<\/span>\n\t\t\t<\/div>\n\t\t\t\n\t\t\t\t\t\t<div class=\"elementor-icon-box-content\">\n\n\t\t\t\t\t\t\t\t\t<h2 class=\"elementor-icon-box-title\">\n\t\t\t\t\t\t<span  >\n\t\t\t\t\t\t\tNoticias\t\t\t\t\t\t<\/span>\n\t\t\t\t\t<\/h2>\n\t\t\t\t\n\t\t\t\t\n\t\t\t<\/div>\n\t\t\t\n\t\t<\/div>\n\t\t\t\t\t\t<\/div>\n\t\t\t\t<div class=\"elementor-element elementor-element-022b583 elementor-grid-5 elementor-grid-mobile-2 elementor-grid-tablet-2 elementor-posts--thumbnail-top elementor-widget elementor-widget-posts\" data-id=\"022b583\" data-element_type=\"widget\" data-e-type=\"widget\" data-settings=\"{&quot;classic_columns&quot;:&quot;5&quot;,&quot;classic_row_gap&quot;:{&quot;unit&quot;:&quot;px&quot;,&quot;size&quot;:16,&quot;sizes&quot;:[]},&quot;classic_columns_mobile&quot;:&quot;2&quot;,&quot;classic_columns_tablet&quot;:&quot;2&quot;,&quot;classic_row_gap_tablet_extra&quot;:{&quot;unit&quot;:&quot;px&quot;,&quot;size&quot;:&quot;&quot;,&quot;sizes&quot;:[]},&quot;classic_row_gap_tablet&quot;:{&quot;unit&quot;:&quot;px&quot;,&quot;size&quot;:&quot;&quot;,&quot;sizes&quot;:[]},&quot;classic_row_gap_mobile_extra&quot;:{&quot;unit&quot;:&quot;px&quot;,&quot;size&quot;:&quot;&quot;,&quot;sizes&quot;:[]},&quot;classic_row_gap_mobile&quot;:{&quot;unit&quot;:&quot;px&quot;,&quot;size&quot;:&quot;&quot;,&quot;sizes&quot;:[]}}\" data-widget_type=\"posts.classic\">\n\t\t\t\t<div class=\"elementor-widget-container\">\n\t\t\t\t\t\t\t<div class=\"elementor-posts-container elementor-posts elementor-posts--skin-classic elementor-grid\" role=\"list\">\n\t\t\t\t<article class=\"elementor-post elementor-grid-item post-8419 post type-post status-publish format-standard has-post-thumbnail hentry category-politica\" role=\"listitem\">\n\t\t\t\t<a class=\"elementor-post__thumbnail__link\" href=\"https:\/\/peopleofcostarica.com\/es\/la-biografia-de-nuestra-libertad-entrega-iv-las-conquistas-de-la-ciudadania-1950-1953\/\" tabindex=\"-1\">\n\t\t\t<div class=\"elementor-post__thumbnail\"><img loading=\"lazy\" decoding=\"async\" width=\"300\" height=\"261\" src=\"https:\/\/peopleofcostarica.com\/wp-content\/uploads\/2026\/04\/Photo-300x261.png\" class=\"attachment-medium size-medium wp-image-8422\" alt=\"\" srcset=\"https:\/\/peopleofcostarica.com\/wp-content\/uploads\/2026\/04\/Photo-300x261.png 300w, https:\/\/peopleofcostarica.com\/wp-content\/uploads\/2026\/04\/Photo-1024x891.png 1024w, https:\/\/peopleofcostarica.com\/wp-content\/uploads\/2026\/04\/Photo-768x668.png 768w, https:\/\/peopleofcostarica.com\/wp-content\/uploads\/2026\/04\/Photo-1320x1148.png 1320w, https:\/\/peopleofcostarica.com\/wp-content\/uploads\/2026\/04\/Photo.png 1382w\" sizes=\"(max-width: 300px) 100vw, 300px\" \/><\/div>\n\t\t<\/a>\n\t\t\t\t<div class=\"elementor-post__text\">\n\t\t\t\t<h3 class=\"elementor-post__title\">\n\t\t\t<a href=\"https:\/\/peopleofcostarica.com\/es\/la-biografia-de-nuestra-libertad-entrega-iv-las-conquistas-de-la-ciudadania-1950-1953\/\">\n\t\t\t\tLa Biograf\u00eda de nuestra Libertad (Entrega IV): Las Conquistas de la Ciudadan\u00eda (1950-1953)\t\t\t<\/a>\n\t\t<\/h3>\n\t\t\t\t<\/div>\n\t\t\t\t<\/article>\n\t\t\t\t<article class=\"elementor-post elementor-grid-item post-12452 post type-post status-publish format-standard has-post-thumbnail hentry category-noticias category-clima-y-ambiente\" role=\"listitem\">\n\t\t\t\t<a class=\"elementor-post__thumbnail__link\" href=\"https:\/\/peopleofcostarica.com\/es\/costa-rica-enfrenta-un-2026-mas-seco-y-caluroso-con-inicio-irregular-de-la-temporada-lluviosa\/\" tabindex=\"-1\">\n\t\t\t<div class=\"elementor-post__thumbnail\"><img loading=\"lazy\" decoding=\"async\" width=\"300\" height=\"225\" src=\"https:\/\/peopleofcostarica.com\/wp-content\/uploads\/2026\/04\/costa-rica-rainy-season-cloud-forest-300x225.webp\" class=\"attachment-medium size-medium wp-image-12453\" alt=\"\" srcset=\"https:\/\/peopleofcostarica.com\/wp-content\/uploads\/2026\/04\/costa-rica-rainy-season-cloud-forest-300x225.webp 300w, https:\/\/peopleofcostarica.com\/wp-content\/uploads\/2026\/04\/costa-rica-rainy-season-cloud-forest-768x576.webp 768w, https:\/\/peopleofcostarica.com\/wp-content\/uploads\/2026\/04\/costa-rica-rainy-season-cloud-forest.webp 800w\" sizes=\"(max-width: 300px) 100vw, 300px\" \/><\/div>\n\t\t<\/a>\n\t\t\t\t<div class=\"elementor-post__text\">\n\t\t\t\t<h3 class=\"elementor-post__title\">\n\t\t\t<a href=\"https:\/\/peopleofcostarica.com\/es\/costa-rica-enfrenta-un-2026-mas-seco-y-caluroso-con-inicio-irregular-de-la-temporada-lluviosa\/\">\n\t\t\t\tCosta Rica enfrenta un 2026 m\u00e1s seco y caluroso con inicio irregular de la temporada lluviosa\t\t\t<\/a>\n\t\t<\/h3>\n\t\t\t\t<\/div>\n\t\t\t\t<\/article>\n\t\t\t\t<article class=\"elementor-post elementor-grid-item post-12440 post type-post status-publish format-standard has-post-thumbnail hentry category-noticias category-noticias-nacionales\" role=\"listitem\">\n\t\t\t\t<a class=\"elementor-post__thumbnail__link\" href=\"https:\/\/peopleofcostarica.com\/es\/costa-rica-lanza-al-mercado-la-penultima-moneda-coleccionable-de-%e2%82%a125-dedicada-al-volcan-arenal\/\" tabindex=\"-1\">\n\t\t\t<div class=\"elementor-post__thumbnail\"><img loading=\"lazy\" decoding=\"async\" width=\"300\" height=\"133\" src=\"https:\/\/peopleofcostarica.com\/wp-content\/uploads\/2026\/04\/Capture-decran-2026-04-20-a-12.15.52-1-300x133.png\" class=\"attachment-medium size-medium wp-image-12447\" alt=\"\" srcset=\"https:\/\/peopleofcostarica.com\/wp-content\/uploads\/2026\/04\/Capture-decran-2026-04-20-a-12.15.52-1-300x133.png 300w, https:\/\/peopleofcostarica.com\/wp-content\/uploads\/2026\/04\/Capture-decran-2026-04-20-a-12.15.52-1.png 624w\" sizes=\"(max-width: 300px) 100vw, 300px\" \/><\/div>\n\t\t<\/a>\n\t\t\t\t<div class=\"elementor-post__text\">\n\t\t\t\t<h3 class=\"elementor-post__title\">\n\t\t\t<a href=\"https:\/\/peopleofcostarica.com\/es\/costa-rica-lanza-al-mercado-la-penultima-moneda-coleccionable-de-%e2%82%a125-dedicada-al-volcan-arenal\/\">\n\t\t\t\tCosta Rica lanza al mercado la pen\u00faltima moneda coleccionable de \u20a125 dedicada al Volc\u00e1n Arenal\t\t\t<\/a>\n\t\t<\/h3>\n\t\t\t\t<\/div>\n\t\t\t\t<\/article>\n\t\t\t\t<article class=\"elementor-post elementor-grid-item post-12431 post type-post status-publish format-standard has-post-thumbnail hentry category-noticias category-clima-y-ambiente\" role=\"listitem\">\n\t\t\t\t<a class=\"elementor-post__thumbnail__link\" href=\"https:\/\/peopleofcostarica.com\/es\/costa-rica-fortalece-la-capacitacion-de-autoridades-para-el-manejo-de-fauna-silvestre-rescatada-y-decomisada\/\" tabindex=\"-1\">\n\t\t\t<div class=\"elementor-post__thumbnail\"><img loading=\"lazy\" decoding=\"async\" width=\"300\" height=\"200\" src=\"https:\/\/peopleofcostarica.com\/wp-content\/uploads\/2026\/04\/pexels-domenicobertazzo-4769654-300x200.jpg\" class=\"attachment-medium size-medium wp-image-12432\" alt=\"\" srcset=\"https:\/\/peopleofcostarica.com\/wp-content\/uploads\/2026\/04\/pexels-domenicobertazzo-4769654-300x200.jpg 300w, https:\/\/peopleofcostarica.com\/wp-content\/uploads\/2026\/04\/pexels-domenicobertazzo-4769654-1024x683.jpg 1024w, https:\/\/peopleofcostarica.com\/wp-content\/uploads\/2026\/04\/pexels-domenicobertazzo-4769654-768x512.jpg 768w, https:\/\/peopleofcostarica.com\/wp-content\/uploads\/2026\/04\/pexels-domenicobertazzo-4769654-1536x1024.jpg 1536w, https:\/\/peopleofcostarica.com\/wp-content\/uploads\/2026\/04\/pexels-domenicobertazzo-4769654-2048x1365.jpg 2048w, https:\/\/peopleofcostarica.com\/wp-content\/uploads\/2026\/04\/pexels-domenicobertazzo-4769654-1320x880.jpg 1320w\" sizes=\"(max-width: 300px) 100vw, 300px\" \/><\/div>\n\t\t<\/a>\n\t\t\t\t<div class=\"elementor-post__text\">\n\t\t\t\t<h3 class=\"elementor-post__title\">\n\t\t\t<a href=\"https:\/\/peopleofcostarica.com\/es\/costa-rica-fortalece-la-capacitacion-de-autoridades-para-el-manejo-de-fauna-silvestre-rescatada-y-decomisada\/\">\n\t\t\t\tCosta Rica fortalece la capacitaci\u00f3n de autoridades para el manejo de fauna silvestre rescatada y decomisada\t\t\t<\/a>\n\t\t<\/h3>\n\t\t\t\t<\/div>\n\t\t\t\t<\/article>\n\t\t\t\t<article class=\"elementor-post elementor-grid-item post-12422 post type-post status-publish format-standard has-post-thumbnail hentry category-noticias category-noticias-nacionales\" role=\"listitem\">\n\t\t\t\t<a class=\"elementor-post__thumbnail__link\" href=\"https:\/\/peopleofcostarica.com\/es\/sala-iv-tramita-amparo-contra-viabilidad-ambiental-otorgada-a-embarcadero-en-pavones\/\" tabindex=\"-1\">\n\t\t\t<div class=\"elementor-post__thumbnail\"><img loading=\"lazy\" decoding=\"async\" width=\"300\" height=\"225\" src=\"https:\/\/peopleofcostarica.com\/wp-content\/uploads\/2026\/04\/WhatsApp-Image-2025-02-27-at-9.32.58-AM-300x225.jpeg\" class=\"attachment-medium size-medium wp-image-12423\" alt=\"\" srcset=\"https:\/\/peopleofcostarica.com\/wp-content\/uploads\/2026\/04\/WhatsApp-Image-2025-02-27-at-9.32.58-AM-300x225.jpeg 300w, https:\/\/peopleofcostarica.com\/wp-content\/uploads\/2026\/04\/WhatsApp-Image-2025-02-27-at-9.32.58-AM-1024x768.jpeg 1024w, https:\/\/peopleofcostarica.com\/wp-content\/uploads\/2026\/04\/WhatsApp-Image-2025-02-27-at-9.32.58-AM-768x576.jpeg 768w, https:\/\/peopleofcostarica.com\/wp-content\/uploads\/2026\/04\/WhatsApp-Image-2025-02-27-at-9.32.58-AM-1536x1152.jpeg 1536w, https:\/\/peopleofcostarica.com\/wp-content\/uploads\/2026\/04\/WhatsApp-Image-2025-02-27-at-9.32.58-AM-1320x990.jpeg 1320w, https:\/\/peopleofcostarica.com\/wp-content\/uploads\/2026\/04\/WhatsApp-Image-2025-02-27-at-9.32.58-AM.jpeg 1600w\" sizes=\"(max-width: 300px) 100vw, 300px\" \/><\/div>\n\t\t<\/a>\n\t\t\t\t<div class=\"elementor-post__text\">\n\t\t\t\t<h3 class=\"elementor-post__title\">\n\t\t\t<a href=\"https:\/\/peopleofcostarica.com\/es\/sala-iv-tramita-amparo-contra-viabilidad-ambiental-otorgada-a-embarcadero-en-pavones\/\">\n\t\t\t\tSala IV tramita amparo contra viabilidad ambiental otorgada a embarcadero en Pavones\t\t\t<\/a>\n\t\t<\/h3>\n\t\t\t\t<\/div>\n\t\t\t\t<\/article>\n\t\t\t\t<article class=\"elementor-post elementor-grid-item post-12413 post type-post status-publish format-standard has-post-thumbnail hentry category-noticias category-turismo-y-cultura\" role=\"listitem\">\n\t\t\t\t<a class=\"elementor-post__thumbnail__link\" href=\"https:\/\/peopleofcostarica.com\/es\/la-reserva-de-monteverde-recibe-oro-latinoamericano-por-turismo-regenerativo\/\" tabindex=\"-1\">\n\t\t\t<div class=\"elementor-post__thumbnail\"><img loading=\"lazy\" decoding=\"async\" width=\"300\" height=\"200\" src=\"https:\/\/peopleofcostarica.com\/wp-content\/uploads\/2026\/04\/2-300x200.jpg\" class=\"attachment-medium size-medium wp-image-12414\" alt=\"\" srcset=\"https:\/\/peopleofcostarica.com\/wp-content\/uploads\/2026\/04\/2-300x200.jpg 300w, https:\/\/peopleofcostarica.com\/wp-content\/uploads\/2026\/04\/2-768x512.jpg 768w, https:\/\/peopleofcostarica.com\/wp-content\/uploads\/2026\/04\/2.jpg 1000w\" sizes=\"(max-width: 300px) 100vw, 300px\" \/><\/div>\n\t\t<\/a>\n\t\t\t\t<div class=\"elementor-post__text\">\n\t\t\t\t<h3 class=\"elementor-post__title\">\n\t\t\t<a href=\"https:\/\/peopleofcostarica.com\/es\/la-reserva-de-monteverde-recibe-oro-latinoamericano-por-turismo-regenerativo\/\">\n\t\t\t\tLa Reserva de Monteverde recibe oro latinoamericano por turismo regenerativo\t\t\t<\/a>\n\t\t<\/h3>\n\t\t\t\t<\/div>\n\t\t\t\t<\/article>\n\t\t\t\t<article class=\"elementor-post elementor-grid-item post-12404 post type-post status-publish format-standard has-post-thumbnail hentry category-noticias category-agenda-fin-de-semana\" role=\"listitem\">\n\t\t\t\t<a class=\"elementor-post__thumbnail__link\" href=\"https:\/\/peopleofcostarica.com\/es\/costa-rica-lanza-simposio-internacional-y-retiro-enfocados-en-la-medicina-del-estilo-de-vida\/\" tabindex=\"-1\">\n\t\t\t<div class=\"elementor-post__thumbnail\"><img loading=\"lazy\" decoding=\"async\" width=\"300\" height=\"200\" src=\"https:\/\/peopleofcostarica.com\/wp-content\/uploads\/2026\/04\/pexels-victorfreitas-847483-300x200.jpg\" class=\"attachment-medium size-medium wp-image-12405\" alt=\"\" srcset=\"https:\/\/peopleofcostarica.com\/wp-content\/uploads\/2026\/04\/pexels-victorfreitas-847483-300x200.jpg 300w, https:\/\/peopleofcostarica.com\/wp-content\/uploads\/2026\/04\/pexels-victorfreitas-847483-1024x683.jpg 1024w, https:\/\/peopleofcostarica.com\/wp-content\/uploads\/2026\/04\/pexels-victorfreitas-847483-768x512.jpg 768w, https:\/\/peopleofcostarica.com\/wp-content\/uploads\/2026\/04\/pexels-victorfreitas-847483-1536x1024.jpg 1536w, https:\/\/peopleofcostarica.com\/wp-content\/uploads\/2026\/04\/pexels-victorfreitas-847483-2048x1365.jpg 2048w, https:\/\/peopleofcostarica.com\/wp-content\/uploads\/2026\/04\/pexels-victorfreitas-847483-1320x880.jpg 1320w\" sizes=\"(max-width: 300px) 100vw, 300px\" \/><\/div>\n\t\t<\/a>\n\t\t\t\t<div class=\"elementor-post__text\">\n\t\t\t\t<h3 class=\"elementor-post__title\">\n\t\t\t<a href=\"https:\/\/peopleofcostarica.com\/es\/costa-rica-lanza-simposio-internacional-y-retiro-enfocados-en-la-medicina-del-estilo-de-vida\/\">\n\t\t\t\tCosta Rica lanza simposio internacional y retiro enfocados en la medicina del estilo de vida\t\t\t<\/a>\n\t\t<\/h3>\n\t\t\t\t<\/div>\n\t\t\t\t<\/article>\n\t\t\t\t<article class=\"elementor-post elementor-grid-item post-12395 post type-post status-publish format-standard has-post-thumbnail hentry category-noticias category-negocios-y-tecnologia\" role=\"listitem\">\n\t\t\t\t<a class=\"elementor-post__thumbnail__link\" href=\"https:\/\/peopleofcostarica.com\/es\/innovador-estudio-de-la-ucr-liderado-por-una-arquitecta-explora-como-la-luz-influye-en-la-salud-y-el-comportamiento\/\" tabindex=\"-1\">\n\t\t\t<div class=\"elementor-post__thumbnail\"><img loading=\"lazy\" decoding=\"async\" width=\"300\" height=\"202\" src=\"https:\/\/peopleofcostarica.com\/wp-content\/uploads\/2026\/04\/imagen-1-exposicion-a-la-luz-1-69d861e488ec5-300x202.webp\" class=\"attachment-medium size-medium wp-image-12396\" alt=\"\" srcset=\"https:\/\/peopleofcostarica.com\/wp-content\/uploads\/2026\/04\/imagen-1-exposicion-a-la-luz-1-69d861e488ec5-300x202.webp 300w, https:\/\/peopleofcostarica.com\/wp-content\/uploads\/2026\/04\/imagen-1-exposicion-a-la-luz-1-69d861e488ec5-1024x691.webp 1024w, https:\/\/peopleofcostarica.com\/wp-content\/uploads\/2026\/04\/imagen-1-exposicion-a-la-luz-1-69d861e488ec5-768x518.webp 768w, https:\/\/peopleofcostarica.com\/wp-content\/uploads\/2026\/04\/imagen-1-exposicion-a-la-luz-1-69d861e488ec5.webp 1058w\" sizes=\"(max-width: 300px) 100vw, 300px\" \/><\/div>\n\t\t<\/a>\n\t\t\t\t<div class=\"elementor-post__text\">\n\t\t\t\t<h3 class=\"elementor-post__title\">\n\t\t\t<a href=\"https:\/\/peopleofcostarica.com\/es\/innovador-estudio-de-la-ucr-liderado-por-una-arquitecta-explora-como-la-luz-influye-en-la-salud-y-el-comportamiento\/\">\n\t\t\t\tInnovador estudio de la UCR liderado por una arquitecta explora c\u00f3mo la luz influye en la salud y el comportamiento\t\t\t<\/a>\n\t\t<\/h3>\n\t\t\t\t<\/div>\n\t\t\t\t<\/article>\n\t\t\t\t<article class=\"elementor-post elementor-grid-item post-12387 post type-post status-publish format-standard has-post-thumbnail hentry category-climat-et-environnement-2 category-news\" role=\"listitem\">\n\t\t\t\t<a class=\"elementor-post__thumbnail__link\" href=\"https:\/\/peopleofcostarica.com\/es\/flamenco-rescatado-en-limon-sobrevivio-y-seguira-bajo-cuidado-permanente\/\" tabindex=\"-1\">\n\t\t\t<div class=\"elementor-post__thumbnail\"><img loading=\"lazy\" decoding=\"async\" width=\"300\" height=\"225\" src=\"https:\/\/peopleofcostarica.com\/wp-content\/uploads\/2026\/04\/pexels-enginakyurt-31180729-300x225.jpg\" class=\"attachment-medium size-medium wp-image-12388\" alt=\"\" srcset=\"https:\/\/peopleofcostarica.com\/wp-content\/uploads\/2026\/04\/pexels-enginakyurt-31180729-300x225.jpg 300w, https:\/\/peopleofcostarica.com\/wp-content\/uploads\/2026\/04\/pexels-enginakyurt-31180729-1024x768.jpg 1024w, https:\/\/peopleofcostarica.com\/wp-content\/uploads\/2026\/04\/pexels-enginakyurt-31180729-768x576.jpg 768w, https:\/\/peopleofcostarica.com\/wp-content\/uploads\/2026\/04\/pexels-enginakyurt-31180729-1536x1152.jpg 1536w, https:\/\/peopleofcostarica.com\/wp-content\/uploads\/2026\/04\/pexels-enginakyurt-31180729-2048x1536.jpg 2048w, https:\/\/peopleofcostarica.com\/wp-content\/uploads\/2026\/04\/pexels-enginakyurt-31180729-1320x990.jpg 1320w\" sizes=\"(max-width: 300px) 100vw, 300px\" \/><\/div>\n\t\t<\/a>\n\t\t\t\t<div class=\"elementor-post__text\">\n\t\t\t\t<h3 class=\"elementor-post__title\">\n\t\t\t<a href=\"https:\/\/peopleofcostarica.com\/es\/flamenco-rescatado-en-limon-sobrevivio-y-seguira-bajo-cuidado-permanente\/\">\n\t\t\t\tFlamenco rescatado en Lim\u00f3n sobrevivi\u00f3 y seguir\u00e1 bajo cuidado permanente\t\t\t<\/a>\n\t\t<\/h3>\n\t\t\t\t<\/div>\n\t\t\t\t<\/article>\n\t\t\t\t<article class=\"elementor-post elementor-grid-item post-12100 post type-post status-publish format-standard has-post-thumbnail hentry category-noticias\" role=\"listitem\">\n\t\t\t\t<a class=\"elementor-post__thumbnail__link\" href=\"https:\/\/peopleofcostarica.com\/es\/mayo-2026-en-costa-rica-eventos-celebraciones-y-fechas-clave-del-mes\/\" tabindex=\"-1\">\n\t\t\t<div class=\"elementor-post__thumbnail\"><img loading=\"lazy\" decoding=\"async\" width=\"300\" height=\"200\" src=\"https:\/\/peopleofcostarica.com\/wp-content\/uploads\/2026\/04\/pexels-mariam-97607449-10614098-300x200.jpg\" class=\"attachment-medium size-medium wp-image-12121\" alt=\"\" srcset=\"https:\/\/peopleofcostarica.com\/wp-content\/uploads\/2026\/04\/pexels-mariam-97607449-10614098-300x200.jpg 300w, https:\/\/peopleofcostarica.com\/wp-content\/uploads\/2026\/04\/pexels-mariam-97607449-10614098-1024x682.jpg 1024w, https:\/\/peopleofcostarica.com\/wp-content\/uploads\/2026\/04\/pexels-mariam-97607449-10614098-768x512.jpg 768w, https:\/\/peopleofcostarica.com\/wp-content\/uploads\/2026\/04\/pexels-mariam-97607449-10614098-1536x1023.jpg 1536w, https:\/\/peopleofcostarica.com\/wp-content\/uploads\/2026\/04\/pexels-mariam-97607449-10614098-2048x1365.jpg 2048w, https:\/\/peopleofcostarica.com\/wp-content\/uploads\/2026\/04\/pexels-mariam-97607449-10614098-1320x880.jpg 1320w\" sizes=\"(max-width: 300px) 100vw, 300px\" \/><\/div>\n\t\t<\/a>\n\t\t\t\t<div class=\"elementor-post__text\">\n\t\t\t\t<h3 class=\"elementor-post__title\">\n\t\t\t<a href=\"https:\/\/peopleofcostarica.com\/es\/mayo-2026-en-costa-rica-eventos-celebraciones-y-fechas-clave-del-mes\/\">\n\t\t\t\tMayo 2026 en Costa Rica: eventos, celebraciones y fechas clave del mes\t\t\t<\/a>\n\t\t<\/h3>\n\t\t\t\t<\/div>\n\t\t\t\t<\/article>\n\t\t\t\t<\/div>\n\t\t\n\t\t\t\t\t\t<\/div>\n\t\t\t\t<\/div>\n\t\t\t\t<div class=\"elementor-element elementor-element-41b272f elementor-widget elementor-widget-jet-listing-grid\" data-id=\"41b272f\" data-element_type=\"widget\" data-e-type=\"widget\" data-settings=\"{&quot;columns&quot;:3}\" data-widget_type=\"jet-listing-grid.default\">\n\t\t\t\t\t<div class=\"jet-listing-grid jet-listing\"><div class=\"jet-listing-grid__items grid-col-desk-3 grid-col-tablet-3 grid-col-mobile-3 jet-listing-grid--10336\" data-queried-id=\"12100|WP_Post\" data-nav=\"{&quot;enabled&quot;:false,&quot;type&quot;:null,&quot;more_el&quot;:null,&quot;query&quot;:[],&quot;widget_settings&quot;:{&quot;lisitng_id&quot;:10336,&quot;posts_num&quot;:6,&quot;columns&quot;:3,&quot;columns_tablet&quot;:3,&quot;columns_mobile&quot;:3,&quot;column_min_width&quot;:240,&quot;column_min_width_tablet&quot;:240,&quot;column_min_width_mobile&quot;:240,&quot;inline_columns_css&quot;:false,&quot;is_archive_template&quot;:&quot;&quot;,&quot;post_status&quot;:[&quot;publish&quot;],&quot;use_random_posts_num&quot;:&quot;&quot;,&quot;max_posts_num&quot;:9,&quot;not_found_message&quot;:&quot;No se encontraron datos&quot;,&quot;is_masonry&quot;:false,&quot;equal_columns_height&quot;:&quot;&quot;,&quot;use_load_more&quot;:&quot;&quot;,&quot;load_more_id&quot;:&quot;&quot;,&quot;load_more_type&quot;:&quot;click&quot;,&quot;load_more_offset&quot;:{&quot;unit&quot;:&quot;px&quot;,&quot;size&quot;:0,&quot;sizes&quot;:[]},&quot;use_custom_post_types&quot;:&quot;&quot;,&quot;custom_post_types&quot;:[],&quot;hide_widget_if&quot;:&quot;&quot;,&quot;carousel_enabled&quot;:&quot;&quot;,&quot;slides_to_scroll&quot;:&quot;1&quot;,&quot;arrows&quot;:&quot;true&quot;,&quot;arrow_icon&quot;:&quot;fa fa-angle-left&quot;,&quot;dots&quot;:&quot;&quot;,&quot;autoplay&quot;:&quot;true&quot;,&quot;pause_on_hover&quot;:&quot;true&quot;,&quot;autoplay_speed&quot;:5000,&quot;infinite&quot;:&quot;true&quot;,&quot;center_mode&quot;:&quot;&quot;,&quot;effect&quot;:&quot;slide&quot;,&quot;speed&quot;:500,&quot;inject_alternative_items&quot;:&quot;&quot;,&quot;injection_items&quot;:[],&quot;scroll_slider_enabled&quot;:&quot;&quot;,&quot;scroll_slider_on&quot;:[&quot;desktop&quot;,&quot;tablet&quot;,&quot;mobile&quot;],&quot;custom_query&quot;:false,&quot;custom_query_id&quot;:&quot;&quot;,&quot;_element_id&quot;:&quot;&quot;,&quot;collapse_first_last_gap&quot;:false,&quot;list_tag_selection&quot;:&quot;&quot;,&quot;list_items_wrapper_tag&quot;:&quot;div&quot;,&quot;list_item_tag&quot;:&quot;div&quot;,&quot;empty_items_wrapper_tag&quot;:&quot;div&quot;}}\" data-page=\"1\" data-pages=\"91\" data-listing-source=\"posts\" data-listing-id=\"10336\" data-query-id=\"\"><div class=\"jet-listing-grid__item jet-listing-dynamic-post-8419\" data-post-id=\"8419\"  ><\/div><div class=\"jet-listing-grid__item jet-listing-dynamic-post-12452\" data-post-id=\"12452\"  ><\/div><div class=\"jet-listing-grid__item jet-listing-dynamic-post-12440\" data-post-id=\"12440\"  ><\/div><div class=\"jet-listing-grid__item jet-listing-dynamic-post-12431\" data-post-id=\"12431\"  ><\/div><div class=\"jet-listing-grid__item jet-listing-dynamic-post-12422\" data-post-id=\"12422\"  ><\/div><div class=\"jet-listing-grid__item jet-listing-dynamic-post-12413\" data-post-id=\"12413\"  ><\/div><\/div><\/div>\t\t\t\t<\/div>\n\t\t\t\t\t<\/div>\n\t\t\t\t<\/div>\n\t\t<div class=\"elementor-element elementor-element-29270103 e-flex e-con-boxed e-con e-parent\" data-id=\"29270103\" data-element_type=\"container\" data-e-type=\"container\" data-settings=\"{&quot;jet_parallax_layout_list&quot;:[],&quot;background_background&quot;:&quot;classic&quot;}\">\n\t\t\t\t\t<div class=\"e-con-inner\">\n\t\t<div class=\"elementor-element elementor-element-5a48b9a4 e-con-full e-flex e-con e-child\" data-id=\"5a48b9a4\" data-element_type=\"container\" data-e-type=\"container\" data-settings=\"{&quot;jet_parallax_layout_list&quot;:[]}\">\n\t\t\t\t<div class=\"elementor-element elementor-element-0bee378 elementor-position-inline-start elementor-mobile-position-inline-start elementor-view-default elementor-widget elementor-widget-icon-box\" data-id=\"0bee378\" data-element_type=\"widget\" data-e-type=\"widget\" data-widget_type=\"icon-box.default\">\n\t\t\t\t\t\t\t<div class=\"elementor-icon-box-wrapper\">\n\n\t\t\t\t\t\t<div class=\"elementor-icon-box-icon\">\n\t\t\t\t<span  class=\"elementor-icon\">\n\t\t\t\t<svg aria-hidden=\"true\" class=\"e-font-icon-svg e-far-map\" viewBox=\"0 0 576 512\" xmlns=\"http:\/\/www.w3.org\/2000\/svg\"><path d=\"M560.02 32c-1.96 0-3.98.37-5.96 1.16L384.01 96H384L212 35.28A64.252 64.252 0 0 0 191.76 32c-6.69 0-13.37 1.05-19.81 3.14L20.12 87.95A32.006 32.006 0 0 0 0 117.66v346.32C0 473.17 7.53 480 15.99 480c1.96 0 3.97-.37 5.96-1.16L192 416l172 60.71a63.98 63.98 0 0 0 40.05.15l151.83-52.81A31.996 31.996 0 0 0 576 394.34V48.02c0-9.19-7.53-16.02-15.98-16.02zM224 90.42l128 45.19v285.97l-128-45.19V90.42zM48 418.05V129.07l128-44.53v286.2l-.64.23L48 418.05zm480-35.13l-128 44.53V141.26l.64-.24L528 93.95v288.97z\"><\/path><\/svg>\t\t\t\t<\/span>\n\t\t\t<\/div>\n\t\t\t\n\t\t\t\t\t\t<div class=\"elementor-icon-box-content\">\n\n\t\t\t\t\t\t\t\t\t<h2 class=\"elementor-icon-box-title\">\n\t\t\t\t\t\t<span  >\n\t\t\t\t\t\t\tViajes y Lugares: M\u00e1s all\u00e1 de la gu\u00eda\t\t\t\t\t\t<\/span>\n\t\t\t\t\t<\/h2>\n\t\t\t\t\n\t\t\t\t\n\t\t\t<\/div>\n\t\t\t\n\t\t<\/div>\n\t\t\t\t\t\t<\/div>\n\t\t\t\t<\/div>\n\t\t\t\t<div class=\"elementor-element elementor-element-d77ff20 elementor-grid-1 elementor-grid-tablet-1 elementor-grid-mobile-1 elementor-widget elementor-widget-loop-grid\" data-id=\"d77ff20\" data-element_type=\"widget\" data-e-type=\"widget\" data-settings=\"{&quot;template_id&quot;:10129,&quot;columns&quot;:1,&quot;columns_tablet&quot;:1,&quot;_skin&quot;:&quot;post&quot;,&quot;columns_mobile&quot;:&quot;1&quot;,&quot;edit_handle_selector&quot;:&quot;[data-elementor-type=\\&quot;loop-item\\&quot;]&quot;,&quot;row_gap&quot;:{&quot;unit&quot;:&quot;px&quot;,&quot;size&quot;:&quot;&quot;,&quot;sizes&quot;:[]},&quot;row_gap_tablet_extra&quot;:{&quot;unit&quot;:&quot;px&quot;,&quot;size&quot;:&quot;&quot;,&quot;sizes&quot;:[]},&quot;row_gap_tablet&quot;:{&quot;unit&quot;:&quot;px&quot;,&quot;size&quot;:&quot;&quot;,&quot;sizes&quot;:[]},&quot;row_gap_mobile_extra&quot;:{&quot;unit&quot;:&quot;px&quot;,&quot;size&quot;:&quot;&quot;,&quot;sizes&quot;:[]},&quot;row_gap_mobile&quot;:{&quot;unit&quot;:&quot;px&quot;,&quot;size&quot;:&quot;&quot;,&quot;sizes&quot;:[]}}\" data-widget_type=\"loop-grid.post\">\n\t\t\t\t<div class=\"elementor-widget-container\">\n\t\t\t\t\t\t\t<div class=\"elementor-loop-container elementor-grid\" role=\"list\">\n\t\t<style id=\"loop-10129\">.elementor-10129 .elementor-element.elementor-element-13ebdd55{--display:flex;--flex-direction:row;--container-widget-width:initial;--container-widget-height:100%;--container-widget-flex-grow:1;--container-widget-align-self:stretch;--flex-wrap-mobile:wrap;--padding-top:0px;--padding-bottom:0px;--padding-left:0px;--padding-right:0px;}.elementor-10129 .elementor-element.elementor-element-28f4d22e{--display:flex;--flex-direction:column;--container-widget-width:100%;--container-widget-height:initial;--container-widget-flex-grow:0;--container-widget-align-self:initial;--flex-wrap-mobile:wrap;--padding-top:0px;--padding-bottom:0px;--padding-left:0px;--padding-right:0px;}.elementor-widget-theme-post-featured-image .widget-image-caption{color:var( --e-global-color-text );font-family:var( --e-global-typography-text-font-family ), Sans-serif;font-size:var( --e-global-typography-text-font-size );font-weight:var( --e-global-typography-text-font-weight );line-height:var( --e-global-typography-text-line-height );}.elementor-10129 .elementor-element.elementor-element-4e54b598 img{height:240px;object-fit:cover;object-position:center center;}.elementor-10129 .elementor-element.elementor-element-34b4212e{--display:flex;--flex-direction:row;--container-widget-width:initial;--container-widget-height:100%;--container-widget-flex-grow:1;--container-widget-align-self:stretch;--flex-wrap-mobile:wrap;--gap:8px 8px;--row-gap:8px;--column-gap:8px;--flex-wrap:wrap;--align-content:flex-start;--padding-top:0px;--padding-bottom:0px;--padding-left:0px;--padding-right:0px;}.elementor-widget-heading .elementor-heading-title{font-family:var( --e-global-typography-primary-font-family ), Sans-serif;font-size:var( --e-global-typography-primary-font-size );font-weight:var( --e-global-typography-primary-font-weight );line-height:var( --e-global-typography-primary-line-height );color:var( --e-global-color-primary );}.elementor-10129 .elementor-element.elementor-element-79138cfd{text-align:start;padding:2px 8px 2px 8px;width:var( --container-widget-width, fit-content );max-width:fit-content;--container-widget-width:fit-content;--container-widget-flex-grow:0;background-color:var( --e-global-color-16d74d9 );}.elementor-10129 .elementor-element.elementor-element-79138cfd .elementor-heading-title{font-family:var( --e-global-typography-65fd483-font-family ), Sans-serif;font-size:var( --e-global-typography-65fd483-font-size );font-weight:var( --e-global-typography-65fd483-font-weight );text-transform:var( --e-global-typography-65fd483-text-transform );line-height:var( --e-global-typography-65fd483-line-height );letter-spacing:var( --e-global-typography-65fd483-letter-spacing );word-spacing:var( --e-global-typography-65fd483-word-spacing );color:var( --e-global-color-5753ab6 );}.elementor-10129 .elementor-element.elementor-element-3dc93c53 .elementor-heading-title{font-family:\"Inter\", Sans-serif;font-size:12px;font-weight:400;line-height:1.75rem;}.elementor-10129 .elementor-element.elementor-element-3dc93c53{width:auto;max-width:auto;}.elementor-widget-theme-post-title .elementor-heading-title{font-family:var( --e-global-typography-primary-font-family ), Sans-serif;font-size:var( --e-global-typography-primary-font-size );font-weight:var( --e-global-typography-primary-font-weight );line-height:var( --e-global-typography-primary-line-height );color:var( --e-global-color-primary );}.elementor-10129 .elementor-element.elementor-element-4f59c9a8 .elementor-heading-title{font-family:var( --e-global-typography-c957309-font-family ), Sans-serif;font-size:var( --e-global-typography-c957309-font-size );font-weight:var( --e-global-typography-c957309-font-weight );line-height:var( --e-global-typography-c957309-line-height );letter-spacing:var( --e-global-typography-c957309-letter-spacing );word-spacing:var( --e-global-typography-c957309-word-spacing );}.elementor-10129 .elementor-element.elementor-element-4f59c9a8{width:100%;max-width:100%;}.elementor-widget-theme-post-excerpt{font-family:var( --e-global-typography-text-font-family ), Sans-serif;font-size:var( --e-global-typography-text-font-size );font-weight:var( --e-global-typography-text-font-weight );line-height:var( --e-global-typography-text-line-height );color:var( --e-global-color-text );}.elementor-10129 .elementor-element.elementor-element-2332f7e9{font-family:var( --e-global-typography-text-font-family ), Sans-serif;font-size:var( --e-global-typography-text-font-size );font-weight:var( --e-global-typography-text-font-weight );line-height:var( --e-global-typography-text-line-height );color:var( --e-global-color-e8cae5f );}.elementor-widget-icon-box.elementor-view-stacked .elementor-icon{background-color:var( --e-global-color-primary );}.elementor-widget-icon-box.elementor-view-framed .elementor-icon, .elementor-widget-icon-box.elementor-view-default .elementor-icon{fill:var( --e-global-color-primary );color:var( --e-global-color-primary );border-color:var( --e-global-color-primary );}.elementor-widget-icon-box .elementor-icon-box-title, .elementor-widget-icon-box .elementor-icon-box-title a{font-family:var( --e-global-typography-primary-font-family ), Sans-serif;font-size:var( --e-global-typography-primary-font-size );font-weight:var( --e-global-typography-primary-font-weight );line-height:var( --e-global-typography-primary-line-height );}.elementor-widget-icon-box .elementor-icon-box-title{color:var( --e-global-color-primary );}.elementor-widget-icon-box:has(:hover) .elementor-icon-box-title,\n\t\t\t\t\t .elementor-widget-icon-box:has(:focus) .elementor-icon-box-title{color:var( --e-global-color-primary );}.elementor-widget-icon-box .elementor-icon-box-description{font-family:var( --e-global-typography-text-font-family ), Sans-serif;font-size:var( --e-global-typography-text-font-size );font-weight:var( --e-global-typography-text-font-weight );line-height:var( --e-global-typography-text-line-height );color:var( --e-global-color-text );}.elementor-10129 .elementor-element.elementor-element-8361ac2 .elementor-icon-box-wrapper{align-items:center;text-align:start;gap:8px;}.elementor-10129 .elementor-element.elementor-element-8361ac2 .elementor-icon-box-title{margin-block-end:0px;color:var( --e-global-color-primary );}.elementor-10129 .elementor-element.elementor-element-8361ac2.elementor-view-stacked .elementor-icon{background-color:var( --e-global-color-primary );}.elementor-10129 .elementor-element.elementor-element-8361ac2.elementor-view-framed .elementor-icon, .elementor-10129 .elementor-element.elementor-element-8361ac2.elementor-view-default .elementor-icon{fill:var( --e-global-color-primary );color:var( --e-global-color-primary );border-color:var( --e-global-color-primary );}.elementor-10129 .elementor-element.elementor-element-8361ac2 .elementor-icon{font-size:14px;}.elementor-10129 .elementor-element.elementor-element-8361ac2 .elementor-icon-box-title, .elementor-10129 .elementor-element.elementor-element-8361ac2 .elementor-icon-box-title a{font-family:var( --e-global-typography-accent-font-family ), Sans-serif;font-size:var( --e-global-typography-accent-font-size );font-weight:var( --e-global-typography-accent-font-weight );line-height:var( --e-global-typography-accent-line-height );}@media(min-width:768px){.elementor-10129 .elementor-element.elementor-element-28f4d22e{--width:33.3333%;}.elementor-10129 .elementor-element.elementor-element-34b4212e{--width:66.6666%;}}@media(max-width:1024px){.elementor-widget-theme-post-featured-image .widget-image-caption{font-size:var( --e-global-typography-text-font-size );line-height:var( --e-global-typography-text-line-height );}.elementor-widget-heading .elementor-heading-title{font-size:var( --e-global-typography-primary-font-size );line-height:var( --e-global-typography-primary-line-height );}.elementor-10129 .elementor-element.elementor-element-79138cfd .elementor-heading-title{font-size:var( --e-global-typography-65fd483-font-size );line-height:var( --e-global-typography-65fd483-line-height );letter-spacing:var( --e-global-typography-65fd483-letter-spacing );word-spacing:var( --e-global-typography-65fd483-word-spacing );}.elementor-widget-theme-post-title .elementor-heading-title{font-size:var( --e-global-typography-primary-font-size );line-height:var( --e-global-typography-primary-line-height );}.elementor-10129 .elementor-element.elementor-element-4f59c9a8 .elementor-heading-title{font-size:var( --e-global-typography-c957309-font-size );line-height:var( --e-global-typography-c957309-line-height );letter-spacing:var( --e-global-typography-c957309-letter-spacing );word-spacing:var( --e-global-typography-c957309-word-spacing );}.elementor-widget-theme-post-excerpt{font-size:var( --e-global-typography-text-font-size );line-height:var( --e-global-typography-text-line-height );}.elementor-10129 .elementor-element.elementor-element-2332f7e9{font-size:var( --e-global-typography-text-font-size );line-height:var( --e-global-typography-text-line-height );}.elementor-widget-icon-box .elementor-icon-box-title, .elementor-widget-icon-box .elementor-icon-box-title a{font-size:var( --e-global-typography-primary-font-size );line-height:var( --e-global-typography-primary-line-height );}.elementor-widget-icon-box .elementor-icon-box-description{font-size:var( --e-global-typography-text-font-size );line-height:var( --e-global-typography-text-line-height );}.elementor-10129 .elementor-element.elementor-element-8361ac2 .elementor-icon-box-title, .elementor-10129 .elementor-element.elementor-element-8361ac2 .elementor-icon-box-title a{font-size:var( --e-global-typography-accent-font-size );line-height:var( --e-global-typography-accent-line-height );}}@media(max-width:767px){.elementor-widget-theme-post-featured-image .widget-image-caption{font-size:var( --e-global-typography-text-font-size );line-height:var( --e-global-typography-text-line-height );}.elementor-widget-heading .elementor-heading-title{font-size:var( --e-global-typography-primary-font-size );line-height:var( --e-global-typography-primary-line-height );}.elementor-10129 .elementor-element.elementor-element-79138cfd .elementor-heading-title{font-size:var( --e-global-typography-65fd483-font-size );line-height:var( --e-global-typography-65fd483-line-height );letter-spacing:var( --e-global-typography-65fd483-letter-spacing );word-spacing:var( --e-global-typography-65fd483-word-spacing );}.elementor-widget-theme-post-title .elementor-heading-title{font-size:var( --e-global-typography-primary-font-size );line-height:var( --e-global-typography-primary-line-height );}.elementor-10129 .elementor-element.elementor-element-4f59c9a8 .elementor-heading-title{font-size:var( --e-global-typography-c957309-font-size );line-height:var( --e-global-typography-c957309-line-height );letter-spacing:var( --e-global-typography-c957309-letter-spacing );word-spacing:var( --e-global-typography-c957309-word-spacing );}.elementor-widget-theme-post-excerpt{font-size:var( --e-global-typography-text-font-size );line-height:var( --e-global-typography-text-line-height );}.elementor-10129 .elementor-element.elementor-element-2332f7e9{font-size:var( --e-global-typography-text-font-size );line-height:var( --e-global-typography-text-line-height );}.elementor-widget-icon-box .elementor-icon-box-title, .elementor-widget-icon-box .elementor-icon-box-title a{font-size:var( --e-global-typography-primary-font-size );line-height:var( --e-global-typography-primary-line-height );}.elementor-widget-icon-box .elementor-icon-box-description{font-size:var( --e-global-typography-text-font-size );line-height:var( --e-global-typography-text-line-height );}.elementor-10129 .elementor-element.elementor-element-8361ac2 .elementor-icon-box-title, .elementor-10129 .elementor-element.elementor-element-8361ac2 .elementor-icon-box-title a{font-size:var( --e-global-typography-accent-font-size );line-height:var( --e-global-typography-accent-line-height );}}<\/style>\t\t<div data-elementor-type=\"loop-item\" data-elementor-id=\"10129\" class=\"elementor elementor-10129 e-loop-item e-loop-item-8820 post-8820 places type-places status-publish format-standard has-post-thumbnail hentry loccation-cartago-es\" data-elementor-post-type=\"elementor_library\" data-custom-edit-handle=\"1\">\n\t\t\t<a class=\"elementor-element elementor-element-13ebdd55 e-con-full card-travel-grid e-flex e-con e-parent\" data-id=\"13ebdd55\" data-element_type=\"container\" data-e-type=\"container\" data-settings=\"{&quot;jet_parallax_layout_list&quot;:[]}\" href=\"https:\/\/peopleofcostarica.com\/es\/places\/entre-nieblas-fantasmas-y-una-mision-para-acompanar-tuberculosos-la-historia-del-sanatorio-duran\/\">\n\t\t<div class=\"elementor-element elementor-element-28f4d22e e-con-full e-flex e-con e-child\" data-id=\"28f4d22e\" data-element_type=\"container\" data-e-type=\"container\" data-settings=\"{&quot;jet_parallax_layout_list&quot;:[]}\">\n\t\t\t\t<div class=\"elementor-element elementor-element-4e54b598 elementor-widget elementor-widget-theme-post-featured-image elementor-widget-image\" data-id=\"4e54b598\" data-element_type=\"widget\" data-e-type=\"widget\" data-widget_type=\"theme-post-featured-image.default\">\n\t\t\t\t\t\t\t\t\t\t\t\t\t\t\t<img loading=\"lazy\" decoding=\"async\" width=\"1920\" height=\"2560\" src=\"https:\/\/peopleofcostarica.com\/wp-content\/uploads\/2026\/03\/20260131_131443-scaled.jpg\" class=\"attachment-full size-full wp-image-8694\" alt=\"\" srcset=\"https:\/\/peopleofcostarica.com\/wp-content\/uploads\/2026\/03\/20260131_131443-scaled.jpg 1920w, https:\/\/peopleofcostarica.com\/wp-content\/uploads\/2026\/03\/20260131_131443-225x300.jpg 225w, https:\/\/peopleofcostarica.com\/wp-content\/uploads\/2026\/03\/20260131_131443-768x1024.jpg 768w, https:\/\/peopleofcostarica.com\/wp-content\/uploads\/2026\/03\/20260131_131443-1152x1536.jpg 1152w, https:\/\/peopleofcostarica.com\/wp-content\/uploads\/2026\/03\/20260131_131443-1536x2048.jpg 1536w, https:\/\/peopleofcostarica.com\/wp-content\/uploads\/2026\/03\/20260131_131443-1320x1760.jpg 1320w\" sizes=\"(max-width: 1920px) 100vw, 1920px\" \/>\t\t\t\t\t\t\t\t\t\t\t\t\t\t\t<\/div>\n\t\t\t\t<\/div>\n\t\t<div class=\"elementor-element elementor-element-34b4212e e-con-full e-flex e-con e-child\" data-id=\"34b4212e\" data-element_type=\"container\" data-e-type=\"container\" data-settings=\"{&quot;jet_parallax_layout_list&quot;:[]}\">\n\t\t\t\t<div class=\"elementor-element elementor-element-79138cfd elementor-widget__width-initial elementor-widget elementor-widget-heading\" data-id=\"79138cfd\" data-element_type=\"widget\" data-e-type=\"widget\" data-widget_type=\"heading.default\">\n\t\t\t\t\t<span class=\"elementor-heading-title elementor-size-default\">Cartago<\/span>\t\t\t\t<\/div>\n\t\t\t\t<div class=\"elementor-element elementor-element-3dc93c53 elementor-widget__width-auto elementor-widget elementor-widget-heading\" data-id=\"3dc93c53\" data-element_type=\"widget\" data-e-type=\"widget\" data-widget_type=\"heading.default\">\n\t\t\t\t\t<span class=\"elementor-heading-title elementor-size-default\">3 de marzo de 2026<\/span>\t\t\t\t<\/div>\n\t\t\t\t<div class=\"elementor-element elementor-element-4f59c9a8 elementor-widget__width-inherit travel-grid-title elementor-widget elementor-widget-theme-post-title elementor-page-title elementor-widget-heading\" data-id=\"4f59c9a8\" data-element_type=\"widget\" data-e-type=\"widget\" data-widget_type=\"theme-post-title.default\">\n\t\t\t\t\t<h3 class=\"elementor-heading-title elementor-size-default\">Entre nieblas, fantasmas y una misi\u00f3n para acompa\u00f1ar tuberculosos. La historia del Sanatorio Dur\u00e1n.<\/h3>\t\t\t\t<\/div>\n\t\t\t\t<div class=\"elementor-element elementor-element-2332f7e9 elementor-widget elementor-widget-theme-post-excerpt\" data-id=\"2332f7e9\" data-element_type=\"widget\" data-e-type=\"widget\" data-widget_type=\"theme-post-excerpt.default\">\n\t\t\t\t\t<p>Introducci\u00f3n: Entre la niebla y el silencio Al subir las colinas hacia el Volc\u00e1n Iraz\u00fa, entre la neblina fr\u00eda de la f\u00e9rtil regi\u00f3n ubicada entre<\/p>\t\t\t\t<\/div>\n\t\t\t\t<div class=\"elementor-element elementor-element-8361ac2 elementor-position-inline-end micro-url elementor-mobile-position-inline-end elementor-view-default elementor-widget elementor-widget-icon-box\" data-id=\"8361ac2\" data-element_type=\"widget\" data-e-type=\"widget\" data-widget_type=\"icon-box.default\">\n\t\t\t\t\t\t\t<div class=\"elementor-icon-box-wrapper\">\n\n\t\t\t\t\t\t<div class=\"elementor-icon-box-icon\">\n\t\t\t\t<span  class=\"elementor-icon\">\n\t\t\t\t<svg aria-hidden=\"true\" class=\"e-font-icon-svg e-fas-arrow-right\" viewBox=\"0 0 448 512\" xmlns=\"http:\/\/www.w3.org\/2000\/svg\"><path d=\"M190.5 66.9l22.2-22.2c9.4-9.4 24.6-9.4 33.9 0L441 239c9.4 9.4 9.4 24.6 0 33.9L246.6 467.3c-9.4 9.4-24.6 9.4-33.9 0l-22.2-22.2c-9.5-9.5-9.3-25 .4-34.3L311.4 296H24c-13.3 0-24-10.7-24-24v-32c0-13.3 10.7-24 24-24h287.4L190.9 101.2c-9.8-9.3-10-24.8-.4-34.3z\"><\/path><\/svg>\t\t\t\t<\/span>\n\t\t\t<\/div>\n\t\t\t\n\t\t\t\t\t\t<div class=\"elementor-icon-box-content\">\n\n\t\t\t\t\t\t\t\t\t<span class=\"elementor-icon-box-title\">\n\t\t\t\t\t\t<span  >\n\t\t\t\t\t\t\tRead Full Story\t\t\t\t\t\t<\/span>\n\t\t\t\t\t<\/span>\n\t\t\t\t\n\t\t\t\t\n\t\t\t<\/div>\n\t\t\t\n\t\t<\/div>\n\t\t\t\t\t\t<\/div>\n\t\t\t\t<\/div>\n\t\t\t\t<\/a>\n\t\t\t\t<\/div>\n\t\t\t\t<div data-elementor-type=\"loop-item\" data-elementor-id=\"10129\" class=\"elementor elementor-10129 e-loop-item e-loop-item-5740 post-5740 places type-places status-publish format-standard has-post-thumbnail hentry loccation-puntarenas-2\" data-elementor-post-type=\"elementor_library\" data-custom-edit-handle=\"1\">\n\t\t\t<a class=\"elementor-element elementor-element-13ebdd55 e-con-full card-travel-grid e-flex e-con e-parent\" data-id=\"13ebdd55\" data-element_type=\"container\" data-e-type=\"container\" data-settings=\"{&quot;jet_parallax_layout_list&quot;:[]}\" href=\"https:\/\/peopleofcostarica.com\/es\/places\/nicuesa-lodge-ecolodge-golfo-dulce-costa-rica\/\">\n\t\t<div class=\"elementor-element elementor-element-28f4d22e e-con-full e-flex e-con e-child\" data-id=\"28f4d22e\" data-element_type=\"container\" data-e-type=\"container\" data-settings=\"{&quot;jet_parallax_layout_list&quot;:[]}\">\n\t\t\t\t<div class=\"elementor-element elementor-element-4e54b598 elementor-widget elementor-widget-theme-post-featured-image elementor-widget-image\" data-id=\"4e54b598\" data-element_type=\"widget\" data-e-type=\"widget\" data-widget_type=\"theme-post-featured-image.default\">\n\t\t\t\t\t\t\t\t\t\t\t\t\t\t\t<img loading=\"lazy\" decoding=\"async\" width=\"1600\" height=\"700\" src=\"https:\/\/peopleofcostarica.com\/wp-content\/uploads\/2025\/10\/R-15.jpg\" class=\"attachment-full size-full wp-image-5830\" alt=\"\" srcset=\"https:\/\/peopleofcostarica.com\/wp-content\/uploads\/2025\/10\/R-15.jpg 1600w, https:\/\/peopleofcostarica.com\/wp-content\/uploads\/2025\/10\/R-15-300x131.jpg 300w, https:\/\/peopleofcostarica.com\/wp-content\/uploads\/2025\/10\/R-15-1024x448.jpg 1024w, https:\/\/peopleofcostarica.com\/wp-content\/uploads\/2025\/10\/R-15-768x336.jpg 768w, https:\/\/peopleofcostarica.com\/wp-content\/uploads\/2025\/10\/R-15-1536x672.jpg 1536w, https:\/\/peopleofcostarica.com\/wp-content\/uploads\/2025\/10\/R-15-1320x578.jpg 1320w\" sizes=\"(max-width: 1600px) 100vw, 1600px\" \/>\t\t\t\t\t\t\t\t\t\t\t\t\t\t\t<\/div>\n\t\t\t\t<\/div>\n\t\t<div class=\"elementor-element elementor-element-34b4212e e-con-full e-flex e-con e-child\" data-id=\"34b4212e\" data-element_type=\"container\" data-e-type=\"container\" data-settings=\"{&quot;jet_parallax_layout_list&quot;:[]}\">\n\t\t\t\t<div class=\"elementor-element elementor-element-79138cfd elementor-widget__width-initial elementor-widget elementor-widget-heading\" data-id=\"79138cfd\" data-element_type=\"widget\" data-e-type=\"widget\" data-widget_type=\"heading.default\">\n\t\t\t\t\t<span class=\"elementor-heading-title elementor-size-default\">Puntarenas<\/span>\t\t\t\t<\/div>\n\t\t\t\t<div class=\"elementor-element elementor-element-3dc93c53 elementor-widget__width-auto elementor-widget elementor-widget-heading\" data-id=\"3dc93c53\" data-element_type=\"widget\" data-e-type=\"widget\" data-widget_type=\"heading.default\">\n\t\t\t\t\t<span class=\"elementor-heading-title elementor-size-default\">4 de octubre de 2025<\/span>\t\t\t\t<\/div>\n\t\t\t\t<div class=\"elementor-element elementor-element-4f59c9a8 elementor-widget__width-inherit travel-grid-title elementor-widget elementor-widget-theme-post-title elementor-page-title elementor-widget-heading\" data-id=\"4f59c9a8\" data-element_type=\"widget\" data-e-type=\"widget\" data-widget_type=\"theme-post-title.default\">\n\t\t\t\t\t<h3 class=\"elementor-heading-title elementor-size-default\">Nicuesa Lodge: Ecolodge en el Golfo Dulce de Costa Rica<\/h3>\t\t\t\t<\/div>\n\t\t\t\t<div class=\"elementor-element elementor-element-2332f7e9 elementor-widget elementor-widget-theme-post-excerpt\" data-id=\"2332f7e9\" data-element_type=\"widget\" data-e-type=\"widget\" data-widget_type=\"theme-post-excerpt.default\">\n\t\t\t\t\t<p>Nicuesa Lodge es un ecolodge frente al mar ubicado en la costa del Golfo Dulce, en la pen\u00ednsula de Osa, uno de los pocos fiordos<\/p>\t\t\t\t<\/div>\n\t\t\t\t<div class=\"elementor-element elementor-element-8361ac2 elementor-position-inline-end micro-url elementor-mobile-position-inline-end elementor-view-default elementor-widget elementor-widget-icon-box\" data-id=\"8361ac2\" data-element_type=\"widget\" data-e-type=\"widget\" data-widget_type=\"icon-box.default\">\n\t\t\t\t\t\t\t<div class=\"elementor-icon-box-wrapper\">\n\n\t\t\t\t\t\t<div class=\"elementor-icon-box-icon\">\n\t\t\t\t<span  class=\"elementor-icon\">\n\t\t\t\t<svg aria-hidden=\"true\" class=\"e-font-icon-svg e-fas-arrow-right\" viewBox=\"0 0 448 512\" xmlns=\"http:\/\/www.w3.org\/2000\/svg\"><path d=\"M190.5 66.9l22.2-22.2c9.4-9.4 24.6-9.4 33.9 0L441 239c9.4 9.4 9.4 24.6 0 33.9L246.6 467.3c-9.4 9.4-24.6 9.4-33.9 0l-22.2-22.2c-9.5-9.5-9.3-25 .4-34.3L311.4 296H24c-13.3 0-24-10.7-24-24v-32c0-13.3 10.7-24 24-24h287.4L190.9 101.2c-9.8-9.3-10-24.8-.4-34.3z\"><\/path><\/svg>\t\t\t\t<\/span>\n\t\t\t<\/div>\n\t\t\t\n\t\t\t\t\t\t<div class=\"elementor-icon-box-content\">\n\n\t\t\t\t\t\t\t\t\t<span class=\"elementor-icon-box-title\">\n\t\t\t\t\t\t<span  >\n\t\t\t\t\t\t\tRead Full Story\t\t\t\t\t\t<\/span>\n\t\t\t\t\t<\/span>\n\t\t\t\t\n\t\t\t\t\n\t\t\t<\/div>\n\t\t\t\n\t\t<\/div>\n\t\t\t\t\t\t<\/div>\n\t\t\t\t<\/div>\n\t\t\t\t<\/a>\n\t\t\t\t<\/div>\n\t\t\t\t<\/div>\n\t\t\n\t\t\t\t\t\t<\/div>\n\t\t\t\t<\/div>\n\t\t\t\t\t<\/div>\n\t\t\t\t<\/div>\n\t\t<div class=\"elementor-element elementor-element-8f991ba e-flex e-con-boxed e-con e-parent\" data-id=\"8f991ba\" data-element_type=\"container\" data-e-type=\"container\" data-settings=\"{&quot;jet_parallax_layout_list&quot;:[],&quot;background_background&quot;:&quot;classic&quot;}\">\n\t\t\t\t\t<div class=\"e-con-inner\">\n\t\t<div class=\"elementor-element elementor-element-2e4bec8f e-con-full e-flex e-con e-child\" data-id=\"2e4bec8f\" data-element_type=\"container\" data-e-type=\"container\" data-settings=\"{&quot;jet_parallax_layout_list&quot;:[]}\">\n\t\t\t\t<div class=\"elementor-element elementor-element-6c214d35 elementor-position-inline-start elementor-mobile-position-inline-start elementor-view-default elementor-widget elementor-widget-icon-box\" data-id=\"6c214d35\" data-element_type=\"widget\" data-e-type=\"widget\" data-widget_type=\"icon-box.default\">\n\t\t\t\t\t\t\t<div class=\"elementor-icon-box-wrapper\">\n\n\t\t\t\t\t\t<div class=\"elementor-icon-box-icon\">\n\t\t\t\t<span  class=\"elementor-icon\">\n\t\t\t\t<svg aria-hidden=\"true\" class=\"e-font-icon-svg e-far-calendar-alt\" viewBox=\"0 0 448 512\" xmlns=\"http:\/\/www.w3.org\/2000\/svg\"><path d=\"M148 288h-40c-6.6 0-12-5.4-12-12v-40c0-6.6 5.4-12 12-12h40c6.6 0 12 5.4 12 12v40c0 6.6-5.4 12-12 12zm108-12v-40c0-6.6-5.4-12-12-12h-40c-6.6 0-12 5.4-12 12v40c0 6.6 5.4 12 12 12h40c6.6 0 12-5.4 12-12zm96 0v-40c0-6.6-5.4-12-12-12h-40c-6.6 0-12 5.4-12 12v40c0 6.6 5.4 12 12 12h40c6.6 0 12-5.4 12-12zm-96 96v-40c0-6.6-5.4-12-12-12h-40c-6.6 0-12 5.4-12 12v40c0 6.6 5.4 12 12 12h40c6.6 0 12-5.4 12-12zm-96 0v-40c0-6.6-5.4-12-12-12h-40c-6.6 0-12 5.4-12 12v40c0 6.6 5.4 12 12 12h40c6.6 0 12-5.4 12-12zm192 0v-40c0-6.6-5.4-12-12-12h-40c-6.6 0-12 5.4-12 12v40c0 6.6 5.4 12 12 12h40c6.6 0 12-5.4 12-12zm96-260v352c0 26.5-21.5 48-48 48H48c-26.5 0-48-21.5-48-48V112c0-26.5 21.5-48 48-48h48V12c0-6.6 5.4-12 12-12h40c6.6 0 12 5.4 12 12v52h128V12c0-6.6 5.4-12 12-12h40c6.6 0 12 5.4 12 12v52h48c26.5 0 48 21.5 48 48zm-48 346V160H48v298c0 3.3 2.7 6 6 6h340c3.3 0 6-2.7 6-6z\"><\/path><\/svg>\t\t\t\t<\/span>\n\t\t\t<\/div>\n\t\t\t\n\t\t\t\t\t\t<div class=\"elementor-icon-box-content\">\n\n\t\t\t\t\t\t\t\t\t<h2 class=\"elementor-icon-box-title\">\n\t\t\t\t\t\t<span  >\n\t\t\t\t\t\t\tAgenda Cultural\t\t\t\t\t\t<\/span>\n\t\t\t\t\t<\/h2>\n\t\t\t\t\n\t\t\t\t\t\t\t\t\t<p class=\"elementor-icon-box-description\">\n\t\t\t\t\t\tPr\u00f3ximos eventos, festivales y reuniones.\t\t\t\t\t<\/p>\n\t\t\t\t\n\t\t\t<\/div>\n\t\t\t\n\t\t<\/div>\n\t\t\t\t\t\t<\/div>\n\t\t\t\t<div class=\"elementor-element elementor-element-1b2c3bad elementor-hidden-mobile_extra elementor-hidden-mobile elementor-widget elementor-widget-heading\" data-id=\"1b2c3bad\" data-element_type=\"widget\" data-e-type=\"widget\" data-widget_type=\"heading.default\">\n\t\t\t\t\t<p class=\"elementor-heading-title elementor-size-default\"><a href=\"https:\/\/peopleofcostarica.com\/es\/eventos\/\">Ver calendario completo<\/a><\/p>\t\t\t\t<\/div>\n\t\t\t\t<\/div>\n\t\t\t\t<div class=\"elementor-element elementor-element-5cb5867 elementor-pagination-type-bullets elementor-arrows-position-inside elementor-pagination-position-outside elementor-widget elementor-widget-loop-carousel\" data-id=\"5cb5867\" data-element_type=\"widget\" data-e-type=\"widget\" data-settings=\"{&quot;template_id&quot;:9975,&quot;_skin&quot;:&quot;post&quot;,&quot;slides_to_show&quot;:&quot;3&quot;,&quot;slides_to_show_tablet_extra&quot;:&quot;3&quot;,&quot;slides_to_show_tablet&quot;:&quot;2&quot;,&quot;slides_to_show_mobile_extra&quot;:&quot;2&quot;,&quot;slides_to_show_mobile&quot;:&quot;1&quot;,&quot;slides_to_scroll&quot;:&quot;1&quot;,&quot;edit_handle_selector&quot;:&quot;.elementor-loop-container&quot;,&quot;autoplay&quot;:&quot;yes&quot;,&quot;autoplay_speed&quot;:5000,&quot;pause_on_hover&quot;:&quot;yes&quot;,&quot;pause_on_interaction&quot;:&quot;yes&quot;,&quot;infinite&quot;:&quot;yes&quot;,&quot;speed&quot;:500,&quot;offset_sides&quot;:&quot;none&quot;,&quot;arrows&quot;:&quot;yes&quot;,&quot;pagination&quot;:&quot;bullets&quot;,&quot;image_spacing_custom&quot;:{&quot;unit&quot;:&quot;px&quot;,&quot;size&quot;:10,&quot;sizes&quot;:[]},&quot;image_spacing_custom_tablet_extra&quot;:{&quot;unit&quot;:&quot;px&quot;,&quot;size&quot;:&quot;&quot;,&quot;sizes&quot;:[]},&quot;image_spacing_custom_tablet&quot;:{&quot;unit&quot;:&quot;px&quot;,&quot;size&quot;:&quot;&quot;,&quot;sizes&quot;:[]},&quot;image_spacing_custom_mobile_extra&quot;:{&quot;unit&quot;:&quot;px&quot;,&quot;size&quot;:&quot;&quot;,&quot;sizes&quot;:[]},&quot;image_spacing_custom_mobile&quot;:{&quot;unit&quot;:&quot;px&quot;,&quot;size&quot;:&quot;&quot;,&quot;sizes&quot;:[]}}\" data-widget_type=\"loop-carousel.post\">\n\t\t\t\t\t\t\t<div class=\"swiper elementor-loop-container elementor-grid\" role=\"list\" dir=\"ltr\">\n\t\t\t\t<div class=\"swiper-wrapper\" aria-live=\"off\">\n\t\t<style id=\"loop-9975\">.elementor-9975 .elementor-element.elementor-element-67606dd6{--display:flex;--min-height:270px;--flex-direction:column;--container-widget-width:100%;--container-widget-height:initial;--container-widget-flex-grow:0;--container-widget-align-self:initial;--flex-wrap-mobile:wrap;--justify-content:space-between;--gap:8px 8px;--row-gap:8px;--column-gap:8px;border-style:solid;--border-style:solid;border-width:1px 1px 1px 1px;--border-top-width:1px;--border-right-width:1px;--border-bottom-width:1px;--border-left-width:1px;border-color:var( --e-global-color-e95258d );--border-color:var( --e-global-color-e95258d );--border-radius:12px 12px 12px 12px;--padding-top:20px;--padding-bottom:20px;--padding-left:20px;--padding-right:20px;}.elementor-9975 .elementor-element.elementor-element-67606dd6:not(.elementor-motion-effects-element-type-background), .elementor-9975 .elementor-element.elementor-element-67606dd6 > .elementor-motion-effects-container > .elementor-motion-effects-layer{background-color:var( --e-global-color-e95258d );}.elementor-9975 .elementor-element.elementor-element-67606dd6:hover{border-style:solid;border-width:1px 1px 1px 1px;--border-top-width:1px;--border-right-width:1px;--border-bottom-width:1px;--border-left-width:1px;border-color:var( --e-global-color-e8cae5f );--border-color:var( --e-global-color-e8cae5f );}.elementor-9975 .elementor-element.elementor-element-67606dd6, .elementor-9975 .elementor-element.elementor-element-67606dd6::before{--border-transition:0.3s;}.elementor-9975 .elementor-element.elementor-element-75249355{--display:flex;--margin-top:0px;--margin-bottom:0px;--margin-left:0px;--margin-right:0px;--padding-top:0px;--padding-bottom:0px;--padding-left:0px;--padding-right:0px;}.elementor-9975 .elementor-element.elementor-element-5254cff5{--display:flex;--min-height:60px;--justify-content:center;--align-items:center;--container-widget-width:calc( ( 1 - var( --container-widget-flex-grow ) ) * 100% );--gap:0px 0px;--row-gap:0px;--column-gap:0px;--border-radius:8px 8px 8px 8px;--padding-top:8px;--padding-bottom:8px;--padding-left:8px;--padding-right:8px;}.elementor-9975 .elementor-element.elementor-element-5254cff5:not(.elementor-motion-effects-element-type-background), .elementor-9975 .elementor-element.elementor-element-5254cff5 > .elementor-motion-effects-container > .elementor-motion-effects-layer{background-color:#F3F4F6;}.elementor-9975 .elementor-element.elementor-element-7bafb42 .jet-listing-dynamic-field .jet-listing-dynamic-field__inline-wrap{width:auto;}.elementor-9975 .elementor-element.elementor-element-7bafb42 .jet-listing-dynamic-field .jet-listing-dynamic-field__content{width:auto;}.elementor-9975 .elementor-element.elementor-element-7bafb42 .jet-listing-dynamic-field{justify-content:flex-start;}.elementor-9975 .elementor-element.elementor-element-7bafb42 .jet-listing-dynamic-field__content{text-align:left;}.elementor-9975 .elementor-element.elementor-element-7aa3e0f .jet-listing-dynamic-field .jet-listing-dynamic-field__inline-wrap{width:auto;}.elementor-9975 .elementor-element.elementor-element-7aa3e0f .jet-listing-dynamic-field .jet-listing-dynamic-field__content{width:auto;}.elementor-9975 .elementor-element.elementor-element-7aa3e0f .jet-listing-dynamic-field{justify-content:flex-start;}.elementor-9975 .elementor-element.elementor-element-7aa3e0f .jet-listing-dynamic-field__content{text-align:left;}.elementor-widget-theme-post-title .elementor-heading-title{font-family:var( --e-global-typography-primary-font-family ), Sans-serif;font-size:var( --e-global-typography-primary-font-size );font-weight:var( --e-global-typography-primary-font-weight );line-height:var( --e-global-typography-primary-line-height );color:var( --e-global-color-primary );}.elementor-9975 .elementor-element.elementor-element-525a2f40 .elementor-heading-title{font-family:\"Inter\", Sans-serif;font-size:1.25rem;font-weight:700;line-height:1.75rem;}.elementor-widget-post-info .elementor-icon-list-item:not(:last-child):after{border-color:var( --e-global-color-text );}.elementor-widget-post-info .elementor-icon-list-icon i{color:var( --e-global-color-primary );}.elementor-widget-post-info .elementor-icon-list-icon svg{fill:var( --e-global-color-primary );}.elementor-widget-post-info .elementor-icon-list-text, .elementor-widget-post-info .elementor-icon-list-text a{color:var( --e-global-color-secondary );}.elementor-widget-post-info .elementor-icon-list-item{font-family:var( --e-global-typography-text-font-family ), Sans-serif;font-size:var( --e-global-typography-text-font-size );font-weight:var( --e-global-typography-text-font-weight );line-height:var( --e-global-typography-text-line-height );}.elementor-9975 .elementor-element.elementor-element-16797aaf .elementor-icon-list-icon{width:14px;}.elementor-9975 .elementor-element.elementor-element-16797aaf .elementor-icon-list-icon i{font-size:14px;}.elementor-9975 .elementor-element.elementor-element-16797aaf .elementor-icon-list-icon svg{--e-icon-list-icon-size:14px;}.elementor-9975 .elementor-element.elementor-element-16797aaf .elementor-icon-list-text, .elementor-9975 .elementor-element.elementor-element-16797aaf .elementor-icon-list-text a{color:var( --e-global-color-text );}.elementor-9975 .elementor-element.elementor-element-16797aaf .elementor-icon-list-item{font-family:\"Inter\", Sans-serif;font-size:14px;font-weight:400;line-height:1.75rem;}.elementor-widget-theme-post-excerpt{font-family:var( --e-global-typography-text-font-family ), Sans-serif;font-size:var( --e-global-typography-text-font-size );font-weight:var( --e-global-typography-text-font-weight );line-height:var( --e-global-typography-text-line-height );color:var( --e-global-color-text );}.elementor-9975 .elementor-element.elementor-element-4e149fda{font-family:\"Inter\", Sans-serif;font-size:14px;font-weight:400;line-height:1.5rem;}.elementor-widget-button .elementor-button{font-family:var( --e-global-typography-accent-font-family ), Sans-serif;font-size:var( --e-global-typography-accent-font-size );font-weight:var( --e-global-typography-accent-font-weight );line-height:var( --e-global-typography-accent-line-height );background-color:var( --e-global-color-accent );}.elementor-9975 .elementor-element.elementor-element-7e90e096 .elementor-button{fill:var( --e-global-color-text );color:var( --e-global-color-text );background-color:var( --e-global-color-e95258d );border-style:solid;border-width:1px 1px 1px 1px;border-color:var( --e-global-color-e8cae5f );}.elementor-9975 .elementor-element.elementor-element-7e90e096 .elementor-button:hover, .elementor-9975 .elementor-element.elementor-element-7e90e096 .elementor-button:focus{color:var( --e-global-color-text );background-color:var( --e-global-color-87eeb04 );}.elementor-9975 .elementor-element.elementor-element-7e90e096 .elementor-button:hover svg, .elementor-9975 .elementor-element.elementor-element-7e90e096 .elementor-button:focus svg{fill:var( --e-global-color-text );}.elementor-9975 .elementor-element.elementor-element-7e90e096{width:100%;max-width:100%;}@media(min-width:768px){.elementor-9975 .elementor-element.elementor-element-5254cff5{--width:90px;}}@media(max-width:1024px){.elementor-widget-theme-post-title .elementor-heading-title{font-size:var( --e-global-typography-primary-font-size );line-height:var( --e-global-typography-primary-line-height );}.elementor-widget-post-info .elementor-icon-list-item{font-size:var( --e-global-typography-text-font-size );line-height:var( --e-global-typography-text-line-height );}.elementor-widget-theme-post-excerpt{font-size:var( --e-global-typography-text-font-size );line-height:var( --e-global-typography-text-line-height );}.elementor-widget-button .elementor-button{font-size:var( --e-global-typography-accent-font-size );line-height:var( --e-global-typography-accent-line-height );}}@media(max-width:767px){.elementor-widget-theme-post-title .elementor-heading-title{font-size:var( --e-global-typography-primary-font-size );line-height:var( --e-global-typography-primary-line-height );}.elementor-widget-post-info .elementor-icon-list-item{font-size:var( --e-global-typography-text-font-size );line-height:var( --e-global-typography-text-line-height );}.elementor-widget-theme-post-excerpt{font-size:var( --e-global-typography-text-font-size );line-height:var( --e-global-typography-text-line-height );}.elementor-widget-button .elementor-button{font-size:var( --e-global-typography-accent-font-size );line-height:var( --e-global-typography-accent-line-height );}}<\/style>\t\t<div data-elementor-type=\"loop-item\" data-elementor-id=\"9975\" class=\"elementor elementor-9975 swiper-slide e-loop-item e-loop-item-12368 post-12368 agenda type-agenda status-publish has-post-thumbnail hentry\" data-elementor-post-type=\"elementor_library\" role=\"group\" aria-roledescription=\"slide\" data-custom-edit-handle=\"1\">\n\t\t\t<div class=\"elementor-element elementor-element-67606dd6 e-flex e-con-boxed e-con e-parent\" data-id=\"67606dd6\" data-element_type=\"container\" data-e-type=\"container\" data-settings=\"{&quot;jet_parallax_layout_list&quot;:[],&quot;background_background&quot;:&quot;classic&quot;}\">\n\t\t\t\t\t<div class=\"e-con-inner\">\n\t\t<div class=\"elementor-element elementor-element-75249355 e-con-full e-flex e-con e-child\" data-id=\"75249355\" data-element_type=\"container\" data-e-type=\"container\" data-settings=\"{&quot;jet_parallax_layout_list&quot;:[]}\">\n\t\t<div class=\"elementor-element elementor-element-5254cff5 e-con-full e-flex e-con e-child\" data-id=\"5254cff5\" data-element_type=\"container\" data-e-type=\"container\" data-settings=\"{&quot;background_background&quot;:&quot;classic&quot;,&quot;jet_parallax_layout_list&quot;:[]}\">\n\t\t\t\t<div class=\"elementor-element elementor-element-7bafb42 elementor-widget elementor-widget-jet-listing-dynamic-field\" data-id=\"7bafb42\" data-element_type=\"widget\" data-e-type=\"widget\" data-widget_type=\"jet-listing-dynamic-field.default\">\n\t\t\t\t\t<div class=\"jet-listing jet-listing-dynamic-field display-inline\"><div class=\"jet-listing-dynamic-field__inline-wrap\"><div class=\"jet-listing-dynamic-field__content\" >abril<\/div><\/div><\/div>\t\t\t\t<\/div>\n\t\t\t\t<div class=\"elementor-element elementor-element-7aa3e0f elementor-widget elementor-widget-jet-listing-dynamic-field\" data-id=\"7aa3e0f\" data-element_type=\"widget\" data-e-type=\"widget\" data-widget_type=\"jet-listing-dynamic-field.default\">\n\t\t\t\t\t<div class=\"jet-listing jet-listing-dynamic-field display-inline\"><div class=\"jet-listing-dynamic-field__inline-wrap\"><div class=\"jet-listing-dynamic-field__content\" >18<\/div><\/div><\/div>\t\t\t\t<\/div>\n\t\t\t\t<\/div>\n\t\t\t\t<div class=\"elementor-element elementor-element-525a2f40 elementor-widget elementor-widget-theme-post-title elementor-page-title elementor-widget-heading\" data-id=\"525a2f40\" data-element_type=\"widget\" data-e-type=\"widget\" data-widget_type=\"theme-post-title.default\">\n\t\t\t\t\t<h3 class=\"elementor-heading-title elementor-size-default\">Festival \u201cArte en el Parque\u201d en Aserr\u00ed (2026)<\/h3>\t\t\t\t<\/div>\n\t\t\t\t<div class=\"elementor-element elementor-element-4e149fda elementor-widget elementor-widget-theme-post-excerpt\" data-id=\"4e149fda\" data-element_type=\"widget\" data-e-type=\"widget\" data-widget_type=\"theme-post-excerpt.default\">\n\t\t\t\t\t<p>El festival \u201cArte en el Parque\u201d es una iniciativa impulsada por&nbsp;La Potente...\t\t\t\t<\/div>\n\t\t\t\t<\/div>\n\t\t\t\t<div class=\"elementor-element elementor-element-7e90e096 elementor-align-justify elementor-widget__width-inherit elementor-widget elementor-widget-button\" data-id=\"7e90e096\" data-element_type=\"widget\" data-e-type=\"widget\" data-widget_type=\"button.default\">\n\t\t\t\t\t\t\t\t\t\t<a class=\"elementor-button elementor-button-link elementor-size-sm\" href=\"https:\/\/peopleofcostarica.com\/es\/agenda\/festival-arte-en-el-parque-en-aserri-2026\/\">\n\t\t\t\t\t\t<span class=\"elementor-button-content-wrapper\">\n\t\t\t\t\t\t\t\t\t<span class=\"elementor-button-text\">Event Details<\/span>\n\t\t\t\t\t<\/span>\n\t\t\t\t\t<\/a>\n\t\t\t\t\t\t\t\t<\/div>\n\t\t\t\t\t<\/div>\n\t\t\t\t<\/div>\n\t\t\t\t<\/div>\n\t\t\t\t<div data-elementor-type=\"loop-item\" data-elementor-id=\"9975\" class=\"elementor elementor-9975 swiper-slide e-loop-item e-loop-item-12332 post-12332 agenda type-agenda status-publish has-post-thumbnail hentry\" data-elementor-post-type=\"elementor_library\" role=\"group\" aria-roledescription=\"slide\" data-custom-edit-handle=\"1\">\n\t\t\t<div class=\"elementor-element elementor-element-67606dd6 e-flex e-con-boxed e-con e-parent\" data-id=\"67606dd6\" data-element_type=\"container\" data-e-type=\"container\" data-settings=\"{&quot;jet_parallax_layout_list&quot;:[],&quot;background_background&quot;:&quot;classic&quot;}\">\n\t\t\t\t\t<div class=\"e-con-inner\">\n\t\t<div class=\"elementor-element elementor-element-75249355 e-con-full e-flex e-con e-child\" data-id=\"75249355\" data-element_type=\"container\" data-e-type=\"container\" data-settings=\"{&quot;jet_parallax_layout_list&quot;:[]}\">\n\t\t<div class=\"elementor-element elementor-element-5254cff5 e-con-full e-flex e-con e-child\" data-id=\"5254cff5\" data-element_type=\"container\" data-e-type=\"container\" data-settings=\"{&quot;background_background&quot;:&quot;classic&quot;,&quot;jet_parallax_layout_list&quot;:[]}\">\n\t\t\t\t<div class=\"elementor-element elementor-element-7bafb42 elementor-widget elementor-widget-jet-listing-dynamic-field\" data-id=\"7bafb42\" data-element_type=\"widget\" data-e-type=\"widget\" data-widget_type=\"jet-listing-dynamic-field.default\">\n\t\t\t\t\t<div class=\"jet-listing jet-listing-dynamic-field display-inline\"><div class=\"jet-listing-dynamic-field__inline-wrap\"><div class=\"jet-listing-dynamic-field__content\" >abril<\/div><\/div><\/div>\t\t\t\t<\/div>\n\t\t\t\t<div class=\"elementor-element elementor-element-7aa3e0f elementor-widget elementor-widget-jet-listing-dynamic-field\" data-id=\"7aa3e0f\" data-element_type=\"widget\" data-e-type=\"widget\" data-widget_type=\"jet-listing-dynamic-field.default\">\n\t\t\t\t\t<div class=\"jet-listing jet-listing-dynamic-field display-inline\"><div class=\"jet-listing-dynamic-field__inline-wrap\"><div class=\"jet-listing-dynamic-field__content\" >17<\/div><\/div><\/div>\t\t\t\t<\/div>\n\t\t\t\t<\/div>\n\t\t\t\t<div class=\"elementor-element elementor-element-525a2f40 elementor-widget elementor-widget-theme-post-title elementor-page-title elementor-widget-heading\" data-id=\"525a2f40\" data-element_type=\"widget\" data-e-type=\"widget\" data-widget_type=\"theme-post-title.default\">\n\t\t\t\t\t<h3 class=\"elementor-heading-title elementor-size-default\">Feria del Libro Infantil y Juvenil 2026 del Museo de los Ni\u00f1os<\/h3>\t\t\t\t<\/div>\n\t\t\t\t<div class=\"elementor-element elementor-element-4e149fda elementor-widget elementor-widget-theme-post-excerpt\" data-id=\"4e149fda\" data-element_type=\"widget\" data-e-type=\"widget\" data-widget_type=\"theme-post-excerpt.default\">\n\t\t\t\t\t<p>La Feria del Libro Infantil y Juvenil 2026 es la quinta edici\u00f3n...\t\t\t\t<\/div>\n\t\t\t\t<\/div>\n\t\t\t\t<div class=\"elementor-element elementor-element-7e90e096 elementor-align-justify elementor-widget__width-inherit elementor-widget elementor-widget-button\" data-id=\"7e90e096\" data-element_type=\"widget\" data-e-type=\"widget\" data-widget_type=\"button.default\">\n\t\t\t\t\t\t\t\t\t\t<a class=\"elementor-button elementor-button-link elementor-size-sm\" href=\"https:\/\/peopleofcostarica.com\/es\/agenda\/feria-del-libro-infantil-y-juvenil-2026-del-museo-de-los-ninos\/\">\n\t\t\t\t\t\t<span class=\"elementor-button-content-wrapper\">\n\t\t\t\t\t\t\t\t\t<span class=\"elementor-button-text\">Event Details<\/span>\n\t\t\t\t\t<\/span>\n\t\t\t\t\t<\/a>\n\t\t\t\t\t\t\t\t<\/div>\n\t\t\t\t\t<\/div>\n\t\t\t\t<\/div>\n\t\t\t\t<\/div>\n\t\t\t\t<div data-elementor-type=\"loop-item\" data-elementor-id=\"9975\" class=\"elementor elementor-9975 swiper-slide e-loop-item e-loop-item-12322 post-12322 agenda type-agenda status-publish has-post-thumbnail hentry\" data-elementor-post-type=\"elementor_library\" role=\"group\" aria-roledescription=\"slide\" data-custom-edit-handle=\"1\">\n\t\t\t<div class=\"elementor-element elementor-element-67606dd6 e-flex e-con-boxed e-con e-parent\" data-id=\"67606dd6\" data-element_type=\"container\" data-e-type=\"container\" data-settings=\"{&quot;jet_parallax_layout_list&quot;:[],&quot;background_background&quot;:&quot;classic&quot;}\">\n\t\t\t\t\t<div class=\"e-con-inner\">\n\t\t<div class=\"elementor-element elementor-element-75249355 e-con-full e-flex e-con e-child\" data-id=\"75249355\" data-element_type=\"container\" data-e-type=\"container\" data-settings=\"{&quot;jet_parallax_layout_list&quot;:[]}\">\n\t\t<div class=\"elementor-element elementor-element-5254cff5 e-con-full e-flex e-con e-child\" data-id=\"5254cff5\" data-element_type=\"container\" data-e-type=\"container\" data-settings=\"{&quot;background_background&quot;:&quot;classic&quot;,&quot;jet_parallax_layout_list&quot;:[]}\">\n\t\t\t\t<div class=\"elementor-element elementor-element-7bafb42 elementor-widget elementor-widget-jet-listing-dynamic-field\" data-id=\"7bafb42\" data-element_type=\"widget\" data-e-type=\"widget\" data-widget_type=\"jet-listing-dynamic-field.default\">\n\t\t\t\t\t<div class=\"jet-listing jet-listing-dynamic-field display-inline\"><div class=\"jet-listing-dynamic-field__inline-wrap\"><div class=\"jet-listing-dynamic-field__content\" >abril<\/div><\/div><\/div>\t\t\t\t<\/div>\n\t\t\t\t<div class=\"elementor-element elementor-element-7aa3e0f elementor-widget elementor-widget-jet-listing-dynamic-field\" data-id=\"7aa3e0f\" data-element_type=\"widget\" data-e-type=\"widget\" data-widget_type=\"jet-listing-dynamic-field.default\">\n\t\t\t\t\t<div class=\"jet-listing jet-listing-dynamic-field display-inline\"><div class=\"jet-listing-dynamic-field__inline-wrap\"><div class=\"jet-listing-dynamic-field__content\" >20<\/div><\/div><\/div>\t\t\t\t<\/div>\n\t\t\t\t<\/div>\n\t\t\t\t<div class=\"elementor-element elementor-element-525a2f40 elementor-widget elementor-widget-theme-post-title elementor-page-title elementor-widget-heading\" data-id=\"525a2f40\" data-element_type=\"widget\" data-e-type=\"widget\" data-widget_type=\"theme-post-title.default\">\n\t\t\t\t\t<h3 class=\"elementor-heading-title elementor-size-default\">Volc\u00e1nica, primer festival nacional de dise\u00f1o de Costa Rica<\/h3>\t\t\t\t<\/div>\n\t\t\t\t<div class=\"elementor-element elementor-element-4e149fda elementor-widget elementor-widget-theme-post-excerpt\" data-id=\"4e149fda\" data-element_type=\"widget\" data-e-type=\"widget\" data-widget_type=\"theme-post-excerpt.default\">\n\t\t\t\t\t<p>Volc\u00e1nica es el primer festival nacional de dise\u00f1o de Costa Rica, impulsado...\t\t\t\t<\/div>\n\t\t\t\t<\/div>\n\t\t\t\t<div class=\"elementor-element elementor-element-7e90e096 elementor-align-justify elementor-widget__width-inherit elementor-widget elementor-widget-button\" data-id=\"7e90e096\" data-element_type=\"widget\" data-e-type=\"widget\" data-widget_type=\"button.default\">\n\t\t\t\t\t\t\t\t\t\t<a class=\"elementor-button elementor-button-link elementor-size-sm\" href=\"https:\/\/peopleofcostarica.com\/es\/agenda\/volcanica-primer-festival-nacional-de-diseno-de-costa-rica\/\">\n\t\t\t\t\t\t<span class=\"elementor-button-content-wrapper\">\n\t\t\t\t\t\t\t\t\t<span class=\"elementor-button-text\">Event Details<\/span>\n\t\t\t\t\t<\/span>\n\t\t\t\t\t<\/a>\n\t\t\t\t\t\t\t\t<\/div>\n\t\t\t\t\t<\/div>\n\t\t\t\t<\/div>\n\t\t\t\t<\/div>\n\t\t\t\t<div data-elementor-type=\"loop-item\" data-elementor-id=\"9975\" class=\"elementor elementor-9975 swiper-slide e-loop-item e-loop-item-11891 post-11891 agenda type-agenda status-publish has-post-thumbnail hentry\" data-elementor-post-type=\"elementor_library\" role=\"group\" aria-roledescription=\"slide\" data-custom-edit-handle=\"1\">\n\t\t\t<div class=\"elementor-element elementor-element-67606dd6 e-flex e-con-boxed e-con e-parent\" data-id=\"67606dd6\" data-element_type=\"container\" data-e-type=\"container\" data-settings=\"{&quot;jet_parallax_layout_list&quot;:[],&quot;background_background&quot;:&quot;classic&quot;}\">\n\t\t\t\t\t<div class=\"e-con-inner\">\n\t\t<div class=\"elementor-element elementor-element-75249355 e-con-full e-flex e-con e-child\" data-id=\"75249355\" data-element_type=\"container\" data-e-type=\"container\" data-settings=\"{&quot;jet_parallax_layout_list&quot;:[]}\">\n\t\t<div class=\"elementor-element elementor-element-5254cff5 e-con-full e-flex e-con e-child\" data-id=\"5254cff5\" data-element_type=\"container\" data-e-type=\"container\" data-settings=\"{&quot;background_background&quot;:&quot;classic&quot;,&quot;jet_parallax_layout_list&quot;:[]}\">\n\t\t\t\t<div class=\"elementor-element elementor-element-7bafb42 elementor-widget elementor-widget-jet-listing-dynamic-field\" data-id=\"7bafb42\" data-element_type=\"widget\" data-e-type=\"widget\" data-widget_type=\"jet-listing-dynamic-field.default\">\n\t\t\t\t\t<div class=\"jet-listing jet-listing-dynamic-field display-inline\"><div class=\"jet-listing-dynamic-field__inline-wrap\"><div class=\"jet-listing-dynamic-field__content\" >abril<\/div><\/div><\/div>\t\t\t\t<\/div>\n\t\t\t\t<div class=\"elementor-element elementor-element-7aa3e0f elementor-widget elementor-widget-jet-listing-dynamic-field\" data-id=\"7aa3e0f\" data-element_type=\"widget\" data-e-type=\"widget\" data-widget_type=\"jet-listing-dynamic-field.default\">\n\t\t\t\t\t<div class=\"jet-listing jet-listing-dynamic-field display-inline\"><div class=\"jet-listing-dynamic-field__inline-wrap\"><div class=\"jet-listing-dynamic-field__content\" >25<\/div><\/div><\/div>\t\t\t\t<\/div>\n\t\t\t\t<\/div>\n\t\t\t\t<div class=\"elementor-element elementor-element-525a2f40 elementor-widget elementor-widget-theme-post-title elementor-page-title elementor-widget-heading\" data-id=\"525a2f40\" data-element_type=\"widget\" data-e-type=\"widget\" data-widget_type=\"theme-post-title.default\">\n\t\t\t\t\t<h3 class=\"elementor-heading-title elementor-size-default\">Gondwana celebrar\u00e1 el aniversario de Santo Remedio con un concierto en la Zona de los Santos<\/h3>\t\t\t\t<\/div>\n\t\t\t\t<div class=\"elementor-element elementor-element-16797aaf elementor-widget elementor-widget-post-info\" data-id=\"16797aaf\" data-element_type=\"widget\" data-e-type=\"widget\" data-widget_type=\"post-info.default\">\n\t\t\t\t\t\t\t<ul class=\"elementor-inline-items elementor-icon-list-items elementor-post-info\">\n\t\t\t\t\t\t\t\t<li class=\"elementor-icon-list-item elementor-repeater-item-d588e75 elementor-inline-item\">\n\t\t\t\t\t\t\t\t\t\t<span class=\"elementor-icon-list-icon\">\n\t\t\t\t\t\t\t\t<svg aria-hidden=\"true\" class=\"e-font-icon-svg e-fas-map-marker-alt\" viewBox=\"0 0 384 512\" xmlns=\"http:\/\/www.w3.org\/2000\/svg\"><path d=\"M172.268 501.67C26.97 291.031 0 269.413 0 192 0 85.961 85.961 0 192 0s192 85.961 192 192c0 77.413-26.97 99.031-172.268 309.67-9.535 13.774-29.93 13.773-39.464 0zM192 272c44.183 0 80-35.817 80-80s-35.817-80-80-80-80 35.817-80 80 35.817 80 80 80z\"><\/path><\/svg>\t\t\t\t\t\t\t<\/span>\n\t\t\t\t\t\t\t\t\t<span class=\"elementor-icon-list-text elementor-post-info__item elementor-post-info__item--type-custom\">\n\t\t\t\t\t\t\t\t\t\tRancho Tur\u00edstico El Guayabal\t\t\t\t\t<\/span>\n\t\t\t\t\t\t\t\t<\/li>\n\t\t\t\t<\/ul>\n\t\t\t\t\t\t<\/div>\n\t\t\t\t<div class=\"elementor-element elementor-element-4e149fda elementor-widget elementor-widget-theme-post-excerpt\" data-id=\"4e149fda\" data-element_type=\"widget\" data-e-type=\"widget\" data-widget_type=\"theme-post-excerpt.default\">\n\t\t\t\t\t<p>El s\u00e1bado 25 de abril de 2026, la reconocida banda chilena de...\t\t\t\t<\/div>\n\t\t\t\t<\/div>\n\t\t\t\t<div class=\"elementor-element elementor-element-7e90e096 elementor-align-justify elementor-widget__width-inherit elementor-widget elementor-widget-button\" data-id=\"7e90e096\" data-element_type=\"widget\" data-e-type=\"widget\" data-widget_type=\"button.default\">\n\t\t\t\t\t\t\t\t\t\t<a class=\"elementor-button elementor-button-link elementor-size-sm\" href=\"https:\/\/peopleofcostarica.com\/es\/agenda\/gondwana-celebrara-el-aniversario-de-santo-remedio-con-un-concierto-en-la-zona-de-los-santos\/\">\n\t\t\t\t\t\t<span class=\"elementor-button-content-wrapper\">\n\t\t\t\t\t\t\t\t\t<span class=\"elementor-button-text\">Event Details<\/span>\n\t\t\t\t\t<\/span>\n\t\t\t\t\t<\/a>\n\t\t\t\t\t\t\t\t<\/div>\n\t\t\t\t\t<\/div>\n\t\t\t\t<\/div>\n\t\t\t\t<\/div>\n\t\t\t\t<div data-elementor-type=\"loop-item\" data-elementor-id=\"9975\" class=\"elementor elementor-9975 swiper-slide e-loop-item e-loop-item-11849 post-11849 agenda type-agenda status-publish has-post-thumbnail hentry\" data-elementor-post-type=\"elementor_library\" role=\"group\" aria-roledescription=\"slide\" data-custom-edit-handle=\"1\">\n\t\t\t<div class=\"elementor-element elementor-element-67606dd6 e-flex e-con-boxed e-con e-parent\" data-id=\"67606dd6\" data-element_type=\"container\" data-e-type=\"container\" data-settings=\"{&quot;jet_parallax_layout_list&quot;:[],&quot;background_background&quot;:&quot;classic&quot;}\">\n\t\t\t\t\t<div class=\"e-con-inner\">\n\t\t<div class=\"elementor-element elementor-element-75249355 e-con-full e-flex e-con e-child\" data-id=\"75249355\" data-element_type=\"container\" data-e-type=\"container\" data-settings=\"{&quot;jet_parallax_layout_list&quot;:[]}\">\n\t\t<div class=\"elementor-element elementor-element-5254cff5 e-con-full e-flex e-con e-child\" data-id=\"5254cff5\" data-element_type=\"container\" data-e-type=\"container\" data-settings=\"{&quot;background_background&quot;:&quot;classic&quot;,&quot;jet_parallax_layout_list&quot;:[]}\">\n\t\t\t\t<div class=\"elementor-element elementor-element-7bafb42 elementor-widget elementor-widget-jet-listing-dynamic-field\" data-id=\"7bafb42\" data-element_type=\"widget\" data-e-type=\"widget\" data-widget_type=\"jet-listing-dynamic-field.default\">\n\t\t\t\t\t<div class=\"jet-listing jet-listing-dynamic-field display-inline\"><div class=\"jet-listing-dynamic-field__inline-wrap\"><div class=\"jet-listing-dynamic-field__content\" >abril<\/div><\/div><\/div>\t\t\t\t<\/div>\n\t\t\t\t<div class=\"elementor-element elementor-element-7aa3e0f elementor-widget elementor-widget-jet-listing-dynamic-field\" data-id=\"7aa3e0f\" data-element_type=\"widget\" data-e-type=\"widget\" data-widget_type=\"jet-listing-dynamic-field.default\">\n\t\t\t\t\t<div class=\"jet-listing jet-listing-dynamic-field display-inline\"><div class=\"jet-listing-dynamic-field__inline-wrap\"><div class=\"jet-listing-dynamic-field__content\" >12<\/div><\/div><\/div>\t\t\t\t<\/div>\n\t\t\t\t<\/div>\n\t\t\t\t<div class=\"elementor-element elementor-element-525a2f40 elementor-widget elementor-widget-theme-post-title elementor-page-title elementor-widget-heading\" data-id=\"525a2f40\" data-element_type=\"widget\" data-e-type=\"widget\" data-widget_type=\"theme-post-title.default\">\n\t\t\t\t\t<h3 class=\"elementor-heading-title elementor-size-default\">Los \u00c1ngeles Azules cerrar\u00e1n Transitarte 2026 con concierto gratuito en La Sabana<\/h3>\t\t\t\t<\/div>\n\t\t\t\t<div class=\"elementor-element elementor-element-16797aaf elementor-widget elementor-widget-post-info\" data-id=\"16797aaf\" data-element_type=\"widget\" data-e-type=\"widget\" data-widget_type=\"post-info.default\">\n\t\t\t\t\t\t\t<ul class=\"elementor-inline-items elementor-icon-list-items elementor-post-info\">\n\t\t\t\t\t\t\t\t<li class=\"elementor-icon-list-item elementor-repeater-item-d588e75 elementor-inline-item\">\n\t\t\t\t\t\t\t\t\t\t<span class=\"elementor-icon-list-icon\">\n\t\t\t\t\t\t\t\t<svg aria-hidden=\"true\" class=\"e-font-icon-svg e-fas-map-marker-alt\" viewBox=\"0 0 384 512\" xmlns=\"http:\/\/www.w3.org\/2000\/svg\"><path d=\"M172.268 501.67C26.97 291.031 0 269.413 0 192 0 85.961 85.961 0 192 0s192 85.961 192 192c0 77.413-26.97 99.031-172.268 309.67-9.535 13.774-29.93 13.773-39.464 0zM192 272c44.183 0 80-35.817 80-80s-35.817-80-80-80-80 35.817-80 80 35.817 80 80 80z\"><\/path><\/svg>\t\t\t\t\t\t\t<\/span>\n\t\t\t\t\t\t\t\t\t<span class=\"elementor-icon-list-text elementor-post-info__item elementor-post-info__item--type-custom\">\n\t\t\t\t\t\t\t\t\t\tParque Metropolitano La Sabana San Jos\u00e9, Costa Rica\t\t\t\t\t<\/span>\n\t\t\t\t\t\t\t\t<\/li>\n\t\t\t\t<\/ul>\n\t\t\t\t\t\t<\/div>\n\t\t\t\t<div class=\"elementor-element elementor-element-4e149fda elementor-widget elementor-widget-theme-post-excerpt\" data-id=\"4e149fda\" data-element_type=\"widget\" data-e-type=\"widget\" data-widget_type=\"theme-post-excerpt.default\">\n\t\t\t\t\t<p>La agrupaci\u00f3n mexicana Los \u00c1ngeles Azules ser\u00e1 la encargada de cerrar el...\t\t\t\t<\/div>\n\t\t\t\t<\/div>\n\t\t\t\t<div class=\"elementor-element elementor-element-7e90e096 elementor-align-justify elementor-widget__width-inherit elementor-widget elementor-widget-button\" data-id=\"7e90e096\" data-element_type=\"widget\" data-e-type=\"widget\" data-widget_type=\"button.default\">\n\t\t\t\t\t\t\t\t\t\t<a class=\"elementor-button elementor-button-link elementor-size-sm\" href=\"https:\/\/peopleofcostarica.com\/es\/agenda\/los-angeles-azules-cerraran-transitarte-2026-con-concierto-gratuito-en-la-sabana\/\">\n\t\t\t\t\t\t<span class=\"elementor-button-content-wrapper\">\n\t\t\t\t\t\t\t\t\t<span class=\"elementor-button-text\">Event Details<\/span>\n\t\t\t\t\t<\/span>\n\t\t\t\t\t<\/a>\n\t\t\t\t\t\t\t\t<\/div>\n\t\t\t\t\t<\/div>\n\t\t\t\t<\/div>\n\t\t\t\t<\/div>\n\t\t\t\t<div data-elementor-type=\"loop-item\" data-elementor-id=\"9975\" class=\"elementor elementor-9975 swiper-slide e-loop-item e-loop-item-11752 post-11752 agenda type-agenda status-publish has-post-thumbnail hentry\" data-elementor-post-type=\"elementor_library\" role=\"group\" aria-roledescription=\"slide\" data-custom-edit-handle=\"1\">\n\t\t\t<div class=\"elementor-element elementor-element-67606dd6 e-flex e-con-boxed e-con e-parent\" data-id=\"67606dd6\" data-element_type=\"container\" data-e-type=\"container\" data-settings=\"{&quot;jet_parallax_layout_list&quot;:[],&quot;background_background&quot;:&quot;classic&quot;}\">\n\t\t\t\t\t<div class=\"e-con-inner\">\n\t\t<div class=\"elementor-element elementor-element-75249355 e-con-full e-flex e-con e-child\" data-id=\"75249355\" data-element_type=\"container\" data-e-type=\"container\" data-settings=\"{&quot;jet_parallax_layout_list&quot;:[]}\">\n\t\t<div class=\"elementor-element elementor-element-5254cff5 e-con-full e-flex e-con e-child\" data-id=\"5254cff5\" data-element_type=\"container\" data-e-type=\"container\" data-settings=\"{&quot;background_background&quot;:&quot;classic&quot;,&quot;jet_parallax_layout_list&quot;:[]}\">\n\t\t\t\t<div class=\"elementor-element elementor-element-7bafb42 elementor-widget elementor-widget-jet-listing-dynamic-field\" data-id=\"7bafb42\" data-element_type=\"widget\" data-e-type=\"widget\" data-widget_type=\"jet-listing-dynamic-field.default\">\n\t\t\t\t\t<div class=\"jet-listing jet-listing-dynamic-field display-inline\"><div class=\"jet-listing-dynamic-field__inline-wrap\"><div class=\"jet-listing-dynamic-field__content\" >abril<\/div><\/div><\/div>\t\t\t\t<\/div>\n\t\t\t\t<div class=\"elementor-element elementor-element-7aa3e0f elementor-widget elementor-widget-jet-listing-dynamic-field\" data-id=\"7aa3e0f\" data-element_type=\"widget\" data-e-type=\"widget\" data-widget_type=\"jet-listing-dynamic-field.default\">\n\t\t\t\t\t<div class=\"jet-listing jet-listing-dynamic-field display-inline\"><div class=\"jet-listing-dynamic-field__inline-wrap\"><div class=\"jet-listing-dynamic-field__content\" >11<\/div><\/div><\/div>\t\t\t\t<\/div>\n\t\t\t\t<\/div>\n\t\t\t\t<div class=\"elementor-element elementor-element-525a2f40 elementor-widget elementor-widget-theme-post-title elementor-page-title elementor-widget-heading\" data-id=\"525a2f40\" data-element_type=\"widget\" data-e-type=\"widget\" data-widget_type=\"theme-post-title.default\">\n\t\t\t\t\t<h3 class=\"elementor-heading-title elementor-size-default\">La Feria Nacional de la Tapa de Dulce 2026 en Escaz\u00fa<\/h3>\t\t\t\t<\/div>\n\t\t\t\t<div class=\"elementor-element elementor-element-16797aaf elementor-widget elementor-widget-post-info\" data-id=\"16797aaf\" data-element_type=\"widget\" data-e-type=\"widget\" data-widget_type=\"post-info.default\">\n\t\t\t\t\t\t\t<ul class=\"elementor-inline-items elementor-icon-list-items elementor-post-info\">\n\t\t\t\t\t\t\t\t<li class=\"elementor-icon-list-item elementor-repeater-item-d588e75 elementor-inline-item\">\n\t\t\t\t\t\t\t\t\t\t<span class=\"elementor-icon-list-icon\">\n\t\t\t\t\t\t\t\t<svg aria-hidden=\"true\" class=\"e-font-icon-svg e-fas-map-marker-alt\" viewBox=\"0 0 384 512\" xmlns=\"http:\/\/www.w3.org\/2000\/svg\"><path d=\"M172.268 501.67C26.97 291.031 0 269.413 0 192 0 85.961 85.961 0 192 0s192 85.961 192 192c0 77.413-26.97 99.031-172.268 309.67-9.535 13.774-29.93 13.773-39.464 0zM192 272c44.183 0 80-35.817 80-80s-35.817-80-80-80-80 35.817-80 80 35.817 80 80 80z\"><\/path><\/svg>\t\t\t\t\t\t\t<\/span>\n\t\t\t\t\t\t\t\t\t<span class=\"elementor-icon-list-text elementor-post-info__item elementor-post-info__item--type-custom\">\n\t\t\t\t\t\t\t\t\t\tParque de San Antonio, cant\u00f3n de Escaz\u00fa, San Jos\u00e9, Costa Rica\t\t\t\t\t<\/span>\n\t\t\t\t\t\t\t\t<\/li>\n\t\t\t\t<\/ul>\n\t\t\t\t\t\t<\/div>\n\t\t\t\t<div class=\"elementor-element elementor-element-4e149fda elementor-widget elementor-widget-theme-post-excerpt\" data-id=\"4e149fda\" data-element_type=\"widget\" data-e-type=\"widget\" data-widget_type=\"theme-post-excerpt.default\">\n\t\t\t\t\t<p>La Feria Nacional de la Tapa de Dulce 2026 es una&nbsp;actividad&nbsp;cultural y...\t\t\t\t<\/div>\n\t\t\t\t<\/div>\n\t\t\t\t<div class=\"elementor-element elementor-element-7e90e096 elementor-align-justify elementor-widget__width-inherit elementor-widget elementor-widget-button\" data-id=\"7e90e096\" data-element_type=\"widget\" data-e-type=\"widget\" data-widget_type=\"button.default\">\n\t\t\t\t\t\t\t\t\t\t<a class=\"elementor-button elementor-button-link elementor-size-sm\" href=\"https:\/\/peopleofcostarica.com\/es\/agenda\/la-feria-nacional-de-la-tapa-de-dulce-2026-en-escazu\/\">\n\t\t\t\t\t\t<span class=\"elementor-button-content-wrapper\">\n\t\t\t\t\t\t\t\t\t<span class=\"elementor-button-text\">Event Details<\/span>\n\t\t\t\t\t<\/span>\n\t\t\t\t\t<\/a>\n\t\t\t\t\t\t\t\t<\/div>\n\t\t\t\t\t<\/div>\n\t\t\t\t<\/div>\n\t\t\t\t<\/div>\n\t\t\t\t<div data-elementor-type=\"loop-item\" data-elementor-id=\"9975\" class=\"elementor elementor-9975 swiper-slide e-loop-item e-loop-item-11743 post-11743 agenda type-agenda status-publish has-post-thumbnail hentry\" data-elementor-post-type=\"elementor_library\" role=\"group\" aria-roledescription=\"slide\" data-custom-edit-handle=\"1\">\n\t\t\t<div class=\"elementor-element elementor-element-67606dd6 e-flex e-con-boxed e-con e-parent\" data-id=\"67606dd6\" data-element_type=\"container\" data-e-type=\"container\" data-settings=\"{&quot;jet_parallax_layout_list&quot;:[],&quot;background_background&quot;:&quot;classic&quot;}\">\n\t\t\t\t\t<div class=\"e-con-inner\">\n\t\t<div class=\"elementor-element elementor-element-75249355 e-con-full e-flex e-con e-child\" data-id=\"75249355\" data-element_type=\"container\" data-e-type=\"container\" data-settings=\"{&quot;jet_parallax_layout_list&quot;:[]}\">\n\t\t<div class=\"elementor-element elementor-element-5254cff5 e-con-full e-flex e-con e-child\" data-id=\"5254cff5\" data-element_type=\"container\" data-e-type=\"container\" data-settings=\"{&quot;background_background&quot;:&quot;classic&quot;,&quot;jet_parallax_layout_list&quot;:[]}\">\n\t\t\t\t<div class=\"elementor-element elementor-element-7bafb42 elementor-widget elementor-widget-jet-listing-dynamic-field\" data-id=\"7bafb42\" data-element_type=\"widget\" data-e-type=\"widget\" data-widget_type=\"jet-listing-dynamic-field.default\">\n\t\t\t\t\t<div class=\"jet-listing jet-listing-dynamic-field display-inline\"><div class=\"jet-listing-dynamic-field__inline-wrap\"><div class=\"jet-listing-dynamic-field__content\" >mayo<\/div><\/div><\/div>\t\t\t\t<\/div>\n\t\t\t\t<div class=\"elementor-element elementor-element-7aa3e0f elementor-widget elementor-widget-jet-listing-dynamic-field\" data-id=\"7aa3e0f\" data-element_type=\"widget\" data-e-type=\"widget\" data-widget_type=\"jet-listing-dynamic-field.default\">\n\t\t\t\t\t<div class=\"jet-listing jet-listing-dynamic-field display-inline\"><div class=\"jet-listing-dynamic-field__inline-wrap\"><div class=\"jet-listing-dynamic-field__content\" >30<\/div><\/div><\/div>\t\t\t\t<\/div>\n\t\t\t\t<\/div>\n\t\t\t\t<div class=\"elementor-element elementor-element-525a2f40 elementor-widget elementor-widget-theme-post-title elementor-page-title elementor-widget-heading\" data-id=\"525a2f40\" data-element_type=\"widget\" data-e-type=\"widget\" data-widget_type=\"theme-post-title.default\">\n\t\t\t\t\t<h3 class=\"elementor-heading-title elementor-size-default\">Ed Sheeran en Costa Rica<\/h3>\t\t\t\t<\/div>\n\t\t\t\t<div class=\"elementor-element elementor-element-16797aaf elementor-widget elementor-widget-post-info\" data-id=\"16797aaf\" data-element_type=\"widget\" data-e-type=\"widget\" data-widget_type=\"post-info.default\">\n\t\t\t\t\t\t\t<ul class=\"elementor-inline-items elementor-icon-list-items elementor-post-info\">\n\t\t\t\t\t\t\t\t<li class=\"elementor-icon-list-item elementor-repeater-item-d588e75 elementor-inline-item\">\n\t\t\t\t\t\t\t\t\t\t<span class=\"elementor-icon-list-icon\">\n\t\t\t\t\t\t\t\t<svg aria-hidden=\"true\" class=\"e-font-icon-svg e-fas-map-marker-alt\" viewBox=\"0 0 384 512\" xmlns=\"http:\/\/www.w3.org\/2000\/svg\"><path d=\"M172.268 501.67C26.97 291.031 0 269.413 0 192 0 85.961 85.961 0 192 0s192 85.961 192 192c0 77.413-26.97 99.031-172.268 309.67-9.535 13.774-29.93 13.773-39.464 0zM192 272c44.183 0 80-35.817 80-80s-35.817-80-80-80-80 35.817-80 80 35.817 80 80 80z\"><\/path><\/svg>\t\t\t\t\t\t\t<\/span>\n\t\t\t\t\t\t\t\t\t<span class=\"elementor-icon-list-text elementor-post-info__item elementor-post-info__item--type-custom\">\n\t\t\t\t\t\t\t\t\t\tEstadio Nacional de Costa Rica\t\t\t\t\t<\/span>\n\t\t\t\t\t\t\t\t<\/li>\n\t\t\t\t<\/ul>\n\t\t\t\t\t\t<\/div>\n\t\t\t\t<div class=\"elementor-element elementor-element-4e149fda elementor-widget elementor-widget-theme-post-excerpt\" data-id=\"4e149fda\" data-element_type=\"widget\" data-e-type=\"widget\" data-widget_type=\"theme-post-excerpt.default\">\n\t\t\t\t\t<p>Ed Sheeran se presentar\u00e1 en Costa Rica como parte de su gira...\t\t\t\t<\/div>\n\t\t\t\t<\/div>\n\t\t\t\t<div class=\"elementor-element elementor-element-7e90e096 elementor-align-justify elementor-widget__width-inherit elementor-widget elementor-widget-button\" data-id=\"7e90e096\" data-element_type=\"widget\" data-e-type=\"widget\" data-widget_type=\"button.default\">\n\t\t\t\t\t\t\t\t\t\t<a class=\"elementor-button elementor-button-link elementor-size-sm\" href=\"https:\/\/peopleofcostarica.com\/es\/agenda\/ed-sheeran-en-costa-rica\/\">\n\t\t\t\t\t\t<span class=\"elementor-button-content-wrapper\">\n\t\t\t\t\t\t\t\t\t<span class=\"elementor-button-text\">Event Details<\/span>\n\t\t\t\t\t<\/span>\n\t\t\t\t\t<\/a>\n\t\t\t\t\t\t\t\t<\/div>\n\t\t\t\t\t<\/div>\n\t\t\t\t<\/div>\n\t\t\t\t<\/div>\n\t\t\t\t<div data-elementor-type=\"loop-item\" data-elementor-id=\"9975\" class=\"elementor elementor-9975 swiper-slide e-loop-item e-loop-item-11675 post-11675 agenda type-agenda status-publish has-post-thumbnail hentry\" data-elementor-post-type=\"elementor_library\" role=\"group\" aria-roledescription=\"slide\" data-custom-edit-handle=\"1\">\n\t\t\t<div class=\"elementor-element elementor-element-67606dd6 e-flex e-con-boxed e-con e-parent\" data-id=\"67606dd6\" data-element_type=\"container\" data-e-type=\"container\" data-settings=\"{&quot;jet_parallax_layout_list&quot;:[],&quot;background_background&quot;:&quot;classic&quot;}\">\n\t\t\t\t\t<div class=\"e-con-inner\">\n\t\t<div class=\"elementor-element elementor-element-75249355 e-con-full e-flex e-con e-child\" data-id=\"75249355\" data-element_type=\"container\" data-e-type=\"container\" data-settings=\"{&quot;jet_parallax_layout_list&quot;:[]}\">\n\t\t<div class=\"elementor-element elementor-element-5254cff5 e-con-full e-flex e-con e-child\" data-id=\"5254cff5\" data-element_type=\"container\" data-e-type=\"container\" data-settings=\"{&quot;background_background&quot;:&quot;classic&quot;,&quot;jet_parallax_layout_list&quot;:[]}\">\n\t\t\t\t<div class=\"elementor-element elementor-element-7bafb42 elementor-widget elementor-widget-jet-listing-dynamic-field\" data-id=\"7bafb42\" data-element_type=\"widget\" data-e-type=\"widget\" data-widget_type=\"jet-listing-dynamic-field.default\">\n\t\t\t\t\t<div class=\"jet-listing jet-listing-dynamic-field display-inline\"><div class=\"jet-listing-dynamic-field__inline-wrap\"><div class=\"jet-listing-dynamic-field__content\" >mayo<\/div><\/div><\/div>\t\t\t\t<\/div>\n\t\t\t\t<div class=\"elementor-element elementor-element-7aa3e0f elementor-widget elementor-widget-jet-listing-dynamic-field\" data-id=\"7aa3e0f\" data-element_type=\"widget\" data-e-type=\"widget\" data-widget_type=\"jet-listing-dynamic-field.default\">\n\t\t\t\t\t<div class=\"jet-listing jet-listing-dynamic-field display-inline\"><div class=\"jet-listing-dynamic-field__inline-wrap\"><div class=\"jet-listing-dynamic-field__content\" >15<\/div><\/div><\/div>\t\t\t\t<\/div>\n\t\t\t\t<\/div>\n\t\t\t\t<div class=\"elementor-element elementor-element-525a2f40 elementor-widget elementor-widget-theme-post-title elementor-page-title elementor-widget-heading\" data-id=\"525a2f40\" data-element_type=\"widget\" data-e-type=\"widget\" data-widget_type=\"theme-post-title.default\">\n\t\t\t\t\t<h3 class=\"elementor-heading-title elementor-size-default\">Feria de Empleo Talent Costa Rica ofrecer\u00e1 m\u00e1s de 8.000 vacantes<\/h3>\t\t\t\t<\/div>\n\t\t\t\t<div class=\"elementor-element elementor-element-16797aaf elementor-widget elementor-widget-post-info\" data-id=\"16797aaf\" data-element_type=\"widget\" data-e-type=\"widget\" data-widget_type=\"post-info.default\">\n\t\t\t\t\t\t\t<ul class=\"elementor-inline-items elementor-icon-list-items elementor-post-info\">\n\t\t\t\t\t\t\t\t<li class=\"elementor-icon-list-item elementor-repeater-item-d588e75 elementor-inline-item\">\n\t\t\t\t\t\t\t\t\t\t<span class=\"elementor-icon-list-icon\">\n\t\t\t\t\t\t\t\t<svg aria-hidden=\"true\" class=\"e-font-icon-svg e-fas-map-marker-alt\" viewBox=\"0 0 384 512\" xmlns=\"http:\/\/www.w3.org\/2000\/svg\"><path d=\"M172.268 501.67C26.97 291.031 0 269.413 0 192 0 85.961 85.961 0 192 0s192 85.961 192 192c0 77.413-26.97 99.031-172.268 309.67-9.535 13.774-29.93 13.773-39.464 0zM192 272c44.183 0 80-35.817 80-80s-35.817-80-80-80-80 35.817-80 80 35.817 80 80 80z\"><\/path><\/svg>\t\t\t\t\t\t\t<\/span>\n\t\t\t\t\t\t\t\t\t<span class=\"elementor-icon-list-text elementor-post-info__item elementor-post-info__item--type-custom\">\n\t\t\t\t\t\t\t\t\t\tCentro de Convenciones\t\t\t\t\t<\/span>\n\t\t\t\t\t\t\t\t<\/li>\n\t\t\t\t<\/ul>\n\t\t\t\t\t\t<\/div>\n\t\t\t\t<div class=\"elementor-element elementor-element-4e149fda elementor-widget elementor-widget-theme-post-excerpt\" data-id=\"4e149fda\" data-element_type=\"widget\" data-e-type=\"widget\" data-widget_type=\"theme-post-excerpt.default\">\n\t\t\t\t\t<p>La Feria de Empleo Talent Costa Rica, organizada por la Promotora del...\t\t\t\t<\/div>\n\t\t\t\t<\/div>\n\t\t\t\t<div class=\"elementor-element elementor-element-7e90e096 elementor-align-justify elementor-widget__width-inherit elementor-widget elementor-widget-button\" data-id=\"7e90e096\" data-element_type=\"widget\" data-e-type=\"widget\" data-widget_type=\"button.default\">\n\t\t\t\t\t\t\t\t\t\t<a class=\"elementor-button elementor-button-link elementor-size-sm\" href=\"https:\/\/peopleofcostarica.com\/es\/agenda\/feria-de-empleo-talent-costa-rica-ofrecera-mas-de-8-000-vacantes\/\">\n\t\t\t\t\t\t<span class=\"elementor-button-content-wrapper\">\n\t\t\t\t\t\t\t\t\t<span class=\"elementor-button-text\">Event Details<\/span>\n\t\t\t\t\t<\/span>\n\t\t\t\t\t<\/a>\n\t\t\t\t\t\t\t\t<\/div>\n\t\t\t\t\t<\/div>\n\t\t\t\t<\/div>\n\t\t\t\t<\/div>\n\t\t\t\t<div data-elementor-type=\"loop-item\" data-elementor-id=\"9975\" class=\"elementor elementor-9975 swiper-slide e-loop-item e-loop-item-11455 post-11455 agenda type-agenda status-publish has-post-thumbnail hentry\" data-elementor-post-type=\"elementor_library\" role=\"group\" aria-roledescription=\"slide\" data-custom-edit-handle=\"1\">\n\t\t\t<div class=\"elementor-element elementor-element-67606dd6 e-flex e-con-boxed e-con e-parent\" data-id=\"67606dd6\" data-element_type=\"container\" data-e-type=\"container\" data-settings=\"{&quot;jet_parallax_layout_list&quot;:[],&quot;background_background&quot;:&quot;classic&quot;}\">\n\t\t\t\t\t<div class=\"e-con-inner\">\n\t\t<div class=\"elementor-element elementor-element-75249355 e-con-full e-flex e-con e-child\" data-id=\"75249355\" data-element_type=\"container\" data-e-type=\"container\" data-settings=\"{&quot;jet_parallax_layout_list&quot;:[]}\">\n\t\t<div class=\"elementor-element elementor-element-5254cff5 e-con-full e-flex e-con e-child\" data-id=\"5254cff5\" data-element_type=\"container\" data-e-type=\"container\" data-settings=\"{&quot;background_background&quot;:&quot;classic&quot;,&quot;jet_parallax_layout_list&quot;:[]}\">\n\t\t\t\t<div class=\"elementor-element elementor-element-7bafb42 elementor-widget elementor-widget-jet-listing-dynamic-field\" data-id=\"7bafb42\" data-element_type=\"widget\" data-e-type=\"widget\" data-widget_type=\"jet-listing-dynamic-field.default\">\n\t\t\t\t\t<div class=\"jet-listing jet-listing-dynamic-field display-inline\"><div class=\"jet-listing-dynamic-field__inline-wrap\"><div class=\"jet-listing-dynamic-field__content\" >abril<\/div><\/div><\/div>\t\t\t\t<\/div>\n\t\t\t\t<div class=\"elementor-element elementor-element-7aa3e0f elementor-widget elementor-widget-jet-listing-dynamic-field\" data-id=\"7aa3e0f\" data-element_type=\"widget\" data-e-type=\"widget\" data-widget_type=\"jet-listing-dynamic-field.default\">\n\t\t\t\t\t<div class=\"jet-listing jet-listing-dynamic-field display-inline\"><div class=\"jet-listing-dynamic-field__inline-wrap\"><div class=\"jet-listing-dynamic-field__content\" >29<\/div><\/div><\/div>\t\t\t\t<\/div>\n\t\t\t\t<\/div>\n\t\t\t\t<div class=\"elementor-element elementor-element-525a2f40 elementor-widget elementor-widget-theme-post-title elementor-page-title elementor-widget-heading\" data-id=\"525a2f40\" data-element_type=\"widget\" data-e-type=\"widget\" data-widget_type=\"theme-post-title.default\">\n\t\t\t\t\t<h3 class=\"elementor-heading-title elementor-size-default\">Laura Pausini en el Estadio Nacional<\/h3>\t\t\t\t<\/div>\n\t\t\t\t<div class=\"elementor-element elementor-element-16797aaf elementor-widget elementor-widget-post-info\" data-id=\"16797aaf\" data-element_type=\"widget\" data-e-type=\"widget\" data-widget_type=\"post-info.default\">\n\t\t\t\t\t\t\t<ul class=\"elementor-inline-items elementor-icon-list-items elementor-post-info\">\n\t\t\t\t\t\t\t\t<li class=\"elementor-icon-list-item elementor-repeater-item-d588e75 elementor-inline-item\">\n\t\t\t\t\t\t\t\t\t\t<span class=\"elementor-icon-list-icon\">\n\t\t\t\t\t\t\t\t<svg aria-hidden=\"true\" class=\"e-font-icon-svg e-fas-map-marker-alt\" viewBox=\"0 0 384 512\" xmlns=\"http:\/\/www.w3.org\/2000\/svg\"><path d=\"M172.268 501.67C26.97 291.031 0 269.413 0 192 0 85.961 85.961 0 192 0s192 85.961 192 192c0 77.413-26.97 99.031-172.268 309.67-9.535 13.774-29.93 13.773-39.464 0zM192 272c44.183 0 80-35.817 80-80s-35.817-80-80-80-80 35.817-80 80 35.817 80 80 80z\"><\/path><\/svg>\t\t\t\t\t\t\t<\/span>\n\t\t\t\t\t\t\t\t\t<span class=\"elementor-icon-list-text elementor-post-info__item elementor-post-info__item--type-custom\">\n\t\t\t\t\t\t\t\t\t\tEstadio Nacional de Costa Rica, La Sabana, San Jos\u00e9\t\t\t\t\t<\/span>\n\t\t\t\t\t\t\t\t<\/li>\n\t\t\t\t<\/ul>\n\t\t\t\t\t\t<\/div>\n\t\t\t\t<div class=\"elementor-element elementor-element-4e149fda elementor-widget elementor-widget-theme-post-excerpt\" data-id=\"4e149fda\" data-element_type=\"widget\" data-e-type=\"widget\" data-widget_type=\"theme-post-excerpt.default\">\n\t\t\t\t\t<p>La ic\u00f3nica cantante italiana Laura Pausini cierra el mes de abril con...\t\t\t\t<\/div>\n\t\t\t\t<\/div>\n\t\t\t\t<div class=\"elementor-element elementor-element-7e90e096 elementor-align-justify elementor-widget__width-inherit elementor-widget elementor-widget-button\" data-id=\"7e90e096\" data-element_type=\"widget\" data-e-type=\"widget\" data-widget_type=\"button.default\">\n\t\t\t\t\t\t\t\t\t\t<a class=\"elementor-button elementor-button-link elementor-size-sm\" href=\"https:\/\/peopleofcostarica.com\/es\/agenda\/laura-pausini-en-el-estadio-nacional\/\">\n\t\t\t\t\t\t<span class=\"elementor-button-content-wrapper\">\n\t\t\t\t\t\t\t\t\t<span class=\"elementor-button-text\">Event Details<\/span>\n\t\t\t\t\t<\/span>\n\t\t\t\t\t<\/a>\n\t\t\t\t\t\t\t\t<\/div>\n\t\t\t\t\t<\/div>\n\t\t\t\t<\/div>\n\t\t\t\t<\/div>\n\t\t\t\t<div data-elementor-type=\"loop-item\" data-elementor-id=\"9975\" class=\"elementor elementor-9975 swiper-slide e-loop-item e-loop-item-11445 post-11445 agenda type-agenda status-publish has-post-thumbnail hentry\" data-elementor-post-type=\"elementor_library\" role=\"group\" aria-roledescription=\"slide\" data-custom-edit-handle=\"1\">\n\t\t\t<div class=\"elementor-element elementor-element-67606dd6 e-flex e-con-boxed e-con e-parent\" data-id=\"67606dd6\" data-element_type=\"container\" data-e-type=\"container\" data-settings=\"{&quot;jet_parallax_layout_list&quot;:[],&quot;background_background&quot;:&quot;classic&quot;}\">\n\t\t\t\t\t<div class=\"e-con-inner\">\n\t\t<div class=\"elementor-element elementor-element-75249355 e-con-full e-flex e-con e-child\" data-id=\"75249355\" data-element_type=\"container\" data-e-type=\"container\" data-settings=\"{&quot;jet_parallax_layout_list&quot;:[]}\">\n\t\t<div class=\"elementor-element elementor-element-5254cff5 e-con-full e-flex e-con e-child\" data-id=\"5254cff5\" data-element_type=\"container\" data-e-type=\"container\" data-settings=\"{&quot;background_background&quot;:&quot;classic&quot;,&quot;jet_parallax_layout_list&quot;:[]}\">\n\t\t\t\t<div class=\"elementor-element elementor-element-7bafb42 elementor-widget elementor-widget-jet-listing-dynamic-field\" data-id=\"7bafb42\" data-element_type=\"widget\" data-e-type=\"widget\" data-widget_type=\"jet-listing-dynamic-field.default\">\n\t\t\t\t\t<div class=\"jet-listing jet-listing-dynamic-field display-inline\"><div class=\"jet-listing-dynamic-field__inline-wrap\"><div class=\"jet-listing-dynamic-field__content\" >abril<\/div><\/div><\/div>\t\t\t\t<\/div>\n\t\t\t\t<div class=\"elementor-element elementor-element-7aa3e0f elementor-widget elementor-widget-jet-listing-dynamic-field\" data-id=\"7aa3e0f\" data-element_type=\"widget\" data-e-type=\"widget\" data-widget_type=\"jet-listing-dynamic-field.default\">\n\t\t\t\t\t<div class=\"jet-listing jet-listing-dynamic-field display-inline\"><div class=\"jet-listing-dynamic-field__inline-wrap\"><div class=\"jet-listing-dynamic-field__content\" >26<\/div><\/div><\/div>\t\t\t\t<\/div>\n\t\t\t\t<\/div>\n\t\t\t\t<div class=\"elementor-element elementor-element-525a2f40 elementor-widget elementor-widget-theme-post-title elementor-page-title elementor-widget-heading\" data-id=\"525a2f40\" data-element_type=\"widget\" data-e-type=\"widget\" data-widget_type=\"theme-post-title.default\">\n\t\t\t\t\t<h3 class=\"elementor-heading-title elementor-size-default\">Grupo Frontera en Concierto \u2013 Parque Viva, Alajuela<\/h3>\t\t\t\t<\/div>\n\t\t\t\t<div class=\"elementor-element elementor-element-16797aaf elementor-widget elementor-widget-post-info\" data-id=\"16797aaf\" data-element_type=\"widget\" data-e-type=\"widget\" data-widget_type=\"post-info.default\">\n\t\t\t\t\t\t\t<ul class=\"elementor-inline-items elementor-icon-list-items elementor-post-info\">\n\t\t\t\t\t\t\t\t<li class=\"elementor-icon-list-item elementor-repeater-item-d588e75 elementor-inline-item\">\n\t\t\t\t\t\t\t\t\t\t<span class=\"elementor-icon-list-icon\">\n\t\t\t\t\t\t\t\t<svg aria-hidden=\"true\" class=\"e-font-icon-svg e-fas-map-marker-alt\" viewBox=\"0 0 384 512\" xmlns=\"http:\/\/www.w3.org\/2000\/svg\"><path d=\"M172.268 501.67C26.97 291.031 0 269.413 0 192 0 85.961 85.961 0 192 0s192 85.961 192 192c0 77.413-26.97 99.031-172.268 309.67-9.535 13.774-29.93 13.773-39.464 0zM192 272c44.183 0 80-35.817 80-80s-35.817-80-80-80-80 35.817-80 80 35.817 80 80 80z\"><\/path><\/svg>\t\t\t\t\t\t\t<\/span>\n\t\t\t\t\t\t\t\t\t<span class=\"elementor-icon-list-text elementor-post-info__item elementor-post-info__item--type-custom\">\n\t\t\t\t\t\t\t\t\t\tParque Viva, La Gu\u00e1cima, Alajuela\t\t\t\t\t<\/span>\n\t\t\t\t\t\t\t\t<\/li>\n\t\t\t\t<\/ul>\n\t\t\t\t\t\t<\/div>\n\t\t\t\t<div class=\"elementor-element elementor-element-4e149fda elementor-widget elementor-widget-theme-post-excerpt\" data-id=\"4e149fda\" data-element_type=\"widget\" data-e-type=\"widget\" data-widget_type=\"theme-post-excerpt.default\">\n\t\t\t\t\t<p>Grupo Frontera, la agrupaci\u00f3n de regional mexicano m\u00e1s popular del momento, se...\t\t\t\t<\/div>\n\t\t\t\t<\/div>\n\t\t\t\t<div class=\"elementor-element elementor-element-7e90e096 elementor-align-justify elementor-widget__width-inherit elementor-widget elementor-widget-button\" data-id=\"7e90e096\" data-element_type=\"widget\" data-e-type=\"widget\" data-widget_type=\"button.default\">\n\t\t\t\t\t\t\t\t\t\t<a class=\"elementor-button elementor-button-link elementor-size-sm\" href=\"https:\/\/peopleofcostarica.com\/es\/agenda\/grupo-frontera-en-concierto-parque-viva-alajuela\/\">\n\t\t\t\t\t\t<span class=\"elementor-button-content-wrapper\">\n\t\t\t\t\t\t\t\t\t<span class=\"elementor-button-text\">Event Details<\/span>\n\t\t\t\t\t<\/span>\n\t\t\t\t\t<\/a>\n\t\t\t\t\t\t\t\t<\/div>\n\t\t\t\t\t<\/div>\n\t\t\t\t<\/div>\n\t\t\t\t<\/div>\n\t\t\t\t<\/div>\n\t\t<\/div>\n\t\t\t\t\t<div class=\"elementor-swiper-button elementor-swiper-button-prev\" role=\"button\" tabindex=\"0\" aria-label=\"Anterior\">\n\t\t\t\t<svg aria-hidden=\"true\" class=\"e-font-icon-svg e-eicon-chevron-left\" viewBox=\"0 0 1000 1000\" xmlns=\"http:\/\/www.w3.org\/2000\/svg\"><path d=\"M646 125C629 125 613 133 604 142L308 442C296 454 292 471 292 487 292 504 296 521 308 533L604 854C617 867 629 875 646 875 663 875 679 871 692 858 704 846 713 829 713 812 713 796 708 779 692 767L438 487 692 225C700 217 708 204 708 187 708 171 704 154 692 142 675 129 663 125 646 125Z\"><\/path><\/svg>\t\t\t<\/div>\n\t\t\t<div class=\"elementor-swiper-button elementor-swiper-button-next\" role=\"button\" tabindex=\"0\" aria-label=\"Siguiente\">\n\t\t\t\t<svg aria-hidden=\"true\" class=\"e-font-icon-svg e-eicon-chevron-right\" viewBox=\"0 0 1000 1000\" xmlns=\"http:\/\/www.w3.org\/2000\/svg\"><path d=\"M696 533C708 521 713 504 713 487 713 471 708 454 696 446L400 146C388 133 375 125 354 125 338 125 325 129 313 142 300 154 292 171 292 187 292 204 296 221 308 233L563 492 304 771C292 783 288 800 288 817 288 833 296 850 308 863 321 871 338 875 354 875 371 875 388 867 400 854L696 533Z\"><\/path><\/svg>\t\t\t<\/div>\n\t\t\t\t\t<div class=\"swiper-pagination\"><\/div>\n\t\t\t\t\t\t<\/div>\n\t\t\t\t\t<\/div>\n\t\t\t\t<\/div>\n\t\t<div class=\"elementor-element elementor-element-d2cabc4 e-flex e-con-boxed e-con e-parent\" data-id=\"d2cabc4\" data-element_type=\"container\" data-e-type=\"container\" data-settings=\"{&quot;background_background&quot;:&quot;classic&quot;,&quot;jet_parallax_layout_list&quot;:[]}\">\n\t\t\t\t\t<div class=\"e-con-inner\">\n\t\t<div class=\"elementor-element elementor-element-e97bb65 e-con-full e-flex e-con e-child\" data-id=\"e97bb65\" data-element_type=\"container\" data-e-type=\"container\" data-settings=\"{&quot;jet_parallax_layout_list&quot;:[]}\">\n\t\t\t\t<div class=\"elementor-element elementor-element-8971a9f elementor-position-inline-start elementor-mobile-position-inline-start elementor-view-default elementor-widget elementor-widget-icon-box\" data-id=\"8971a9f\" data-element_type=\"widget\" data-e-type=\"widget\" data-widget_type=\"icon-box.default\">\n\t\t\t\t\t\t\t<div class=\"elementor-icon-box-wrapper\">\n\n\t\t\t\t\t\t<div class=\"elementor-icon-box-icon\">\n\t\t\t\t<span  class=\"elementor-icon\">\n\t\t\t\t<svg aria-hidden=\"true\" class=\"e-font-icon-svg e-fas-clock\" viewBox=\"0 0 512 512\" xmlns=\"http:\/\/www.w3.org\/2000\/svg\"><path d=\"M256,8C119,8,8,119,8,256S119,504,256,504,504,393,504,256,393,8,256,8Zm92.49,313h0l-20,25a16,16,0,0,1-22.49,2.5h0l-67-49.72a40,40,0,0,1-15-31.23V112a16,16,0,0,1,16-16h32a16,16,0,0,1,16,16V256l58,42.5A16,16,0,0,1,348.49,321Z\"><\/path><\/svg>\t\t\t\t<\/span>\n\t\t\t<\/div>\n\t\t\t\n\t\t\t\t\t\t<div class=\"elementor-icon-box-content\">\n\n\t\t\t\t\t\t\t\t\t<h2 class=\"elementor-icon-box-title\">\n\t\t\t\t\t\t<span  >\n\t\t\t\t\t\t\tRa\u00edces y Or\u00edgenes\t\t\t\t\t\t<\/span>\n\t\t\t\t\t<\/h2>\n\t\t\t\t\n\t\t\t\t\t\t\t\t\t<p class=\"elementor-icon-box-description\">\n\t\t\t\t\t\tComprendiendo la historia que forj\u00f3 a su gente.\t\t\t\t\t<\/p>\n\t\t\t\t\n\t\t\t<\/div>\n\t\t\t\n\t\t<\/div>\n\t\t\t\t\t\t<\/div>\n\t\t\t\t<div class=\"elementor-element elementor-element-557d576 elementor-hidden-mobile_extra elementor-hidden-mobile elementor-widget elementor-widget-heading\" data-id=\"557d576\" data-element_type=\"widget\" data-e-type=\"widget\" data-widget_type=\"heading.default\">\n\t\t\t\t\t<p class=\"elementor-heading-title elementor-size-default\"><a href=\"https:\/\/peopleofcostarica.com\/es\/historia\/\">Explorar la l\u00ednea de tiempo<\/a><\/p>\t\t\t\t<\/div>\n\t\t\t\t<\/div>\n\t\t\t\t<div class=\"elementor-element elementor-element-1c2d9b6 elementor-grid-3 elementor-grid-tablet-1 elementor-grid-mobile-1 elementor-widget elementor-widget-loop-grid\" data-id=\"1c2d9b6\" data-element_type=\"widget\" data-e-type=\"widget\" data-settings=\"{&quot;template_id&quot;:10002,&quot;columns&quot;:3,&quot;columns_tablet&quot;:1,&quot;_skin&quot;:&quot;post&quot;,&quot;columns_mobile&quot;:&quot;1&quot;,&quot;edit_handle_selector&quot;:&quot;[data-elementor-type=\\&quot;loop-item\\&quot;]&quot;,&quot;row_gap&quot;:{&quot;unit&quot;:&quot;px&quot;,&quot;size&quot;:&quot;&quot;,&quot;sizes&quot;:[]},&quot;row_gap_tablet_extra&quot;:{&quot;unit&quot;:&quot;px&quot;,&quot;size&quot;:&quot;&quot;,&quot;sizes&quot;:[]},&quot;row_gap_tablet&quot;:{&quot;unit&quot;:&quot;px&quot;,&quot;size&quot;:&quot;&quot;,&quot;sizes&quot;:[]},&quot;row_gap_mobile_extra&quot;:{&quot;unit&quot;:&quot;px&quot;,&quot;size&quot;:&quot;&quot;,&quot;sizes&quot;:[]},&quot;row_gap_mobile&quot;:{&quot;unit&quot;:&quot;px&quot;,&quot;size&quot;:&quot;&quot;,&quot;sizes&quot;:[]}}\" data-widget_type=\"loop-grid.post\">\n\t\t\t\t<div class=\"elementor-widget-container\">\n\t\t\t\t\t\t\t<div class=\"elementor-loop-container elementor-grid\" role=\"list\">\n\t\t<style id=\"loop-10002\">.elementor-10002 .elementor-element.elementor-element-1f734a03{--display:flex;--gap:8px 8px;--row-gap:8px;--column-gap:8px;--border-radius:12px 12px 12px 12px;--padding-top:24px;--padding-bottom:24px;--padding-left:24px;--padding-right:24px;}.elementor-10002 .elementor-element.elementor-element-1f734a03:not(.elementor-motion-effects-element-type-background), .elementor-10002 .elementor-element.elementor-element-1f734a03 > .elementor-motion-effects-container > .elementor-motion-effects-layer{background-color:var( --e-global-color-45599eb );}.elementor-widget-theme-post-title .elementor-heading-title{font-family:var( --e-global-typography-primary-font-family ), Sans-serif;font-size:var( --e-global-typography-primary-font-size );font-weight:var( --e-global-typography-primary-font-weight );line-height:var( --e-global-typography-primary-line-height );color:var( --e-global-color-primary );}.elementor-10002 .elementor-element.elementor-element-4802dcd0 .elementor-heading-title{font-family:var( --e-global-typography-c957309-font-family ), Sans-serif;font-size:var( --e-global-typography-c957309-font-size );font-weight:var( --e-global-typography-c957309-font-weight );line-height:var( --e-global-typography-c957309-line-height );letter-spacing:var( --e-global-typography-c957309-letter-spacing );word-spacing:var( --e-global-typography-c957309-word-spacing );}.elementor-widget-theme-post-excerpt{font-family:var( --e-global-typography-text-font-family ), Sans-serif;font-size:var( --e-global-typography-text-font-size );font-weight:var( --e-global-typography-text-font-weight );line-height:var( --e-global-typography-text-line-height );color:var( --e-global-color-text );}.elementor-widget-button .elementor-button{font-family:var( --e-global-typography-accent-font-family ), Sans-serif;font-size:var( --e-global-typography-accent-font-size );font-weight:var( --e-global-typography-accent-font-weight );line-height:var( --e-global-typography-accent-line-height );background-color:var( --e-global-color-accent );}.elementor-10002 .elementor-element.elementor-element-7dc628d .elementor-button{font-family:var( --e-global-typography-accent-font-family ), Sans-serif;font-size:var( --e-global-typography-accent-font-size );font-weight:var( --e-global-typography-accent-font-weight );line-height:var( --e-global-typography-accent-line-height );fill:var( --e-global-color-primary );color:var( --e-global-color-primary );background-color:#125C4400;border-style:none;padding:0px 0px 0px 0px;}@media(max-width:1024px){.elementor-widget-theme-post-title .elementor-heading-title{font-size:var( --e-global-typography-primary-font-size );line-height:var( --e-global-typography-primary-line-height );}.elementor-10002 .elementor-element.elementor-element-4802dcd0 .elementor-heading-title{font-size:var( --e-global-typography-c957309-font-size );line-height:var( --e-global-typography-c957309-line-height );letter-spacing:var( --e-global-typography-c957309-letter-spacing );word-spacing:var( --e-global-typography-c957309-word-spacing );}.elementor-widget-theme-post-excerpt{font-size:var( --e-global-typography-text-font-size );line-height:var( --e-global-typography-text-line-height );}.elementor-widget-button .elementor-button{font-size:var( --e-global-typography-accent-font-size );line-height:var( --e-global-typography-accent-line-height );}.elementor-10002 .elementor-element.elementor-element-7dc628d .elementor-button{font-size:var( --e-global-typography-accent-font-size );line-height:var( --e-global-typography-accent-line-height );}}@media(max-width:767px){.elementor-widget-theme-post-title .elementor-heading-title{font-size:var( --e-global-typography-primary-font-size );line-height:var( --e-global-typography-primary-line-height );}.elementor-10002 .elementor-element.elementor-element-4802dcd0 .elementor-heading-title{font-size:var( --e-global-typography-c957309-font-size );line-height:var( --e-global-typography-c957309-line-height );letter-spacing:var( --e-global-typography-c957309-letter-spacing );word-spacing:var( --e-global-typography-c957309-word-spacing );}.elementor-widget-theme-post-excerpt{font-size:var( --e-global-typography-text-font-size );line-height:var( --e-global-typography-text-line-height );}.elementor-widget-button .elementor-button{font-size:var( --e-global-typography-accent-font-size );line-height:var( --e-global-typography-accent-line-height );}.elementor-10002 .elementor-element.elementor-element-7dc628d .elementor-button{font-size:var( --e-global-typography-accent-font-size );line-height:var( --e-global-typography-accent-line-height );}}\/* Start custom CSS for button, class: .elementor-element-7dc628d *\/.elementor-10002 .elementor-element.elementor-element-7dc628d .elementor-button-text:hover{\n    text-decoration: underline;\n}\/* End custom CSS *\/<\/style>\t\t<div data-elementor-type=\"loop-item\" data-elementor-id=\"10002\" class=\"elementor elementor-10002 e-loop-item e-loop-item-9193 post-9193 history type-history status-publish has-post-thumbnail hentry\" data-elementor-post-type=\"elementor_library\" data-custom-edit-handle=\"1\">\n\t\t\t<div class=\"elementor-element elementor-element-1f734a03 e-flex e-con-boxed e-con e-parent\" data-id=\"1f734a03\" data-element_type=\"container\" data-e-type=\"container\" data-settings=\"{&quot;background_background&quot;:&quot;classic&quot;,&quot;jet_parallax_layout_list&quot;:[]}\">\n\t\t\t\t\t<div class=\"e-con-inner\">\n\t\t\t\t<div class=\"elementor-element elementor-element-4802dcd0 elementor-widget elementor-widget-theme-post-title elementor-page-title elementor-widget-heading\" data-id=\"4802dcd0\" data-element_type=\"widget\" data-e-type=\"widget\" data-widget_type=\"theme-post-title.default\">\n\t\t\t\t\t<h3 class=\"elementor-heading-title elementor-size-default\">Braulio Carrillo Colina\u00a0: Architecte de l\u2019\u00c9tat Costaricien<\/h3>\t\t\t\t<\/div>\n\t\t\t\t<div class=\"elementor-element elementor-element-4b71f781 elementor-widget elementor-widget-theme-post-excerpt\" data-id=\"4b71f781\" data-element_type=\"widget\" data-e-type=\"widget\" data-widget_type=\"theme-post-excerpt.default\">\n\t\t\t\t\t<p>1. La Naissance d\u2019une Nation&nbsp;: le Costa Rica au Carrefour Centram\u00e9ricain L\u2019histoire du Costa Rica moderne ne peut \u00eatre comprise\t\t\t\t<\/div>\n\t\t\t\t<div class=\"elementor-element elementor-element-7dc628d elementor-widget elementor-widget-button\" data-id=\"7dc628d\" data-element_type=\"widget\" data-e-type=\"widget\" data-widget_type=\"button.default\">\n\t\t\t\t\t\t\t\t\t\t<a class=\"elementor-button elementor-button-link elementor-size-sm\" href=\"https:\/\/peopleofcostarica.com\/fr\/?p=9193\">\n\t\t\t\t\t\t<span class=\"elementor-button-content-wrapper\">\n\t\t\t\t\t\t\t\t\t<span class=\"elementor-button-text\">Read More<\/span>\n\t\t\t\t\t<\/span>\n\t\t\t\t\t<\/a>\n\t\t\t\t\t\t\t\t<\/div>\n\t\t\t\t\t<\/div>\n\t\t\t\t<\/div>\n\t\t\t\t<\/div>\n\t\t\t\t<div data-elementor-type=\"loop-item\" data-elementor-id=\"10002\" class=\"elementor elementor-10002 e-loop-item e-loop-item-9186 post-9186 history type-history status-publish has-post-thumbnail hentry\" data-elementor-post-type=\"elementor_library\" data-custom-edit-handle=\"1\">\n\t\t\t<div class=\"elementor-element elementor-element-1f734a03 e-flex e-con-boxed e-con e-parent\" data-id=\"1f734a03\" data-element_type=\"container\" data-e-type=\"container\" data-settings=\"{&quot;background_background&quot;:&quot;classic&quot;,&quot;jet_parallax_layout_list&quot;:[]}\">\n\t\t\t\t\t<div class=\"e-con-inner\">\n\t\t\t\t<div class=\"elementor-element elementor-element-4802dcd0 elementor-widget elementor-widget-theme-post-title elementor-page-title elementor-widget-heading\" data-id=\"4802dcd0\" data-element_type=\"widget\" data-e-type=\"widget\" data-widget_type=\"theme-post-title.default\">\n\t\t\t\t\t<h3 class=\"elementor-heading-title elementor-size-default\">Braulio Carrillo Colina: Architect of the Costa Rican State<\/h3>\t\t\t\t<\/div>\n\t\t\t\t<div class=\"elementor-element elementor-element-4b71f781 elementor-widget elementor-widget-theme-post-excerpt\" data-id=\"4b71f781\" data-element_type=\"widget\" data-e-type=\"widget\" data-widget_type=\"theme-post-excerpt.default\">\n\t\t\t\t\t<p>1. The Birth of a Nation: Costa Rica at the Central American Crossroads The history of modern Costa Rica cannot\t\t\t\t<\/div>\n\t\t\t\t<div class=\"elementor-element elementor-element-7dc628d elementor-widget elementor-widget-button\" data-id=\"7dc628d\" data-element_type=\"widget\" data-e-type=\"widget\" data-widget_type=\"button.default\">\n\t\t\t\t\t\t\t\t\t\t<a class=\"elementor-button elementor-button-link elementor-size-sm\" href=\"https:\/\/peopleofcostarica.com\/?p=9186\">\n\t\t\t\t\t\t<span class=\"elementor-button-content-wrapper\">\n\t\t\t\t\t\t\t\t\t<span class=\"elementor-button-text\">Read More<\/span>\n\t\t\t\t\t<\/span>\n\t\t\t\t\t<\/a>\n\t\t\t\t\t\t\t\t<\/div>\n\t\t\t\t\t<\/div>\n\t\t\t\t<\/div>\n\t\t\t\t<\/div>\n\t\t\t\t<\/div>\n\t\t\n\t\t\t\t\t\t<\/div>\n\t\t\t\t<\/div>\n\t\t\t\t\t<\/div>\n\t\t\t\t<\/div>\n\t\t<div class=\"elementor-element elementor-element-2659451 e-flex e-con-boxed e-con e-parent\" data-id=\"2659451\" data-element_type=\"container\" data-e-type=\"container\" data-settings=\"{&quot;jet_parallax_layout_list&quot;:[]}\">\n\t\t\t\t\t<div class=\"e-con-inner\">\n\t\t<div class=\"elementor-element elementor-element-8ef4740 e-con-full e-flex e-con e-child\" data-id=\"8ef4740\" data-element_type=\"container\" data-e-type=\"container\" data-settings=\"{&quot;jet_parallax_layout_list&quot;:[]}\">\n\t\t<div class=\"elementor-element elementor-element-d83189d e-con-full e-flex e-con e-child\" data-id=\"d83189d\" data-element_type=\"container\" data-e-type=\"container\" data-settings=\"{&quot;jet_parallax_layout_list&quot;:[]}\">\n\t\t\t\t<div class=\"elementor-element elementor-element-d93a3ac elementor-position-inline-start elementor-mobile-position-inline-start elementor-view-default elementor-widget elementor-widget-icon-box\" data-id=\"d93a3ac\" data-element_type=\"widget\" data-e-type=\"widget\" data-widget_type=\"icon-box.default\">\n\t\t\t\t\t\t\t<div class=\"elementor-icon-box-wrapper\">\n\n\t\t\t\t\t\t<div class=\"elementor-icon-box-icon\">\n\t\t\t\t<span  class=\"elementor-icon\">\n\t\t\t\t<svg aria-hidden=\"true\" class=\"e-font-icon-svg e-far-calendar-alt\" viewBox=\"0 0 448 512\" xmlns=\"http:\/\/www.w3.org\/2000\/svg\"><path d=\"M148 288h-40c-6.6 0-12-5.4-12-12v-40c0-6.6 5.4-12 12-12h40c6.6 0 12 5.4 12 12v40c0 6.6-5.4 12-12 12zm108-12v-40c0-6.6-5.4-12-12-12h-40c-6.6 0-12 5.4-12 12v40c0 6.6 5.4 12 12 12h40c6.6 0 12-5.4 12-12zm96 0v-40c0-6.6-5.4-12-12-12h-40c-6.6 0-12 5.4-12 12v40c0 6.6 5.4 12 12 12h40c6.6 0 12-5.4 12-12zm-96 96v-40c0-6.6-5.4-12-12-12h-40c-6.6 0-12 5.4-12 12v40c0 6.6 5.4 12 12 12h40c6.6 0 12-5.4 12-12zm-96 0v-40c0-6.6-5.4-12-12-12h-40c-6.6 0-12 5.4-12 12v40c0 6.6 5.4 12 12 12h40c6.6 0 12-5.4 12-12zm192 0v-40c0-6.6-5.4-12-12-12h-40c-6.6 0-12 5.4-12 12v40c0 6.6 5.4 12 12 12h40c6.6 0 12-5.4 12-12zm96-260v352c0 26.5-21.5 48-48 48H48c-26.5 0-48-21.5-48-48V112c0-26.5 21.5-48 48-48h48V12c0-6.6 5.4-12 12-12h40c6.6 0 12 5.4 12 12v52h128V12c0-6.6 5.4-12 12-12h40c6.6 0 12 5.4 12 12v52h48c26.5 0 48 21.5 48 48zm-48 346V160H48v298c0 3.3 2.7 6 6 6h340c3.3 0 6-2.7 6-6z\"><\/path><\/svg>\t\t\t\t<\/span>\n\t\t\t<\/div>\n\t\t\t\n\t\t\t\t\t\t<div class=\"elementor-icon-box-content\">\n\n\t\t\t\t\t\t\t\t\t<h2 class=\"elementor-icon-box-title\">\n\t\t\t\t\t\t<span  >\n\t\t\t\t\t\t\tEl Ritmo Local\t\t\t\t\t\t<\/span>\n\t\t\t\t\t<\/h2>\n\t\t\t\t\n\t\t\t\t\t\t\t\t\t<p class=\"elementor-icon-box-description\">\n\t\t\t\t\t\tEventos de esta semana\t\t\t\t\t<\/p>\n\t\t\t\t\n\t\t\t<\/div>\n\t\t\t\n\t\t<\/div>\n\t\t\t\t\t\t<\/div>\n\t\t\t\t<\/div>\n\t\t\t\t<div class=\"elementor-element elementor-element-4002621 elementor-grid-1 elementor-grid-tablet-1 elementor-grid-mobile-1 elementor-widget elementor-widget-loop-grid\" data-id=\"4002621\" data-element_type=\"widget\" data-e-type=\"widget\" data-settings=\"{&quot;template_id&quot;:10231,&quot;columns&quot;:1,&quot;columns_tablet&quot;:1,&quot;_skin&quot;:&quot;post&quot;,&quot;columns_mobile&quot;:&quot;1&quot;,&quot;edit_handle_selector&quot;:&quot;[data-elementor-type=\\&quot;loop-item\\&quot;]&quot;,&quot;row_gap&quot;:{&quot;unit&quot;:&quot;px&quot;,&quot;size&quot;:&quot;&quot;,&quot;sizes&quot;:[]},&quot;row_gap_tablet_extra&quot;:{&quot;unit&quot;:&quot;px&quot;,&quot;size&quot;:&quot;&quot;,&quot;sizes&quot;:[]},&quot;row_gap_tablet&quot;:{&quot;unit&quot;:&quot;px&quot;,&quot;size&quot;:&quot;&quot;,&quot;sizes&quot;:[]},&quot;row_gap_mobile_extra&quot;:{&quot;unit&quot;:&quot;px&quot;,&quot;size&quot;:&quot;&quot;,&quot;sizes&quot;:[]},&quot;row_gap_mobile&quot;:{&quot;unit&quot;:&quot;px&quot;,&quot;size&quot;:&quot;&quot;,&quot;sizes&quot;:[]}}\" data-widget_type=\"loop-grid.post\">\n\t\t\t\t<div class=\"elementor-widget-container\">\n\t\t\t\t\t\t\t<div class=\"elementor-loop-container elementor-grid\" role=\"list\">\n\t\t<style id=\"loop-10231\">.elementor-10231 .elementor-element.elementor-element-2d2d8857{--display:flex;--flex-direction:column;--container-widget-width:100%;--container-widget-height:initial;--container-widget-flex-grow:0;--container-widget-align-self:initial;--flex-wrap-mobile:wrap;--gap:0px 0px;--row-gap:0px;--column-gap:0px;border-style:solid;--border-style:solid;border-width:0px 0px 0px 4px;--border-top-width:0px;--border-right-width:0px;--border-bottom-width:0px;--border-left-width:4px;border-color:#125C4480;--border-color:#125C4480;--padding-top:0px;--padding-bottom:0px;--padding-left:16px;--padding-right:0px;}.elementor-widget-post-info .elementor-icon-list-item:not(:last-child):after{border-color:var( --e-global-color-text );}.elementor-widget-post-info .elementor-icon-list-icon i{color:var( --e-global-color-primary );}.elementor-widget-post-info .elementor-icon-list-icon svg{fill:var( --e-global-color-primary );}.elementor-widget-post-info .elementor-icon-list-text, .elementor-widget-post-info .elementor-icon-list-text a{color:var( --e-global-color-secondary );}.elementor-widget-post-info .elementor-icon-list-item{font-family:var( --e-global-typography-text-font-family ), Sans-serif;font-size:var( --e-global-typography-text-font-size );font-weight:var( --e-global-typography-text-font-weight );line-height:var( --e-global-typography-text-line-height );}.elementor-10231 .elementor-element.elementor-element-314fd954 .elementor-icon-list-item:not(:last-child):after{content:\"\";border-color:var( --e-global-color-19df3cb );}.elementor-10231 .elementor-element.elementor-element-314fd954 .elementor-icon-list-items:not(.elementor-inline-items) .elementor-icon-list-item:not(:last-child):after{border-top-style:solid;border-top-width:1px;}.elementor-10231 .elementor-element.elementor-element-314fd954 .elementor-icon-list-items.elementor-inline-items .elementor-icon-list-item:not(:last-child):after{border-left-style:solid;}.elementor-10231 .elementor-element.elementor-element-314fd954 .elementor-inline-items .elementor-icon-list-item:not(:last-child):after{border-left-width:1px;}.elementor-10231 .elementor-element.elementor-element-314fd954 .elementor-icon-list-icon{width:14px;}.elementor-10231 .elementor-element.elementor-element-314fd954 .elementor-icon-list-icon i{font-size:14px;}.elementor-10231 .elementor-element.elementor-element-314fd954 .elementor-icon-list-icon svg{--e-icon-list-icon-size:14px;}.elementor-10231 .elementor-element.elementor-element-314fd954 .elementor-icon-list-text, .elementor-10231 .elementor-element.elementor-element-314fd954 .elementor-icon-list-text a{color:var( --e-global-color-19df3cb );}.elementor-10231 .elementor-element.elementor-element-314fd954 .elementor-icon-list-item{font-family:\"Inter\", Sans-serif;font-size:0.75rem;font-weight:700;text-transform:uppercase;line-height:1.75rem;}.elementor-widget-theme-post-title .elementor-heading-title{font-family:var( --e-global-typography-primary-font-family ), Sans-serif;font-size:var( --e-global-typography-primary-font-size );font-weight:var( --e-global-typography-primary-font-weight );line-height:var( --e-global-typography-primary-line-height );color:var( --e-global-color-primary );}.elementor-10231 .elementor-element.elementor-element-2f60ca6b .elementor-heading-title{font-family:var( --e-global-typography-c957309-font-family ), Sans-serif;font-size:var( --e-global-typography-c957309-font-size );font-weight:var( --e-global-typography-c957309-font-weight );line-height:var( --e-global-typography-c957309-line-height );letter-spacing:var( --e-global-typography-c957309-letter-spacing );word-spacing:var( --e-global-typography-c957309-word-spacing );}@media(max-width:1024px){.elementor-widget-post-info .elementor-icon-list-item{font-size:var( --e-global-typography-text-font-size );line-height:var( --e-global-typography-text-line-height );}.elementor-widget-theme-post-title .elementor-heading-title{font-size:var( --e-global-typography-primary-font-size );line-height:var( --e-global-typography-primary-line-height );}.elementor-10231 .elementor-element.elementor-element-2f60ca6b .elementor-heading-title{font-size:var( --e-global-typography-c957309-font-size );line-height:var( --e-global-typography-c957309-line-height );letter-spacing:var( --e-global-typography-c957309-letter-spacing );word-spacing:var( --e-global-typography-c957309-word-spacing );}}@media(max-width:767px){.elementor-widget-post-info .elementor-icon-list-item{font-size:var( --e-global-typography-text-font-size );line-height:var( --e-global-typography-text-line-height );}.elementor-widget-theme-post-title .elementor-heading-title{font-size:var( --e-global-typography-primary-font-size );line-height:var( --e-global-typography-primary-line-height );}.elementor-10231 .elementor-element.elementor-element-2f60ca6b .elementor-heading-title{font-size:var( --e-global-typography-c957309-font-size );line-height:var( --e-global-typography-c957309-line-height );letter-spacing:var( --e-global-typography-c957309-letter-spacing );word-spacing:var( --e-global-typography-c957309-word-spacing );}}<\/style>\t\t<div data-elementor-type=\"loop-item\" data-elementor-id=\"10231\" class=\"elementor elementor-10231 e-loop-item e-loop-item-12368 post-12368 agenda type-agenda status-publish has-post-thumbnail hentry\" data-elementor-post-type=\"elementor_library\" data-custom-edit-handle=\"1\">\n\t\t\t<a class=\"elementor-element elementor-element-2d2d8857 e-flex e-con-boxed e-con e-parent\" data-id=\"2d2d8857\" data-element_type=\"container\" data-e-type=\"container\" data-settings=\"{&quot;jet_parallax_layout_list&quot;:[]}\" href=\"https:\/\/peopleofcostarica.com\/es\/agenda\/festival-arte-en-el-parque-en-aserri-2026\/\">\n\t\t\t\t\t<div class=\"e-con-inner\">\n\t\t\t\t<div class=\"elementor-element elementor-element-314fd954 elementor-align-left elementor-widget elementor-widget-post-info\" data-id=\"314fd954\" data-element_type=\"widget\" data-e-type=\"widget\" data-widget_type=\"post-info.default\">\n\t\t\t\t\t\t\t<ul class=\"elementor-inline-items elementor-icon-list-items elementor-post-info\">\n\t\t\t\t\t\t\t\t<li class=\"elementor-icon-list-item elementor-repeater-item-56edd92 elementor-inline-item\">\n\t\t\t\t\t\t\t\t\t\t\t\t\t<span class=\"elementor-icon-list-text elementor-post-info__item elementor-post-info__item--type-custom\">\n\t\t\t\t\t\t\t\t\t\t2026-04-18\t\t\t\t\t<\/span>\n\t\t\t\t\t\t\t\t<\/li>\n\t\t\t\t<\/ul>\n\t\t\t\t\t\t<\/div>\n\t\t\t\t<div class=\"elementor-element elementor-element-2f60ca6b elementor-widget elementor-widget-theme-post-title elementor-page-title elementor-widget-heading\" data-id=\"2f60ca6b\" data-element_type=\"widget\" data-e-type=\"widget\" data-widget_type=\"theme-post-title.default\">\n\t\t\t\t\t<h3 class=\"elementor-heading-title elementor-size-default\">Festival \u201cArte en el Parque\u201d en Aserr\u00ed (2026)<\/h3>\t\t\t\t<\/div>\n\t\t\t\t\t<\/div>\n\t\t\t\t<\/a>\n\t\t\t\t<\/div>\n\t\t\t\t<div data-elementor-type=\"loop-item\" data-elementor-id=\"10231\" class=\"elementor elementor-10231 e-loop-item e-loop-item-12332 post-12332 agenda type-agenda status-publish has-post-thumbnail hentry\" data-elementor-post-type=\"elementor_library\" data-custom-edit-handle=\"1\">\n\t\t\t<a class=\"elementor-element elementor-element-2d2d8857 e-flex e-con-boxed e-con e-parent\" data-id=\"2d2d8857\" data-element_type=\"container\" data-e-type=\"container\" data-settings=\"{&quot;jet_parallax_layout_list&quot;:[]}\" href=\"https:\/\/peopleofcostarica.com\/es\/agenda\/feria-del-libro-infantil-y-juvenil-2026-del-museo-de-los-ninos\/\">\n\t\t\t\t\t<div class=\"e-con-inner\">\n\t\t\t\t<div class=\"elementor-element elementor-element-314fd954 elementor-align-left elementor-widget elementor-widget-post-info\" data-id=\"314fd954\" data-element_type=\"widget\" data-e-type=\"widget\" data-widget_type=\"post-info.default\">\n\t\t\t\t\t\t\t<ul class=\"elementor-inline-items elementor-icon-list-items elementor-post-info\">\n\t\t\t\t\t\t\t\t<li class=\"elementor-icon-list-item elementor-repeater-item-56edd92 elementor-inline-item\">\n\t\t\t\t\t\t\t\t\t\t\t\t\t<span class=\"elementor-icon-list-text elementor-post-info__item elementor-post-info__item--type-custom\">\n\t\t\t\t\t\t\t\t\t\t2026-04-17\t\t\t\t\t<\/span>\n\t\t\t\t\t\t\t\t<\/li>\n\t\t\t\t<\/ul>\n\t\t\t\t\t\t<\/div>\n\t\t\t\t<div class=\"elementor-element elementor-element-2f60ca6b elementor-widget elementor-widget-theme-post-title elementor-page-title elementor-widget-heading\" data-id=\"2f60ca6b\" data-element_type=\"widget\" data-e-type=\"widget\" data-widget_type=\"theme-post-title.default\">\n\t\t\t\t\t<h3 class=\"elementor-heading-title elementor-size-default\">Feria del Libro Infantil y Juvenil 2026 del Museo de los Ni\u00f1os<\/h3>\t\t\t\t<\/div>\n\t\t\t\t\t<\/div>\n\t\t\t\t<\/a>\n\t\t\t\t<\/div>\n\t\t\t\t<div data-elementor-type=\"loop-item\" data-elementor-id=\"10231\" class=\"elementor elementor-10231 e-loop-item e-loop-item-12322 post-12322 agenda type-agenda status-publish has-post-thumbnail hentry\" data-elementor-post-type=\"elementor_library\" data-custom-edit-handle=\"1\">\n\t\t\t<a class=\"elementor-element elementor-element-2d2d8857 e-flex e-con-boxed e-con e-parent\" data-id=\"2d2d8857\" data-element_type=\"container\" data-e-type=\"container\" data-settings=\"{&quot;jet_parallax_layout_list&quot;:[]}\" href=\"https:\/\/peopleofcostarica.com\/es\/agenda\/volcanica-primer-festival-nacional-de-diseno-de-costa-rica\/\">\n\t\t\t\t\t<div class=\"e-con-inner\">\n\t\t\t\t<div class=\"elementor-element elementor-element-314fd954 elementor-align-left elementor-widget elementor-widget-post-info\" data-id=\"314fd954\" data-element_type=\"widget\" data-e-type=\"widget\" data-widget_type=\"post-info.default\">\n\t\t\t\t\t\t\t<ul class=\"elementor-inline-items elementor-icon-list-items elementor-post-info\">\n\t\t\t\t\t\t\t\t<li class=\"elementor-icon-list-item elementor-repeater-item-56edd92 elementor-inline-item\">\n\t\t\t\t\t\t\t\t\t\t\t\t\t<span class=\"elementor-icon-list-text elementor-post-info__item elementor-post-info__item--type-custom\">\n\t\t\t\t\t\t\t\t\t\t2026-04-20\t\t\t\t\t<\/span>\n\t\t\t\t\t\t\t\t<\/li>\n\t\t\t\t<\/ul>\n\t\t\t\t\t\t<\/div>\n\t\t\t\t<div class=\"elementor-element elementor-element-2f60ca6b elementor-widget elementor-widget-theme-post-title elementor-page-title elementor-widget-heading\" data-id=\"2f60ca6b\" data-element_type=\"widget\" data-e-type=\"widget\" data-widget_type=\"theme-post-title.default\">\n\t\t\t\t\t<h3 class=\"elementor-heading-title elementor-size-default\">Volc\u00e1nica, primer festival nacional de dise\u00f1o de Costa Rica<\/h3>\t\t\t\t<\/div>\n\t\t\t\t\t<\/div>\n\t\t\t\t<\/a>\n\t\t\t\t<\/div>\n\t\t\t\t<\/div>\n\t\t\n\t\t\t\t\t\t<\/div>\n\t\t\t\t<\/div>\n\t\t\t\t<\/div>\n\t\t<div class=\"elementor-element elementor-element-471ad5b e-con-full e-flex e-con e-child\" data-id=\"471ad5b\" data-element_type=\"container\" data-e-type=\"container\" data-settings=\"{&quot;jet_parallax_layout_list&quot;:[]}\">\n\t\t\t\t<div class=\"elementor-element elementor-element-1507b4d elementor-grid-1 elementor-grid-tablet-1 elementor-grid-mobile-1 elementor-widget elementor-widget-loop-grid\" data-id=\"1507b4d\" data-element_type=\"widget\" data-e-type=\"widget\" data-settings=\"{&quot;template_id&quot;:10243,&quot;columns&quot;:1,&quot;columns_tablet&quot;:1,&quot;_skin&quot;:&quot;post&quot;,&quot;columns_mobile&quot;:&quot;1&quot;,&quot;edit_handle_selector&quot;:&quot;[data-elementor-type=\\&quot;loop-item\\&quot;]&quot;,&quot;row_gap&quot;:{&quot;unit&quot;:&quot;px&quot;,&quot;size&quot;:&quot;&quot;,&quot;sizes&quot;:[]},&quot;row_gap_tablet_extra&quot;:{&quot;unit&quot;:&quot;px&quot;,&quot;size&quot;:&quot;&quot;,&quot;sizes&quot;:[]},&quot;row_gap_tablet&quot;:{&quot;unit&quot;:&quot;px&quot;,&quot;size&quot;:&quot;&quot;,&quot;sizes&quot;:[]},&quot;row_gap_mobile_extra&quot;:{&quot;unit&quot;:&quot;px&quot;,&quot;size&quot;:&quot;&quot;,&quot;sizes&quot;:[]},&quot;row_gap_mobile&quot;:{&quot;unit&quot;:&quot;px&quot;,&quot;size&quot;:&quot;&quot;,&quot;sizes&quot;:[]}}\" data-widget_type=\"loop-grid.post\">\n\t\t\t\t<div class=\"elementor-widget-container\">\n\t\t\t\t\t\t\t<div class=\"elementor-loop-container elementor-grid\" role=\"list\">\n\t\t<style id=\"loop-10243\">.elementor-10243 .elementor-element.elementor-element-4896e356{--display:flex;--flex-direction:column;--container-widget-width:100%;--container-widget-height:initial;--container-widget-flex-grow:0;--container-widget-align-self:initial;--flex-wrap-mobile:wrap;--gap:16px 16px;--row-gap:16px;--column-gap:16px;--border-radius:12px 12px 12px 12px;--padding-top:24px;--padding-bottom:24px;--padding-left:24px;--padding-right:24px;}.elementor-10243 .elementor-element.elementor-element-4896e356:not(.elementor-motion-effects-element-type-background), .elementor-10243 .elementor-element.elementor-element-4896e356 > .elementor-motion-effects-container > .elementor-motion-effects-layer{background-color:var( --e-global-color-e95258d );}.elementor-widget-heading .elementor-heading-title{font-family:var( --e-global-typography-primary-font-family ), Sans-serif;font-size:var( --e-global-typography-primary-font-size );font-weight:var( --e-global-typography-primary-font-weight );line-height:var( --e-global-typography-primary-line-height );color:var( --e-global-color-primary );}.elementor-10243 .elementor-element.elementor-element-14138302 .elementor-heading-title{font-family:var( --e-global-typography-c957309-font-family ), Sans-serif;font-size:var( --e-global-typography-c957309-font-size );font-weight:var( --e-global-typography-c957309-font-weight );line-height:var( --e-global-typography-c957309-line-height );letter-spacing:var( --e-global-typography-c957309-letter-spacing );word-spacing:var( --e-global-typography-c957309-word-spacing );}.elementor-widget-theme-post-featured-image .widget-image-caption{color:var( --e-global-color-text );font-family:var( --e-global-typography-text-font-family ), Sans-serif;font-size:var( --e-global-typography-text-font-size );font-weight:var( --e-global-typography-text-font-weight );line-height:var( --e-global-typography-text-line-height );}.elementor-widget-theme-post-title .elementor-heading-title{font-family:var( --e-global-typography-primary-font-family ), Sans-serif;font-size:var( --e-global-typography-primary-font-size );font-weight:var( --e-global-typography-primary-font-weight );line-height:var( --e-global-typography-primary-line-height );color:var( --e-global-color-primary );}.elementor-10243 .elementor-element.elementor-element-1be99c96 .elementor-heading-title{font-family:\"Inter\", Sans-serif;font-size:0.875rem;font-weight:600;}.elementor-widget-theme-post-excerpt{font-family:var( --e-global-typography-text-font-family ), Sans-serif;font-size:var( --e-global-typography-text-font-size );font-weight:var( --e-global-typography-text-font-weight );line-height:var( --e-global-typography-text-line-height );color:var( --e-global-color-text );}.elementor-10243 .elementor-element.elementor-element-4b902cb3{font-family:\"Inter\", Sans-serif;font-size:0.75rem;font-weight:400;}.elementor-widget-button .elementor-button{font-family:var( --e-global-typography-accent-font-family ), Sans-serif;font-size:var( --e-global-typography-accent-font-size );font-weight:var( --e-global-typography-accent-font-weight );line-height:var( --e-global-typography-accent-line-height );background-color:var( --e-global-color-accent );}.elementor-10243 .elementor-element.elementor-element-431d9692 .elementor-button{fill:var( --e-global-color-text );color:var( --e-global-color-text );background-color:var( --e-global-color-e95258d );border-style:solid;border-width:1px 1px 1px 1px;border-color:var( --e-global-color-e8cae5f );}.elementor-10243 .elementor-element.elementor-element-431d9692 .elementor-button:hover, .elementor-10243 .elementor-element.elementor-element-431d9692 .elementor-button:focus{color:var( --e-global-color-text );background-color:var( --e-global-color-87eeb04 );}.elementor-10243 .elementor-element.elementor-element-431d9692 .elementor-button:hover svg, .elementor-10243 .elementor-element.elementor-element-431d9692 .elementor-button:focus svg{fill:var( --e-global-color-text );}.elementor-10243 .elementor-element.elementor-element-431d9692{width:100%;max-width:100%;}@media(max-width:1024px){.elementor-widget-heading .elementor-heading-title{font-size:var( --e-global-typography-primary-font-size );line-height:var( --e-global-typography-primary-line-height );}.elementor-10243 .elementor-element.elementor-element-14138302 .elementor-heading-title{font-size:var( --e-global-typography-c957309-font-size );line-height:var( --e-global-typography-c957309-line-height );letter-spacing:var( --e-global-typography-c957309-letter-spacing );word-spacing:var( --e-global-typography-c957309-word-spacing );}.elementor-widget-theme-post-featured-image .widget-image-caption{font-size:var( --e-global-typography-text-font-size );line-height:var( --e-global-typography-text-line-height );}.elementor-widget-theme-post-title .elementor-heading-title{font-size:var( --e-global-typography-primary-font-size );line-height:var( --e-global-typography-primary-line-height );}.elementor-widget-theme-post-excerpt{font-size:var( --e-global-typography-text-font-size );line-height:var( --e-global-typography-text-line-height );}.elementor-widget-button .elementor-button{font-size:var( --e-global-typography-accent-font-size );line-height:var( --e-global-typography-accent-line-height );}}@media(max-width:767px){.elementor-widget-heading .elementor-heading-title{font-size:var( --e-global-typography-primary-font-size );line-height:var( --e-global-typography-primary-line-height );}.elementor-10243 .elementor-element.elementor-element-14138302 .elementor-heading-title{font-size:var( --e-global-typography-c957309-font-size );line-height:var( --e-global-typography-c957309-line-height );letter-spacing:var( --e-global-typography-c957309-letter-spacing );word-spacing:var( --e-global-typography-c957309-word-spacing );}.elementor-widget-theme-post-featured-image .widget-image-caption{font-size:var( --e-global-typography-text-font-size );line-height:var( --e-global-typography-text-line-height );}.elementor-widget-theme-post-title .elementor-heading-title{font-size:var( --e-global-typography-primary-font-size );line-height:var( --e-global-typography-primary-line-height );}.elementor-widget-theme-post-excerpt{font-size:var( --e-global-typography-text-font-size );line-height:var( --e-global-typography-text-line-height );}.elementor-widget-button .elementor-button{font-size:var( --e-global-typography-accent-font-size );line-height:var( --e-global-typography-accent-line-height );}}<\/style>\t\t<div data-elementor-type=\"loop-item\" data-elementor-id=\"10243\" class=\"elementor elementor-10243 e-loop-item e-loop-item-12368 post-12368 agenda type-agenda status-publish has-post-thumbnail hentry\" data-elementor-post-type=\"elementor_library\" data-custom-edit-handle=\"1\">\n\t\t\t<div class=\"elementor-element elementor-element-4896e356 e-con-full e-flex e-con e-parent\" data-id=\"4896e356\" data-element_type=\"container\" data-e-type=\"container\" data-settings=\"{&quot;background_background&quot;:&quot;classic&quot;,&quot;jet_parallax_layout_list&quot;:[]}\">\n\t\t\t\t<div class=\"elementor-element elementor-element-14138302 elementor-widget elementor-widget-heading\" data-id=\"14138302\" data-element_type=\"widget\" data-e-type=\"widget\" data-widget_type=\"heading.default\">\n\t\t\t\t\t<h3 class=\"elementor-heading-title elementor-size-default\">Trending Topic<\/h3>\t\t\t\t<\/div>\n\t\t\t\t<div class=\"elementor-element elementor-element-543f1860 elementor-widget elementor-widget-theme-post-featured-image elementor-widget-image\" data-id=\"543f1860\" data-element_type=\"widget\" data-e-type=\"widget\" data-widget_type=\"theme-post-featured-image.default\">\n\t\t\t\t\t\t\t\t\t\t\t\t\t\t\t<img loading=\"lazy\" decoding=\"async\" width=\"1414\" height=\"2000\" src=\"https:\/\/peopleofcostarica.com\/wp-content\/uploads\/2026\/04\/669577289_1783627059703909_2665052581587782353_n.jpg\" class=\"attachment-full size-full wp-image-12369\" alt=\"\" srcset=\"https:\/\/peopleofcostarica.com\/wp-content\/uploads\/2026\/04\/669577289_1783627059703909_2665052581587782353_n.jpg 1414w, https:\/\/peopleofcostarica.com\/wp-content\/uploads\/2026\/04\/669577289_1783627059703909_2665052581587782353_n-212x300.jpg 212w, https:\/\/peopleofcostarica.com\/wp-content\/uploads\/2026\/04\/669577289_1783627059703909_2665052581587782353_n-724x1024.jpg 724w, https:\/\/peopleofcostarica.com\/wp-content\/uploads\/2026\/04\/669577289_1783627059703909_2665052581587782353_n-768x1086.jpg 768w, https:\/\/peopleofcostarica.com\/wp-content\/uploads\/2026\/04\/669577289_1783627059703909_2665052581587782353_n-1086x1536.jpg 1086w, https:\/\/peopleofcostarica.com\/wp-content\/uploads\/2026\/04\/669577289_1783627059703909_2665052581587782353_n-1320x1867.jpg 1320w\" sizes=\"(max-width: 1414px) 100vw, 1414px\" \/>\t\t\t\t\t\t\t\t\t\t\t\t\t\t\t<\/div>\n\t\t\t\t<div class=\"elementor-element elementor-element-1be99c96 elementor-widget elementor-widget-theme-post-title elementor-page-title elementor-widget-heading\" data-id=\"1be99c96\" data-element_type=\"widget\" data-e-type=\"widget\" data-widget_type=\"theme-post-title.default\">\n\t\t\t\t\t<h4 class=\"elementor-heading-title elementor-size-default\">Festival \u201cArte en el Parque\u201d en Aserr\u00ed (2026)<\/h4>\t\t\t\t<\/div>\n\t\t\t\t<div class=\"elementor-element elementor-element-4b902cb3 elementor-widget elementor-widget-theme-post-excerpt\" data-id=\"4b902cb3\" data-element_type=\"widget\" data-e-type=\"widget\" data-widget_type=\"theme-post-excerpt.default\">\n\t\t\t\t\t<p>El festival \u201cArte en el Parque\u201d es una iniciativa impulsada por&nbsp;La Potente Radio TV&nbsp;para promover el talento local y ofrecer\t\t\t\t<\/div>\n\t\t\t\t<div class=\"elementor-element elementor-element-431d9692 elementor-align-justify elementor-widget__width-inherit elementor-widget elementor-widget-button\" data-id=\"431d9692\" data-element_type=\"widget\" data-e-type=\"widget\" data-widget_type=\"button.default\">\n\t\t\t\t\t\t\t\t\t\t<a class=\"elementor-button elementor-button-link elementor-size-sm\" href=\"https:\/\/peopleofcostarica.com\/es\/agenda\/festival-arte-en-el-parque-en-aserri-2026\/\">\n\t\t\t\t\t\t<span class=\"elementor-button-content-wrapper\">\n\t\t\t\t\t\t\t\t\t<span class=\"elementor-button-text\">Read new<\/span>\n\t\t\t\t\t<\/span>\n\t\t\t\t\t<\/a>\n\t\t\t\t\t\t\t\t<\/div>\n\t\t\t\t<\/div>\n\t\t\t\t<\/div>\n\t\t\t\t<\/div>\n\t\t\n\t\t\t\t\t\t<\/div>\n\t\t\t\t<\/div>\n\t\t\t\t<\/div>\n\t\t\t\t\t<\/div>\n\t\t\t\t<\/div>\n\t\t\t\t<\/div>\n\t\t","protected":false},"excerpt":{"rendered":"<p>Historias Fotogr\u00e1ficas: Rostros de Costa Rica Cada rostro cuenta una historia. Conoce a los locales. Ver todas las historias Noticias Viajes y Lugares: M\u00e1s all\u00e1<\/p>\n","protected":false},"author":17,"featured_media":0,"parent":0,"menu_order":0,"comment_status":"closed","ping_status":"closed","template":"elementor_header_footer","meta":{"footnotes":""},"class_list":["post-10482","page","type-page","status-publish","hentry"],"_links":{"self":[{"href":"https:\/\/peopleofcostarica.com\/es\/wp-json\/wp\/v2\/pages\/10482","targetHints":{"allow":["GET"]}}],"collection":[{"href":"https:\/\/peopleofcostarica.com\/es\/wp-json\/wp\/v2\/pages"}],"about":[{"href":"https:\/\/peopleofcostarica.com\/es\/wp-json\/wp\/v2\/types\/page"}],"author":[{"embeddable":true,"href":"https:\/\/peopleofcostarica.com\/es\/wp-json\/wp\/v2\/users\/17"}],"replies":[{"embeddable":true,"href":"https:\/\/peopleofcostarica.com\/es\/wp-json\/wp\/v2\/comments?post=10482"}],"version-history":[{"count":7,"href":"https:\/\/peopleofcostarica.com\/es\/wp-json\/wp\/v2\/pages\/10482\/revisions"}],"predecessor-version":[{"id":11276,"href":"https:\/\/peopleofcostarica.com\/es\/wp-json\/wp\/v2\/pages\/10482\/revisions\/11276"}],"wp:attachment":[{"href":"https:\/\/peopleofcostarica.com\/es\/wp-json\/wp\/v2\/media?parent=10482"}],"curies":[{"name":"wp","href":"https:\/\/api.w.org\/{rel}","templated":true}]}}