{"id":3983,"date":"2025-05-17T09:00:00","date_gmt":"2025-05-17T09:00:00","guid":{"rendered":"https:\/\/peopleofcostarica.com\/?post_type=agenda&#038;p=3983"},"modified":"2025-05-16T20:14:16","modified_gmt":"2025-05-16T20:14:16","slug":"un-pasado-entre-lineas-manifestaciones-rupestres-en-la-cordillera-volcanica-de-guanacaste","status":"publish","type":"agenda","link":"https:\/\/peopleofcostarica.com\/es\/agenda\/un-pasado-entre-lineas-manifestaciones-rupestres-en-la-cordillera-volcanica-de-guanacaste\/","title":{"rendered":"Un pasado entre l\u00edneas: manifestaciones rupestres en la Cordillera Volc\u00e1nica de Guanacaste"},"content":{"rendered":"\n<p>El arte rupestre est\u00e1 presente en muchas regiones de \u00c1frica, Asia, Australia y Europa; sin embargo, Am\u00e9rica no es la excepci\u00f3n y tampoco lo es Costa Rica. La nueva exhibici\u00f3n de los Museos del Banco Central de Costa Rica, titulada Un pasado entre l\u00edneas: manifestaciones rupestres en la Cordillera Volc\u00e1nica de Guanacaste, da cuenta de esto a trav\u00e9s de la actualizaci\u00f3n de informaci\u00f3n sobre sitios arqueol\u00f3gicos con rocas grabadas y pintadas ubicados en las faldas de los volcanes Rinc\u00f3n de La Vieja, Tenorio, Oros\u00ed y Miravalles.<\/p>\n\n\n\n<p>La exhibici\u00f3n pretende dar a conocer a la comunidad nacional e internacional los resultados del Proyecto Arqueol\u00f3gico de Guanacaste (PRAG), una investigaci\u00f3n franco-alemana-costarricense que, a lo largo de tres a\u00f1os, estudi\u00f3 un total de 74 sitios, de los cuales 27 fueron registrados por primera vez en la base de datos \u201cOr\u00edgenes\u201d del Museo Nacional de Costa Rica. En ella trabajaron los especialistas en arqueolog\u00eda Philippe Costa (Francia), Eric Gelliot (Francia), Martin K\u00fcnne (Alemania) y Priscilla Molina (Costa Rica).<\/p>\n\n\n\n<p>Horario: Lunes a domingo: 9:15 a.m. a 5 p.m.<\/p>\n\n\n\n<p>Tarifas:&nbsp;<\/p>\n\n\n\n<ul class=\"wp-block-list\">\n<li>Nacional regular: 2.500 colones<\/li>\n\n\n\n<li>Nacional estudiantes: 500 colones (presentar carn\u00e9)<\/li>\n\n\n\n<li>Los domingos es 2&#215;1 para costarricenses y residentes.<\/li>\n\n\n\n<li>Extranjero regular: $15\u00a0<\/li>\n\n\n\n<li>Extranjero estudiante: $11\u00a0<\/li>\n<\/ul>\n\n\n\n<p>Boleter\u00eda: <a href=\"https:\/\/boleteria.museosdelbancocentral.org \">https:\/\/boleteria.museosdelbancocentral.org <\/a><\/p>\n\n\n\n<p><\/p>\n","protected":false},"featured_media":3984,"parent":0,"template":"","class_list":["post-3983","agenda","type-agenda","status-publish","has-post-thumbnail","hentry"],"_links":{"self":[{"href":"https:\/\/peopleofcostarica.com\/es\/wp-json\/wp\/v2\/agenda\/3983","targetHints":{"allow":["GET"]}}],"collection":[{"href":"https:\/\/peopleofcostarica.com\/es\/wp-json\/wp\/v2\/agenda"}],"about":[{"href":"https:\/\/peopleofcostarica.com\/es\/wp-json\/wp\/v2\/types\/agenda"}],"version-history":[{"count":0,"href":"https:\/\/peopleofcostarica.com\/es\/wp-json\/wp\/v2\/agenda\/3983\/revisions"}],"wp:featuredmedia":[{"embeddable":true,"href":"https:\/\/peopleofcostarica.com\/es\/wp-json\/wp\/v2\/media\/3984"}],"wp:attachment":[{"href":"https:\/\/peopleofcostarica.com\/es\/wp-json\/wp\/v2\/media?parent=3983"}],"curies":[{"name":"wp","href":"https:\/\/api.w.org\/{rel}","templated":true}]}}