{"id":15933,"date":"2026-09-03T16:41:56","date_gmt":"2026-09-03T22:41:56","guid":{"rendered":"https:\/\/peopleofcostarica.com\/?post_type=agenda&#038;p=15933"},"modified":"2026-09-03T16:42:21","modified_gmt":"2026-09-03T22:42:21","slug":"expo-pococi-2026-reunira-tradicion-cultura-y-entretenimiento-en-guapiles","status":"publish","type":"agenda","link":"https:\/\/peopleofcostarica.com\/es\/agenda\/expo-pococi-2026-reunira-tradicion-cultura-y-entretenimiento-en-guapiles\/","title":{"rendered":"Expo Pococ\u00ed 2026 reunir\u00e1 tradici\u00f3n, cultura y entretenimiento en Gu\u00e1piles"},"content":{"rendered":"\n<p class=\"wp-block-paragraph\">Del 9 al 21 de septiembre, Gu\u00e1piles ser\u00e1 escenario de la Expo Pococ\u00ed 2026, una de las principales celebraciones ganaderas y culturales de la regi\u00f3n Caribe.<\/p>\n\n\n\n<p class=\"wp-block-paragraph\">Durante 13 d\u00edas, el p\u00fablico podr\u00e1 disfrutar de exhibiciones ganaderas y agr\u00edcolas, actividades ecuestres, m\u00fasica en vivo, gastronom\u00eda, actividades culturales, juegos mec\u00e1nicos y diferentes eventos para toda la familia.<\/p>\n\n\n\n<p class=\"wp-block-paragraph\">Entre las actividades destacadas se encuentran el Expo Parade del 11 de septiembre, el tradicional Tope Nacional y el desfile de boyeros del 12 de septiembre, adem\u00e1s de competencias ganaderas, actividades deportivas y presentaciones art\u00edsticas.<\/p>\n\n\n\n<figure class=\"wp-block-gallery has-nested-images columns-5 is-cropped wp-block-gallery-1 is-layout-flex wp-block-gallery-is-layout-flex\">\n<figure class=\"wp-block-image size-large\"><img fetchpriority=\"high\" decoding=\"async\" width=\"819\" height=\"1024\" data-id=\"15935\" src=\"https:\/\/peopleofcostarica.com\/wp-content\/uploads\/2026\/09\/785146651_1387935633439535_7224372075691239381_n-819x1024.jpg\" alt=\"\" class=\"wp-image-15935\" srcset=\"https:\/\/peopleofcostarica.com\/wp-content\/uploads\/2026\/09\/785146651_1387935633439535_7224372075691239381_n-819x1024.jpg 819w, https:\/\/peopleofcostarica.com\/wp-content\/uploads\/2026\/09\/785146651_1387935633439535_7224372075691239381_n-240x300.jpg 240w, https:\/\/peopleofcostarica.com\/wp-content\/uploads\/2026\/09\/785146651_1387935633439535_7224372075691239381_n-767x960.jpg 767w, https:\/\/peopleofcostarica.com\/wp-content\/uploads\/2026\/09\/785146651_1387935633439535_7224372075691239381_n-1228x1536.jpg 1228w, https:\/\/peopleofcostarica.com\/wp-content\/uploads\/2026\/09\/785146651_1387935633439535_7224372075691239381_n.jpg 1439w\" sizes=\"(max-width: 819px) 100vw, 819px\" \/><\/figure>\n\n\n\n<figure class=\"wp-block-image size-large\"><img decoding=\"async\" width=\"819\" height=\"1024\" data-id=\"15942\" src=\"https:\/\/peopleofcostarica.com\/wp-content\/uploads\/2026\/09\/784817077_1387935706772861_6492299059101334586_n-819x1024.jpg\" alt=\"\" class=\"wp-image-15942\" srcset=\"https:\/\/peopleofcostarica.com\/wp-content\/uploads\/2026\/09\/784817077_1387935706772861_6492299059101334586_n-819x1024.jpg 819w, https:\/\/peopleofcostarica.com\/wp-content\/uploads\/2026\/09\/784817077_1387935706772861_6492299059101334586_n-240x300.jpg 240w, https:\/\/peopleofcostarica.com\/wp-content\/uploads\/2026\/09\/784817077_1387935706772861_6492299059101334586_n-767x960.jpg 767w, https:\/\/peopleofcostarica.com\/wp-content\/uploads\/2026\/09\/784817077_1387935706772861_6492299059101334586_n-1228x1536.jpg 1228w, https:\/\/peopleofcostarica.com\/wp-content\/uploads\/2026\/09\/784817077_1387935706772861_6492299059101334586_n.jpg 1439w\" sizes=\"(max-width: 819px) 100vw, 819px\" \/><\/figure>\n\n\n\n<figure class=\"wp-block-image size-large\"><img decoding=\"async\" width=\"819\" height=\"1024\" data-id=\"15940\" src=\"https:\/\/peopleofcostarica.com\/wp-content\/uploads\/2026\/09\/786944537_1387935790106186_1485529248550351743_n-819x1024.jpg\" alt=\"\" class=\"wp-image-15940\" srcset=\"https:\/\/peopleofcostarica.com\/wp-content\/uploads\/2026\/09\/786944537_1387935790106186_1485529248550351743_n-819x1024.jpg 819w, https:\/\/peopleofcostarica.com\/wp-content\/uploads\/2026\/09\/786944537_1387935790106186_1485529248550351743_n-240x300.jpg 240w, https:\/\/peopleofcostarica.com\/wp-content\/uploads\/2026\/09\/786944537_1387935790106186_1485529248550351743_n-767x960.jpg 767w, https:\/\/peopleofcostarica.com\/wp-content\/uploads\/2026\/09\/786944537_1387935790106186_1485529248550351743_n-1228x1536.jpg 1228w, https:\/\/peopleofcostarica.com\/wp-content\/uploads\/2026\/09\/786944537_1387935790106186_1485529248550351743_n.jpg 1439w\" sizes=\"(max-width: 819px) 100vw, 819px\" \/><\/figure>\n\n\n\n<figure class=\"wp-block-image size-large\"><img loading=\"lazy\" decoding=\"async\" width=\"819\" height=\"1024\" data-id=\"15938\" src=\"https:\/\/peopleofcostarica.com\/wp-content\/uploads\/2026\/09\/787598490_1387935923439506_8221191620443650573_n-819x1024.jpg\" alt=\"\" class=\"wp-image-15938\" srcset=\"https:\/\/peopleofcostarica.com\/wp-content\/uploads\/2026\/09\/787598490_1387935923439506_8221191620443650573_n-819x1024.jpg 819w, https:\/\/peopleofcostarica.com\/wp-content\/uploads\/2026\/09\/787598490_1387935923439506_8221191620443650573_n-240x300.jpg 240w, https:\/\/peopleofcostarica.com\/wp-content\/uploads\/2026\/09\/787598490_1387935923439506_8221191620443650573_n-767x960.jpg 767w, https:\/\/peopleofcostarica.com\/wp-content\/uploads\/2026\/09\/787598490_1387935923439506_8221191620443650573_n-1228x1536.jpg 1228w, https:\/\/peopleofcostarica.com\/wp-content\/uploads\/2026\/09\/787598490_1387935923439506_8221191620443650573_n.jpg 1439w\" sizes=\"(max-width: 819px) 100vw, 819px\" \/><\/figure>\n\n\n\n<figure class=\"wp-block-image size-large\"><img loading=\"lazy\" decoding=\"async\" width=\"819\" height=\"1024\" data-id=\"15939\" src=\"https:\/\/peopleofcostarica.com\/wp-content\/uploads\/2026\/09\/787435020_1387935856772846_239012150858925161_n-819x1024.jpg\" alt=\"\" class=\"wp-image-15939\" srcset=\"https:\/\/peopleofcostarica.com\/wp-content\/uploads\/2026\/09\/787435020_1387935856772846_239012150858925161_n-819x1024.jpg 819w, https:\/\/peopleofcostarica.com\/wp-content\/uploads\/2026\/09\/787435020_1387935856772846_239012150858925161_n-240x300.jpg 240w, https:\/\/peopleofcostarica.com\/wp-content\/uploads\/2026\/09\/787435020_1387935856772846_239012150858925161_n-767x960.jpg 767w, https:\/\/peopleofcostarica.com\/wp-content\/uploads\/2026\/09\/787435020_1387935856772846_239012150858925161_n-1228x1536.jpg 1228w, https:\/\/peopleofcostarica.com\/wp-content\/uploads\/2026\/09\/787435020_1387935856772846_239012150858925161_n.jpg 1439w\" sizes=\"(max-width: 819px) 100vw, 819px\" \/><\/figure>\n\n\n\n<figure class=\"wp-block-image size-large\"><img loading=\"lazy\" decoding=\"async\" width=\"819\" height=\"1024\" data-id=\"15937\" src=\"https:\/\/peopleofcostarica.com\/wp-content\/uploads\/2026\/09\/778899135_1387936006772831_5437436326078296076_n-819x1024.jpg\" alt=\"\" class=\"wp-image-15937\" srcset=\"https:\/\/peopleofcostarica.com\/wp-content\/uploads\/2026\/09\/778899135_1387936006772831_5437436326078296076_n-819x1024.jpg 819w, https:\/\/peopleofcostarica.com\/wp-content\/uploads\/2026\/09\/778899135_1387936006772831_5437436326078296076_n-240x300.jpg 240w, https:\/\/peopleofcostarica.com\/wp-content\/uploads\/2026\/09\/778899135_1387936006772831_5437436326078296076_n-767x960.jpg 767w, https:\/\/peopleofcostarica.com\/wp-content\/uploads\/2026\/09\/778899135_1387936006772831_5437436326078296076_n-1228x1536.jpg 1228w, https:\/\/peopleofcostarica.com\/wp-content\/uploads\/2026\/09\/778899135_1387936006772831_5437436326078296076_n.jpg 1439w\" sizes=\"(max-width: 819px) 100vw, 819px\" \/><\/figure>\n\n\n\n<figure class=\"wp-block-image size-large\"><img loading=\"lazy\" decoding=\"async\" width=\"819\" height=\"1024\" data-id=\"15936\" src=\"https:\/\/peopleofcostarica.com\/wp-content\/uploads\/2026\/09\/784961063_1387936053439493_8877547993004800069_n-819x1024.jpg\" alt=\"\" class=\"wp-image-15936\" srcset=\"https:\/\/peopleofcostarica.com\/wp-content\/uploads\/2026\/09\/784961063_1387936053439493_8877547993004800069_n-819x1024.jpg 819w, https:\/\/peopleofcostarica.com\/wp-content\/uploads\/2026\/09\/784961063_1387936053439493_8877547993004800069_n-240x300.jpg 240w, https:\/\/peopleofcostarica.com\/wp-content\/uploads\/2026\/09\/784961063_1387936053439493_8877547993004800069_n-767x960.jpg 767w, https:\/\/peopleofcostarica.com\/wp-content\/uploads\/2026\/09\/784961063_1387936053439493_8877547993004800069_n-1228x1536.jpg 1228w, https:\/\/peopleofcostarica.com\/wp-content\/uploads\/2026\/09\/784961063_1387936053439493_8877547993004800069_n.jpg 1439w\" sizes=\"(max-width: 819px) 100vw, 819px\" \/><\/figure>\n\n\n\n<figure class=\"wp-block-image size-large\"><img loading=\"lazy\" decoding=\"async\" width=\"819\" height=\"1024\" data-id=\"15947\" src=\"https:\/\/peopleofcostarica.com\/wp-content\/uploads\/2026\/09\/787001080_1387936100106155_5853184253537392842_n-819x1024.jpg\" alt=\"\" class=\"wp-image-15947\" srcset=\"https:\/\/peopleofcostarica.com\/wp-content\/uploads\/2026\/09\/787001080_1387936100106155_5853184253537392842_n-819x1024.jpg 819w, https:\/\/peopleofcostarica.com\/wp-content\/uploads\/2026\/09\/787001080_1387936100106155_5853184253537392842_n-240x300.jpg 240w, https:\/\/peopleofcostarica.com\/wp-content\/uploads\/2026\/09\/787001080_1387936100106155_5853184253537392842_n-767x960.jpg 767w, https:\/\/peopleofcostarica.com\/wp-content\/uploads\/2026\/09\/787001080_1387936100106155_5853184253537392842_n-1228x1536.jpg 1228w, https:\/\/peopleofcostarica.com\/wp-content\/uploads\/2026\/09\/787001080_1387936100106155_5853184253537392842_n.jpg 1439w\" sizes=\"(max-width: 819px) 100vw, 819px\" \/><\/figure>\n\n\n\n<figure class=\"wp-block-image size-large\"><img loading=\"lazy\" decoding=\"async\" width=\"819\" height=\"1024\" data-id=\"15946\" src=\"https:\/\/peopleofcostarica.com\/wp-content\/uploads\/2026\/09\/784717815_1387936186772813_3869384638558017703_n-819x1024.jpg\" alt=\"\" class=\"wp-image-15946\" srcset=\"https:\/\/peopleofcostarica.com\/wp-content\/uploads\/2026\/09\/784717815_1387936186772813_3869384638558017703_n-819x1024.jpg 819w, https:\/\/peopleofcostarica.com\/wp-content\/uploads\/2026\/09\/784717815_1387936186772813_3869384638558017703_n-240x300.jpg 240w, https:\/\/peopleofcostarica.com\/wp-content\/uploads\/2026\/09\/784717815_1387936186772813_3869384638558017703_n-767x960.jpg 767w, https:\/\/peopleofcostarica.com\/wp-content\/uploads\/2026\/09\/784717815_1387936186772813_3869384638558017703_n-1228x1536.jpg 1228w, https:\/\/peopleofcostarica.com\/wp-content\/uploads\/2026\/09\/784717815_1387936186772813_3869384638558017703_n.jpg 1439w\" sizes=\"(max-width: 819px) 100vw, 819px\" \/><\/figure>\n\n\n\n<figure class=\"wp-block-image size-large\"><img loading=\"lazy\" decoding=\"async\" width=\"819\" height=\"1024\" data-id=\"15945\" src=\"https:\/\/peopleofcostarica.com\/wp-content\/uploads\/2026\/09\/778882524_1387936246772807_7390243504136584050_n-819x1024.jpg\" alt=\"\" class=\"wp-image-15945\" srcset=\"https:\/\/peopleofcostarica.com\/wp-content\/uploads\/2026\/09\/778882524_1387936246772807_7390243504136584050_n-819x1024.jpg 819w, https:\/\/peopleofcostarica.com\/wp-content\/uploads\/2026\/09\/778882524_1387936246772807_7390243504136584050_n-240x300.jpg 240w, https:\/\/peopleofcostarica.com\/wp-content\/uploads\/2026\/09\/778882524_1387936246772807_7390243504136584050_n-767x960.jpg 767w, https:\/\/peopleofcostarica.com\/wp-content\/uploads\/2026\/09\/778882524_1387936246772807_7390243504136584050_n-1228x1536.jpg 1228w, https:\/\/peopleofcostarica.com\/wp-content\/uploads\/2026\/09\/778882524_1387936246772807_7390243504136584050_n.jpg 1439w\" sizes=\"(max-width: 819px) 100vw, 819px\" \/><\/figure>\n\n\n\n<figure class=\"wp-block-image size-large\"><img loading=\"lazy\" decoding=\"async\" width=\"819\" height=\"1024\" data-id=\"15944\" src=\"https:\/\/peopleofcostarica.com\/wp-content\/uploads\/2026\/09\/786702121_1387936343439464_5998778818124717006_n-819x1024.jpg\" alt=\"\" class=\"wp-image-15944\" srcset=\"https:\/\/peopleofcostarica.com\/wp-content\/uploads\/2026\/09\/786702121_1387936343439464_5998778818124717006_n-819x1024.jpg 819w, https:\/\/peopleofcostarica.com\/wp-content\/uploads\/2026\/09\/786702121_1387936343439464_5998778818124717006_n-240x300.jpg 240w, https:\/\/peopleofcostarica.com\/wp-content\/uploads\/2026\/09\/786702121_1387936343439464_5998778818124717006_n-767x960.jpg 767w, https:\/\/peopleofcostarica.com\/wp-content\/uploads\/2026\/09\/786702121_1387936343439464_5998778818124717006_n-1228x1536.jpg 1228w, https:\/\/peopleofcostarica.com\/wp-content\/uploads\/2026\/09\/786702121_1387936343439464_5998778818124717006_n.jpg 1439w\" sizes=\"(max-width: 819px) 100vw, 819px\" \/><\/figure>\n\n\n\n<figure class=\"wp-block-image size-large\"><img loading=\"lazy\" decoding=\"async\" width=\"819\" height=\"1024\" data-id=\"15943\" src=\"https:\/\/peopleofcostarica.com\/wp-content\/uploads\/2026\/09\/786121943_1387936413439457_7660144950512901467_n-819x1024.jpg\" alt=\"\" class=\"wp-image-15943\" srcset=\"https:\/\/peopleofcostarica.com\/wp-content\/uploads\/2026\/09\/786121943_1387936413439457_7660144950512901467_n-819x1024.jpg 819w, https:\/\/peopleofcostarica.com\/wp-content\/uploads\/2026\/09\/786121943_1387936413439457_7660144950512901467_n-240x300.jpg 240w, https:\/\/peopleofcostarica.com\/wp-content\/uploads\/2026\/09\/786121943_1387936413439457_7660144950512901467_n-767x960.jpg 767w, https:\/\/peopleofcostarica.com\/wp-content\/uploads\/2026\/09\/786121943_1387936413439457_7660144950512901467_n-1228x1536.jpg 1228w, https:\/\/peopleofcostarica.com\/wp-content\/uploads\/2026\/09\/786121943_1387936413439457_7660144950512901467_n.jpg 1439w\" sizes=\"(max-width: 819px) 100vw, 819px\" \/><\/figure>\n\n\n\n<figure class=\"wp-block-image size-large\"><img loading=\"lazy\" decoding=\"async\" width=\"819\" height=\"1024\" data-id=\"15941\" src=\"https:\/\/peopleofcostarica.com\/wp-content\/uploads\/2026\/09\/780486816_1387936460106119_6710103180733839201_n-819x1024.jpg\" alt=\"\" class=\"wp-image-15941\" srcset=\"https:\/\/peopleofcostarica.com\/wp-content\/uploads\/2026\/09\/780486816_1387936460106119_6710103180733839201_n-819x1024.jpg 819w, https:\/\/peopleofcostarica.com\/wp-content\/uploads\/2026\/09\/780486816_1387936460106119_6710103180733839201_n-240x300.jpg 240w, https:\/\/peopleofcostarica.com\/wp-content\/uploads\/2026\/09\/780486816_1387936460106119_6710103180733839201_n-767x960.jpg 767w, https:\/\/peopleofcostarica.com\/wp-content\/uploads\/2026\/09\/780486816_1387936460106119_6710103180733839201_n-1228x1536.jpg 1228w, https:\/\/peopleofcostarica.com\/wp-content\/uploads\/2026\/09\/780486816_1387936460106119_6710103180733839201_n.jpg 1439w\" sizes=\"(max-width: 819px) 100vw, 819px\" \/><\/figure>\n<\/figure>\n\n\n\n<p class=\"wp-block-paragraph\"><\/p>\n","protected":false},"featured_media":15934,"parent":0,"template":"","class_list":["post-15933","agenda","type-agenda","status-publish","has-post-thumbnail","hentry"],"_links":{"self":[{"href":"https:\/\/peopleofcostarica.com\/es\/wp-json\/wp\/v2\/agenda\/15933","targetHints":{"allow":["GET"]}}],"collection":[{"href":"https:\/\/peopleofcostarica.com\/es\/wp-json\/wp\/v2\/agenda"}],"about":[{"href":"https:\/\/peopleofcostarica.com\/es\/wp-json\/wp\/v2\/types\/agenda"}],"version-history":[{"count":1,"href":"https:\/\/peopleofcostarica.com\/es\/wp-json\/wp\/v2\/agenda\/15933\/revisions"}],"predecessor-version":[{"id":15948,"href":"https:\/\/peopleofcostarica.com\/es\/wp-json\/wp\/v2\/agenda\/15933\/revisions\/15948"}],"wp:featuredmedia":[{"embeddable":true,"href":"https:\/\/peopleofcostarica.com\/es\/wp-json\/wp\/v2\/media\/15934"}],"wp:attachment":[{"href":"https:\/\/peopleofcostarica.com\/es\/wp-json\/wp\/v2\/media?parent=15933"}],"curies":[{"name":"wp","href":"https:\/\/api.w.org\/{rel}","templated":true}]}}